{"id":10756,"date":"2026-03-09T10:44:15","date_gmt":"2026-03-09T13:44:15","guid":{"rendered":"https:\/\/selvagemciclo.org.br\/?post_type=tribe_events&#038;p=10756"},"modified":"2026-04-08T15:34:34","modified_gmt":"2026-04-08T18:34:34","slug":"lancamento-do-segundo-video-do-ciclo-aguamae-online","status":"publish","type":"tribe_events","link":"https:\/\/selvagemciclo.org.br\/en\/agenda\/lancamento-do-segundo-video-do-ciclo-aguamae-online\/","title":{"rendered":"Lan\u00e7amento do segundo v\u00eddeo do Ciclo das \u00c1guas &#8211; online"},"content":{"rendered":"<p><strong>Lan\u00e7amento do segundo v\u00eddeo do <em>Cycle of Waters <\/em>no canal Selvagem do YouTube.<\/strong><\/p>\n<p>In\u00a0<b><\/b><em><b>A canoa de pedra <\/b><b>ou <\/b><b>esse corpo imenso que j\u00e1 se contorceu <\/b><\/em>conta com as participa\u00e7\u00f5es de Ivan Tukano, Jo\u00e3o Paulo Tukano, Nuria Castro e Ailton Krenak<span style=\"font-weight: 400;\">. O ciclo foi gravado <\/span>durante a travessia \u00c1guam\u00e3e, realizada em outubro de 2025, numa barca pela Ba\u00eda de Guanabara.<\/p>","protected":false},"excerpt":{"rendered":"<p>Lan\u00e7amento do segundo v\u00eddeo do Ciclo das \u00c1guas no canal Selvagem do YouTube. Em\u00a0A canoa de pedra ou esse corpo imenso que j\u00e1 se contorceu conta com as participa\u00e7\u00f5es de Ivan Tukano, Jo\u00e3o Paulo Tukano, Nuria Castro e Ailton Krenak. O ciclo foi gravado durante a travessia \u00c1guam\u00e3e, realizada em outubro de 2025, numa barca pela Ba\u00eda de Guanabara.<\/p>","protected":false},"author":2,"featured_media":11127,"template":"","meta":{"_acf_changed":false,"_tribe_events_status":"","_tribe_events_status_reason":"","footnotes":""},"tags":[],"tribe_events_cat":[176],"class_list":["post-10756","tribe_events","type-tribe_events","status-publish","has-post-thumbnail","tribe_events_cat-ciclo-das-aguas","cat_ciclo-das-aguas"],"acf":[],"yoast_head":"<!-- This site is optimized with the Yoast SEO plugin v27.1.1 - https:\/\/yoast.com\/product\/yoast-seo-wordpress\/ -->\n<title>Lan\u00e7amento do segundo v\u00eddeo do Ciclo das \u00c1guas - online - Selvagem<\/title>\n<meta name=\"robots\" content=\"index, follow, max-snippet:-1, max-image-preview:large, max-video-preview:-1\" \/>\n<link rel=\"canonical\" href=\"https:\/\/selvagemciclo.org.br\/en\/agenda\/lancamento-do-segundo-video-do-ciclo-aguamae-online\/\" \/>\n<meta property=\"og:locale\" content=\"en_GB\" \/>\n<meta property=\"og:type\" content=\"article\" \/>\n<meta property=\"og:title\" content=\"Lan\u00e7amento do segundo v\u00eddeo do Ciclo das \u00c1guas - online - Selvagem\" \/>\n<meta property=\"og:description\" content=\"Lan\u00e7amento do segundo v\u00eddeo do Ciclo das \u00c1guas no canal Selvagem do YouTube. Em\u00a0A canoa de pedra ou esse corpo imenso que j\u00e1 se contorceu conta com as participa\u00e7\u00f5es de Ivan Tukano, Jo\u00e3o Paulo Tukano, Nuria Castro e Ailton Krenak. O ciclo foi gravado durante a travessia \u00c1guam\u00e3e, realizada em outubro de 2025, numa barca pela Ba\u00eda de Guanabara.\" \/>\n<meta property=\"og:url\" content=\"https:\/\/selvagemciclo.org.br\/en\/agenda\/lancamento-do-segundo-video-do-ciclo-aguamae-online\/\" \/>\n<meta property=\"og:site_name\" content=\"Selvagem\" \/>\n<meta property=\"article:modified_time\" content=\"2026-04-08T18:34:34+00:00\" \/>\n<meta property=\"og:image\" content=\"https:\/\/selvagemciclo.org.br\/wp-content\/uploads\/2026\/04\/IICONE_CICLO_DAS_AGUAS_400x400px.png\" \/>\n\t<meta property=\"og:image:width\" content=\"400\" \/>\n\t<meta property=\"og:image:height\" content=\"404\" \/>\n\t<meta property=\"og:image:type\" content=\"image\/png\" \/>\n<meta name=\"twitter:card\" content=\"summary_large_image\" \/>\n<meta name=\"twitter:label1\" content=\"Estimated reading time\" \/>\n\t<meta name=\"twitter:data1\" content=\"1 minute\" \/>\n<script type=\"application\/ld+json\" class=\"yoast-schema-graph\">{\"@context\":\"https:\/\/schema.org\",\"@graph\":[{\"@type\":\"WebPage\",\"@id\":\"https:\/\/selvagemciclo.org.br\/agenda\/lancamento-do-segundo-video-do-ciclo-aguamae-online\/\",\"url\":\"https:\/\/selvagemciclo.org.br\/agenda\/lancamento-do-segundo-video-do-ciclo-aguamae-online\/\",\"name\":\"Lan\u00e7amento do segundo v\u00eddeo do Ciclo das \u00c1guas - online - Selvagem\",\"isPartOf\":{\"@id\":\"https:\/\/selvagemciclo.org.br\/#website\"},\"primaryImageOfPage\":{\"@id\":\"https:\/\/selvagemciclo.org.br\/agenda\/lancamento-do-segundo-video-do-ciclo-aguamae-online\/#primaryimage\"},\"image\":{\"@id\":\"https:\/\/selvagemciclo.org.br\/agenda\/lancamento-do-segundo-video-do-ciclo-aguamae-online\/#primaryimage\"},\"thumbnailUrl\":\"https:\/\/selvagemciclo.org.br\/wp-content\/uploads\/2026\/04\/IICONE_CICLO_DAS_AGUAS_400x400px.png\",\"datePublished\":\"2026-03-09T13:44:15+00:00\",\"dateModified\":\"2026-04-08T18:34:34+00:00\",\"breadcrumb\":{\"@id\":\"https:\/\/selvagemciclo.org.br\/agenda\/lancamento-do-segundo-video-do-ciclo-aguamae-online\/#breadcrumb\"},\"inLanguage\":\"en-GB\",\"potentialAction\":[{\"@type\":\"ReadAction\",\"target\":[\"https:\/\/selvagemciclo.org.br\/agenda\/lancamento-do-segundo-video-do-ciclo-aguamae-online\/\"]}]},{\"@type\":\"ImageObject\",\"inLanguage\":\"en-GB\",\"@id\":\"https:\/\/selvagemciclo.org.br\/agenda\/lancamento-do-segundo-video-do-ciclo-aguamae-online\/#primaryimage\",\"url\":\"https:\/\/selvagemciclo.org.br\/wp-content\/uploads\/2026\/04\/IICONE_CICLO_DAS_AGUAS_400x400px.png\",\"contentUrl\":\"https:\/\/selvagemciclo.org.br\/wp-content\/uploads\/2026\/04\/IICONE_CICLO_DAS_AGUAS_400x400px.png\",\"width\":400,\"height\":404},{\"@type\":\"BreadcrumbList\",\"@id\":\"https:\/\/selvagemciclo.org.br\/agenda\/lancamento-do-segundo-video-do-ciclo-aguamae-online\/#breadcrumb\",\"itemListElement\":[{\"@type\":\"ListItem\",\"position\":1,\"name\":\"In\u00edcio\",\"item\":\"https:\/\/selvagemciclo.org.br\/\"},{\"@type\":\"ListItem\",\"position\":2,\"name\":\"Eventos\",\"item\":\"https:\/\/selvagemciclo.org.br\/agenda\/\"},{\"@type\":\"ListItem\",\"position\":3,\"name\":\"Lan\u00e7amento do segundo v\u00eddeo do Ciclo das \u00c1guas &#8211; online\"}]},{\"@type\":\"WebSite\",\"@id\":\"https:\/\/selvagemciclo.org.br\/#website\",\"url\":\"https:\/\/selvagemciclo.org.br\/\",\"name\":\"Selvagem\",\"description\":\"Ciclo de estudos sobre a vida\",\"publisher\":{\"@id\":\"https:\/\/selvagemciclo.org.br\/#organization\"},\"potentialAction\":[{\"@type\":\"SearchAction\",\"target\":{\"@type\":\"EntryPoint\",\"urlTemplate\":\"https:\/\/selvagemciclo.org.br\/?s={search_term_string}\"},\"query-input\":{\"@type\":\"PropertyValueSpecification\",\"valueRequired\":true,\"valueName\":\"search_term_string\"}}],\"inLanguage\":\"en-GB\"},{\"@type\":\"Organization\",\"@id\":\"https:\/\/selvagemciclo.org.br\/#organization\",\"name\":\"Selvagem\",\"url\":\"https:\/\/selvagemciclo.org.br\/\",\"logo\":{\"@type\":\"ImageObject\",\"inLanguage\":\"en-GB\",\"@id\":\"https:\/\/selvagemciclo.org.br\/#\/schema\/logo\/image\/\",\"url\":\"https:\/\/selvagemciclo.org.br\/wp-content\/uploads\/2026\/01\/cropped-ICONE_SELVAGEM_2026-1.png\",\"contentUrl\":\"https:\/\/selvagemciclo.org.br\/wp-content\/uploads\/2026\/01\/cropped-ICONE_SELVAGEM_2026-1.png\",\"width\":512,\"height\":512,\"caption\":\"Selvagem\"},\"image\":{\"@id\":\"https:\/\/selvagemciclo.org.br\/#\/schema\/logo\/image\/\"},\"sameAs\":[\"https:\/\/www.instagram.com\/selvagem_ciclodeestudos\/\",\"https:\/\/www.youtube.com\/@selvagemciclo8\"]}]}<\/script>\n<!-- \/ Yoast SEO plugin. -->","yoast_head_json":{"title":"Lan\u00e7amento do segundo v\u00eddeo do Ciclo das \u00c1guas - online - Selvagem","robots":{"index":"index","follow":"follow","max-snippet":"max-snippet:-1","max-image-preview":"max-image-preview:large","max-video-preview":"max-video-preview:-1"},"canonical":"https:\/\/selvagemciclo.org.br\/en\/agenda\/lancamento-do-segundo-video-do-ciclo-aguamae-online\/","og_locale":"en_GB","og_type":"article","og_title":"Lan\u00e7amento do segundo v\u00eddeo do Ciclo das \u00c1guas - online - Selvagem","og_description":"Lan\u00e7amento do segundo v\u00eddeo do Ciclo das \u00c1guas no canal Selvagem do YouTube. Em\u00a0A canoa de pedra ou esse corpo imenso que j\u00e1 se contorceu conta com as participa\u00e7\u00f5es de Ivan Tukano, Jo\u00e3o Paulo Tukano, Nuria Castro e Ailton Krenak. O ciclo foi gravado durante a travessia \u00c1guam\u00e3e, realizada em outubro de 2025, numa barca pela Ba\u00eda de Guanabara.","og_url":"https:\/\/selvagemciclo.org.br\/en\/agenda\/lancamento-do-segundo-video-do-ciclo-aguamae-online\/","og_site_name":"Selvagem","article_modified_time":"2026-04-08T18:34:34+00:00","og_image":[{"width":400,"height":404,"url":"https:\/\/selvagemciclo.org.br\/wp-content\/uploads\/2026\/04\/IICONE_CICLO_DAS_AGUAS_400x400px.png","type":"image\/png"}],"twitter_card":"summary_large_image","twitter_misc":{"Estimated reading time":"1 minute"},"schema":{"@context":"https:\/\/schema.org","@graph":[{"@type":"WebPage","@id":"https:\/\/selvagemciclo.org.br\/agenda\/lancamento-do-segundo-video-do-ciclo-aguamae-online\/","url":"https:\/\/selvagemciclo.org.br\/agenda\/lancamento-do-segundo-video-do-ciclo-aguamae-online\/","name":"Lan\u00e7amento do segundo v\u00eddeo do Ciclo das \u00c1guas - online - Selvagem","isPartOf":{"@id":"https:\/\/selvagemciclo.org.br\/#website"},"primaryImageOfPage":{"@id":"https:\/\/selvagemciclo.org.br\/agenda\/lancamento-do-segundo-video-do-ciclo-aguamae-online\/#primaryimage"},"image":{"@id":"https:\/\/selvagemciclo.org.br\/agenda\/lancamento-do-segundo-video-do-ciclo-aguamae-online\/#primaryimage"},"thumbnailUrl":"https:\/\/selvagemciclo.org.br\/wp-content\/uploads\/2026\/04\/IICONE_CICLO_DAS_AGUAS_400x400px.png","datePublished":"2026-03-09T13:44:15+00:00","dateModified":"2026-04-08T18:34:34+00:00","breadcrumb":{"@id":"https:\/\/selvagemciclo.org.br\/agenda\/lancamento-do-segundo-video-do-ciclo-aguamae-online\/#breadcrumb"},"inLanguage":"en-GB","potentialAction":[{"@type":"ReadAction","target":["https:\/\/selvagemciclo.org.br\/agenda\/lancamento-do-segundo-video-do-ciclo-aguamae-online\/"]}]},{"@type":"ImageObject","inLanguage":"en-GB","@id":"https:\/\/selvagemciclo.org.br\/agenda\/lancamento-do-segundo-video-do-ciclo-aguamae-online\/#primaryimage","url":"https:\/\/selvagemciclo.org.br\/wp-content\/uploads\/2026\/04\/IICONE_CICLO_DAS_AGUAS_400x400px.png","contentUrl":"https:\/\/selvagemciclo.org.br\/wp-content\/uploads\/2026\/04\/IICONE_CICLO_DAS_AGUAS_400x400px.png","width":400,"height":404},{"@type":"BreadcrumbList","@id":"https:\/\/selvagemciclo.org.br\/agenda\/lancamento-do-segundo-video-do-ciclo-aguamae-online\/#breadcrumb","itemListElement":[{"@type":"ListItem","position":1,"name":"In\u00edcio","item":"https:\/\/selvagemciclo.org.br\/"},{"@type":"ListItem","position":2,"name":"Eventos","item":"https:\/\/selvagemciclo.org.br\/agenda\/"},{"@type":"ListItem","position":3,"name":"Lan\u00e7amento do segundo v\u00eddeo do Ciclo das \u00c1guas &#8211; online"}]},{"@type":"WebSite","@id":"https:\/\/selvagemciclo.org.br\/#website","url":"https:\/\/selvagemciclo.org.br\/","name":"Selvagem","description":"Ciclo de estudos sobre a vida","publisher":{"@id":"https:\/\/selvagemciclo.org.br\/#organization"},"potentialAction":[{"@type":"SearchAction","target":{"@type":"EntryPoint","urlTemplate":"https:\/\/selvagemciclo.org.br\/?s={search_term_string}"},"query-input":{"@type":"PropertyValueSpecification","valueRequired":true,"valueName":"search_term_string"}}],"inLanguage":"en-GB"},{"@type":"Organization","@id":"https:\/\/selvagemciclo.org.br\/#organization","name":"Selvagem","url":"https:\/\/selvagemciclo.org.br\/","logo":{"@type":"ImageObject","inLanguage":"en-GB","@id":"https:\/\/selvagemciclo.org.br\/#\/schema\/logo\/image\/","url":"https:\/\/selvagemciclo.org.br\/wp-content\/uploads\/2026\/01\/cropped-ICONE_SELVAGEM_2026-1.png","contentUrl":"https:\/\/selvagemciclo.org.br\/wp-content\/uploads\/2026\/01\/cropped-ICONE_SELVAGEM_2026-1.png","width":512,"height":512,"caption":"Selvagem"},"image":{"@id":"https:\/\/selvagemciclo.org.br\/#\/schema\/logo\/image\/"},"sameAs":["https:\/\/www.instagram.com\/selvagem_ciclodeestudos\/","https:\/\/www.youtube.com\/@selvagemciclo8"]}]}},"_links":{"self":[{"href":"https:\/\/selvagemciclo.org.br\/en\/wp-json\/wp\/v2\/tribe_events\/10756","targetHints":{"allow":["GET"]}}],"collection":[{"href":"https:\/\/selvagemciclo.org.br\/en\/wp-json\/wp\/v2\/tribe_events"}],"about":[{"href":"https:\/\/selvagemciclo.org.br\/en\/wp-json\/wp\/v2\/types\/tribe_events"}],"author":[{"embeddable":true,"href":"https:\/\/selvagemciclo.org.br\/en\/wp-json\/wp\/v2\/users\/2"}],"version-history":[{"count":5,"href":"https:\/\/selvagemciclo.org.br\/en\/wp-json\/wp\/v2\/tribe_events\/10756\/revisions"}],"predecessor-version":[{"id":10984,"href":"https:\/\/selvagemciclo.org.br\/en\/wp-json\/wp\/v2\/tribe_events\/10756\/revisions\/10984"}],"wp:featuredmedia":[{"embeddable":true,"href":"https:\/\/selvagemciclo.org.br\/en\/wp-json\/wp\/v2\/media\/11127"}],"wp:attachment":[{"href":"https:\/\/selvagemciclo.org.br\/en\/wp-json\/wp\/v2\/media?parent=10756"}],"wp:term":[{"taxonomy":"post_tag","embeddable":true,"href":"https:\/\/selvagemciclo.org.br\/en\/wp-json\/wp\/v2\/tags?post=10756"},{"taxonomy":"tribe_events_cat","embeddable":true,"href":"https:\/\/selvagemciclo.org.br\/en\/wp-json\/wp\/v2\/tribe_events_cat?post=10756"}],"curies":[{"name":"wp","href":"https:\/\/api.w.org\/{rel}","templated":true}]}}