{"id":8773,"date":"2025-09-29T17:53:52","date_gmt":"2025-09-29T20:53:52","guid":{"rendered":"https:\/\/selvagemciclo.org.br\/?page_id=8773"},"modified":"2026-03-17T14:12:17","modified_gmt":"2026-03-17T17:12:17","slug":"residencia-casa-escola-viva","status":"publish","type":"page","link":"https:\/\/selvagemciclo.org.br\/en\/residencia-casa-escola-viva\/","title":{"rendered":"Living School House residency"},"content":{"rendered":"\n\t\t<div id=\"fws_69f77f88b77b3\"  data-column-margin=\"default\" data-midnight=\"dark\"  class=\"wpb_row vc_row-fluid vc_row\"  style=\"padding-top: 0px; padding-bottom: 0px; \"><div class=\"row-bg-wrap\" data-bg-animation=\"none\" data-bg-animation-delay=\"\" data-bg-overlay=\"false\"><div class=\"inner-wrap row-bg-layer\" ><div class=\"row-bg viewport-desktop\"  style=\"\"><\/div><\/div><\/div><div class=\"row_col_wrap_12 col span_12 dark left\">\n\t<div  class=\"vc_col-sm-12 wpb_column column_container vc_column_container col no-extra-padding inherit_tablet inherit_phone \"  data-padding-pos=\"all\" data-has-bg-color=\"false\" data-bg-color=\"\" data-bg-opacity=\"1\" data-animation=\"\" data-delay=\"0\" >\n\t\t<div class=\"vc_column-inner\" >\n\t\t\t<div class=\"wpb_wrapper\">\n\t\t\t\t\n\t\t<div id=\"mobile\"  data-column-margin=\"default\" data-midnight=\"dark\"  class=\"wpb_row vc_row-fluid vc_row full-width-content vc_row-o-equal-height vc_row-flex vc_row-o-content-middle vc_hidden-lg vc_hidden-md\"  style=\"padding-top: 20px; padding-bottom: 0px; \"><div class=\"row-bg-wrap\" data-bg-animation=\"none\" data-bg-animation-delay=\"\" data-bg-overlay=\"false\"><div class=\"inner-wrap row-bg-layer\" ><div class=\"row-bg viewport-desktop\"  style=\"\"><\/div><\/div><\/div><div class=\"row_col_wrap_12 col span_12 dark left\">\n\t<div  class=\"vc_col-sm-4 vc_col-xs-4 wpb_column column_container vc_column_container col no-extra-padding inherit_tablet padding-2-percent_phone \"  data-padding-pos=\"left\" data-has-bg-color=\"false\" data-bg-color=\"\" data-bg-opacity=\"1\" data-animation=\"\" data-delay=\"0\" >\n\t\t<div class=\"vc_column-inner\" >\n\t\t\t<div class=\"wpb_wrapper\">\n\t\t\t\t<div class=\"img-with-aniamtion-wrap \" data-max-width=\"50%\" data-max-width-mobile=\"100%\" data-shadow=\"none\" data-animation=\"none\" >\n      <div class=\"inner\">\n        <div class=\"hover-wrap\"> \n          <div class=\"hover-wrap-inner\">\n            <a href=\"\/home\" target=\"_self\" class=\"\">\n              <img loading=\"lazy\" decoding=\"async\" class=\"img-with-animation skip-lazy \" data-delay=\"0\" height=\"64\" width=\"234\" data-animation=\"none\" src=\"https:\/\/selvagemciclo.org.br\/wp-content\/uploads\/2025\/05\/small-btn-home_arrow.png\" alt=\"\" srcset=\"https:\/\/selvagemciclo.org.br\/wp-content\/uploads\/2025\/05\/small-btn-home_arrow.png 234w, https:\/\/selvagemciclo.org.br\/wp-content\/uploads\/2025\/05\/small-btn-home_arrow-18x5.png 18w\" sizes=\"auto, (max-width: 234px) 100vw, 234px\" \/>\n            <\/a>\n          <\/div>\n        <\/div>\n      <\/div>\n      <\/div>\n\t\t\t<\/div> \n\t\t<\/div>\n\t<\/div> \n\n\t<div  class=\"vc_col-sm-4 vc_col-xs-4 wpb_column column_container vc_column_container col centered-text padding-3-percent force-phone-text-align-center inherit_tablet inherit_phone \"  data-padding-pos=\"left\" data-has-bg-color=\"false\" data-bg-color=\"\" data-bg-opacity=\"1\" data-animation=\"\" data-delay=\"0\" >\n\t\t<div class=\"vc_column-inner\" >\n\t\t\t<div class=\"wpb_wrapper\">\n\t\t\t\t\n<div class=\"wpb_text_column wpb_content_element \" >\n\t<div class=\"wpb_wrapper\">\n\t\t<div class=\"trp_language_switcher_shortcode\">\n<div class=\"trp-language-switcher trp-language-switcher-container\" data-no-translation >\n    <div class=\"trp-ls-shortcode-current-language\">\n        <a href=\"#\" class=\"trp-ls-shortcode-disabled-language trp-ls-disabled-language\" title=\"English\" onclick=\"event.preventDefault()\">\n\t\t\t EN\t\t<\/a>\n    <\/div>\n    <div class=\"trp-ls-shortcode-language\">\n                <a href=\"#\" class=\"trp-ls-shortcode-disabled-language trp-ls-disabled-language\"  title=\"English\" onclick=\"event.preventDefault()\">\n\t\t\t EN\t\t<\/a>\n                    <a href=\"https:\/\/selvagemciclo.org.br\/en\/wp-json\/wp\/v2\/pages\/8773#TRPLINKPROCESSED\" title=\"Portuguese\">\n             PT_BR        <\/a>\n\n        <\/div>\n    <script type=\"application\/javascript\">\n        \/\/ need to have the same with set from JS on both divs. Otherwise it can push stuff around in HTML\n        var trp_ls_shortcodes = document.querySelectorAll('.trp_language_switcher_shortcode .trp-language-switcher');\n        if ( trp_ls_shortcodes.length > 0) {\n            \/\/ get the last language switcher added\n            var trp_el = trp_ls_shortcodes[trp_ls_shortcodes.length - 1];\n\n            var trp_shortcode_language_item = trp_el.querySelector( '.trp-ls-shortcode-language' )\n            \/\/ set width\n            var trp_ls_shortcode_width                                               = trp_shortcode_language_item.offsetWidth + 16;\n            trp_shortcode_language_item.style.width                                  = trp_ls_shortcode_width + 'px';\n            trp_el.querySelector( '.trp-ls-shortcode-current-language' ).style.width = trp_ls_shortcode_width + 'px';\n\n            \/\/ We're putting this on display: none after we have its width.\n            trp_shortcode_language_item.style.display = 'none';\n        }\n    <\/script>\n<\/div>\n<\/div>\n\t<\/div>\n<\/div>\n\n\n\n\n\t\t\t<\/div> \n\t\t<\/div>\n\t<\/div> \n\n\t<div  class=\"vc_col-sm-4 vc_col-xs-4 wpb_column column_container vc_column_container col centered-text no-extra-padding inherit_tablet inherit_phone \"  data-padding-pos=\"all\" data-has-bg-color=\"false\" data-bg-color=\"\" data-bg-opacity=\"1\" data-animation=\"\" data-delay=\"0\" >\n\t\t<div class=\"vc_column-inner\" >\n\t\t\t<div class=\"wpb_wrapper\">\n\t\t\t\t\n<div class=\"wpb_text_column wpb_content_element \" >\n\t<div class=\"wpb_wrapper\">\n\t\t<p style=\"text-align: center;\"><a href=\"\/agenda\"><img loading=\"lazy\" decoding=\"async\" class=\"alignnone wp-image-10392\" src=\"https:\/\/selvagemciclo.org.br\/wp-content\/uploads\/2025\/02\/agendaYT2-1-1024x950.png\" alt=\"Agenda Selvagem\" width=\"41\" height=\"38\" srcset=\"https:\/\/selvagemciclo.org.br\/wp-content\/uploads\/2025\/02\/agendaYT2-1-1024x950.png 1024w, https:\/\/selvagemciclo.org.br\/wp-content\/uploads\/2025\/02\/agendaYT2-1-300x278.png 300w, https:\/\/selvagemciclo.org.br\/wp-content\/uploads\/2025\/02\/agendaYT2-1-768x712.png 768w, https:\/\/selvagemciclo.org.br\/wp-content\/uploads\/2025\/02\/agendaYT2-1-1536x1424.png 1536w, https:\/\/selvagemciclo.org.br\/wp-content\/uploads\/2025\/02\/agendaYT2-1-2048x1899.png 2048w, https:\/\/selvagemciclo.org.br\/wp-content\/uploads\/2025\/02\/agendaYT2-1-13x12.png 13w\" sizes=\"auto, (max-width: 41px) 100vw, 41px\" \/><\/a><a href=\"\/contato\/\"><img loading=\"lazy\" decoding=\"async\" class=\"alignnone wp-image-6808\" src=\"https:\/\/selvagemciclo.org.br\/wp-content\/uploads\/2025\/02\/cartinha-2025.png\" alt=\"\" width=\"51\" height=\"40\" srcset=\"https:\/\/selvagemciclo.org.br\/wp-content\/uploads\/2025\/02\/cartinha-2025.png 70w, https:\/\/selvagemciclo.org.br\/wp-content\/uploads\/2025\/02\/cartinha-2025-15x12.png 15w\" sizes=\"auto, (max-width: 51px) 100vw, 51px\" \/><\/a> <a target=\"_blank\" href=\"https:\/\/www.youtube.com\/@selvagemciclo8\" rel=\"noopener\"><img loading=\"lazy\" decoding=\"async\" class=\"alignnone wp-image-6813\" src=\"https:\/\/selvagemciclo.org.br\/wp-content\/uploads\/2025\/02\/youtube-2025.png\" alt=\"\" width=\"40\" height=\"40\" srcset=\"https:\/\/selvagemciclo.org.br\/wp-content\/uploads\/2025\/02\/youtube-2025.png 55w, https:\/\/selvagemciclo.org.br\/wp-content\/uploads\/2025\/02\/youtube-2025-12x12.png 12w\" sizes=\"auto, (max-width: 40px) 100vw, 40px\" \/> <\/a><a target=\"_blank\" href=\"https:\/\/www.instagram.com\/selvagem_ciclodeestudos\/\" rel=\"noopener\"><img loading=\"lazy\" decoding=\"async\" class=\"alignnone wp-image-6812\" src=\"https:\/\/selvagemciclo.org.br\/wp-content\/uploads\/2025\/02\/insta-2025.png\" alt=\"\" width=\"40\" height=\"40\" srcset=\"https:\/\/selvagemciclo.org.br\/wp-content\/uploads\/2025\/02\/insta-2025.png 55w, https:\/\/selvagemciclo.org.br\/wp-content\/uploads\/2025\/02\/insta-2025-12x12.png 12w\" sizes=\"auto, (max-width: 40px) 100vw, 40px\" \/>\u00a0<\/a><\/p>\n\t<\/div>\n<\/div>\n\n\n\n\n\t\t\t<\/div> \n\t\t<\/div>\n\t<\/div> \n<\/div><\/div>\n\t\t<div id=\"fws_69f77f88b88d5\"  data-column-margin=\"default\" data-midnight=\"dark\"  class=\"wpb_row vc_row-fluid vc_row vc_hidden-sm vc_hidden-xs\"  style=\"padding-top: 20px; padding-bottom: 0px; \"><div class=\"row-bg-wrap\" data-bg-animation=\"none\" data-bg-animation-delay=\"\" data-bg-overlay=\"false\"><div class=\"inner-wrap row-bg-layer\" ><div class=\"row-bg viewport-desktop\"  style=\"\"><\/div><\/div><\/div><div class=\"row_col_wrap_12 col span_12 dark left\">\n\t<div  class=\"vc_col-sm-2\/5 wpb_column column_container vc_column_container col no-extra-padding inherit_tablet inherit_phone \"  data-padding-pos=\"all\" data-has-bg-color=\"false\" data-bg-color=\"\" data-bg-opacity=\"1\" data-animation=\"\" data-delay=\"0\" >\n\t\t<div class=\"vc_column-inner\" >\n\t\t\t<div class=\"wpb_wrapper\">\n\t\t\t\t<div id=\"fws_69f77f88b89d7\" data-midnight=\"\" data-column-margin=\"default\" class=\"wpb_row vc_row-fluid vc_row inner_row\"  style=\"\"><div class=\"row-bg-wrap\"> <div class=\"row-bg\" ><\/div> <\/div><div class=\"row_col_wrap_12_inner col span_12  left\">\n\t<div  class=\"vc_col-sm-4 wpb_column column_container vc_column_container col child_column no-extra-padding inherit_tablet inherit_phone \"   data-padding-pos=\"all\" data-has-bg-color=\"false\" data-bg-color=\"\" data-bg-opacity=\"1\" data-animation=\"\" data-delay=\"0\" >\n\t\t<div class=\"vc_column-inner\" >\n\t\t<div class=\"wpb_wrapper\">\n\t\t\t\n\t<div class=\"wpb_raw_code wpb_content_element wpb_raw_html\" >\n\t\t<div class=\"wpb_wrapper\">\n\t\t\t<a href=\"javascript:history.back()\"><img decoding=\"async\" src=\"https:\/\/selvagemciclo.org.br\/wp-content\/uploads\/2026\/01\/small-btn-back_arrow.png\" alt=\"Back\" style=\"width:120px;height:33px;\"><\/a>\n\n\t\t<\/div>\n\t<\/div>\n\n\t\t<\/div> \n\t<\/div>\n\t<\/div> \n\n\t<div  class=\"vc_col-sm-4 wpb_column column_container vc_column_container col child_column no-extra-padding inherit_tablet inherit_phone \"   data-padding-pos=\"all\" data-has-bg-color=\"false\" data-bg-color=\"\" data-bg-opacity=\"1\" data-animation=\"\" data-delay=\"0\" >\n\t\t<div class=\"vc_column-inner\" >\n\t\t<div class=\"wpb_wrapper\">\n\t\t\t\n\t<div class=\"wpb_raw_code wpb_content_element wpb_raw_html\" >\n\t\t<div class=\"wpb_wrapper\">\n\t\t\t<a href=\"\/home\"><img decoding=\"async\" src=\"https:\/\/selvagemciclo.org.br\/wp-content\/uploads\/2025\/05\/small-btn-home_arrow.png\" alt=\"Home\" style=\"width:120px;height:33px;\"><\/a>\n\n\t\t<\/div>\n\t<\/div>\n\n\t\t<\/div> \n\t<\/div>\n\t<\/div> \n\n\t<div  class=\"vc_col-sm-4 wpb_column column_container vc_column_container col child_column no-extra-padding inherit_tablet inherit_phone \"   data-padding-pos=\"all\" data-has-bg-color=\"false\" data-bg-color=\"\" data-bg-opacity=\"1\" data-animation=\"\" data-delay=\"0\" >\n\t\t<div class=\"vc_column-inner\" >\n\t\t<div class=\"wpb_wrapper\">\n\t\t\t\n\t\t<\/div> \n\t<\/div>\n\t<\/div> \n<\/div><\/div>\n\t\t\t<\/div> \n\t\t<\/div>\n\t<\/div> \n\n\t<div  class=\"vc_col-sm-1\/5 wpb_column column_container vc_column_container col centered-text no-extra-padding inherit_tablet inherit_phone \"  data-padding-pos=\"all\" data-has-bg-color=\"false\" data-bg-color=\"\" data-bg-opacity=\"1\" data-animation=\"\" data-delay=\"0\" >\n\t\t<div class=\"vc_column-inner\" >\n\t\t\t<div class=\"wpb_wrapper\">\n\t\t\t\t\n\t\t\t<\/div> \n\t\t<\/div>\n\t<\/div> \n\n\t<div  class=\"vc_col-sm-1\/5 wpb_column column_container vc_column_container col centered-text padding-3-percent inherit_tablet inherit_phone \"  data-padding-pos=\"left\" data-has-bg-color=\"false\" data-bg-color=\"\" data-bg-opacity=\"1\" data-animation=\"\" data-delay=\"0\" >\n\t\t<div class=\"vc_column-inner\" >\n\t\t\t<div class=\"wpb_wrapper\">\n\t\t\t\t\n<div class=\"wpb_text_column wpb_content_element \" >\n\t<div class=\"wpb_wrapper\">\n\t\t<div class=\"trp_language_switcher_shortcode\">\n<div class=\"trp-language-switcher trp-language-switcher-container\" data-no-translation >\n    <div class=\"trp-ls-shortcode-current-language\">\n        <a href=\"#\" class=\"trp-ls-shortcode-disabled-language trp-ls-disabled-language\" title=\"English\" onclick=\"event.preventDefault()\">\n\t\t\t EN\t\t<\/a>\n    <\/div>\n    <div class=\"trp-ls-shortcode-language\">\n                <a href=\"#\" class=\"trp-ls-shortcode-disabled-language trp-ls-disabled-language\"  title=\"English\" onclick=\"event.preventDefault()\">\n\t\t\t EN\t\t<\/a>\n                    <a href=\"https:\/\/selvagemciclo.org.br\/en\/wp-json\/wp\/v2\/pages\/8773#TRPLINKPROCESSED\" title=\"Portuguese\">\n             PT_BR        <\/a>\n\n        <\/div>\n    <script type=\"application\/javascript\">\n        \/\/ need to have the same with set from JS on both divs. Otherwise it can push stuff around in HTML\n        var trp_ls_shortcodes = document.querySelectorAll('.trp_language_switcher_shortcode .trp-language-switcher');\n        if ( trp_ls_shortcodes.length > 0) {\n            \/\/ get the last language switcher added\n            var trp_el = trp_ls_shortcodes[trp_ls_shortcodes.length - 1];\n\n            var trp_shortcode_language_item = trp_el.querySelector( '.trp-ls-shortcode-language' )\n            \/\/ set width\n            var trp_ls_shortcode_width                                               = trp_shortcode_language_item.offsetWidth + 16;\n            trp_shortcode_language_item.style.width                                  = trp_ls_shortcode_width + 'px';\n            trp_el.querySelector( '.trp-ls-shortcode-current-language' ).style.width = trp_ls_shortcode_width + 'px';\n\n            \/\/ We're putting this on display: none after we have its width.\n            trp_shortcode_language_item.style.display = 'none';\n        }\n    <\/script>\n<\/div>\n<\/div>\n\t<\/div>\n<\/div>\n\n\n\n\n\t\t\t<\/div> \n\t\t<\/div>\n\t<\/div> \n\n\t<div  class=\"vc_col-sm-1\/5 wpb_column column_container vc_column_container col no-extra-padding inherit_tablet inherit_phone \"  data-padding-pos=\"all\" data-has-bg-color=\"false\" data-bg-color=\"\" data-bg-opacity=\"1\" data-animation=\"\" data-delay=\"0\" >\n\t\t<div class=\"vc_column-inner\" >\n\t\t\t<div class=\"wpb_wrapper\">\n\t\t\t\t\n<div class=\"wpb_text_column wpb_content_element \" >\n\t<div class=\"wpb_wrapper\">\n\t\t<p style=\"text-align: right;\"><a href=\"\/agenda\"><img loading=\"lazy\" decoding=\"async\" class=\"alignnone wp-image-10392\" src=\"https:\/\/selvagemciclo.org.br\/wp-content\/uploads\/2025\/02\/agendaYT2-1-1024x950.png\" alt=\"Agenda Selvagem\" width=\"41\" height=\"38\" srcset=\"https:\/\/selvagemciclo.org.br\/wp-content\/uploads\/2025\/02\/agendaYT2-1-1024x950.png 1024w, https:\/\/selvagemciclo.org.br\/wp-content\/uploads\/2025\/02\/agendaYT2-1-300x278.png 300w, https:\/\/selvagemciclo.org.br\/wp-content\/uploads\/2025\/02\/agendaYT2-1-768x712.png 768w, https:\/\/selvagemciclo.org.br\/wp-content\/uploads\/2025\/02\/agendaYT2-1-1536x1424.png 1536w, https:\/\/selvagemciclo.org.br\/wp-content\/uploads\/2025\/02\/agendaYT2-1-2048x1899.png 2048w, https:\/\/selvagemciclo.org.br\/wp-content\/uploads\/2025\/02\/agendaYT2-1-13x12.png 13w\" sizes=\"auto, (max-width: 41px) 100vw, 41px\" \/><\/a><a href=\"\/contato\/\"><img loading=\"lazy\" decoding=\"async\" class=\"alignnone wp-image-6808\" src=\"https:\/\/selvagemciclo.org.br\/wp-content\/uploads\/2025\/02\/cartinha-2025.png\" alt=\"\" width=\"51\" height=\"40\" srcset=\"https:\/\/selvagemciclo.org.br\/wp-content\/uploads\/2025\/02\/cartinha-2025.png 70w, https:\/\/selvagemciclo.org.br\/wp-content\/uploads\/2025\/02\/cartinha-2025-15x12.png 15w\" sizes=\"auto, (max-width: 51px) 100vw, 51px\" \/><\/a> <a target=\"_blank\" href=\"https:\/\/www.youtube.com\/@selvagemciclo8\" rel=\"noopener\"><img loading=\"lazy\" decoding=\"async\" class=\"alignnone wp-image-6813\" src=\"https:\/\/selvagemciclo.org.br\/wp-content\/uploads\/2025\/02\/youtube-2025.png\" alt=\"\" width=\"40\" height=\"40\" srcset=\"https:\/\/selvagemciclo.org.br\/wp-content\/uploads\/2025\/02\/youtube-2025.png 55w, https:\/\/selvagemciclo.org.br\/wp-content\/uploads\/2025\/02\/youtube-2025-12x12.png 12w\" sizes=\"auto, (max-width: 40px) 100vw, 40px\" \/> <\/a><a target=\"_blank\" href=\"https:\/\/www.instagram.com\/selvagem_ciclodeestudos\/\" rel=\"noopener\"><img loading=\"lazy\" decoding=\"async\" class=\"alignnone wp-image-6812\" src=\"https:\/\/selvagemciclo.org.br\/wp-content\/uploads\/2025\/02\/insta-2025.png\" alt=\"\" width=\"40\" height=\"40\" srcset=\"https:\/\/selvagemciclo.org.br\/wp-content\/uploads\/2025\/02\/insta-2025.png 55w, https:\/\/selvagemciclo.org.br\/wp-content\/uploads\/2025\/02\/insta-2025-12x12.png 12w\" sizes=\"auto, (max-width: 40px) 100vw, 40px\" \/>\u00a0<\/a><\/p>\n\t<\/div>\n<\/div>\n\n\n\n\n\t\t\t<\/div> \n\t\t<\/div>\n\t<\/div> \n<\/div><\/div>\n\n\t\t\t<\/div> \n\t\t<\/div>\n\t<\/div> \n<\/div><\/div>\n\t\t<div id=\"fws_69f77f88b9240\"  data-column-margin=\"default\" data-midnight=\"dark\"  class=\"wpb_row vc_row-fluid vc_row\"  style=\"padding-top: 0px; padding-bottom: 0px; \"><div class=\"row-bg-wrap\" data-bg-animation=\"none\" data-bg-animation-delay=\"\" data-bg-overlay=\"false\"><div class=\"inner-wrap row-bg-layer\" ><div class=\"row-bg viewport-desktop\"  style=\"\"><\/div><\/div><\/div><div class=\"row_col_wrap_12 col span_12 dark left\">\n\t<div  class=\"vc_col-sm-12 wpb_column column_container vc_column_container col centered-text no-extra-padding inherit_tablet inherit_phone \"  data-padding-pos=\"all\" data-has-bg-color=\"false\" data-bg-color=\"\" data-bg-opacity=\"1\" data-animation=\"\" data-delay=\"0\" >\n\t\t<div class=\"vc_column-inner\" >\n\t\t\t<div class=\"wpb_wrapper\">\n\t\t\t\t<div id=\"fws_69f77f88b932a\" data-midnight=\"\" data-column-margin=\"default\" class=\"wpb_row vc_row-fluid vc_row inner_row\"  style=\"\"><div class=\"row-bg-wrap\"> <div class=\"row-bg\" ><\/div> <\/div><div class=\"row_col_wrap_12_inner col span_12  left\">\n\t<div  class=\"vc_col-sm-1\/5 wpb_column column_container vc_column_container col child_column no-extra-padding inherit_tablet inherit_phone \"   data-padding-pos=\"all\" data-has-bg-color=\"false\" data-bg-color=\"\" data-bg-opacity=\"1\" data-animation=\"\" data-delay=\"0\" >\n\t\t<div class=\"vc_column-inner\" >\n\t\t<div class=\"wpb_wrapper\">\n\t\t\t\n\t\t<\/div> \n\t<\/div>\n\t<\/div> \n\n\t<div  class=\"vc_col-sm-1\/5 wpb_column column_container vc_column_container col child_column no-extra-padding inherit_tablet inherit_phone \"   data-padding-pos=\"all\" data-has-bg-color=\"false\" data-bg-color=\"\" data-bg-opacity=\"1\" data-animation=\"\" data-delay=\"0\" >\n\t\t<div class=\"vc_column-inner\" >\n\t\t<div class=\"wpb_wrapper\">\n\t\t\t\n\t\t<\/div> \n\t<\/div>\n\t<\/div> \n\n\t<div  class=\"vc_col-sm-1\/5 wpb_column column_container vc_column_container col child_column no-extra-padding inherit_tablet inherit_phone \"   data-padding-pos=\"all\" data-has-bg-color=\"false\" data-bg-color=\"\" data-bg-opacity=\"1\" data-animation=\"\" data-delay=\"0\" >\n\t\t<div class=\"vc_column-inner\" >\n\t\t<div class=\"wpb_wrapper\">\n\t\t\t<div class=\"img-with-aniamtion-wrap \" data-max-width=\"100%\" data-max-width-mobile=\"default\" data-shadow=\"none\" data-animation=\"none\" >\n      <div class=\"inner\">\n        <div class=\"hover-wrap\"> \n          <div class=\"hover-wrap-inner\">\n            <img loading=\"lazy\" decoding=\"async\" class=\"img-with-animation skip-lazy \" data-delay=\"0\" height=\"400\" width=\"400\" data-animation=\"none\" src=\"https:\/\/selvagemciclo.org.br\/wp-content\/uploads\/2025\/09\/id_CasaEscolaViva-1.png\" alt=\"\" srcset=\"https:\/\/selvagemciclo.org.br\/wp-content\/uploads\/2025\/09\/id_CasaEscolaViva-1.png 400w, https:\/\/selvagemciclo.org.br\/wp-content\/uploads\/2025\/09\/id_CasaEscolaViva-1-300x300.png 300w, https:\/\/selvagemciclo.org.br\/wp-content\/uploads\/2025\/09\/id_CasaEscolaViva-1-150x150.png 150w, https:\/\/selvagemciclo.org.br\/wp-content\/uploads\/2025\/09\/id_CasaEscolaViva-1-12x12.png 12w, https:\/\/selvagemciclo.org.br\/wp-content\/uploads\/2025\/09\/id_CasaEscolaViva-1-140x140.png 140w\" sizes=\"auto, (max-width: 400px) 100vw, 400px\" \/>\n          <\/div>\n        <\/div>\n      <\/div>\n    <\/div>\n\t\t<\/div> \n\t<\/div>\n\t<\/div> \n\n\t<div  class=\"vc_col-sm-1\/5 wpb_column column_container vc_column_container col child_column no-extra-padding inherit_tablet inherit_phone \"   data-padding-pos=\"all\" data-has-bg-color=\"false\" data-bg-color=\"\" data-bg-opacity=\"1\" data-animation=\"\" data-delay=\"0\" >\n\t\t<div class=\"vc_column-inner\" >\n\t\t<div class=\"wpb_wrapper\">\n\t\t\t\n\t\t<\/div> \n\t<\/div>\n\t<\/div> \n\n\t<div  class=\"vc_col-sm-1\/5 wpb_column column_container vc_column_container col child_column no-extra-padding inherit_tablet inherit_phone \"   data-padding-pos=\"all\" data-has-bg-color=\"false\" data-bg-color=\"\" data-bg-opacity=\"1\" data-animation=\"\" data-delay=\"0\" >\n\t\t<div class=\"vc_column-inner\" >\n\t\t<div class=\"wpb_wrapper\">\n\t\t\t\n\t\t<\/div> \n\t<\/div>\n\t<\/div> \n<\/div><\/div>\n<div class=\"wpb_text_column wpb_content_element \" >\n\t<div class=\"wpb_wrapper\">\n\t\t<h5>CASA ESCOLA VIVA<br \/>\nResid\u00eancia art\u00edstica ind\u00edgena<\/h5>\n\t<\/div>\n<\/div>\n\n\n\n\n<div class=\"wpb_text_column wpb_content_element \" >\n\t<div class=\"wpb_wrapper\">\n\t\t<p><span style=\"font-weight: 400;\">Museu de Arte Moderna do Rio de Janeiro<br \/>\nOutubro de 2025<\/span><\/p>\n\t<\/div>\n<\/div>\n\n\n\n\n\t\t\t<\/div> \n\t\t<\/div>\n\t<\/div> \n<\/div><\/div>\n\t\t<div id=\"fws_69f77f88b97e8\"  data-column-margin=\"default\" data-midnight=\"dark\"  class=\"wpb_row vc_row-fluid vc_row\"  style=\"padding-top: 20px; padding-bottom: 20px; \"><div class=\"row-bg-wrap\" data-bg-animation=\"none\" data-bg-animation-delay=\"\" data-bg-overlay=\"false\"><div class=\"inner-wrap row-bg-layer\" ><div class=\"row-bg viewport-desktop\"  style=\"\"><\/div><\/div><\/div><div class=\"row_col_wrap_12 col span_12 dark left\">\n\t<div  class=\"vc_col-sm-2 wpb_column column_container vc_column_container col centered-text padding-2-percent inherit_tablet inherit_phone \"  data-padding-pos=\"all\" data-has-bg-color=\"false\" data-bg-color=\"\" data-bg-opacity=\"1\" data-animation=\"\" data-delay=\"0\" >\n\t\t<div class=\"vc_column-inner\" >\n\t\t\t<div class=\"wpb_wrapper\">\n\t\t\t\t\n\t\t\t<\/div> \n\t\t<\/div>\n\t<\/div> \n\n\t<div  class=\"vc_col-sm-8 wpb_column column_container vc_column_container col no-extra-padding inherit_tablet inherit_phone \"  data-padding-pos=\"all\" data-has-bg-color=\"false\" data-bg-color=\"\" data-bg-opacity=\"1\" data-animation=\"\" data-delay=\"0\" >\n\t\t<div class=\"vc_column-inner\" >\n\t\t\t<div class=\"wpb_wrapper\">\n\t\t\t\t<div id=\"fws_69f77f88b992a\" data-midnight=\"\" data-column-margin=\"default\" class=\"wpb_row vc_row-fluid vc_row inner_row\"  style=\"\"><div class=\"row-bg-wrap\"> <div class=\"row-bg\" ><\/div> <\/div><div class=\"row_col_wrap_12_inner col span_12  left\">\n\t<div  class=\"vc_col-sm-12 wpb_column column_container vc_column_container col child_column no-extra-padding inherit_tablet inherit_phone \"   data-padding-pos=\"all\" data-has-bg-color=\"false\" data-bg-color=\"\" data-bg-opacity=\"1\" data-animation=\"\" data-delay=\"0\" >\n\t\t<div class=\"vc_column-inner\" >\n\t\t<div class=\"wpb_wrapper\">\n\t\t\t\n<div class=\"wpb_text_column wpb_content_element \" >\n\t<div class=\"wpb_wrapper\">\n\t\t<p><span style=\"font-weight: 400;\">A resid\u00eancia art\u00edstica ind\u00edgena Casa Escola Viva convidou 10 artistas, 2 de cada uma das <\/span><a href=\"https:\/\/selvagemciclo.org.br\/escolas-vivas\/\"><b>Escolas Vivas<\/b><\/a><span style=\"font-weight: 400;\">, e seus coordenadores a criarem, refletirem e conversarem, ao longo de 15 dias, sobre seus fazeres art\u00edsticos e coletivos no Bloco Escola no Museu de Arte Moderna do Rio de Janeiro (MAM Rio).<\/span><\/p>\n<p><span style=\"font-weight: 400;\">Casa Escola Viva foi uma extens\u00e3o do projeto das Escolas Vivas no intuito de animar artistas a dialogarem com o mundo de fora dos territ\u00f3rios, enquanto desenharam, pintaram, experimentaram, trocaram e aprofundaram conhecimentos de suas culturas. Ao final do processo, entre os dias 23 e 24 de outubro, a resid\u00eancia abriu suas portas para visita\u00e7\u00e3o do p\u00fablico. <\/span><\/p>\n<p><span style=\"font-weight: 400;\">Casa Escola Viva foi tamb\u00e9m um desdobramento da <\/span><a href=\"https:\/\/selvagemciclo.org.br\/viva-viva-escola-viva\/\"><b>exposi\u00e7\u00e3o Viva Viva Escola Viva<\/b><\/a><span style=\"font-weight: 400;\">, que aconteceu na Casa Fran\u00e7a-Brasil, entre 2 de dezembro de 2023 e 28 de janeiro de 2024.<\/span><\/p>\n\t<\/div>\n<\/div>\n\n\n\n\n<div class=\"wpb_text_column wpb_content_element \" >\n\t<div class=\"wpb_wrapper\">\n\t\t<h5>Galeria de fotos<\/h5>\n\t<\/div>\n<\/div>\n\n\n\n\n\t<div class=\"wpb_gallery wpb_content_element clearfix\">\n\t\t<div class=\"wpb_wrapper\"><div class=\"wpb_gallery_slides wpb_flexslider flex-gallery flexslider\" data-onclick=\"link_image\" data-interval=\"5\" data-flex_fx=\"fade\"><ul class=\"slides\" data-d-autorotate=\"\"><li><a href=\"https:\/\/selvagemciclo.org.br\/wp-content\/uploads\/2025\/11\/Copy-of-24.10_AnaRezende_ParteUm2-scaled.jpg\"><img decoding=\"async\" class=\"skip-lazy \" src=\"https:\/\/selvagemciclo.org.br\/wp-content\/uploads\/2025\/11\/Copy-of-24.10_AnaRezende_ParteUm2-scaled-600x400.jpg\" width=\"600\" height=\"400\" alt=\"Copy of 24.10_AnaRezende_ParteUm2\" title=\"Copy of 24.10_AnaRezende_ParteUm2\" loading=\"lazy\" \/><\/a><\/li><li><a href=\"https:\/\/selvagemciclo.org.br\/wp-content\/uploads\/2025\/11\/Copy-of-Gerais_Residencia_15.out_3-scaled.jpg\"><img decoding=\"async\" class=\"skip-lazy \" src=\"https:\/\/selvagemciclo.org.br\/wp-content\/uploads\/2025\/11\/Copy-of-Gerais_Residencia_15.out_3-scaled-600x400.jpg\" width=\"600\" height=\"400\" alt=\"Copy of Gerais_Residencia_15.out_3\" title=\"Copy of Gerais_Residencia_15.out_3\" loading=\"lazy\" \/><\/a><\/li><li><a href=\"https:\/\/selvagemciclo.org.br\/wp-content\/uploads\/2025\/11\/Copy-of-Gerais_Residencia_15.out_4-scaled.jpg\"><img decoding=\"async\" class=\"skip-lazy \" src=\"https:\/\/selvagemciclo.org.br\/wp-content\/uploads\/2025\/11\/Copy-of-Gerais_Residencia_15.out_4-scaled-600x400.jpg\" width=\"600\" height=\"400\" alt=\"Copy of Gerais_Residencia_15.out_4\" title=\"Copy of Gerais_Residencia_15.out_4\" loading=\"lazy\" \/><\/a><\/li><li><a href=\"https:\/\/selvagemciclo.org.br\/wp-content\/uploads\/2025\/11\/Copy-of-Gerais_Residencia_15.out_47-scaled.jpg\"><img decoding=\"async\" class=\"skip-lazy \" src=\"https:\/\/selvagemciclo.org.br\/wp-content\/uploads\/2025\/11\/Copy-of-Gerais_Residencia_15.out_47-scaled-600x400.jpg\" width=\"600\" height=\"400\" alt=\"Copy of Gerais_Residencia_15.out_47\" title=\"Copy of Gerais_Residencia_15.out_47\" loading=\"lazy\" \/><\/a><\/li><li><a href=\"https:\/\/selvagemciclo.org.br\/wp-content\/uploads\/2025\/11\/Copy-of-Gerais_Residencia_15.out-61-scaled.jpg\"><img decoding=\"async\" class=\"skip-lazy \" src=\"https:\/\/selvagemciclo.org.br\/wp-content\/uploads\/2025\/11\/Copy-of-Gerais_Residencia_15.out-61-scaled-600x400.jpg\" width=\"600\" height=\"400\" alt=\"Copy of Gerais_Residencia_15.out-61\" title=\"Copy of Gerais_Residencia_15.out-61\" loading=\"lazy\" \/><\/a><\/li><li><a href=\"https:\/\/selvagemciclo.org.br\/wp-content\/uploads\/2025\/11\/Copy-of-Retratos_Artistas-41-scaled.jpg\"><img decoding=\"async\" class=\"skip-lazy \" src=\"https:\/\/selvagemciclo.org.br\/wp-content\/uploads\/2025\/11\/Copy-of-Retratos_Artistas-41-scaled-600x400.jpg\" width=\"600\" height=\"400\" alt=\"Copy of Retratos_Artistas-41\" title=\"Copy of Retratos_Artistas-41\" loading=\"lazy\" \/><\/a><\/li><li><a href=\"https:\/\/selvagemciclo.org.br\/wp-content\/uploads\/2025\/11\/Copy-of-EscolaVivaGuarani_Papa9-scaled.jpg\"><img decoding=\"async\" class=\"skip-lazy \" src=\"https:\/\/selvagemciclo.org.br\/wp-content\/uploads\/2025\/11\/Copy-of-EscolaVivaGuarani_Papa9-scaled-600x400.jpg\" width=\"600\" height=\"400\" alt=\"Copy of EscolaVivaGuarani_Papa9\" title=\"Copy of EscolaVivaGuarani_Papa9\" loading=\"lazy\" \/><\/a><\/li><li><a href=\"https:\/\/selvagemciclo.org.br\/wp-content\/uploads\/2025\/11\/Copy-of-Residencia_20.10-84-scaled.jpg\"><img decoding=\"async\" class=\"skip-lazy \" src=\"https:\/\/selvagemciclo.org.br\/wp-content\/uploads\/2025\/11\/Copy-of-Residencia_20.10-84-scaled-600x400.jpg\" width=\"600\" height=\"400\" alt=\"Copy of Reside\u0302ncia_20.10-84\" title=\"Copy of Reside\u0302ncia_20.10-84\" loading=\"lazy\" \/><\/a><\/li><li><a href=\"https:\/\/selvagemciclo.org.br\/wp-content\/uploads\/2025\/11\/Copy-of-IvanTukano_ThaisDesana5-scaled.jpg\"><img decoding=\"async\" class=\"skip-lazy \" src=\"https:\/\/selvagemciclo.org.br\/wp-content\/uploads\/2025\/11\/Copy-of-IvanTukano_ThaisDesana5-scaled-600x400.jpg\" width=\"600\" height=\"400\" alt=\"Copy of IvanTukano_ThaisDesana5\" title=\"Copy of IvanTukano_ThaisDesana5\" loading=\"lazy\" \/><\/a><\/li><li><a href=\"https:\/\/selvagemciclo.org.br\/wp-content\/uploads\/2025\/11\/Copy-of-OficPigmento-32-scaled.jpg\"><img decoding=\"async\" class=\"skip-lazy \" src=\"https:\/\/selvagemciclo.org.br\/wp-content\/uploads\/2025\/11\/Copy-of-OficPigmento-32-scaled-600x400.jpg\" width=\"600\" height=\"400\" alt=\"Copy of OficPigmento-32\" title=\"Copy of OficPigmento-32\" loading=\"lazy\" \/><\/a><\/li><li><a href=\"https:\/\/selvagemciclo.org.br\/wp-content\/uploads\/2025\/11\/Copy-of-OficPigmento-38-scaled.jpg\"><img decoding=\"async\" class=\"skip-lazy \" src=\"https:\/\/selvagemciclo.org.br\/wp-content\/uploads\/2025\/11\/Copy-of-OficPigmento-38-scaled-600x400.jpg\" width=\"600\" height=\"400\" alt=\"Copy of OficPigmento-38\" title=\"Copy of OficPigmento-38\" loading=\"lazy\" \/><\/a><\/li><li><a href=\"https:\/\/selvagemciclo.org.br\/wp-content\/uploads\/2025\/11\/Copy-of-OficPigmento-53-1-scaled.jpg\"><img decoding=\"async\" class=\"skip-lazy \" src=\"https:\/\/selvagemciclo.org.br\/wp-content\/uploads\/2025\/11\/Copy-of-OficPigmento-53-1-scaled-600x400.jpg\" width=\"600\" height=\"400\" alt=\"Copy of OficPigmento-53\" title=\"Copy of OficPigmento-53\" loading=\"lazy\" \/><\/a><\/li><li><a href=\"https:\/\/selvagemciclo.org.br\/wp-content\/uploads\/2025\/11\/Copy-of-OficPigmento-62-scaled.jpg\"><img decoding=\"async\" class=\"skip-lazy \" src=\"https:\/\/selvagemciclo.org.br\/wp-content\/uploads\/2025\/11\/Copy-of-OficPigmento-62-scaled-600x400.jpg\" width=\"600\" height=\"400\" alt=\"Copy of OficPigmento-62\" title=\"Copy of OficPigmento-62\" loading=\"lazy\" \/><\/a><\/li><li><a href=\"https:\/\/selvagemciclo.org.br\/wp-content\/uploads\/2025\/11\/Copy-of-Residencia_20.10-22-scaled.jpg\"><img decoding=\"async\" class=\"skip-lazy \" src=\"https:\/\/selvagemciclo.org.br\/wp-content\/uploads\/2025\/11\/Copy-of-Residencia_20.10-22-scaled-600x400.jpg\" width=\"600\" height=\"400\" alt=\"Copy of Reside\u0302ncia_20.10-22\" title=\"Copy of Reside\u0302ncia_20.10-22\" loading=\"lazy\" \/><\/a><\/li><li><a href=\"https:\/\/selvagemciclo.org.br\/wp-content\/uploads\/2025\/11\/Copy-of-Residencia_20.10-72-scaled.jpg\"><img decoding=\"async\" class=\"skip-lazy \" src=\"https:\/\/selvagemciclo.org.br\/wp-content\/uploads\/2025\/11\/Copy-of-Residencia_20.10-72-scaled-600x400.jpg\" width=\"600\" height=\"400\" alt=\"Copy of Reside\u0302ncia_20.10-72\" title=\"Copy of Reside\u0302ncia_20.10-72\" loading=\"lazy\" \/><\/a><\/li><li><a href=\"https:\/\/selvagemciclo.org.br\/wp-content\/uploads\/2025\/11\/Copy-of-Residencia_20.10-50-scaled.jpg\"><img decoding=\"async\" class=\"skip-lazy \" src=\"https:\/\/selvagemciclo.org.br\/wp-content\/uploads\/2025\/11\/Copy-of-Residencia_20.10-50-scaled-600x400.jpg\" width=\"600\" height=\"400\" alt=\"Copy of Reside\u0302ncia_20.10-50\" title=\"Copy of Reside\u0302ncia_20.10-50\" loading=\"lazy\" \/><\/a><\/li><li><a href=\"https:\/\/selvagemciclo.org.br\/wp-content\/uploads\/2025\/11\/Copy-of-Retratos_Artistas-9-scaled.jpg\"><img decoding=\"async\" class=\"skip-lazy \" src=\"https:\/\/selvagemciclo.org.br\/wp-content\/uploads\/2025\/11\/Copy-of-Retratos_Artistas-9-scaled-600x400.jpg\" width=\"600\" height=\"400\" alt=\"Copy of Retratos_Artistas-9\" title=\"Copy of Retratos_Artistas-9\" loading=\"lazy\" \/><\/a><\/li><li><a href=\"https:\/\/selvagemciclo.org.br\/wp-content\/uploads\/2025\/11\/Copy-of-Retratos_Artistas-28-scaled.jpg\"><img decoding=\"async\" class=\"skip-lazy \" src=\"https:\/\/selvagemciclo.org.br\/wp-content\/uploads\/2025\/11\/Copy-of-Retratos_Artistas-28-scaled-600x400.jpg\" width=\"600\" height=\"400\" alt=\"Copy of Retratos_Artistas-28\" title=\"Copy of Retratos_Artistas-28\" loading=\"lazy\" \/><\/a><\/li><li><a href=\"https:\/\/selvagemciclo.org.br\/wp-content\/uploads\/2025\/11\/Copy-of-Guarani_FabianoNeuzilia-5-scaled.jpg\"><img decoding=\"async\" class=\"skip-lazy \" src=\"https:\/\/selvagemciclo.org.br\/wp-content\/uploads\/2025\/11\/Copy-of-Guarani_FabianoNeuzilia-5-scaled-600x400.jpg\" width=\"600\" height=\"400\" alt=\"Copy of Guarani_FabianoNeuzilia-5\" title=\"Copy of Guarani_FabianoNeuzilia-5\" loading=\"lazy\" \/><\/a><\/li><li><a href=\"https:\/\/selvagemciclo.org.br\/wp-content\/uploads\/2025\/11\/Copy-of-EscolaVivaGuarani_Neuzilia6-scaled.jpg\"><img decoding=\"async\" class=\"skip-lazy \" src=\"https:\/\/selvagemciclo.org.br\/wp-content\/uploads\/2025\/11\/Copy-of-EscolaVivaGuarani_Neuzilia6-scaled-600x400.jpg\" width=\"600\" height=\"400\" alt=\"Copy of EscolaVivaGuarani_Neuzilia6\" title=\"Copy of EscolaVivaGuarani_Neuzilia6\" loading=\"lazy\" \/><\/a><\/li><li><a href=\"https:\/\/selvagemciclo.org.br\/wp-content\/uploads\/2025\/11\/Copy-of-Baniwa_FrankELarissa-12-scaled.jpg\"><img decoding=\"async\" class=\"skip-lazy \" src=\"https:\/\/selvagemciclo.org.br\/wp-content\/uploads\/2025\/11\/Copy-of-Baniwa_FrankELarissa-12-scaled-600x400.jpg\" width=\"600\" height=\"400\" alt=\"Copy of Baniwa_FrankELarissa-12\" title=\"Copy of Baniwa_FrankELarissa-12\" loading=\"lazy\" \/><\/a><\/li><li><a href=\"https:\/\/selvagemciclo.org.br\/wp-content\/uploads\/2025\/11\/Copy-of-Maxakali_MameiEIsabelinha-31-scaled.jpg\"><img decoding=\"async\" class=\"skip-lazy \" src=\"https:\/\/selvagemciclo.org.br\/wp-content\/uploads\/2025\/11\/Copy-of-Maxakali_MameiEIsabelinha-31-scaled-600x400.jpg\" width=\"600\" height=\"400\" alt=\"Copy of Maxakali_MameiEIsabelinha-31\" title=\"Copy of Maxakali_MameiEIsabelinha-31\" loading=\"lazy\" \/><\/a><\/li><li><a href=\"https:\/\/selvagemciclo.org.br\/wp-content\/uploads\/2025\/11\/Copy-of-Retratos_Artistas-36-scaled.jpg\"><img decoding=\"async\" class=\"skip-lazy \" src=\"https:\/\/selvagemciclo.org.br\/wp-content\/uploads\/2025\/11\/Copy-of-Retratos_Artistas-36-scaled-600x400.jpg\" width=\"600\" height=\"400\" alt=\"Copy of Retratos_Artistas-36\" title=\"Copy of Retratos_Artistas-36\" loading=\"lazy\" \/><\/a><\/li><li><a href=\"https:\/\/selvagemciclo.org.br\/wp-content\/uploads\/2025\/11\/Copy-of-Selvagem-2755-scaled.jpg\"><img decoding=\"async\" class=\"skip-lazy \" src=\"https:\/\/selvagemciclo.org.br\/wp-content\/uploads\/2025\/11\/Copy-of-Selvagem-2755-scaled-600x400.jpg\" width=\"600\" height=\"400\" alt=\"Copy of Selvagem-2755\" title=\"Copy of Selvagem-2755\" loading=\"lazy\" \/><\/a><\/li><li><a href=\"https:\/\/selvagemciclo.org.br\/wp-content\/uploads\/2025\/11\/Copy-of-Selvagem-3230-scaled.jpg\"><img decoding=\"async\" class=\"skip-lazy \" src=\"https:\/\/selvagemciclo.org.br\/wp-content\/uploads\/2025\/11\/Copy-of-Selvagem-3230-scaled-600x400.jpg\" width=\"600\" height=\"400\" alt=\"Copy of Selvagem-3230\" title=\"Copy of Selvagem-3230\" loading=\"lazy\" \/><\/a><\/li><li><a href=\"https:\/\/selvagemciclo.org.br\/wp-content\/uploads\/2025\/11\/Copy-of-24.10_AnaRezende_ParteDois-25-scaled.jpg\"><img decoding=\"async\" class=\"skip-lazy \" src=\"https:\/\/selvagemciclo.org.br\/wp-content\/uploads\/2025\/11\/Copy-of-24.10_AnaRezende_ParteDois-25-scaled-600x400.jpg\" width=\"600\" height=\"400\" alt=\"Copy of 24.10_AnaRezende_ParteDois-25\" title=\"Copy of 24.10_AnaRezende_ParteDois-25\" loading=\"lazy\" \/><\/a><\/li><li><a href=\"https:\/\/selvagemciclo.org.br\/wp-content\/uploads\/2025\/11\/Copy-of-24.10_AnaRezende_ParteUm33-scaled.jpg\"><img decoding=\"async\" class=\"skip-lazy \" src=\"https:\/\/selvagemciclo.org.br\/wp-content\/uploads\/2025\/11\/Copy-of-24.10_AnaRezende_ParteUm33-scaled-600x400.jpg\" width=\"600\" height=\"400\" alt=\"Copy of 24.10_AnaRezende_ParteUm33\" title=\"Copy of 24.10_AnaRezende_ParteUm33\" loading=\"lazy\" \/><\/a><\/li><li><a href=\"https:\/\/selvagemciclo.org.br\/wp-content\/uploads\/2025\/11\/Copy-of-24.10_AnaRezende_ParteUm46-scaled.jpg\"><img decoding=\"async\" class=\"skip-lazy \" src=\"https:\/\/selvagemciclo.org.br\/wp-content\/uploads\/2025\/11\/Copy-of-24.10_AnaRezende_ParteUm46-scaled-600x400.jpg\" width=\"600\" height=\"400\" alt=\"Copy of 24.10_AnaRezende_ParteUm46\" title=\"Copy of 24.10_AnaRezende_ParteUm46\" loading=\"lazy\" \/><\/a><\/li><li><a href=\"https:\/\/selvagemciclo.org.br\/wp-content\/uploads\/2025\/11\/Copy-of-IvanTukano_ThaisDesana7-1-scaled.jpg\"><img decoding=\"async\" class=\"skip-lazy \" src=\"https:\/\/selvagemciclo.org.br\/wp-content\/uploads\/2025\/11\/Copy-of-IvanTukano_ThaisDesana7-1-scaled-600x400.jpg\" width=\"600\" height=\"400\" alt=\"Copy of IvanTukano_ThaisDesana7\" title=\"Copy of IvanTukano_ThaisDesana7\" loading=\"lazy\" \/><\/a><\/li><li><a href=\"https:\/\/selvagemciclo.org.br\/wp-content\/uploads\/2025\/11\/Copy-of-Detalhes-8-de-38-scaled.jpg\"><img decoding=\"async\" class=\"skip-lazy \" src=\"https:\/\/selvagemciclo.org.br\/wp-content\/uploads\/2025\/11\/Copy-of-Detalhes-8-de-38-scaled-600x400.jpg\" width=\"600\" height=\"400\" alt=\"Copy of Detalhes (8 de 38)\" title=\"Copy of Detalhes (8 de 38)\" loading=\"lazy\" \/><\/a><\/li><li><a href=\"https:\/\/selvagemciclo.org.br\/wp-content\/uploads\/2025\/11\/Copy-of-Detalhes-17-de-38-scaled.jpg\"><img decoding=\"async\" class=\"skip-lazy \" src=\"https:\/\/selvagemciclo.org.br\/wp-content\/uploads\/2025\/11\/Copy-of-Detalhes-17-de-38-scaled-600x400.jpg\" width=\"600\" height=\"400\" alt=\"Copy of Detalhes (17 de 38)\" title=\"Copy of Detalhes (17 de 38)\" loading=\"lazy\" \/><\/a><\/li><li><a href=\"https:\/\/selvagemciclo.org.br\/wp-content\/uploads\/2025\/11\/Copy-of-Detalhes-21-de-38-scaled.jpg\"><img decoding=\"async\" class=\"skip-lazy \" src=\"https:\/\/selvagemciclo.org.br\/wp-content\/uploads\/2025\/11\/Copy-of-Detalhes-21-de-38-scaled-600x400.jpg\" width=\"600\" height=\"400\" alt=\"Copy of Detalhes (21 de 38)\" title=\"Copy of Detalhes (21 de 38)\" loading=\"lazy\" \/><\/a><\/li><\/ul><\/div>\n\t\t<\/div> \n\t<\/div> \n<div class=\"wpb_text_column wpb_content_element \" >\n\t<div class=\"wpb_wrapper\">\n\t\t<p><em>Fotos: Caleidosk\u00f3pica \/ Elea Mercurio<\/em><\/p>\n\t<\/div>\n<\/div>\n\n\n\n\n\t\t<\/div> \n\t<\/div>\n\t<\/div> \n<\/div><\/div><div id=\"fws_69f77f88bcb77\" data-midnight=\"\" data-column-margin=\"default\" class=\"wpb_row vc_row-fluid vc_row inner_row\"  style=\"padding-top: 40px; \"><div class=\"row-bg-wrap\"> <div class=\"row-bg\" ><\/div> <\/div><div class=\"row_col_wrap_12_inner col span_12  left\">\n\t<div  class=\"vc_col-sm-12 wpb_column column_container vc_column_container col child_column no-extra-padding inherit_tablet inherit_phone \"   data-padding-pos=\"all\" data-has-bg-color=\"false\" data-bg-color=\"\" data-bg-opacity=\"1\" data-animation=\"\" data-delay=\"0\" >\n\t\t<div class=\"vc_column-inner\" >\n\t\t<div class=\"wpb_wrapper\">\n\t\t\t<div class=\"img-with-aniamtion-wrap center custom-size\" data-max-width=\"100%\" data-max-width-mobile=\"default\" data-shadow=\"none\" data-animation=\"none\" >\n      <div class=\"inner\">\n        <div class=\"hover-wrap\"> \n          <div class=\"hover-wrap-inner\">\n            <a href=\"http:\/\/www.selvagemciclo.org.br\/escolas-vivas\/\" target=\"_self\" class=\"center\">\n              <img loading=\"lazy\" decoding=\"async\" class=\"img-with-animation skip-lazy \" data-delay=\"0\" height=\"300\" width=\"300\" data-animation=\"none\" src=\"https:\/\/selvagemciclo.org.br\/wp-content\/uploads\/2024\/09\/escolas_vivas_2024-300x300.png\" alt=\"\" srcset=\"https:\/\/selvagemciclo.org.br\/wp-content\/uploads\/2024\/09\/escolas_vivas_2024-300x300.png 300w, https:\/\/selvagemciclo.org.br\/wp-content\/uploads\/2024\/09\/escolas_vivas_2024-150x150.png 150w, https:\/\/selvagemciclo.org.br\/wp-content\/uploads\/2024\/09\/escolas_vivas_2024-12x12.png 12w, https:\/\/selvagemciclo.org.br\/wp-content\/uploads\/2024\/09\/escolas_vivas_2024-140x140.png 140w, https:\/\/selvagemciclo.org.br\/wp-content\/uploads\/2024\/09\/escolas_vivas_2024.png 400w\" sizes=\"auto, (max-width: 300px) 100vw, 300px\" \/>\n            <\/a>\n          <\/div>\n        <\/div>\n      <\/div>\n      <\/div>\n<div class=\"wpb_text_column wpb_content_element \" >\n\t<div class=\"wpb_wrapper\">\n\t\t<h5 style=\"text-align: center;\">ESCOLAS VIVAS<\/h5>\n\t<\/div>\n<\/div>\n\n\n\n\n<div class=\"wpb_text_column wpb_content_element \" >\n\t<div class=\"wpb_wrapper\">\n\t\t<p><span style=\"font-weight: 400;\"><strong>Escolas Vivas<\/strong> \u00e9 o nome do movimento de fortalecimento a projetos ind\u00edgenas de transmiss\u00e3o de seus saberes tradicionais, articulado e apoiado pela Associa\u00e7\u00e3o Selvagem. Atualmente, 5 projetos est\u00e3o envolvidos: 3 na Amaz\u00f4nia (dos povos Huni Kuin, Baniwa e Tukano-Dessano-Tuyuka) e 2 na Mata Atl\u00e2ntica (dos povos Maxakali e Guarani).<\/span><\/p>\n<p><span style=\"font-weight: 400;\">O movimento Escolas Vivas \u00e9 coordenado por <strong>Cristine Taku\u00e1<\/strong>, do povo Maxakali. Ela vive na Terra Ind\u00edgena Guarani de Ribeir\u00e3o Silveira, em S\u00e3o Paulo, h\u00e1 mais de 20 anos. \u00c9 m\u00e3e, <\/span><span style=\"font-weight: 400;\">educadora, fil\u00f3sofa e parteira.<\/span><\/p>\n<p><span style=\"font-weight: 400;\"><a href=\"https:\/\/selvagemciclo.org.br\/escolas-vivas\/\"><strong>Saiba mais aqui<\/strong><\/a><strong>.<\/strong><\/span><\/p>\n\t<\/div>\n<\/div>\n\n\n\n\n\t\t<\/div> \n\t<\/div>\n\t<\/div> \n<\/div><\/div><div id=\"fws_69f77f88bcfba\" data-midnight=\"\" data-column-margin=\"default\" class=\"wpb_row vc_row-fluid vc_row inner_row\"  style=\"padding-top: 40px; \"><div class=\"row-bg-wrap\"> <div class=\"row-bg\" ><\/div> <\/div><div class=\"row_col_wrap_12_inner col span_12  left\">\n\t<div  class=\"vc_col-sm-12 wpb_column column_container vc_column_container col child_column no-extra-padding inherit_tablet inherit_phone \"   data-padding-pos=\"all\" data-has-bg-color=\"false\" data-bg-color=\"\" data-bg-opacity=\"1\" data-animation=\"\" data-delay=\"0\" >\n\t\t<div class=\"vc_column-inner\" >\n\t\t<div class=\"wpb_wrapper\">\n\t\t\t\n<div class=\"wpb_text_column wpb_content_element \" >\n\t<div class=\"wpb_wrapper\">\n\t\t<h5 style=\"text-align: center;\">CONHE\u00c7A OS ARTISTAS DA RESID\u00caNCIA<\/h5>\n\t<\/div>\n<\/div>\n\n\n\n<div class=\"img-with-aniamtion-wrap center custom-size\" data-max-width=\"100%\" data-max-width-mobile=\"default\" data-shadow=\"none\" data-animation=\"none\" >\n      <div class=\"inner\">\n        <div class=\"hover-wrap\"> \n          <div class=\"hover-wrap-inner\">\n            <img loading=\"lazy\" decoding=\"async\" class=\"img-with-animation skip-lazy \" data-delay=\"0\" height=\"150\" width=\"150\" data-animation=\"none\" src=\"https:\/\/selvagemciclo.org.br\/wp-content\/uploads\/2025\/10\/canoa_baniwa-150x150.webp\" alt=\"\" srcset=\"https:\/\/selvagemciclo.org.br\/wp-content\/uploads\/2025\/10\/canoa_baniwa-150x150.webp 150w, https:\/\/selvagemciclo.org.br\/wp-content\/uploads\/2025\/10\/canoa_baniwa-300x300.webp 300w, https:\/\/selvagemciclo.org.br\/wp-content\/uploads\/2025\/10\/canoa_baniwa-12x12.webp 12w, https:\/\/selvagemciclo.org.br\/wp-content\/uploads\/2025\/10\/canoa_baniwa-140x140.webp 140w, https:\/\/selvagemciclo.org.br\/wp-content\/uploads\/2025\/10\/canoa_baniwa.webp 400w\" sizes=\"auto, (max-width: 150px) 100vw, 150px\" \/>\n          <\/div>\n        <\/div>\n      <\/div>\n    <\/div>\n<div class=\"wpb_text_column wpb_content_element \" >\n\t<div class=\"wpb_wrapper\">\n\t\t<h5 style=\"text-align: center;\">MADZEROKAI<br \/>\nEscola Viva Baniwa<\/h5>\n\t<\/div>\n<\/div>\n\n\n\n\n<div class=\"wpb_text_column wpb_content_element \" >\n\t<div class=\"wpb_wrapper\">\n\t\t<p><span style=\"font-weight: 400;\">Os Baniwa (Medzeniakonai) s\u00e3o habitantes do sistema cultural e multil\u00edngue do Alto Rio Negro, \u00e1rea de aproximadamente 250 mil km2, que abrange o noroeste da Bacia Amaz\u00f4nica. \u00c9 nesta regi\u00e3o que se encontra a Madzerokai, Casa dos Conhecimentos Ancestrais, a Escola Viva Baniwa.<\/span><\/p>\n\t<\/div>\n<\/div>\n\n\n\n\n\t\t<\/div> \n\t<\/div>\n\t<\/div> \n<\/div><\/div>\n\t\t\t<\/div> \n\t\t<\/div>\n\t<\/div> \n\n\t<div  class=\"vc_col-sm-2 wpb_column column_container vc_column_container col no-extra-padding inherit_tablet inherit_phone \"  data-padding-pos=\"all\" data-has-bg-color=\"false\" data-bg-color=\"\" data-bg-opacity=\"1\" data-animation=\"\" data-delay=\"0\" >\n\t\t<div class=\"vc_column-inner\" >\n\t\t\t<div class=\"wpb_wrapper\">\n\t\t\t\t\n\t\t\t<\/div> \n\t\t<\/div>\n\t<\/div> \n<\/div><\/div>\n\t\t<div id=\"fws_69f77f88bd59b\"  data-column-margin=\"default\" data-midnight=\"dark\"  class=\"wpb_row vc_row-fluid vc_row\"  style=\"padding-top: 0px; padding-bottom: 0px; \"><div class=\"row-bg-wrap\" data-bg-animation=\"none\" data-bg-animation-delay=\"\" data-bg-overlay=\"false\"><div class=\"inner-wrap row-bg-layer\" ><div class=\"row-bg viewport-desktop\"  style=\"\"><\/div><\/div><\/div><div class=\"row_col_wrap_12 col span_12 dark left\">\n\t<div  class=\"vc_col-sm-6 wpb_column column_container vc_column_container col no-extra-padding inherit_tablet inherit_phone \"  data-padding-pos=\"all\" data-has-bg-color=\"false\" data-bg-color=\"\" data-bg-opacity=\"1\" data-animation=\"\" data-delay=\"0\" >\n\t\t<div class=\"vc_column-inner\" >\n\t\t\t<div class=\"wpb_wrapper\">\n\t\t\t\t<div class=\"img-with-aniamtion-wrap center custom-size\" data-max-width=\"100%\" data-max-width-mobile=\"default\" data-shadow=\"none\" data-animation=\"none\" >\n      <div class=\"inner\">\n        <div class=\"hover-wrap\"> \n          <div class=\"hover-wrap-inner\">\n            <img loading=\"lazy\" decoding=\"async\" class=\"img-with-animation skip-lazy \" data-delay=\"0\" height=\"300\" width=\"225\" data-animation=\"none\" src=\"https:\/\/selvagemciclo.org.br\/wp-content\/uploads\/2025\/10\/RETRATO_LARISSA-BANIWA_1-225x300.jpeg\" alt=\"\" srcset=\"https:\/\/selvagemciclo.org.br\/wp-content\/uploads\/2025\/10\/RETRATO_LARISSA-BANIWA_1-225x300.jpeg 225w, https:\/\/selvagemciclo.org.br\/wp-content\/uploads\/2025\/10\/RETRATO_LARISSA-BANIWA_1-768x1024.jpeg 768w, https:\/\/selvagemciclo.org.br\/wp-content\/uploads\/2025\/10\/RETRATO_LARISSA-BANIWA_1-1152x1536.jpeg 1152w, https:\/\/selvagemciclo.org.br\/wp-content\/uploads\/2025\/10\/RETRATO_LARISSA-BANIWA_1-9x12.jpeg 9w, https:\/\/selvagemciclo.org.br\/wp-content\/uploads\/2025\/10\/RETRATO_LARISSA-BANIWA_1.jpeg 1200w\" sizes=\"auto, (max-width: 225px) 100vw, 225px\" \/>\n          <\/div>\n        <\/div>\n      <\/div>\n    <\/div>\n<div class=\"wpb_text_column wpb_content_element \" >\n\t<div class=\"wpb_wrapper\">\n\t\t<h5 style=\"text-align: center;\">Larissa Baniwa<\/h5>\n\t<\/div>\n<\/div>\n\n\n\n\n<div class=\"wpb_text_column wpb_content_element \" >\n\t<div class=\"wpb_wrapper\">\n\t\t<p>Meu nome \u00e9 Larissa Bitencourt Fontes, do povo Medzeniako \u2013 que significa \u201cAos que nascem falando a l\u00edngua\u201d, meu povo tamb\u00e9m \u00e9 conhecido como Baniwa. Nasci na comunidade Assun\u00e7\u00e3o do Rio I\u00e7ana, pertencente \u00e0 Terra Ind\u00edgena Alto Rio Negro, munic\u00edpio de S\u00e3o Gabriel da Cachoeira \u2013 Amazonas. Sou uma gera\u00e7\u00e3o que tem uma forte hist\u00f3ria, venho de uma linhagem muito importante para meu povo Medzeniako. Meus av\u00f3s s\u00e3o grandes pessoas com muita sabedoria, que me inspiram a seguir passos dos conhecedores. Sou uma jovem de 19 anos, fa\u00e7o parte do grupo de jovens da comunidade, fa\u00e7o parte tamb\u00e9m de jovens que representam nos eventos institucionais da Federa\u00e7\u00e3o das Organiza\u00e7\u00f5es Ind\u00edgenas do Rio Negro \u2013 FOIRN, nas assembleias, semin\u00e1rios, oficinas, com v\u00e1rios temas, como: educa\u00e7\u00e3o, sustentabilidade, sa\u00fade, territ\u00f3rio e protagonismo de jovens dentro dos territ\u00f3rios.<\/p>\n<p>Participo de conselho escolar, minha av\u00f3 Bibiana Fontes \u00e9 parteira e dona de ro\u00e7a, meu av\u00f4 Francisco \u00e9 grande mestre Madzero e minha av\u00f3 L\u00facia Bitencourt \u00e9 uma grande dona de ro\u00e7a. Essas pessoas me inspiram muito a cada dia olhar meu territ\u00f3rio com outros olhares, valorizar os mais velhos, aprender a ouvi-los mais. Eles s\u00e3o minhas fontes de inspira\u00e7\u00e3o, assim, como minha m\u00e3e tem sido exemplo de determina\u00e7\u00e3o e for\u00e7a. A minha fam\u00edlia \u00e9 a minha base, \u00e9 a minha universidade ind\u00edgena na comunidade. Na minha comunidade sou uma lideran\u00e7a jovem, que toca viol\u00e3o e flauta transversal, sou uma sonhadora que faz parte da Escola Viva Madzerokai \u2013 Casa dos Conhecimentos Ancestrais, um sonho que \u00e9 coletivo.<\/p>\n\t<\/div>\n<\/div>\n\n\n\n\n\t<div class=\"wpb_gallery wpb_content_element clearfix\">\n\t\t<div class=\"wpb_wrapper\"><div class=\"wpb_gallery_slides wpb_flexslider flex-gallery flexslider\" data-onclick=\"link_image\" data-interval=\"5\" data-flex_fx=\"fade\"><ul class=\"slides\" data-d-autorotate=\"\"><li><a href=\"https:\/\/selvagemciclo.org.br\/wp-content\/uploads\/2025\/10\/Mulher-Baniwa-indo-pegar-na-canoa-paca-e-peixe.jpeg\"><img decoding=\"async\" class=\"skip-lazy \" src=\"https:\/\/selvagemciclo.org.br\/wp-content\/uploads\/2025\/10\/Mulher-Baniwa-indo-pegar-na-canoa-paca-e-peixe-600x400.jpeg\" width=\"600\" height=\"400\" alt=\"Mulher Baniwa indo pegar na canoa paca e peixe\" title=\"Mulher Baniwa indo pegar na canoa paca e peixe\" loading=\"lazy\" \/><\/a><\/li><li><a href=\"https:\/\/selvagemciclo.org.br\/wp-content\/uploads\/2025\/10\/2025-\u2013-Desenhando-uma-mulher-Baniwa-torrando-farinha-bem-amarela-no-forno-de-aluminio.jpeg\"><img decoding=\"async\" class=\"skip-lazy \" src=\"https:\/\/selvagemciclo.org.br\/wp-content\/uploads\/2025\/10\/2025-\u2013-Desenhando-uma-mulher-Baniwa-torrando-farinha-bem-amarela-no-forno-de-aluminio-600x400.jpeg\" width=\"600\" height=\"400\" alt=\"2025 \u2013 Desenhando uma mulher Baniwa torrando farinha bem amarela no forno de alum\u00ednio\" title=\"2025 \u2013 Desenhando uma mulher Baniwa torrando farinha bem amarela no forno de alum\u00ednio\" loading=\"lazy\" \/><\/a><\/li><li><a href=\"https:\/\/selvagemciclo.org.br\/wp-content\/uploads\/2025\/10\/2025-Mulher-Baniwa-com-seu-filho-pequeno-nos-bracos-e-uma-bacia-cheia-de-roupa-na-sua-cabeca-indo-lavar-na-beira-do-rio.jpeg\"><img decoding=\"async\" class=\"skip-lazy \" src=\"https:\/\/selvagemciclo.org.br\/wp-content\/uploads\/2025\/10\/2025-Mulher-Baniwa-com-seu-filho-pequeno-nos-bracos-e-uma-bacia-cheia-de-roupa-na-sua-cabeca-indo-lavar-na-beira-do-rio-600x400.jpeg\" width=\"600\" height=\"400\" alt=\"2025 - Mulher Baniwa com seu filho pequeno nos bra\u00e7os e uma bacia cheia de roupa na sua cabe\u00e7a, indo lavar na beira do rio.\" title=\"2025 - Mulher Baniwa com seu filho pequeno nos bra\u00e7os e uma bacia cheia de roupa na sua cabe\u00e7a, indo lavar na beira do rio.\" loading=\"lazy\" \/><\/a><\/li><li><a href=\"https:\/\/selvagemciclo.org.br\/wp-content\/uploads\/2025\/10\/2025-Mulher-Baniwa-em-sua-roca-onde-foi-arrancar-mandioca-ela-com-atura-nas-costas-com-seu-tercado-na-mao.jpeg\"><img decoding=\"async\" class=\"skip-lazy \" src=\"https:\/\/selvagemciclo.org.br\/wp-content\/uploads\/2025\/10\/2025-Mulher-Baniwa-em-sua-roca-onde-foi-arrancar-mandioca-ela-com-atura-nas-costas-com-seu-tercado-na-mao-600x400.jpeg\" width=\"600\" height=\"400\" alt=\"2025 - Mulher Baniwa em sua ro\u00e7a, onde foi arrancar mandioca, ela com atur\u00e1 nas costas, com seu ter\u00e7ado na m\u00e3o\" title=\"2025 - Mulher Baniwa em sua ro\u00e7a, onde foi arrancar mandioca, ela com atur\u00e1 nas costas, com seu ter\u00e7ado na m\u00e3o\" loading=\"lazy\" \/><\/a><\/li><\/ul><\/div>\n\t\t<\/div> \n\t<\/div> \n\t\t\t<\/div> \n\t\t<\/div>\n\t<\/div> \n\n\t<div  class=\"vc_col-sm-6 wpb_column column_container vc_column_container col no-extra-padding inherit_tablet inherit_phone \"  data-padding-pos=\"all\" data-has-bg-color=\"false\" data-bg-color=\"\" data-bg-opacity=\"1\" data-animation=\"\" data-delay=\"0\" >\n\t\t<div class=\"vc_column-inner\" >\n\t\t\t<div class=\"wpb_wrapper\">\n\t\t\t\t<div class=\"img-with-aniamtion-wrap center custom-size\" data-max-width=\"100%\" data-max-width-mobile=\"default\" data-shadow=\"none\" data-animation=\"none\" >\n      <div class=\"inner\">\n        <div class=\"hover-wrap\"> \n          <div class=\"hover-wrap-inner\">\n            <img loading=\"lazy\" decoding=\"async\" class=\"img-with-animation skip-lazy \" data-delay=\"0\" height=\"300\" width=\"225\" data-animation=\"none\" src=\"https:\/\/selvagemciclo.org.br\/wp-content\/uploads\/2025\/10\/RETRATO_FRANK-BANIWA-225x300.jpeg\" alt=\"\" srcset=\"https:\/\/selvagemciclo.org.br\/wp-content\/uploads\/2025\/10\/RETRATO_FRANK-BANIWA-225x300.jpeg 225w, https:\/\/selvagemciclo.org.br\/wp-content\/uploads\/2025\/10\/RETRATO_FRANK-BANIWA-768x1024.jpeg 768w, https:\/\/selvagemciclo.org.br\/wp-content\/uploads\/2025\/10\/RETRATO_FRANK-BANIWA-1152x1536.jpeg 1152w, https:\/\/selvagemciclo.org.br\/wp-content\/uploads\/2025\/10\/RETRATO_FRANK-BANIWA-9x12.jpeg 9w, https:\/\/selvagemciclo.org.br\/wp-content\/uploads\/2025\/10\/RETRATO_FRANK-BANIWA.jpeg 1200w\" sizes=\"auto, (max-width: 225px) 100vw, 225px\" \/>\n          <\/div>\n        <\/div>\n      <\/div>\n    <\/div>\n<div class=\"wpb_text_column wpb_content_element \" >\n\t<div class=\"wpb_wrapper\">\n\t\t<h5 style=\"text-align: center;\">Frank Baniwa<\/h5>\n\t<\/div>\n<\/div>\n\n\n\n\n<div class=\"wpb_text_column wpb_content_element \" >\n\t<div class=\"wpb_wrapper\">\n\t\t<p><span style=\"font-weight: 400;\">Sou Frank Bitencourt Fontes da etnia Baniwa, de cl\u00e3 Waliperidakenai, nasci no dia 12 de novembro de 1991, na comunidade de Assun\u00e7\u00e3o do I\u00e7ana, filho do senhor Francisco Luis Fontes (Francisco Baniwa) e da dona L\u00facia Bitencourt, ambos agricultores e artes\u00e3os. Desde crian\u00e7a, sempre gostei de desenhar e pintar. Grande parte do talento que tenho hoje vem dos meus pais. Desde a escola, eu desenhava as pesquisas com os s\u00e1bios da comunidade sobre lugares sagrados, plantas medicinais, lugares de piracemas de peixes, instrumentos musicais, cantos e ro\u00e7as tradicionais.<\/span><\/p>\n<p><span style=\"font-weight: 400;\">Tamb\u00e9m desenhava e pintava nos eventos religiosos cat\u00f3licos, como a gincana Mariana, que acontece todo ano na comunidade. Uma das pinturas que fiz foi de Nossa Senhora da Amaz\u00f4nia, tamb\u00e9m desenhei imagem de Nossa Senhora da Natureza, usando criatividade para pensar como seria essa deusa protetora da natureza.<\/span><\/p>\n<p><span style=\"font-weight: 400;\">A convite da Francy Baniwa, sou o autor dos desenhos que se encontram no livro Umbigo do Mundo, no total s\u00e3o 75 obras. Tamb\u00e9m, com tinta aquarela, criei 30 obras para tese de doutorado da Francy sobre as donas de ro\u00e7as, realizando v\u00e1rios trabalhos femininos e tamb\u00e9m constela\u00e7\u00f5es, que s\u00e3o fundamentais no ciclo da nossa vida dentro dos territ\u00f3rios. As 75 aquarelas foram adquiridas pelo Instituto Inhotim.<\/span><\/p>\n\t<\/div>\n<\/div>\n\n\n\n\n\t<div class=\"wpb_gallery wpb_content_element clearfix\">\n\t\t<div class=\"wpb_wrapper\"><div class=\"wpb_gallery_slides wpb_flexslider flex-gallery flexslider\" data-onclick=\"link_image\" data-interval=\"5\" data-flex_fx=\"fade\"><ul class=\"slides\" data-d-autorotate=\"\"><li><a href=\"https:\/\/selvagemciclo.org.br\/wp-content\/uploads\/2025\/10\/2024-Tese-18-rotated.jpg\"><img decoding=\"async\" class=\"skip-lazy \" src=\"https:\/\/selvagemciclo.org.br\/wp-content\/uploads\/2025\/10\/2024-Tese-18-rotated-600x400.jpg\" width=\"600\" height=\"400\" alt=\"2024 Tese 18\" title=\"2024 Tese 18\" loading=\"lazy\" \/><\/a><\/li><li><a href=\"https:\/\/selvagemciclo.org.br\/wp-content\/uploads\/2025\/10\/2024-Tese-17-rotated.jpg\"><img decoding=\"async\" class=\"skip-lazy \" src=\"https:\/\/selvagemciclo.org.br\/wp-content\/uploads\/2025\/10\/2024-Tese-17-rotated-600x400.jpg\" width=\"600\" height=\"400\" alt=\"2024 Tese 17\" title=\"2024 Tese 17\" loading=\"lazy\" \/><\/a><\/li><li><a href=\"https:\/\/selvagemciclo.org.br\/wp-content\/uploads\/2025\/10\/2024-Tese-16-rotated.jpg\"><img decoding=\"async\" class=\"skip-lazy \" src=\"https:\/\/selvagemciclo.org.br\/wp-content\/uploads\/2025\/10\/2024-Tese-16-rotated-600x400.jpg\" width=\"600\" height=\"400\" alt=\"2024 Tese 16\" title=\"2024 Tese 16\" loading=\"lazy\" \/><\/a><\/li><li><a href=\"https:\/\/selvagemciclo.org.br\/wp-content\/uploads\/2025\/10\/2024-Tese-11-rotated.jpg\"><img decoding=\"async\" class=\"skip-lazy \" src=\"https:\/\/selvagemciclo.org.br\/wp-content\/uploads\/2025\/10\/2024-Tese-11-rotated-600x400.jpg\" width=\"600\" height=\"400\" alt=\"2024 Tese 11\" title=\"2024 Tese 11\" loading=\"lazy\" \/><\/a><\/li><li><a href=\"https:\/\/selvagemciclo.org.br\/wp-content\/uploads\/2025\/10\/2024-Tese-9.jpg\"><img decoding=\"async\" class=\"skip-lazy \" src=\"https:\/\/selvagemciclo.org.br\/wp-content\/uploads\/2025\/10\/2024-Tese-9-600x400.jpg\" width=\"600\" height=\"400\" alt=\"2024 Tese 9\" title=\"2024 Tese 9\" loading=\"lazy\" \/><\/a><\/li><li><a href=\"https:\/\/selvagemciclo.org.br\/wp-content\/uploads\/2025\/10\/2023-Viva-Viva-Escola-Viva-26.jpeg\"><img decoding=\"async\" class=\"skip-lazy \" src=\"https:\/\/selvagemciclo.org.br\/wp-content\/uploads\/2025\/10\/2023-Viva-Viva-Escola-Viva-26-600x400.jpeg\" width=\"600\" height=\"400\" alt=\"2023 Viva Viva Escola Viva 26\" title=\"2023 Viva Viva Escola Viva 26\" loading=\"lazy\" \/><\/a><\/li><li><a href=\"https:\/\/selvagemciclo.org.br\/wp-content\/uploads\/2025\/10\/2023-Viva-Viva-Escola-Viva-22-rotated.jpeg\"><img decoding=\"async\" class=\"skip-lazy \" src=\"https:\/\/selvagemciclo.org.br\/wp-content\/uploads\/2025\/10\/2023-Viva-Viva-Escola-Viva-22-rotated-600x400.jpeg\" width=\"600\" height=\"400\" alt=\"2023 Viva Viva Escola Viva 22\" title=\"2023 Viva Viva Escola Viva 22\" loading=\"lazy\" \/><\/a><\/li><li><a href=\"https:\/\/selvagemciclo.org.br\/wp-content\/uploads\/2025\/10\/2023-Viva-Viva-Escola-Viva-12-rotated.jpeg\"><img decoding=\"async\" class=\"skip-lazy \" src=\"https:\/\/selvagemciclo.org.br\/wp-content\/uploads\/2025\/10\/2023-Viva-Viva-Escola-Viva-12-rotated-600x400.jpeg\" width=\"600\" height=\"400\" alt=\"2023 Viva Viva Escola Viva 12\" title=\"2023 Viva Viva Escola Viva 12\" loading=\"lazy\" \/><\/a><\/li><li><a href=\"https:\/\/selvagemciclo.org.br\/wp-content\/uploads\/2025\/10\/2023-Viva-Viva-Escola-Viva-9-rotated.jpeg\"><img decoding=\"async\" class=\"skip-lazy \" src=\"https:\/\/selvagemciclo.org.br\/wp-content\/uploads\/2025\/10\/2023-Viva-Viva-Escola-Viva-9-rotated-600x400.jpeg\" width=\"600\" height=\"400\" alt=\"2023 Viva Viva Escola Viva 9\" title=\"2023 Viva Viva Escola Viva 9\" loading=\"lazy\" \/><\/a><\/li><li><a href=\"https:\/\/selvagemciclo.org.br\/wp-content\/uploads\/2025\/10\/2023-Viva-Viva-Escola-Viva-6-rotated.jpeg\"><img decoding=\"async\" class=\"skip-lazy \" src=\"https:\/\/selvagemciclo.org.br\/wp-content\/uploads\/2025\/10\/2023-Viva-Viva-Escola-Viva-6-rotated-600x400.jpeg\" width=\"600\" height=\"400\" alt=\"2023 Viva Viva Escola Viva 6\" title=\"2023 Viva Viva Escola Viva 6\" loading=\"lazy\" \/><\/a><\/li><li><a href=\"https:\/\/selvagemciclo.org.br\/wp-content\/uploads\/2025\/10\/2023-Viva-Viva-Escola-Viva-3-rotated.jpeg\"><img decoding=\"async\" class=\"skip-lazy \" src=\"https:\/\/selvagemciclo.org.br\/wp-content\/uploads\/2025\/10\/2023-Viva-Viva-Escola-Viva-3-rotated-600x400.jpeg\" width=\"600\" height=\"400\" alt=\"2023 Viva Viva Escola Viva 3\" title=\"2023 Viva Viva Escola Viva 3\" loading=\"lazy\" \/><\/a><\/li><li><a href=\"https:\/\/selvagemciclo.org.br\/wp-content\/uploads\/2025\/10\/2023-Umbigo-do-Mundo-extra.jpeg\"><img decoding=\"async\" class=\"skip-lazy \" src=\"https:\/\/selvagemciclo.org.br\/wp-content\/uploads\/2025\/10\/2023-Umbigo-do-Mundo-extra-600x400.jpeg\" width=\"600\" height=\"400\" alt=\"2023 Umbigo do Mundo (extra)\" title=\"2023 Umbigo do Mundo (extra)\" loading=\"lazy\" \/><\/a><\/li><li><a href=\"https:\/\/selvagemciclo.org.br\/wp-content\/uploads\/2025\/10\/2023-Umbigo-do-Mundo-extra-2.jpeg\"><img decoding=\"async\" class=\"skip-lazy \" src=\"https:\/\/selvagemciclo.org.br\/wp-content\/uploads\/2025\/10\/2023-Umbigo-do-Mundo-extra-2-600x400.jpeg\" width=\"600\" height=\"400\" alt=\"2023 Umbigo do Mundo (extra) 2\" title=\"2023 Umbigo do Mundo (extra) 2\" loading=\"lazy\" \/><\/a><\/li><li><a href=\"https:\/\/selvagemciclo.org.br\/wp-content\/uploads\/2025\/10\/2023-Viva-Viva-Escola-Viva-13-rotated.jpeg\"><img decoding=\"async\" class=\"skip-lazy \" src=\"https:\/\/selvagemciclo.org.br\/wp-content\/uploads\/2025\/10\/2023-Viva-Viva-Escola-Viva-13-rotated-600x400.jpeg\" width=\"600\" height=\"400\" alt=\"2023 Viva Viva Escola Viva 13\" title=\"2023 Viva Viva Escola Viva 13\" loading=\"lazy\" \/><\/a><\/li><\/ul><\/div>\n\t\t<\/div> \n\t<\/div> \n\t\t\t<\/div> \n\t\t<\/div>\n\t<\/div> \n<\/div><\/div>\n\t\t<div id=\"fws_69f77f88bf22f\"  data-column-margin=\"default\" data-midnight=\"dark\"  class=\"wpb_row vc_row-fluid vc_row\"  style=\"padding-top: 0px; padding-bottom: 0px; \"><div class=\"row-bg-wrap\" data-bg-animation=\"none\" data-bg-animation-delay=\"\" data-bg-overlay=\"false\"><div class=\"inner-wrap row-bg-layer\" ><div class=\"row-bg viewport-desktop\"  style=\"\"><\/div><\/div><\/div><div class=\"row_col_wrap_12 col span_12 dark left\">\n\t<div  class=\"vc_col-sm-12 wpb_column column_container vc_column_container col no-extra-padding inherit_tablet inherit_phone \"  data-padding-pos=\"all\" data-has-bg-color=\"false\" data-bg-color=\"\" data-bg-opacity=\"1\" data-animation=\"\" data-delay=\"0\" >\n\t\t<div class=\"vc_column-inner\" >\n\t\t\t<div class=\"wpb_wrapper\">\n\t\t\t\t<div class=\"divider-wrap\" data-alignment=\"default\"><div style=\"height: 25px;\" class=\"divider\"><\/div><\/div>\n\t\t\t<\/div> \n\t\t<\/div>\n\t<\/div> \n<\/div><\/div>\n\t\t<div id=\"fws_69f77f88bf388\"  data-column-margin=\"default\" data-midnight=\"dark\"  class=\"wpb_row vc_row-fluid vc_row\"  style=\"padding-top: 20px; padding-bottom: 20px; \"><div class=\"row-bg-wrap\" data-bg-animation=\"none\" data-bg-animation-delay=\"\" data-bg-overlay=\"false\"><div class=\"inner-wrap row-bg-layer\" ><div class=\"row-bg viewport-desktop\"  style=\"\"><\/div><\/div><\/div><div class=\"row_col_wrap_12 col span_12 dark left\">\n\t<div  class=\"vc_col-sm-2 wpb_column column_container vc_column_container col centered-text padding-2-percent inherit_tablet inherit_phone \"  data-padding-pos=\"all\" data-has-bg-color=\"false\" data-bg-color=\"\" data-bg-opacity=\"1\" data-animation=\"\" data-delay=\"0\" >\n\t\t<div class=\"vc_column-inner\" >\n\t\t\t<div class=\"wpb_wrapper\">\n\t\t\t\t\n\t\t\t<\/div> \n\t\t<\/div>\n\t<\/div> \n\n\t<div  class=\"vc_col-sm-8 wpb_column column_container vc_column_container col no-extra-padding inherit_tablet inherit_phone \"  data-padding-pos=\"all\" data-has-bg-color=\"false\" data-bg-color=\"\" data-bg-opacity=\"1\" data-animation=\"\" data-delay=\"0\" >\n\t\t<div class=\"vc_column-inner\" >\n\t\t\t<div class=\"wpb_wrapper\">\n\t\t\t\t<div id=\"fws_69f77f88bf4bb\" data-midnight=\"\" data-column-margin=\"default\" class=\"wpb_row vc_row-fluid vc_row inner_row\"  style=\"padding-top: 40px; \"><div class=\"row-bg-wrap\"> <div class=\"row-bg\" ><\/div> <\/div><div class=\"row_col_wrap_12_inner col span_12  left\">\n\t<div  class=\"vc_col-sm-12 wpb_column column_container vc_column_container col child_column no-extra-padding inherit_tablet inherit_phone \"   data-padding-pos=\"all\" data-has-bg-color=\"false\" data-bg-color=\"\" data-bg-opacity=\"1\" data-animation=\"\" data-delay=\"0\" >\n\t\t<div class=\"vc_column-inner\" >\n\t\t<div class=\"wpb_wrapper\">\n\t\t\t<div class=\"img-with-aniamtion-wrap center custom-size\" data-max-width=\"100%\" data-max-width-mobile=\"default\" data-shadow=\"none\" data-animation=\"none\" >\n      <div class=\"inner\">\n        <div class=\"hover-wrap\"> \n          <div class=\"hover-wrap-inner\">\n            <img loading=\"lazy\" decoding=\"async\" class=\"img-with-animation skip-lazy \" data-delay=\"0\" height=\"150\" width=\"150\" data-animation=\"none\" src=\"https:\/\/selvagemciclo.org.br\/wp-content\/uploads\/2025\/10\/canoa_huni_kuin-1-150x150.webp\" alt=\"\" srcset=\"https:\/\/selvagemciclo.org.br\/wp-content\/uploads\/2025\/10\/canoa_huni_kuin-1-150x150.webp 150w, https:\/\/selvagemciclo.org.br\/wp-content\/uploads\/2025\/10\/canoa_huni_kuin-1-300x300.webp 300w, https:\/\/selvagemciclo.org.br\/wp-content\/uploads\/2025\/10\/canoa_huni_kuin-1-12x12.webp 12w, https:\/\/selvagemciclo.org.br\/wp-content\/uploads\/2025\/10\/canoa_huni_kuin-1-140x140.webp 140w, https:\/\/selvagemciclo.org.br\/wp-content\/uploads\/2025\/10\/canoa_huni_kuin-1.webp 400w\" sizes=\"auto, (max-width: 150px) 100vw, 150px\" \/>\n          <\/div>\n        <\/div>\n      <\/div>\n    <\/div>\n<div class=\"wpb_text_column wpb_content_element \" >\n\t<div class=\"wpb_wrapper\">\n\t\t<h5 style=\"text-align: center;\">SHUBU HIWEA<br \/>\nEscola Viva Huni Ku\u00ef<\/h5>\n\t<\/div>\n<\/div>\n\n\n\n<div class=\"divider-wrap\" data-alignment=\"default\"><div style=\"height: 25px;\" class=\"divider\"><\/div><\/div>\n<div class=\"wpb_text_column wpb_content_element \" >\n\t<div class=\"wpb_wrapper\">\n\t\t<p><span style=\"font-weight: 400;\">A Escola Viva Shubu Hiwea \u00e9 um sonho do paj\u00e9 Dua Bus\u00eb. Ele vive com sua fam\u00edlia na aldeia Cora\u00e7\u00e3o da Floresta, no Alto Rio Jord\u00e3o. Dua Bus\u00eb possui profundos saberes da cultura Huni Ku\u00ef \u2013 de hist\u00f3rias, medicina, m\u00fasica e espiritualidade \u2013 e, ao longo dos anos, tem transmitido seus conhecimentos para outros paj\u00e9s e aprendizes. Em sua aldeia, ele criou um grande jardim, que batizou de Parque Uni\u00e3o da Medicina, onde s\u00e3o feitos cultivos, estudos e pr\u00e1ticas dos saberes da medicina tradicional.<\/span><\/p>\n\t<\/div>\n<\/div>\n\n\n\n\n\t\t<\/div> \n\t<\/div>\n\t<\/div> \n<\/div><\/div>\n\t\t\t<\/div> \n\t\t<\/div>\n\t<\/div> \n\n\t<div  class=\"vc_col-sm-2 wpb_column column_container vc_column_container col no-extra-padding inherit_tablet inherit_phone \"  data-padding-pos=\"all\" data-has-bg-color=\"false\" data-bg-color=\"\" data-bg-opacity=\"1\" data-animation=\"\" data-delay=\"0\" >\n\t\t<div class=\"vc_column-inner\" >\n\t\t\t<div class=\"wpb_wrapper\">\n\t\t\t\t\n\t\t\t<\/div> \n\t\t<\/div>\n\t<\/div> \n<\/div><\/div>\n\t\t<div id=\"fws_69f77f88bf8f8\"  data-column-margin=\"default\" data-midnight=\"dark\"  class=\"wpb_row vc_row-fluid vc_row\"  style=\"padding-top: 0px; padding-bottom: 0px; \"><div class=\"row-bg-wrap\" data-bg-animation=\"none\" data-bg-animation-delay=\"\" data-bg-overlay=\"false\"><div class=\"inner-wrap row-bg-layer\" ><div class=\"row-bg viewport-desktop\"  style=\"\"><\/div><\/div><\/div><div class=\"row_col_wrap_12 col span_12 dark left\">\n\t<div  class=\"vc_col-sm-6 wpb_column column_container vc_column_container col no-extra-padding inherit_tablet inherit_phone \"  data-padding-pos=\"all\" data-has-bg-color=\"false\" data-bg-color=\"\" data-bg-opacity=\"1\" data-animation=\"\" data-delay=\"0\" >\n\t\t<div class=\"vc_column-inner\" >\n\t\t\t<div class=\"wpb_wrapper\">\n\t\t\t\t<div class=\"img-with-aniamtion-wrap center custom-size\" data-max-width=\"100%\" data-max-width-mobile=\"default\" data-shadow=\"none\" data-animation=\"none\" >\n      <div class=\"inner\">\n        <div class=\"hover-wrap\"> \n          <div class=\"hover-wrap-inner\">\n            <img loading=\"lazy\" decoding=\"async\" class=\"img-with-animation skip-lazy \" data-delay=\"0\" height=\"300\" width=\"225\" data-animation=\"none\" src=\"https:\/\/selvagemciclo.org.br\/wp-content\/uploads\/2025\/10\/RETRATO_AYANI_HUNI-KUIN_3-1-225x300.jpeg\" alt=\"\" srcset=\"https:\/\/selvagemciclo.org.br\/wp-content\/uploads\/2025\/10\/RETRATO_AYANI_HUNI-KUIN_3-1-225x300.jpeg 225w, https:\/\/selvagemciclo.org.br\/wp-content\/uploads\/2025\/10\/RETRATO_AYANI_HUNI-KUIN_3-1-768x1024.jpeg 768w, https:\/\/selvagemciclo.org.br\/wp-content\/uploads\/2025\/10\/RETRATO_AYANI_HUNI-KUIN_3-1-1152x1536.jpeg 1152w, https:\/\/selvagemciclo.org.br\/wp-content\/uploads\/2025\/10\/RETRATO_AYANI_HUNI-KUIN_3-1-9x12.jpeg 9w, https:\/\/selvagemciclo.org.br\/wp-content\/uploads\/2025\/10\/RETRATO_AYANI_HUNI-KUIN_3-1.jpeg 1200w\" sizes=\"auto, (max-width: 225px) 100vw, 225px\" \/>\n          <\/div>\n        <\/div>\n      <\/div>\n    <\/div>\n<div class=\"wpb_text_column wpb_content_element \" >\n\t<div class=\"wpb_wrapper\">\n\t\t<h5 style=\"text-align: center;\">Ayani Huni Ku\u00ef<\/h5>\n\t<\/div>\n<\/div>\n\n\n\n\n<div class=\"wpb_text_column wpb_content_element \" >\n\t<div class=\"wpb_wrapper\">\n\t\t<p><span style=\"font-weight: 400;\">Ayani Huni Kuin (1988, Terra Ind\u00edgena Kaxinaw\u00e1 do Rio Jord\u00e3o &#8211; AC) \u00e9 artista e m\u00e3e. Ela trabalha com uma diversidade de linguagens art\u00edsticas, como a pintura, o desenho, a tecelagem e a mi\u00e7anga. Ayani teve seu primeiro contato com esses saberes atrav\u00e9s de sua m\u00e3e, ainda na inf\u00e2ncia, e hoje tamb\u00e9m ensina o fazer art\u00edstico a seus filhos. Al\u00e9m das obras desenvolvidas em seu territ\u00f3rio, na Aldeia Cora\u00e7\u00e3o da Floresta &#8211; Escola Viva Huni Kuin, Ayani tamb\u00e9m faz trabalhos em parceria com artistas de outras comunidades do territ\u00f3rio do Jord\u00e3o.<\/span><\/p>\n\t<\/div>\n<\/div>\n\n\n\n\n\t<div class=\"wpb_gallery wpb_content_element clearfix\">\n\t\t<div class=\"wpb_wrapper\"><div class=\"wpb_gallery_slides wpb_flexslider flex-gallery flexslider\" data-onclick=\"link_image\" data-interval=\"5\" data-flex_fx=\"fade\"><ul class=\"slides\" data-d-autorotate=\"\"><li><a href=\"https:\/\/selvagemciclo.org.br\/wp-content\/uploads\/2025\/10\/PORTFOLIO_AYANI_1.jpg\"><img decoding=\"async\" class=\"skip-lazy \" src=\"https:\/\/selvagemciclo.org.br\/wp-content\/uploads\/2025\/10\/PORTFOLIO_AYANI_1-600x400.jpg\" width=\"600\" height=\"400\" alt=\"PORTFOLIO_AYANI_1\" title=\"PORTFOLIO_AYANI_1\" loading=\"lazy\" \/><\/a><\/li><\/ul><\/div>\n\t\t<\/div> \n\t<\/div> \n\t\t\t<\/div> \n\t\t<\/div>\n\t<\/div> \n\n\t<div  class=\"vc_col-sm-6 wpb_column column_container vc_column_container col no-extra-padding inherit_tablet inherit_phone \"  data-padding-pos=\"all\" data-has-bg-color=\"false\" data-bg-color=\"\" data-bg-opacity=\"1\" data-animation=\"\" data-delay=\"0\" >\n\t\t<div class=\"vc_column-inner\" >\n\t\t\t<div class=\"wpb_wrapper\">\n\t\t\t\t<div class=\"img-with-aniamtion-wrap center custom-size\" data-max-width=\"100%\" data-max-width-mobile=\"default\" data-shadow=\"none\" data-animation=\"none\" >\n      <div class=\"inner\">\n        <div class=\"hover-wrap\"> \n          <div class=\"hover-wrap-inner\">\n            <img loading=\"lazy\" decoding=\"async\" class=\"img-with-animation skip-lazy \" data-delay=\"0\" height=\"300\" width=\"225\" data-animation=\"none\" src=\"https:\/\/selvagemciclo.org.br\/wp-content\/uploads\/2025\/10\/RETRATO_JOSE-MAIA-HUNI-KUIN-1-225x300.jpg\" alt=\"\" srcset=\"https:\/\/selvagemciclo.org.br\/wp-content\/uploads\/2025\/10\/RETRATO_JOSE-MAIA-HUNI-KUIN-1-225x300.jpg 225w, https:\/\/selvagemciclo.org.br\/wp-content\/uploads\/2025\/10\/RETRATO_JOSE-MAIA-HUNI-KUIN-1-768x1024.jpg 768w, https:\/\/selvagemciclo.org.br\/wp-content\/uploads\/2025\/10\/RETRATO_JOSE-MAIA-HUNI-KUIN-1-9x12.jpg 9w, https:\/\/selvagemciclo.org.br\/wp-content\/uploads\/2025\/10\/RETRATO_JOSE-MAIA-HUNI-KUIN-1.jpg 960w\" sizes=\"auto, (max-width: 225px) 100vw, 225px\" \/>\n          <\/div>\n        <\/div>\n      <\/div>\n    <\/div>\n<div class=\"wpb_text_column wpb_content_element \" >\n\t<div class=\"wpb_wrapper\">\n\t\t<h5 style=\"text-align: center;\">Rua Yube Huni Ku\u00ef<\/h5>\n\t<\/div>\n<\/div>\n\n\n\n\n<div class=\"wpb_text_column wpb_content_element \" >\n\t<div class=\"wpb_wrapper\">\n\t\t<p><span style=\"font-weight: 400;\">Rua Yube Huni Kuin (1976, Terra Ind\u00edgena Kaxinaw\u00e1 do Rio Jord\u00e3o &#8211; AC) \u00e9 artista, pai de 9 filhos e professor na Aldeia Cora\u00e7\u00e3o da Floresta, no Acre. Como artista, atua atrav\u00e9s de desenhos, pintura em tela e pintura corporal com jenipapo, al\u00e9m de cantar nas cerim\u00f4nias tradicionais de seu povo. Na pr\u00e1tica como educador, atualmente trabalha com 26 crian\u00e7as na escola da aldeia, lecionando hist\u00f3ria, m\u00fasica e cultura tradicional na l\u00edngua <\/span><i><span style=\"font-weight: 400;\">hatxa kuin<\/span><\/i><span style=\"font-weight: 400;\">. Tamb\u00e9m acompanha e auxilia o paj\u00e9 Dua Buse, coordenador da Escola Viva Huni Kuin, em suas atividades com plantas medicinais e forma\u00e7\u00e3o de jovens em seu territ\u00f3rio.<\/span><\/p>\n\t<\/div>\n<\/div>\n\n\n\n\n\t<div class=\"wpb_gallery wpb_content_element clearfix\">\n\t\t<div class=\"wpb_wrapper\"><div class=\"wpb_gallery_slides wpb_flexslider flex-gallery flexslider\" data-onclick=\"link_image\" data-interval=\"5\" data-flex_fx=\"fade\"><ul class=\"slides\" data-d-autorotate=\"\"><li><a href=\"https:\/\/selvagemciclo.org.br\/wp-content\/uploads\/2025\/10\/WhatsApp-Image-2025-09-24-at-14.09.44-2-1.jpeg\"><img decoding=\"async\" class=\"skip-lazy \" src=\"https:\/\/selvagemciclo.org.br\/wp-content\/uploads\/2025\/10\/WhatsApp-Image-2025-09-24-at-14.09.44-2-1-600x400.jpeg\" width=\"600\" height=\"400\" alt=\"WhatsApp Image 2025-09-24 at 14.09.44 (2) (1)\" title=\"WhatsApp Image 2025-09-24 at 14.09.44 (2) (1)\" loading=\"lazy\" \/><\/a><\/li><\/ul><\/div>\n\t\t<\/div> \n\t<\/div> \n\t\t\t<\/div> \n\t\t<\/div>\n\t<\/div> \n<\/div><\/div>\n\t\t<div id=\"fws_69f77f88c051f\"  data-column-margin=\"default\" data-midnight=\"dark\"  class=\"wpb_row vc_row-fluid vc_row\"  style=\"padding-top: 0px; padding-bottom: 0px; \"><div class=\"row-bg-wrap\" data-bg-animation=\"none\" data-bg-animation-delay=\"\" data-bg-overlay=\"false\"><div class=\"inner-wrap row-bg-layer\" ><div class=\"row-bg viewport-desktop\"  style=\"\"><\/div><\/div><\/div><div class=\"row_col_wrap_12 col span_12 dark left\">\n\t<div  class=\"vc_col-sm-12 wpb_column column_container vc_column_container col no-extra-padding inherit_tablet inherit_phone \"  data-padding-pos=\"all\" data-has-bg-color=\"false\" data-bg-color=\"\" data-bg-opacity=\"1\" data-animation=\"\" data-delay=\"0\" >\n\t\t<div class=\"vc_column-inner\" >\n\t\t\t<div class=\"wpb_wrapper\">\n\t\t\t\t<div class=\"divider-wrap\" data-alignment=\"default\"><div style=\"height: 25px;\" class=\"divider\"><\/div><\/div>\n\t\t\t<\/div> \n\t\t<\/div>\n\t<\/div> \n<\/div><\/div>\n\t\t<div id=\"fws_69f77f88c0623\"  data-column-margin=\"default\" data-midnight=\"dark\"  class=\"wpb_row vc_row-fluid vc_row\"  style=\"padding-top: 20px; padding-bottom: 20px; \"><div class=\"row-bg-wrap\" data-bg-animation=\"none\" data-bg-animation-delay=\"\" data-bg-overlay=\"false\"><div class=\"inner-wrap row-bg-layer\" ><div class=\"row-bg viewport-desktop\"  style=\"\"><\/div><\/div><\/div><div class=\"row_col_wrap_12 col span_12 dark left\">\n\t<div  class=\"vc_col-sm-2 wpb_column column_container vc_column_container col centered-text padding-2-percent inherit_tablet inherit_phone \"  data-padding-pos=\"all\" data-has-bg-color=\"false\" data-bg-color=\"\" data-bg-opacity=\"1\" data-animation=\"\" data-delay=\"0\" >\n\t\t<div class=\"vc_column-inner\" >\n\t\t\t<div class=\"wpb_wrapper\">\n\t\t\t\t\n\t\t\t<\/div> \n\t\t<\/div>\n\t<\/div> \n\n\t<div  class=\"vc_col-sm-8 wpb_column column_container vc_column_container col no-extra-padding inherit_tablet inherit_phone \"  data-padding-pos=\"all\" data-has-bg-color=\"false\" data-bg-color=\"\" data-bg-opacity=\"1\" data-animation=\"\" data-delay=\"0\" >\n\t\t<div class=\"vc_column-inner\" >\n\t\t\t<div class=\"wpb_wrapper\">\n\t\t\t\t<div id=\"fws_69f77f88c0733\" data-midnight=\"\" data-column-margin=\"default\" class=\"wpb_row vc_row-fluid vc_row inner_row\"  style=\"padding-top: 40px; \"><div class=\"row-bg-wrap\"> <div class=\"row-bg\" ><\/div> <\/div><div class=\"row_col_wrap_12_inner col span_12  left\">\n\t<div  class=\"vc_col-sm-12 wpb_column column_container vc_column_container col child_column no-extra-padding inherit_tablet inherit_phone \"   data-padding-pos=\"all\" data-has-bg-color=\"false\" data-bg-color=\"\" data-bg-opacity=\"1\" data-animation=\"\" data-delay=\"0\" >\n\t\t<div class=\"vc_column-inner\" >\n\t\t<div class=\"wpb_wrapper\">\n\t\t\t<div class=\"img-with-aniamtion-wrap center custom-size\" data-max-width=\"100%\" data-max-width-mobile=\"default\" data-shadow=\"none\" data-animation=\"none\" >\n      <div class=\"inner\">\n        <div class=\"hover-wrap\"> \n          <div class=\"hover-wrap-inner\">\n            <img loading=\"lazy\" decoding=\"async\" class=\"img-with-animation skip-lazy \" data-delay=\"0\" height=\"150\" width=\"150\" data-animation=\"none\" src=\"https:\/\/selvagemciclo.org.br\/wp-content\/uploads\/2025\/10\/canoa_tukano-150x150.webp\" alt=\"\" srcset=\"https:\/\/selvagemciclo.org.br\/wp-content\/uploads\/2025\/10\/canoa_tukano-150x150.webp 150w, https:\/\/selvagemciclo.org.br\/wp-content\/uploads\/2025\/10\/canoa_tukano-300x300.webp 300w, https:\/\/selvagemciclo.org.br\/wp-content\/uploads\/2025\/10\/canoa_tukano-12x12.webp 12w, https:\/\/selvagemciclo.org.br\/wp-content\/uploads\/2025\/10\/canoa_tukano-140x140.webp 140w, https:\/\/selvagemciclo.org.br\/wp-content\/uploads\/2025\/10\/canoa_tukano.webp 400w\" sizes=\"auto, (max-width: 150px) 100vw, 150px\" \/>\n          <\/div>\n        <\/div>\n      <\/div>\n    <\/div>\n<div class=\"wpb_text_column wpb_content_element \" >\n\t<div class=\"wpb_wrapper\">\n\t\t<h5 style=\"text-align: center;\">BAHSERIKOWI<br \/>\nEscola Viva Tukano-Desana-Tuyuka<\/h5>\n\t<\/div>\n<\/div>\n\n\n\n<div class=\"divider-wrap\" data-alignment=\"default\"><div style=\"height: 25px;\" class=\"divider\"><\/div><\/div>\n<div class=\"wpb_text_column wpb_content_element \" >\n\t<div class=\"wpb_wrapper\">\n\t\t<p><span style=\"font-weight: 400;\">O Centro de Medicina Ind\u00edgena Bahserikowi est\u00e1 na cidade de Manaus e tece rela\u00e7\u00f5es com diversas institui\u00e7\u00f5es, como a Organiza\u00e7\u00e3o Pan-Americana da Sa\u00fade, a Secretaria de Sa\u00fade Ind\u00edgena (SESAI), a Funda\u00e7\u00e3o Oswaldo Cruz (Fiocruz) e a Universidade Federal do Amazonas (UFAM).\u00a0<\/span><\/p>\n<p><span style=\"font-weight: 400;\">Os especialistas kumu\u00e3 que atendem no Centro s\u00e3o origin\u00e1rios dos povos Yepamahs\u00e3 (Tukano), Ut\u00e3pir\u00f5-por\u00e3 (Tuyuka) e Umukori-mahs\u00e3 (Desana), das comunidades ind\u00edgenas do Alto Rio Negro.<\/span><\/p>\n\t<\/div>\n<\/div>\n\n\n\n\n\t\t<\/div> \n\t<\/div>\n\t<\/div> \n<\/div><\/div>\n\t\t\t<\/div> \n\t\t<\/div>\n\t<\/div> \n\n\t<div  class=\"vc_col-sm-2 wpb_column column_container vc_column_container col no-extra-padding inherit_tablet inherit_phone \"  data-padding-pos=\"all\" data-has-bg-color=\"false\" data-bg-color=\"\" data-bg-opacity=\"1\" data-animation=\"\" data-delay=\"0\" >\n\t\t<div class=\"vc_column-inner\" >\n\t\t\t<div class=\"wpb_wrapper\">\n\t\t\t\t\n\t\t\t<\/div> \n\t\t<\/div>\n\t<\/div> \n<\/div><\/div>\n\t\t<div id=\"fws_69f77f88c0b7a\"  data-column-margin=\"default\" data-midnight=\"dark\"  class=\"wpb_row vc_row-fluid vc_row\"  style=\"padding-top: 0px; padding-bottom: 0px; \"><div class=\"row-bg-wrap\" data-bg-animation=\"none\" data-bg-animation-delay=\"\" data-bg-overlay=\"false\"><div class=\"inner-wrap row-bg-layer\" ><div class=\"row-bg viewport-desktop\"  style=\"\"><\/div><\/div><\/div><div class=\"row_col_wrap_12 col span_12 dark left\">\n\t<div  class=\"vc_col-sm-6 wpb_column column_container vc_column_container col no-extra-padding inherit_tablet inherit_phone \"  data-padding-pos=\"all\" data-has-bg-color=\"false\" data-bg-color=\"\" data-bg-opacity=\"1\" data-animation=\"\" data-delay=\"0\" >\n\t\t<div class=\"vc_column-inner\" >\n\t\t\t<div class=\"wpb_wrapper\">\n\t\t\t\t<div class=\"img-with-aniamtion-wrap center custom-size\" data-max-width=\"100%\" data-max-width-mobile=\"default\" data-shadow=\"none\" data-animation=\"none\" >\n      <div class=\"inner\">\n        <div class=\"hover-wrap\"> \n          <div class=\"hover-wrap-inner\">\n            <img loading=\"lazy\" decoding=\"async\" class=\"img-with-animation skip-lazy \" data-delay=\"0\" height=\"300\" width=\"225\" data-animation=\"none\" src=\"https:\/\/selvagemciclo.org.br\/wp-content\/uploads\/2025\/10\/img28-225x300.jpg\" alt=\"\" srcset=\"https:\/\/selvagemciclo.org.br\/wp-content\/uploads\/2025\/10\/img28-225x300.jpg 225w, https:\/\/selvagemciclo.org.br\/wp-content\/uploads\/2025\/10\/img28-768x1024.jpg 768w, https:\/\/selvagemciclo.org.br\/wp-content\/uploads\/2025\/10\/img28-9x12.jpg 9w, https:\/\/selvagemciclo.org.br\/wp-content\/uploads\/2025\/10\/img28.jpg 927w\" sizes=\"auto, (max-width: 225px) 100vw, 225px\" \/>\n          <\/div>\n        <\/div>\n      <\/div>\n    <\/div>\n<div class=\"wpb_text_column wpb_content_element \" >\n\t<div class=\"wpb_wrapper\">\n\t\t<h5 style=\"text-align: center;\">Tha\u00eds Desana<\/h5>\n\t<\/div>\n<\/div>\n\n\n\n\n<div class=\"wpb_text_column wpb_content_element \" >\n\t<div class=\"wpb_wrapper\">\n\t\t<p>Pesquisadora e artista ind\u00edgena do povo Desana, de origem da regi\u00e3o do Alto Rio Negro &#8211; S\u00e3o Gabriel da Cachoeira, estado do Amazonas. Fundadora do Coletivo de Ind\u00edgenas LGBTQIA+ do AM &#8211; Miri\u00e3 Mahs\u00e3. Atua na pesquisa protagonizando o debate das express\u00f5es de sexualidade e g\u00eanero de corpos ind\u00edgenas, trazendo a arte em desenho, pintura e fotografia como instrumento metodol\u00f3gico para a constru\u00e7\u00e3o da ideia de corpos dentro do universo cosmol\u00f3gico e afetivo.<\/p>\n\t<\/div>\n<\/div>\n\n\n\n\n\t<div class=\"wpb_gallery wpb_content_element clearfix\">\n\t\t<div class=\"wpb_wrapper\"><div class=\"wpb_gallery_slides wpb_flexslider flex-gallery flexslider\" data-onclick=\"link_image\" data-interval=\"5\" data-flex_fx=\"fade\"><ul class=\"slides\" data-d-autorotate=\"\"><li><a href=\"https:\/\/selvagemciclo.org.br\/wp-content\/uploads\/2025\/10\/img81.jpg\"><img decoding=\"async\" class=\"skip-lazy \" src=\"https:\/\/selvagemciclo.org.br\/wp-content\/uploads\/2025\/10\/img81-600x400.jpg\" width=\"600\" height=\"400\" alt=\"img81\" title=\"img81\" loading=\"lazy\" \/><\/a><\/li><li><a href=\"https:\/\/selvagemciclo.org.br\/wp-content\/uploads\/2025\/10\/img85.jpg\"><img decoding=\"async\" class=\"skip-lazy \" src=\"https:\/\/selvagemciclo.org.br\/wp-content\/uploads\/2025\/10\/img85-600x400.jpg\" width=\"600\" height=\"400\" alt=\"img85\" title=\"img85\" loading=\"lazy\" \/><\/a><\/li><li><a href=\"https:\/\/selvagemciclo.org.br\/wp-content\/uploads\/2025\/10\/img89.jpg\"><img decoding=\"async\" class=\"skip-lazy \" src=\"https:\/\/selvagemciclo.org.br\/wp-content\/uploads\/2025\/10\/img89-600x400.jpg\" width=\"600\" height=\"400\" alt=\"img89\" title=\"img89\" loading=\"lazy\" \/><\/a><\/li><li><a href=\"https:\/\/selvagemciclo.org.br\/wp-content\/uploads\/2025\/10\/img93.jpg\"><img decoding=\"async\" class=\"skip-lazy \" src=\"https:\/\/selvagemciclo.org.br\/wp-content\/uploads\/2025\/10\/img93-600x400.jpg\" width=\"600\" height=\"400\" alt=\"img93\" title=\"img93\" loading=\"lazy\" \/><\/a><\/li><li><a href=\"https:\/\/selvagemciclo.org.br\/wp-content\/uploads\/2025\/10\/img97.jpg\"><img decoding=\"async\" class=\"skip-lazy \" src=\"https:\/\/selvagemciclo.org.br\/wp-content\/uploads\/2025\/10\/img97-600x400.jpg\" width=\"600\" height=\"400\" alt=\"img97\" title=\"img97\" loading=\"lazy\" \/><\/a><\/li><li><a href=\"https:\/\/selvagemciclo.org.br\/wp-content\/uploads\/2025\/10\/img33.jpg\"><img decoding=\"async\" class=\"skip-lazy \" src=\"https:\/\/selvagemciclo.org.br\/wp-content\/uploads\/2025\/10\/img33-600x400.jpg\" width=\"600\" height=\"400\" alt=\"img33\" title=\"img33\" loading=\"lazy\" \/><\/a><\/li><li><a href=\"https:\/\/selvagemciclo.org.br\/wp-content\/uploads\/2025\/10\/img37.jpg\"><img decoding=\"async\" class=\"skip-lazy \" src=\"https:\/\/selvagemciclo.org.br\/wp-content\/uploads\/2025\/10\/img37-600x400.jpg\" width=\"600\" height=\"400\" alt=\"img37\" title=\"img37\" loading=\"lazy\" \/><\/a><\/li><li><a href=\"https:\/\/selvagemciclo.org.br\/wp-content\/uploads\/2025\/10\/img41.jpg\"><img decoding=\"async\" class=\"skip-lazy \" src=\"https:\/\/selvagemciclo.org.br\/wp-content\/uploads\/2025\/10\/img41-600x400.jpg\" width=\"600\" height=\"400\" alt=\"img41\" title=\"img41\" loading=\"lazy\" \/><\/a><\/li><li><a href=\"https:\/\/selvagemciclo.org.br\/wp-content\/uploads\/2025\/10\/img45.jpg\"><img decoding=\"async\" class=\"skip-lazy \" src=\"https:\/\/selvagemciclo.org.br\/wp-content\/uploads\/2025\/10\/img45-600x400.jpg\" width=\"600\" height=\"400\" alt=\"img45\" title=\"img45\" loading=\"lazy\" \/><\/a><\/li><li><a href=\"https:\/\/selvagemciclo.org.br\/wp-content\/uploads\/2025\/10\/img49.jpg\"><img decoding=\"async\" class=\"skip-lazy \" src=\"https:\/\/selvagemciclo.org.br\/wp-content\/uploads\/2025\/10\/img49-600x400.jpg\" width=\"600\" height=\"400\" alt=\"img49\" title=\"img49\" loading=\"lazy\" \/><\/a><\/li><li><a href=\"https:\/\/selvagemciclo.org.br\/wp-content\/uploads\/2025\/10\/img61.jpg\"><img decoding=\"async\" class=\"skip-lazy \" src=\"https:\/\/selvagemciclo.org.br\/wp-content\/uploads\/2025\/10\/img61-600x400.jpg\" width=\"600\" height=\"400\" alt=\"img61\" title=\"img61\" loading=\"lazy\" \/><\/a><\/li><li><a href=\"https:\/\/selvagemciclo.org.br\/wp-content\/uploads\/2025\/10\/img73.jpg\"><img decoding=\"async\" class=\"skip-lazy \" src=\"https:\/\/selvagemciclo.org.br\/wp-content\/uploads\/2025\/10\/img73-600x400.jpg\" width=\"600\" height=\"400\" alt=\"img73\" title=\"img73\" loading=\"lazy\" \/><\/a><\/li><li><a href=\"https:\/\/selvagemciclo.org.br\/wp-content\/uploads\/2025\/10\/img53.jpg\"><img decoding=\"async\" class=\"skip-lazy \" src=\"https:\/\/selvagemciclo.org.br\/wp-content\/uploads\/2025\/10\/img53-600x400.jpg\" width=\"600\" height=\"400\" alt=\"img53\" title=\"img53\" loading=\"lazy\" \/><\/a><\/li><li><a href=\"https:\/\/selvagemciclo.org.br\/wp-content\/uploads\/2025\/10\/img57.jpg\"><img decoding=\"async\" class=\"skip-lazy \" src=\"https:\/\/selvagemciclo.org.br\/wp-content\/uploads\/2025\/10\/img57-600x400.jpg\" width=\"600\" height=\"400\" alt=\"img57\" title=\"img57\" loading=\"lazy\" \/><\/a><\/li><li><a href=\"https:\/\/selvagemciclo.org.br\/wp-content\/uploads\/2025\/10\/img65.jpg\"><img decoding=\"async\" class=\"skip-lazy \" src=\"https:\/\/selvagemciclo.org.br\/wp-content\/uploads\/2025\/10\/img65-600x400.jpg\" width=\"600\" height=\"400\" alt=\"img65\" title=\"img65\" loading=\"lazy\" \/><\/a><\/li><li><a href=\"https:\/\/selvagemciclo.org.br\/wp-content\/uploads\/2025\/10\/img69.jpg\"><img decoding=\"async\" class=\"skip-lazy \" src=\"https:\/\/selvagemciclo.org.br\/wp-content\/uploads\/2025\/10\/img69-600x400.jpg\" width=\"600\" height=\"400\" alt=\"img69\" title=\"img69\" loading=\"lazy\" \/><\/a><\/li><li><a href=\"https:\/\/selvagemciclo.org.br\/wp-content\/uploads\/2025\/10\/img77.jpg\"><img decoding=\"async\" class=\"skip-lazy \" src=\"https:\/\/selvagemciclo.org.br\/wp-content\/uploads\/2025\/10\/img77-600x400.jpg\" width=\"600\" height=\"400\" alt=\"img77\" title=\"img77\" loading=\"lazy\" \/><\/a><\/li><\/ul><\/div>\n\t\t<\/div> \n\t<\/div> \n\t\t\t<\/div> \n\t\t<\/div>\n\t<\/div> \n\n\t<div  class=\"vc_col-sm-6 wpb_column column_container vc_column_container col no-extra-padding inherit_tablet inherit_phone \"  data-padding-pos=\"all\" data-has-bg-color=\"false\" data-bg-color=\"\" data-bg-opacity=\"1\" data-animation=\"\" data-delay=\"0\" >\n\t\t<div class=\"vc_column-inner\" >\n\t\t\t<div class=\"wpb_wrapper\">\n\t\t\t\t<div class=\"img-with-aniamtion-wrap center custom-size\" data-max-width=\"100%\" data-max-width-mobile=\"default\" data-shadow=\"none\" data-animation=\"none\" >\n      <div class=\"inner\">\n        <div class=\"hover-wrap\"> \n          <div class=\"hover-wrap-inner\">\n            <img loading=\"lazy\" decoding=\"async\" class=\"img-with-animation skip-lazy \" data-delay=\"0\" height=\"300\" width=\"225\" data-animation=\"none\" src=\"https:\/\/selvagemciclo.org.br\/wp-content\/uploads\/2025\/10\/RETRATO_IVAN-TUKANO-225x300.jpg\" alt=\"\" srcset=\"https:\/\/selvagemciclo.org.br\/wp-content\/uploads\/2025\/10\/RETRATO_IVAN-TUKANO-225x300.jpg 225w, https:\/\/selvagemciclo.org.br\/wp-content\/uploads\/2025\/10\/RETRATO_IVAN-TUKANO-768x1023.jpg 768w, https:\/\/selvagemciclo.org.br\/wp-content\/uploads\/2025\/10\/RETRATO_IVAN-TUKANO-1153x1536.jpg 1153w, https:\/\/selvagemciclo.org.br\/wp-content\/uploads\/2025\/10\/RETRATO_IVAN-TUKANO-9x12.jpg 9w, https:\/\/selvagemciclo.org.br\/wp-content\/uploads\/2025\/10\/RETRATO_IVAN-TUKANO.jpg 1200w\" sizes=\"auto, (max-width: 225px) 100vw, 225px\" \/>\n          <\/div>\n        <\/div>\n      <\/div>\n    <\/div>\n<div class=\"wpb_text_column wpb_content_element \" >\n\t<div class=\"wpb_wrapper\">\n\t\t<h5 style=\"text-align: center;\">Ivan Tukano<\/h5>\n\t<\/div>\n<\/div>\n\n\n\n\n<div class=\"wpb_text_column wpb_content_element \" >\n\t<div class=\"wpb_wrapper\">\n\t\t<p>A realidade n\u00e3o \u00e9 \u00fanica. Para o povo Tukano, a exist\u00eancia n\u00e3o se limita ao mundo vis\u00edvel; h\u00e1 outros mundos que coexistem com o nosso. Minha arte e minha m\u00fasica s\u00e3o o registro direto dessas outras dimens\u00f5es. N\u00e3o se trata de uma met\u00e1fora, mas de uma representa\u00e7\u00e3o de um fato. A vis\u00e3o de mundo Tukano \u00e9 a base para a compreens\u00e3o e a navega\u00e7\u00e3o nessas m\u00faltiplas realidades.<\/p>\n<p>Cada obra visual e sonora que eu crio \u00e9 o resultado de uma observa\u00e7\u00e3o direta, uma documenta\u00e7\u00e3o do que existe al\u00e9m do que se percebe \u00e0 primeira vista. Meu trabalho \u00e9 um mapa para esses outros mundos, uma forma de tornar tang\u00edvel a complexidade da realidade.<\/p>\n<p>Nascido em S\u00e3o Gabriel da Cachoeira, hoje sou um dos coordenadores do Centro de Medicina Ind\u00edgena Bahserikowi em Manaus, um espa\u00e7o onde essa mesma vis\u00e3o se manifesta na pr\u00e1tica da cura e na conex\u00e3o com nossa cultura.<\/p>\n\t<\/div>\n<\/div>\n\n\n\n\n\t<div class=\"wpb_gallery wpb_content_element clearfix\">\n\t\t<div class=\"wpb_wrapper\"><div class=\"wpb_gallery_slides wpb_flexslider flex-gallery flexslider\" data-onclick=\"link_image\" data-interval=\"5\" data-flex_fx=\"fade\"><ul class=\"slides\" data-d-autorotate=\"\"><li><a href=\"https:\/\/selvagemciclo.org.br\/wp-content\/uploads\/2025\/10\/img55.jpg\"><img decoding=\"async\" class=\"skip-lazy \" src=\"https:\/\/selvagemciclo.org.br\/wp-content\/uploads\/2025\/10\/img55-600x400.jpg\" width=\"600\" height=\"400\" alt=\"img55\" title=\"img55\" loading=\"lazy\" \/><\/a><\/li><li><a href=\"https:\/\/selvagemciclo.org.br\/wp-content\/uploads\/2025\/10\/img49-1.jpg\"><img decoding=\"async\" class=\"skip-lazy \" src=\"https:\/\/selvagemciclo.org.br\/wp-content\/uploads\/2025\/10\/img49-1-600x400.jpg\" width=\"600\" height=\"400\" alt=\"img49\" title=\"img49\" loading=\"lazy\" \/><\/a><\/li><li><a href=\"https:\/\/selvagemciclo.org.br\/wp-content\/uploads\/2025\/10\/img59.jpg\"><img decoding=\"async\" class=\"skip-lazy \" src=\"https:\/\/selvagemciclo.org.br\/wp-content\/uploads\/2025\/10\/img59-600x400.jpg\" width=\"600\" height=\"400\" alt=\"img59\" title=\"img59\" loading=\"lazy\" \/><\/a><\/li><\/ul><\/div>\n\t\t<\/div> \n\t<\/div> \n\t\t\t<\/div> \n\t\t<\/div>\n\t<\/div> \n<\/div><\/div>\n\t\t<div id=\"fws_69f77f88c2db4\"  data-column-margin=\"default\" data-midnight=\"dark\"  class=\"wpb_row vc_row-fluid vc_row\"  style=\"padding-top: 20px; padding-bottom: 20px; \"><div class=\"row-bg-wrap\" data-bg-animation=\"none\" data-bg-animation-delay=\"\" data-bg-overlay=\"false\"><div class=\"inner-wrap row-bg-layer\" ><div class=\"row-bg viewport-desktop\"  style=\"\"><\/div><\/div><\/div><div class=\"row_col_wrap_12 col span_12 dark left\">\n\t<div  class=\"vc_col-sm-2 wpb_column column_container vc_column_container col centered-text padding-2-percent inherit_tablet inherit_phone \"  data-padding-pos=\"all\" data-has-bg-color=\"false\" data-bg-color=\"\" data-bg-opacity=\"1\" data-animation=\"\" data-delay=\"0\" >\n\t\t<div class=\"vc_column-inner\" >\n\t\t\t<div class=\"wpb_wrapper\">\n\t\t\t\t\n\t\t\t<\/div> \n\t\t<\/div>\n\t<\/div> \n\n\t<div  class=\"vc_col-sm-8 wpb_column column_container vc_column_container col no-extra-padding inherit_tablet inherit_phone \"  data-padding-pos=\"all\" data-has-bg-color=\"false\" data-bg-color=\"\" data-bg-opacity=\"1\" data-animation=\"\" data-delay=\"0\" >\n\t\t<div class=\"vc_column-inner\" >\n\t\t\t<div class=\"wpb_wrapper\">\n\t\t\t\t<div id=\"fws_69f77f88c2eba\" data-midnight=\"\" data-column-margin=\"default\" class=\"wpb_row vc_row-fluid vc_row inner_row\"  style=\"padding-top: 40px; \"><div class=\"row-bg-wrap\"> <div class=\"row-bg\" ><\/div> <\/div><div class=\"row_col_wrap_12_inner col span_12  left\">\n\t<div  class=\"vc_col-sm-12 wpb_column column_container vc_column_container col child_column no-extra-padding inherit_tablet inherit_phone \"   data-padding-pos=\"all\" data-has-bg-color=\"false\" data-bg-color=\"\" data-bg-opacity=\"1\" data-animation=\"\" data-delay=\"0\" >\n\t\t<div class=\"vc_column-inner\" >\n\t\t<div class=\"wpb_wrapper\">\n\t\t\t<div class=\"img-with-aniamtion-wrap center custom-size\" data-max-width=\"100%\" data-max-width-mobile=\"default\" data-shadow=\"none\" data-animation=\"none\" >\n      <div class=\"inner\">\n        <div class=\"hover-wrap\"> \n          <div class=\"hover-wrap-inner\">\n            <img loading=\"lazy\" decoding=\"async\" class=\"img-with-animation skip-lazy \" data-delay=\"0\" height=\"150\" width=\"150\" data-animation=\"none\" src=\"https:\/\/selvagemciclo.org.br\/wp-content\/uploads\/2025\/10\/canoa_guarani-150x150.webp\" alt=\"\" srcset=\"https:\/\/selvagemciclo.org.br\/wp-content\/uploads\/2025\/10\/canoa_guarani-150x150.webp 150w, https:\/\/selvagemciclo.org.br\/wp-content\/uploads\/2025\/10\/canoa_guarani-300x300.webp 300w, https:\/\/selvagemciclo.org.br\/wp-content\/uploads\/2025\/10\/canoa_guarani-12x12.webp 12w, https:\/\/selvagemciclo.org.br\/wp-content\/uploads\/2025\/10\/canoa_guarani-140x140.webp 140w, https:\/\/selvagemciclo.org.br\/wp-content\/uploads\/2025\/10\/canoa_guarani.webp 400w\" sizes=\"auto, (max-width: 150px) 100vw, 150px\" \/>\n          <\/div>\n        <\/div>\n      <\/div>\n    <\/div>\n<div class=\"wpb_text_column wpb_content_element \" >\n\t<div class=\"wpb_wrapper\">\n\t\t<h5 style=\"text-align: center;\">MBYA ARANDU POR\u00c3<br \/>\nEscola Viva Guarani<\/h5>\n\t<\/div>\n<\/div>\n\n\n\n<div class=\"divider-wrap\" data-alignment=\"default\"><div style=\"height: 25px;\" class=\"divider\"><\/div><\/div>\n<div class=\"wpb_text_column wpb_content_element \" >\n\t<div class=\"wpb_wrapper\">\n\t\t<p><span style=\"font-weight: 400;\">Na Mbya Arandu Por\u00e3, nome da Escola Viva Guarani, os jovens come\u00e7aram a despertar suas mem\u00f3rias adormecidas. Pr\u00e1ticas ancestrais est\u00e3o em di\u00e1logo com t\u00e9cnicas de agrofloresta e cultivo de abelhas. Neste territ\u00f3rio, onde a l\u00edngua Guarani Mbya \u00e9 dominante, crian\u00e7as e jovens encontram na Escola Viva um lugar para conhecer as hist\u00f3rias de seu povo e praticar sua arte e ci\u00eancia.<\/span>.<\/p>\n\t<\/div>\n<\/div>\n\n\n\n\n\t\t<\/div> \n\t<\/div>\n\t<\/div> \n<\/div><\/div>\n\t\t\t<\/div> \n\t\t<\/div>\n\t<\/div> \n\n\t<div  class=\"vc_col-sm-2 wpb_column column_container vc_column_container col no-extra-padding inherit_tablet inherit_phone \"  data-padding-pos=\"all\" data-has-bg-color=\"false\" data-bg-color=\"\" data-bg-opacity=\"1\" data-animation=\"\" data-delay=\"0\" >\n\t\t<div class=\"vc_column-inner\" >\n\t\t\t<div class=\"wpb_wrapper\">\n\t\t\t\t\n\t\t\t<\/div> \n\t\t<\/div>\n\t<\/div> \n<\/div><\/div>\n\t\t<div id=\"fws_69f77f88c32c2\"  data-column-margin=\"default\" data-midnight=\"dark\"  class=\"wpb_row vc_row-fluid vc_row\"  style=\"padding-top: 0px; padding-bottom: 0px; \"><div class=\"row-bg-wrap\" data-bg-animation=\"none\" data-bg-animation-delay=\"\" data-bg-overlay=\"false\"><div class=\"inner-wrap row-bg-layer\" ><div class=\"row-bg viewport-desktop\"  style=\"\"><\/div><\/div><\/div><div class=\"row_col_wrap_12 col span_12 dark left\">\n\t<div  class=\"vc_col-sm-6 wpb_column column_container vc_column_container col no-extra-padding inherit_tablet inherit_phone \"  data-padding-pos=\"all\" data-has-bg-color=\"false\" data-bg-color=\"\" data-bg-opacity=\"1\" data-animation=\"\" data-delay=\"0\" >\n\t\t<div class=\"vc_column-inner\" >\n\t\t\t<div class=\"wpb_wrapper\">\n\t\t\t\t<div class=\"img-with-aniamtion-wrap center custom-size\" data-max-width=\"100%\" data-max-width-mobile=\"default\" data-shadow=\"none\" data-animation=\"none\" >\n      <div class=\"inner\">\n        <div class=\"hover-wrap\"> \n          <div class=\"hover-wrap-inner\">\n            <img loading=\"lazy\" decoding=\"async\" class=\"img-with-animation skip-lazy \" data-delay=\"0\" height=\"300\" width=\"225\" data-animation=\"none\" src=\"https:\/\/selvagemciclo.org.br\/wp-content\/uploads\/2025\/10\/RETRATO_NEUZILIA-DUARTE_1-225x300.jpg\" alt=\"\" srcset=\"https:\/\/selvagemciclo.org.br\/wp-content\/uploads\/2025\/10\/RETRATO_NEUZILIA-DUARTE_1-225x300.jpg 225w, https:\/\/selvagemciclo.org.br\/wp-content\/uploads\/2025\/10\/RETRATO_NEUZILIA-DUARTE_1-768x1024.jpg 768w, https:\/\/selvagemciclo.org.br\/wp-content\/uploads\/2025\/10\/RETRATO_NEUZILIA-DUARTE_1-1152x1536.jpg 1152w, https:\/\/selvagemciclo.org.br\/wp-content\/uploads\/2025\/10\/RETRATO_NEUZILIA-DUARTE_1-9x12.jpg 9w, https:\/\/selvagemciclo.org.br\/wp-content\/uploads\/2025\/10\/RETRATO_NEUZILIA-DUARTE_1.jpg 1200w\" sizes=\"auto, (max-width: 225px) 100vw, 225px\" \/>\n          <\/div>\n        <\/div>\n      <\/div>\n    <\/div>\n<div class=\"wpb_text_column wpb_content_element \" >\n\t<div class=\"wpb_wrapper\">\n\t\t<h5 style=\"text-align: center;\">Neuzilia Para<\/h5>\n\t<\/div>\n<\/div>\n\n\n\n\n<div class=\"wpb_text_column wpb_content_element \" >\n\t<div class=\"wpb_wrapper\">\n\t\t<p>Neuzilia Para \u00e9 do povo Guarani Mbya, artes\u00e3, conhecedora das plantas medicinais e dos saberes da cosmologia de seu povo. Mestre da arte do tran\u00e7ado, faz cestas de palhas e busca, atrav\u00e9s de sua arte, cuidar de sua fam\u00edlia.<\/p>\n\t<\/div>\n<\/div>\n\n\n\n\n\t<div class=\"wpb_gallery wpb_content_element clearfix\">\n\t\t<div class=\"wpb_wrapper\"><div class=\"wpb_gallery_slides wpb_flexslider flex-gallery flexslider\" data-onclick=\"link_image\" data-interval=\"5\" data-flex_fx=\"fade\"><ul class=\"slides\" data-d-autorotate=\"\"><li><a href=\"https:\/\/selvagemciclo.org.br\/wp-content\/uploads\/2025\/10\/Neuzilia-Duarte_portfolio-1-1.jpg\"><img decoding=\"async\" class=\"skip-lazy \" src=\"https:\/\/selvagemciclo.org.br\/wp-content\/uploads\/2025\/10\/Neuzilia-Duarte_portfolio-1-1-600x400.jpg\" width=\"600\" height=\"400\" alt=\"Neuzilia Duarte_portfolio 1 (1)\" title=\"Neuzilia Duarte_portfolio 1 (1)\" loading=\"lazy\" \/><\/a><\/li><li><a href=\"https:\/\/selvagemciclo.org.br\/wp-content\/uploads\/2025\/10\/WhatsApp-Image-2025-08-18-at-15.25.37.jpeg\"><img decoding=\"async\" class=\"skip-lazy \" src=\"https:\/\/selvagemciclo.org.br\/wp-content\/uploads\/2025\/10\/WhatsApp-Image-2025-08-18-at-15.25.37-600x400.jpeg\" width=\"600\" height=\"400\" alt=\"WhatsApp Image 2025-08-18 at 15.25.37\" title=\"WhatsApp Image 2025-08-18 at 15.25.37\" loading=\"lazy\" \/><\/a><\/li><li><a href=\"https:\/\/selvagemciclo.org.br\/wp-content\/uploads\/2025\/10\/WhatsApp-Image-2025-08-21-at-20.33.09-1.jpeg\"><img decoding=\"async\" class=\"skip-lazy \" src=\"https:\/\/selvagemciclo.org.br\/wp-content\/uploads\/2025\/10\/WhatsApp-Image-2025-08-21-at-20.33.09-1-600x400.jpeg\" width=\"600\" height=\"400\" alt=\"WhatsApp Image 2025-08-21 at 20.33.09 (1)\" title=\"WhatsApp Image 2025-08-21 at 20.33.09 (1)\" loading=\"lazy\" \/><\/a><\/li><\/ul><\/div>\n\t\t<\/div> \n\t<\/div> \n\t\t\t<\/div> \n\t\t<\/div>\n\t<\/div> \n\n\t<div  class=\"vc_col-sm-6 wpb_column column_container vc_column_container col no-extra-padding inherit_tablet inherit_phone \"  data-padding-pos=\"all\" data-has-bg-color=\"false\" data-bg-color=\"\" data-bg-opacity=\"1\" data-animation=\"\" data-delay=\"0\" >\n\t\t<div class=\"vc_column-inner\" >\n\t\t\t<div class=\"wpb_wrapper\">\n\t\t\t\t<div class=\"img-with-aniamtion-wrap center custom-size\" data-max-width=\"100%\" data-max-width-mobile=\"default\" data-shadow=\"none\" data-animation=\"none\" >\n      <div class=\"inner\">\n        <div class=\"hover-wrap\"> \n          <div class=\"hover-wrap-inner\">\n            <img loading=\"lazy\" decoding=\"async\" class=\"img-with-animation skip-lazy \" data-delay=\"0\" height=\"300\" width=\"200\" data-animation=\"none\" src=\"https:\/\/selvagemciclo.org.br\/wp-content\/uploads\/2025\/10\/RETRATO_FABIANO-VERA_1-200x300.jpeg\" alt=\"\" srcset=\"https:\/\/selvagemciclo.org.br\/wp-content\/uploads\/2025\/10\/RETRATO_FABIANO-VERA_1-200x300.jpeg 200w, https:\/\/selvagemciclo.org.br\/wp-content\/uploads\/2025\/10\/RETRATO_FABIANO-VERA_1-682x1024.jpeg 682w, https:\/\/selvagemciclo.org.br\/wp-content\/uploads\/2025\/10\/RETRATO_FABIANO-VERA_1-768x1152.jpeg 768w, https:\/\/selvagemciclo.org.br\/wp-content\/uploads\/2025\/10\/RETRATO_FABIANO-VERA_1-8x12.jpeg 8w, https:\/\/selvagemciclo.org.br\/wp-content\/uploads\/2025\/10\/RETRATO_FABIANO-VERA_1.jpeg 853w\" sizes=\"auto, (max-width: 200px) 100vw, 200px\" \/>\n          <\/div>\n        <\/div>\n      <\/div>\n    <\/div>\n<div class=\"wpb_text_column wpb_content_element \" >\n\t<div class=\"wpb_wrapper\">\n\t\t<h5 style=\"text-align: center;\">Fabiano Ver\u00e1<\/h5>\n\t<\/div>\n<\/div>\n\n\n\n\n<div class=\"wpb_text_column wpb_content_element \" >\n\t<div class=\"wpb_wrapper\">\n\t\t<p>Sou Guarani Mbya da aldeia Ribeir\u00e3o Silveira, nascido em Paraty (RJ) e hoje vivo na aldeia Tenond\u00e9 Por\u00e3, Guarani Mbya (SP). Cresci entre planta\u00e7\u00f5es de mandioca, batata-doce e milho. Desde crian\u00e7a, sou artista, pesquisador da medicina natural e dos cantos tradicionais Guarani e de outros povos.<\/p>\n<p>Nas casas de reza, de consagra\u00e7\u00e3o, no compartilhamento das hist\u00f3rias com os mais velhos, aprendi a temer, a cuidar e a viver no equil\u00edbrio, entendendo que um dia n\u00e3o vai ser igual ao outro. Quando come\u00e7o a desenhar uma pintura, gosto de refletir sobre as \u00e1guas, as montanhas, ver as cachoeiras, os p\u00e1ssaros. Atrav\u00e9s disso imagino e me encanta. E \u00e9 tamb\u00e9m por a\u00ed que vem a cura de imaginar e sonhar, porque entendo que n\u00f3s, seres humanos, somos feitos para lutar dia a dia. E foi o artista e escritor Jaider Esbell, que admiro muito, que me falou para seguir trilhando o caminho nas pinturas e arte.<\/p>\n<p>Trabalho principalmente com artesanato, desenhos e pinturas inspirados nas hist\u00f3rias contadas pelos mais velhos. Pesquiso as medicinas naturais e gosto de criar, imaginar, sonhar e aprender a fazer \u00f3leos essenciais de plantas. Tamb\u00e9m gosto de fotografar e filmar as atividades dentro da aldeia.<\/p>\n\t<\/div>\n<\/div>\n\n\n\n\n\t<div class=\"wpb_gallery wpb_content_element clearfix\">\n\t\t<div class=\"wpb_wrapper\"><div class=\"wpb_gallery_slides wpb_flexslider flex-gallery flexslider\" data-onclick=\"link_image\" data-interval=\"5\" data-flex_fx=\"fade\"><ul class=\"slides\" data-d-autorotate=\"\"><li><a href=\"https:\/\/selvagemciclo.org.br\/wp-content\/uploads\/2025\/10\/224A9392-scaled.jpg\"><img decoding=\"async\" class=\"skip-lazy \" src=\"https:\/\/selvagemciclo.org.br\/wp-content\/uploads\/2025\/10\/224A9392-scaled-600x400.jpg\" width=\"600\" height=\"400\" alt=\"224A9392\" title=\"224A9392\" loading=\"lazy\" \/><\/a><\/li><li><a href=\"https:\/\/selvagemciclo.org.br\/wp-content\/uploads\/2025\/10\/224A9393-scaled.jpg\"><img decoding=\"async\" class=\"skip-lazy \" src=\"https:\/\/selvagemciclo.org.br\/wp-content\/uploads\/2025\/10\/224A9393-scaled-600x400.jpg\" width=\"600\" height=\"400\" alt=\"224A9393\" title=\"224A9393\" loading=\"lazy\" \/><\/a><\/li><li><a href=\"https:\/\/selvagemciclo.org.br\/wp-content\/uploads\/2025\/10\/WhatsApp-Image-2025-08-18-at-14.29.08.jpeg\"><img decoding=\"async\" class=\"skip-lazy \" src=\"https:\/\/selvagemciclo.org.br\/wp-content\/uploads\/2025\/10\/WhatsApp-Image-2025-08-18-at-14.29.08-600x400.jpeg\" width=\"600\" height=\"400\" alt=\"WhatsApp Image 2025-08-18 at 14.29.08\" title=\"WhatsApp Image 2025-08-18 at 14.29.08\" loading=\"lazy\" \/><\/a><\/li><li><a href=\"https:\/\/selvagemciclo.org.br\/wp-content\/uploads\/2025\/10\/WhatsApp-Image-2025-08-18-at-14.29.07-1.jpeg\"><img decoding=\"async\" class=\"skip-lazy \" src=\"https:\/\/selvagemciclo.org.br\/wp-content\/uploads\/2025\/10\/WhatsApp-Image-2025-08-18-at-14.29.07-1-600x400.jpeg\" width=\"600\" height=\"400\" alt=\"WhatsApp Image 2025-08-18 at 14.29.07 (1)\" title=\"WhatsApp Image 2025-08-18 at 14.29.07 (1)\" loading=\"lazy\" \/><\/a><\/li><li><a href=\"https:\/\/selvagemciclo.org.br\/wp-content\/uploads\/2025\/10\/WhatsApp-Image-2025-08-18-at-14.29.07-2.jpeg\"><img decoding=\"async\" class=\"skip-lazy \" src=\"https:\/\/selvagemciclo.org.br\/wp-content\/uploads\/2025\/10\/WhatsApp-Image-2025-08-18-at-14.29.07-2-600x400.jpeg\" width=\"600\" height=\"400\" alt=\"WhatsApp Image 2025-08-18 at 14.29.07 (2)\" title=\"WhatsApp Image 2025-08-18 at 14.29.07 (2)\" loading=\"lazy\" \/><\/a><\/li><\/ul><\/div>\n\t\t<\/div> \n\t<\/div> \n\t\t\t<\/div> \n\t\t<\/div>\n\t<\/div> \n<\/div><\/div>\n\t\t<div id=\"fws_69f77f88c42d3\"  data-column-margin=\"default\" data-midnight=\"dark\"  class=\"wpb_row vc_row-fluid vc_row\"  style=\"padding-top: 20px; padding-bottom: 20px; \"><div class=\"row-bg-wrap\" data-bg-animation=\"none\" data-bg-animation-delay=\"\" data-bg-overlay=\"false\"><div class=\"inner-wrap row-bg-layer\" ><div class=\"row-bg viewport-desktop\"  style=\"\"><\/div><\/div><\/div><div class=\"row_col_wrap_12 col span_12 dark left\">\n\t<div  class=\"vc_col-sm-2 wpb_column column_container vc_column_container col centered-text padding-2-percent inherit_tablet inherit_phone \"  data-padding-pos=\"all\" data-has-bg-color=\"false\" data-bg-color=\"\" data-bg-opacity=\"1\" data-animation=\"\" data-delay=\"0\" >\n\t\t<div class=\"vc_column-inner\" >\n\t\t\t<div class=\"wpb_wrapper\">\n\t\t\t\t\n\t\t\t<\/div> \n\t\t<\/div>\n\t<\/div> \n\n\t<div  class=\"vc_col-sm-8 wpb_column column_container vc_column_container col no-extra-padding inherit_tablet inherit_phone \"  data-padding-pos=\"all\" data-has-bg-color=\"false\" data-bg-color=\"\" data-bg-opacity=\"1\" data-animation=\"\" data-delay=\"0\" >\n\t\t<div class=\"vc_column-inner\" >\n\t\t\t<div class=\"wpb_wrapper\">\n\t\t\t\t<div id=\"fws_69f77f88c43d6\" data-midnight=\"\" data-column-margin=\"default\" class=\"wpb_row vc_row-fluid vc_row inner_row\"  style=\"padding-top: 40px; \"><div class=\"row-bg-wrap\"> <div class=\"row-bg\" ><\/div> <\/div><div class=\"row_col_wrap_12_inner col span_12  left\">\n\t<div  class=\"vc_col-sm-12 wpb_column column_container vc_column_container col child_column no-extra-padding inherit_tablet inherit_phone \"   data-padding-pos=\"all\" data-has-bg-color=\"false\" data-bg-color=\"\" data-bg-opacity=\"1\" data-animation=\"\" data-delay=\"0\" >\n\t\t<div class=\"vc_column-inner\" >\n\t\t<div class=\"wpb_wrapper\">\n\t\t\t<div class=\"img-with-aniamtion-wrap center custom-size\" data-max-width=\"100%\" data-max-width-mobile=\"default\" data-shadow=\"none\" data-animation=\"none\" >\n      <div class=\"inner\">\n        <div class=\"hover-wrap\"> \n          <div class=\"hover-wrap-inner\">\n            <img loading=\"lazy\" decoding=\"async\" class=\"img-with-animation skip-lazy \" data-delay=\"0\" height=\"150\" width=\"150\" data-animation=\"none\" src=\"https:\/\/selvagemciclo.org.br\/wp-content\/uploads\/2025\/10\/maxakali-150x150.webp\" alt=\"\" srcset=\"https:\/\/selvagemciclo.org.br\/wp-content\/uploads\/2025\/10\/maxakali-150x150.webp 150w, https:\/\/selvagemciclo.org.br\/wp-content\/uploads\/2025\/10\/maxakali-300x300.webp 300w, https:\/\/selvagemciclo.org.br\/wp-content\/uploads\/2025\/10\/maxakali-12x12.webp 12w, https:\/\/selvagemciclo.org.br\/wp-content\/uploads\/2025\/10\/maxakali-140x140.webp 140w, https:\/\/selvagemciclo.org.br\/wp-content\/uploads\/2025\/10\/maxakali.webp 400w\" sizes=\"auto, (max-width: 150px) 100vw, 150px\" \/>\n          <\/div>\n        <\/div>\n      <\/div>\n    <\/div>\n<div class=\"wpb_text_column wpb_content_element \" >\n\t<div class=\"wpb_wrapper\">\n\t\t<h5 style=\"text-align: center;\">APNE IXKOT H\u00c2MHIPAK<br \/>\nEscola Viva Maxakali<\/h5>\n\t<\/div>\n<\/div>\n\n\n\n<div class=\"divider-wrap\" data-alignment=\"default\"><div style=\"height: 25px;\" class=\"divider\"><\/div><\/div>\n<div class=\"wpb_text_column wpb_content_element \" >\n\t<div class=\"wpb_wrapper\">\n\t\t<p><span style=\"font-weight: 400;\">Os Maxakali s\u00e3o habitantes ancestrais das florestas que cobriam o nordeste de Minas Gerais e extremo sul da Bahia. S\u00e3o, aproximadamente, 3 mil pessoas que falam a l\u00edngua Maxakali, um dos \u00faltimos idiomas nativos da regi\u00e3o. A Aldeia Escola Floresta, Escola Viva do povo Maxakali, foi criada a partir da retomada de uma propriedade da Uni\u00e3o, localizada na zona rural de Te\u00f3filo Otoni (MG).<\/span><\/p>\n\t<\/div>\n<\/div>\n\n\n\n\n\t\t<\/div> \n\t<\/div>\n\t<\/div> \n<\/div><\/div>\n\t\t\t<\/div> \n\t\t<\/div>\n\t<\/div> \n\n\t<div  class=\"vc_col-sm-2 wpb_column column_container vc_column_container col no-extra-padding inherit_tablet inherit_phone \"  data-padding-pos=\"all\" data-has-bg-color=\"false\" data-bg-color=\"\" data-bg-opacity=\"1\" data-animation=\"\" data-delay=\"0\" >\n\t\t<div class=\"vc_column-inner\" >\n\t\t\t<div class=\"wpb_wrapper\">\n\t\t\t\t\n\t\t\t<\/div> \n\t\t<\/div>\n\t<\/div> \n<\/div><\/div>\n\t\t<div id=\"fws_69f77f88c47e8\"  data-column-margin=\"default\" data-midnight=\"dark\"  class=\"wpb_row vc_row-fluid vc_row\"  style=\"padding-top: 0px; padding-bottom: 0px; \"><div class=\"row-bg-wrap\" data-bg-animation=\"none\" data-bg-animation-delay=\"\" data-bg-overlay=\"false\"><div class=\"inner-wrap row-bg-layer\" ><div class=\"row-bg viewport-desktop\"  style=\"\"><\/div><\/div><\/div><div class=\"row_col_wrap_12 col span_12 dark left\">\n\t<div  class=\"vc_col-sm-6 wpb_column column_container vc_column_container col no-extra-padding inherit_tablet inherit_phone \"  data-padding-pos=\"all\" data-has-bg-color=\"false\" data-bg-color=\"\" data-bg-opacity=\"1\" data-animation=\"\" data-delay=\"0\" >\n\t\t<div class=\"vc_column-inner\" >\n\t\t\t<div class=\"wpb_wrapper\">\n\t\t\t\t<div class=\"img-with-aniamtion-wrap center custom-size\" data-max-width=\"100%\" data-max-width-mobile=\"default\" data-shadow=\"none\" data-animation=\"none\" >\n      <div class=\"inner\">\n        <div class=\"hover-wrap\"> \n          <div class=\"hover-wrap-inner\">\n            <img loading=\"lazy\" decoding=\"async\" class=\"img-with-animation skip-lazy \" data-delay=\"0\" height=\"300\" width=\"225\" data-animation=\"none\" src=\"https:\/\/selvagemciclo.org.br\/wp-content\/uploads\/2025\/10\/RETRATO_ISABELINHA-MAXAKALI-1-225x300.jpg\" alt=\"\" srcset=\"https:\/\/selvagemciclo.org.br\/wp-content\/uploads\/2025\/10\/RETRATO_ISABELINHA-MAXAKALI-1-225x300.jpg 225w, https:\/\/selvagemciclo.org.br\/wp-content\/uploads\/2025\/10\/RETRATO_ISABELINHA-MAXAKALI-1-768x1024.jpg 768w, https:\/\/selvagemciclo.org.br\/wp-content\/uploads\/2025\/10\/RETRATO_ISABELINHA-MAXAKALI-1-1152x1536.jpg 1152w, https:\/\/selvagemciclo.org.br\/wp-content\/uploads\/2025\/10\/RETRATO_ISABELINHA-MAXAKALI-1-9x12.jpg 9w, https:\/\/selvagemciclo.org.br\/wp-content\/uploads\/2025\/10\/RETRATO_ISABELINHA-MAXAKALI-1.jpg 1200w\" sizes=\"auto, (max-width: 225px) 100vw, 225px\" \/>\n          <\/div>\n        <\/div>\n      <\/div>\n    <\/div>\n<div class=\"wpb_text_column wpb_content_element \" >\n\t<div class=\"wpb_wrapper\">\n\t\t<h5 style=\"text-align: center;\">Isabelinha Maxakali<\/h5>\n\t<\/div>\n<\/div>\n\n\n\n\n<div class=\"wpb_text_column wpb_content_element \" >\n\t<div class=\"wpb_wrapper\">\n\t\t<p><span style=\"font-weight: 400;\">Isabelinha Maxakali (1980, \u00c1gua Boa, Terra Ind\u00edgena Maxakali &#8211; MG) \u00e9 artista e m\u00e3e de y\u00e3m\u00efyxop (povos-esp\u00edrito da Mata Atl\u00e2ntica). Vive e trabalha na comunidade Aldeia-Escola-Floresta, onde \u00e9 linha de frente na organiza\u00e7\u00e3o de rituais de cura, colaborando com as anci\u00e3s e paj\u00e9s cotidianamente para o fortalecimento da cultura de seu povo. \u00c9 mestra-artes\u00e3 na produ\u00e7\u00e3o de adornos e artefatos com a fibra de emba\u00faba e tamb\u00e9m de mi\u00e7angas. Al\u00e9m de suas atividades art\u00edsticas tradicionais, no \u00faltimo per\u00edodo Isabelinha tem ampliado sua produ\u00e7\u00e3o pesquisando as linguagens do desenho, da pintura, da aquarela e das esculturas t\u00eaxteis.<\/span><\/p>\n\t<\/div>\n<\/div>\n\n\n\n\n\t<div class=\"wpb_gallery wpb_content_element clearfix\">\n\t\t<div class=\"wpb_wrapper\"><div class=\"wpb_gallery_slides wpb_flexslider flex-gallery flexslider\" data-onclick=\"link_image\" data-interval=\"5\" data-flex_fx=\"fade\"><ul class=\"slides\" data-d-autorotate=\"\"><li><a href=\"https:\/\/selvagemciclo.org.br\/wp-content\/uploads\/2025\/10\/WhatsApp-Image-2025-10-16-at-16.05.35.jpeg\"><img decoding=\"async\" class=\"skip-lazy \" src=\"https:\/\/selvagemciclo.org.br\/wp-content\/uploads\/2025\/10\/WhatsApp-Image-2025-10-16-at-16.05.35-600x400.jpeg\" width=\"600\" height=\"400\" alt=\"WhatsApp Image 2025-10-16 at 16.05.35\" title=\"WhatsApp Image 2025-10-16 at 16.05.35\" loading=\"lazy\" \/><\/a><\/li><li><a href=\"https:\/\/selvagemciclo.org.br\/wp-content\/uploads\/2025\/10\/WhatsApp-Image-2025-10-16-at-16.03.48.jpeg\"><img decoding=\"async\" class=\"skip-lazy \" src=\"https:\/\/selvagemciclo.org.br\/wp-content\/uploads\/2025\/10\/WhatsApp-Image-2025-10-16-at-16.03.48-600x400.jpeg\" width=\"600\" height=\"400\" alt=\"WhatsApp Image 2025-10-16 at 16.03.48\" title=\"WhatsApp Image 2025-10-16 at 16.03.48\" loading=\"lazy\" \/><\/a><\/li><\/ul><\/div>\n\t\t<\/div> \n\t<\/div> \n\t\t\t<\/div> \n\t\t<\/div>\n\t<\/div> \n\n\t<div  class=\"vc_col-sm-6 wpb_column column_container vc_column_container col no-extra-padding inherit_tablet inherit_phone \"  data-padding-pos=\"all\" data-has-bg-color=\"false\" data-bg-color=\"\" data-bg-opacity=\"1\" data-animation=\"\" data-delay=\"0\" >\n\t\t<div class=\"vc_column-inner\" >\n\t\t\t<div class=\"wpb_wrapper\">\n\t\t\t\t<div class=\"img-with-aniamtion-wrap center custom-size\" data-max-width=\"100%\" data-max-width-mobile=\"default\" data-shadow=\"none\" data-animation=\"none\" >\n      <div class=\"inner\">\n        <div class=\"hover-wrap\"> \n          <div class=\"hover-wrap-inner\">\n            <img loading=\"lazy\" decoding=\"async\" class=\"img-with-animation skip-lazy \" data-delay=\"0\" height=\"300\" width=\"225\" data-animation=\"none\" src=\"https:\/\/selvagemciclo.org.br\/wp-content\/uploads\/2025\/10\/RETRATO_MAMEI-MAXAKALI-1-225x300.jpg\" alt=\"\" srcset=\"https:\/\/selvagemciclo.org.br\/wp-content\/uploads\/2025\/10\/RETRATO_MAMEI-MAXAKALI-1-225x300.jpg 225w, https:\/\/selvagemciclo.org.br\/wp-content\/uploads\/2025\/10\/RETRATO_MAMEI-MAXAKALI-1-768x1024.jpg 768w, https:\/\/selvagemciclo.org.br\/wp-content\/uploads\/2025\/10\/RETRATO_MAMEI-MAXAKALI-1-1152x1536.jpg 1152w, https:\/\/selvagemciclo.org.br\/wp-content\/uploads\/2025\/10\/RETRATO_MAMEI-MAXAKALI-1-9x12.jpg 9w, https:\/\/selvagemciclo.org.br\/wp-content\/uploads\/2025\/10\/RETRATO_MAMEI-MAXAKALI-1.jpg 1200w\" sizes=\"auto, (max-width: 225px) 100vw, 225px\" \/>\n          <\/div>\n        <\/div>\n      <\/div>\n    <\/div>\n<div class=\"wpb_text_column wpb_content_element \" >\n\t<div class=\"wpb_wrapper\">\n\t\t<h5 style=\"text-align: center;\">Mamei Maxakali<\/h5>\n\t<\/div>\n<\/div>\n\n\n\n\n<div class=\"wpb_text_column wpb_content_element \" >\n\t<div class=\"wpb_wrapper\">\n\t\t<p><span style=\"font-weight: 400;\">Mamei Maxakali (1980, \u00c1gua Boa, Terra Ind\u00edgena Maxakali &#8211; MG) \u00e9 paj\u00e9, artista e professor. Vive e trabalha na comunidade Aldeia-Escola-Floresta, onde cuida de um dos kuxex (casa de ritual) e colabora com o projeto de reflorestamento dos territ\u00f3rios Maxakali, o H\u00e3mhi Terra Viva. Mamei destaca-se por sua dedica\u00e7\u00e3o \u00e0 luta pela amplia\u00e7\u00e3o das terras de seu povo e pelo fortalecimento dos conhecimentos tradicionais, especialmente os rituais de inicia\u00e7\u00e3o dos meninos Maxakali e os rituais de cura realizados com os y\u00e3m\u00efyxop (povos-esp\u00edrito da Mata Atl\u00e2ntica). Recentemente tem ampliado suas pr\u00e1ticas art\u00edsticas dos cantos e das pinturas corporais, produzindo tamb\u00e9m telas e desenhos.<\/span><\/p>\n\t<\/div>\n<\/div>\n\n\n\n\n\t<div class=\"wpb_gallery wpb_content_element clearfix\">\n\t\t<div class=\"wpb_wrapper\"><div class=\"wpb_gallery_slides wpb_flexslider flex-gallery flexslider\" data-onclick=\"link_image\" data-interval=\"5\" data-flex_fx=\"fade\"><ul class=\"slides\" data-d-autorotate=\"\"><li><a href=\"https:\/\/selvagemciclo.org.br\/wp-content\/uploads\/2025\/10\/PORTFOLIO_MAMEI_1.jpg\"><img decoding=\"async\" class=\"skip-lazy \" src=\"https:\/\/selvagemciclo.org.br\/wp-content\/uploads\/2025\/10\/PORTFOLIO_MAMEI_1-600x400.jpg\" width=\"600\" height=\"400\" alt=\"PORTFOLIO_MAMEI_1\" title=\"PORTFOLIO_MAMEI_1\" loading=\"lazy\" \/><\/a><\/li><li><a href=\"https:\/\/selvagemciclo.org.br\/wp-content\/uploads\/2025\/10\/Mamei-Maxakali_foto-3-1.jpg\"><img decoding=\"async\" class=\"skip-lazy \" src=\"https:\/\/selvagemciclo.org.br\/wp-content\/uploads\/2025\/10\/Mamei-Maxakali_foto-3-1-600x400.jpg\" width=\"600\" height=\"400\" alt=\"Mamei Maxakali_foto 3 (1)\" title=\"Mamei Maxakali_foto 3 (1)\" loading=\"lazy\" \/><\/a><\/li><li><a href=\"https:\/\/selvagemciclo.org.br\/wp-content\/uploads\/2025\/10\/Mamei-Maxakali_foto-2-1.jpg\"><img decoding=\"async\" class=\"skip-lazy \" src=\"https:\/\/selvagemciclo.org.br\/wp-content\/uploads\/2025\/10\/Mamei-Maxakali_foto-2-1-600x400.jpg\" width=\"600\" height=\"400\" alt=\"Mamei Maxakali_foto 2 (1)\" title=\"Mamei Maxakali_foto 2 (1)\" loading=\"lazy\" \/><\/a><\/li><li><a href=\"https:\/\/selvagemciclo.org.br\/wp-content\/uploads\/2025\/10\/WhatsApp-Image-2025-10-16-at-16.06.10.jpeg\"><img decoding=\"async\" class=\"skip-lazy \" src=\"https:\/\/selvagemciclo.org.br\/wp-content\/uploads\/2025\/10\/WhatsApp-Image-2025-10-16-at-16.06.10-600x400.jpeg\" width=\"600\" height=\"400\" alt=\"WhatsApp Image 2025-10-16 at 16.06.10\" title=\"WhatsApp Image 2025-10-16 at 16.06.10\" loading=\"lazy\" \/><\/a><\/li><li><a href=\"https:\/\/selvagemciclo.org.br\/wp-content\/uploads\/2025\/10\/WhatsApp-Image-2025-10-16-at-16.04.17.jpeg\"><img decoding=\"async\" class=\"skip-lazy \" src=\"https:\/\/selvagemciclo.org.br\/wp-content\/uploads\/2025\/10\/WhatsApp-Image-2025-10-16-at-16.04.17-600x400.jpeg\" width=\"600\" height=\"400\" alt=\"WhatsApp Image 2025-10-16 at 16.04.17\" title=\"WhatsApp Image 2025-10-16 at 16.04.17\" loading=\"lazy\" \/><\/a><\/li><\/ul><\/div>\n\t\t<\/div> \n\t<\/div> \n\t\t\t<\/div> \n\t\t<\/div>\n\t<\/div> \n<\/div><\/div>\n","protected":false},"excerpt":{"rendered":"EN EN PT_BR \u00a0 EN EN PT_BR \u00a0 CASA ESCOLA VIVA Resid\u00eancia art\u00edstica ind\u00edgena Museu de Arte Moderna do Rio de Janeiro Outubro de 2025 A resid\u00eancia art\u00edstica ind\u00edgena Casa Escola Viva convidou 10 artistas, 2 de cada uma das Escolas Vivas, e seus coordenadores a criarem, refletirem e conversarem, ao longo de 15 dias, sobre seus fazeres art\u00edsticos e coletivos no Bloco Escola no Museu de Arte Moderna do Rio de Janeiro (MAM Rio). Casa Escola Viva foi uma extens\u00e3o do projeto das Escolas Vivas no intuito de animar artistas a dialogarem com o mundo de fora dos territ\u00f3rios, enquanto desenharam, pintaram, experimentaram, trocaram e aprofundaram conhecimentos de suas culturas. Ao final do processo, entre os dias 23 e 24 de outubro, a resid\u00eancia abriu suas portas para visita\u00e7\u00e3o do p\u00fablico. Casa Escola Viva foi tamb\u00e9m um desdobramento da exposi\u00e7\u00e3o Viva Viva Escola Viva, que aconteceu na Casa Fran\u00e7a-Brasil, entre 2 de dezembro de 2023 e 28 de janeiro...","protected":false},"author":2,"featured_media":8779,"parent":0,"menu_order":0,"comment_status":"closed","ping_status":"closed","template":"","meta":{"_acf_changed":false,"footnotes":""},"class_list":["post-8773","page","type-page","status-publish","has-post-thumbnail"],"acf":[],"yoast_head":"<!-- This site is optimized with the Yoast SEO plugin v27.1.1 - https:\/\/yoast.com\/product\/yoast-seo-wordpress\/ -->\n<title>Resid\u00eancia Casa Escola Viva - Selvagem<\/title>\n<meta name=\"description\" content=\"A resid\u00eancia art\u00edstica ind\u00edgena Casa Escola Viva convidou 10 artistas, 2 de cada uma das Escolas Vivas.\" \/>\n<meta name=\"robots\" content=\"index, follow, max-snippet:-1, max-image-preview:large, max-video-preview:-1\" \/>\n<link rel=\"canonical\" href=\"https:\/\/selvagemciclo.org.br\/en\/residencia-casa-escola-viva\/\" \/>\n<meta property=\"og:locale\" content=\"en_GB\" \/>\n<meta property=\"og:type\" content=\"article\" \/>\n<meta property=\"og:title\" content=\"Casa Escola Viva\" \/>\n<meta property=\"og:description\" content=\"A resid\u00eancia art\u00edstica ind\u00edgena Casa Escola Viva convidou 10 artistas, 2 de cada uma das Escolas Vivas.\" \/>\n<meta property=\"og:url\" content=\"https:\/\/selvagemciclo.org.br\/en\/residencia-casa-escola-viva\/\" \/>\n<meta property=\"og:site_name\" content=\"Selvagem\" \/>\n<meta property=\"article:modified_time\" content=\"2026-03-17T17:12:17+00:00\" \/>\n<meta property=\"og:image\" content=\"https:\/\/selvagemciclo.org.br\/wp-content\/uploads\/2025\/09\/id_CasaEscolaViva-1.png\" \/>\n\t<meta property=\"og:image:width\" content=\"400\" \/>\n\t<meta property=\"og:image:height\" content=\"400\" \/>\n\t<meta property=\"og:image:type\" content=\"image\/png\" \/>\n<meta name=\"twitter:card\" content=\"summary_large_image\" \/>\n<meta name=\"twitter:label1\" content=\"Estimated reading time\" \/>\n\t<meta name=\"twitter:data1\" content=\"26 minutes\" \/>\n<script type=\"application\/ld+json\" class=\"yoast-schema-graph\">{\"@context\":\"https:\/\/schema.org\",\"@graph\":[{\"@type\":\"WebPage\",\"@id\":\"https:\/\/selvagemciclo.org.br\/residencia-casa-escola-viva\/\",\"url\":\"https:\/\/selvagemciclo.org.br\/residencia-casa-escola-viva\/\",\"name\":\"Resid\u00eancia Casa Escola Viva - Selvagem\",\"isPartOf\":{\"@id\":\"https:\/\/selvagemciclo.org.br\/#website\"},\"primaryImageOfPage\":{\"@id\":\"https:\/\/selvagemciclo.org.br\/residencia-casa-escola-viva\/#primaryimage\"},\"image\":{\"@id\":\"https:\/\/selvagemciclo.org.br\/residencia-casa-escola-viva\/#primaryimage\"},\"thumbnailUrl\":\"https:\/\/selvagemciclo.org.br\/wp-content\/uploads\/2025\/09\/id_CasaEscolaViva-1.png\",\"datePublished\":\"2025-09-29T20:53:52+00:00\",\"dateModified\":\"2026-03-17T17:12:17+00:00\",\"description\":\"A resid\u00eancia art\u00edstica ind\u00edgena Casa Escola Viva convidou 10 artistas, 2 de cada uma das Escolas Vivas.\",\"breadcrumb\":{\"@id\":\"https:\/\/selvagemciclo.org.br\/residencia-casa-escola-viva\/#breadcrumb\"},\"inLanguage\":\"en-GB\",\"potentialAction\":[{\"@type\":\"ReadAction\",\"target\":[\"https:\/\/selvagemciclo.org.br\/residencia-casa-escola-viva\/\"]}]},{\"@type\":\"ImageObject\",\"inLanguage\":\"en-GB\",\"@id\":\"https:\/\/selvagemciclo.org.br\/residencia-casa-escola-viva\/#primaryimage\",\"url\":\"https:\/\/selvagemciclo.org.br\/wp-content\/uploads\/2025\/09\/id_CasaEscolaViva-1.png\",\"contentUrl\":\"https:\/\/selvagemciclo.org.br\/wp-content\/uploads\/2025\/09\/id_CasaEscolaViva-1.png\",\"width\":400,\"height\":400},{\"@type\":\"BreadcrumbList\",\"@id\":\"https:\/\/selvagemciclo.org.br\/residencia-casa-escola-viva\/#breadcrumb\",\"itemListElement\":[{\"@type\":\"ListItem\",\"position\":1,\"name\":\"In\u00edcio\",\"item\":\"https:\/\/selvagemciclo.org.br\/\"},{\"@type\":\"ListItem\",\"position\":2,\"name\":\"Resid\u00eancia Casa Escola Viva\"}]},{\"@type\":\"WebSite\",\"@id\":\"https:\/\/selvagemciclo.org.br\/#website\",\"url\":\"https:\/\/selvagemciclo.org.br\/\",\"name\":\"Selvagem\",\"description\":\"Ciclo de estudos sobre a vida\",\"publisher\":{\"@id\":\"https:\/\/selvagemciclo.org.br\/#organization\"},\"potentialAction\":[{\"@type\":\"SearchAction\",\"target\":{\"@type\":\"EntryPoint\",\"urlTemplate\":\"https:\/\/selvagemciclo.org.br\/?s={search_term_string}\"},\"query-input\":{\"@type\":\"PropertyValueSpecification\",\"valueRequired\":true,\"valueName\":\"search_term_string\"}}],\"inLanguage\":\"en-GB\"},{\"@type\":\"Organization\",\"@id\":\"https:\/\/selvagemciclo.org.br\/#organization\",\"name\":\"Selvagem\",\"url\":\"https:\/\/selvagemciclo.org.br\/\",\"logo\":{\"@type\":\"ImageObject\",\"inLanguage\":\"en-GB\",\"@id\":\"https:\/\/selvagemciclo.org.br\/#\/schema\/logo\/image\/\",\"url\":\"https:\/\/selvagemciclo.org.br\/wp-content\/uploads\/2026\/01\/cropped-ICONE_SELVAGEM_2026-1.png\",\"contentUrl\":\"https:\/\/selvagemciclo.org.br\/wp-content\/uploads\/2026\/01\/cropped-ICONE_SELVAGEM_2026-1.png\",\"width\":512,\"height\":512,\"caption\":\"Selvagem\"},\"image\":{\"@id\":\"https:\/\/selvagemciclo.org.br\/#\/schema\/logo\/image\/\"},\"sameAs\":[\"https:\/\/www.instagram.com\/selvagem_ciclodeestudos\/\",\"https:\/\/www.youtube.com\/@selvagemciclo8\"]}]}<\/script>\n<!-- \/ Yoast SEO plugin. -->","yoast_head_json":{"title":"Resid\u00eancia Casa Escola Viva - Selvagem","description":"A resid\u00eancia art\u00edstica ind\u00edgena Casa Escola Viva convidou 10 artistas, 2 de cada uma das Escolas Vivas.","robots":{"index":"index","follow":"follow","max-snippet":"max-snippet:-1","max-image-preview":"max-image-preview:large","max-video-preview":"max-video-preview:-1"},"canonical":"https:\/\/selvagemciclo.org.br\/en\/residencia-casa-escola-viva\/","og_locale":"en_GB","og_type":"article","og_title":"Casa Escola Viva","og_description":"A resid\u00eancia art\u00edstica ind\u00edgena Casa Escola Viva convidou 10 artistas, 2 de cada uma das Escolas Vivas.","og_url":"https:\/\/selvagemciclo.org.br\/en\/residencia-casa-escola-viva\/","og_site_name":"Selvagem","article_modified_time":"2026-03-17T17:12:17+00:00","og_image":[{"width":400,"height":400,"url":"https:\/\/selvagemciclo.org.br\/wp-content\/uploads\/2025\/09\/id_CasaEscolaViva-1.png","type":"image\/png"}],"twitter_card":"summary_large_image","twitter_misc":{"Estimated reading time":"26 minutes"},"schema":{"@context":"https:\/\/schema.org","@graph":[{"@type":"WebPage","@id":"https:\/\/selvagemciclo.org.br\/residencia-casa-escola-viva\/","url":"https:\/\/selvagemciclo.org.br\/residencia-casa-escola-viva\/","name":"Resid\u00eancia Casa Escola Viva - Selvagem","isPartOf":{"@id":"https:\/\/selvagemciclo.org.br\/#website"},"primaryImageOfPage":{"@id":"https:\/\/selvagemciclo.org.br\/residencia-casa-escola-viva\/#primaryimage"},"image":{"@id":"https:\/\/selvagemciclo.org.br\/residencia-casa-escola-viva\/#primaryimage"},"thumbnailUrl":"https:\/\/selvagemciclo.org.br\/wp-content\/uploads\/2025\/09\/id_CasaEscolaViva-1.png","datePublished":"2025-09-29T20:53:52+00:00","dateModified":"2026-03-17T17:12:17+00:00","description":"A resid\u00eancia art\u00edstica ind\u00edgena Casa Escola Viva convidou 10 artistas, 2 de cada uma das Escolas Vivas.","breadcrumb":{"@id":"https:\/\/selvagemciclo.org.br\/residencia-casa-escola-viva\/#breadcrumb"},"inLanguage":"en-GB","potentialAction":[{"@type":"ReadAction","target":["https:\/\/selvagemciclo.org.br\/residencia-casa-escola-viva\/"]}]},{"@type":"ImageObject","inLanguage":"en-GB","@id":"https:\/\/selvagemciclo.org.br\/residencia-casa-escola-viva\/#primaryimage","url":"https:\/\/selvagemciclo.org.br\/wp-content\/uploads\/2025\/09\/id_CasaEscolaViva-1.png","contentUrl":"https:\/\/selvagemciclo.org.br\/wp-content\/uploads\/2025\/09\/id_CasaEscolaViva-1.png","width":400,"height":400},{"@type":"BreadcrumbList","@id":"https:\/\/selvagemciclo.org.br\/residencia-casa-escola-viva\/#breadcrumb","itemListElement":[{"@type":"ListItem","position":1,"name":"In\u00edcio","item":"https:\/\/selvagemciclo.org.br\/"},{"@type":"ListItem","position":2,"name":"Resid\u00eancia Casa Escola Viva"}]},{"@type":"WebSite","@id":"https:\/\/selvagemciclo.org.br\/#website","url":"https:\/\/selvagemciclo.org.br\/","name":"Selvagem","description":"Ciclo de estudos sobre a vida","publisher":{"@id":"https:\/\/selvagemciclo.org.br\/#organization"},"potentialAction":[{"@type":"SearchAction","target":{"@type":"EntryPoint","urlTemplate":"https:\/\/selvagemciclo.org.br\/?s={search_term_string}"},"query-input":{"@type":"PropertyValueSpecification","valueRequired":true,"valueName":"search_term_string"}}],"inLanguage":"en-GB"},{"@type":"Organization","@id":"https:\/\/selvagemciclo.org.br\/#organization","name":"Selvagem","url":"https:\/\/selvagemciclo.org.br\/","logo":{"@type":"ImageObject","inLanguage":"en-GB","@id":"https:\/\/selvagemciclo.org.br\/#\/schema\/logo\/image\/","url":"https:\/\/selvagemciclo.org.br\/wp-content\/uploads\/2026\/01\/cropped-ICONE_SELVAGEM_2026-1.png","contentUrl":"https:\/\/selvagemciclo.org.br\/wp-content\/uploads\/2026\/01\/cropped-ICONE_SELVAGEM_2026-1.png","width":512,"height":512,"caption":"Selvagem"},"image":{"@id":"https:\/\/selvagemciclo.org.br\/#\/schema\/logo\/image\/"},"sameAs":["https:\/\/www.instagram.com\/selvagem_ciclodeestudos\/","https:\/\/www.youtube.com\/@selvagemciclo8"]}]}},"_links":{"self":[{"href":"https:\/\/selvagemciclo.org.br\/en\/wp-json\/wp\/v2\/pages\/8773","targetHints":{"allow":["GET"]}}],"collection":[{"href":"https:\/\/selvagemciclo.org.br\/en\/wp-json\/wp\/v2\/pages"}],"about":[{"href":"https:\/\/selvagemciclo.org.br\/en\/wp-json\/wp\/v2\/types\/page"}],"author":[{"embeddable":true,"href":"https:\/\/selvagemciclo.org.br\/en\/wp-json\/wp\/v2\/users\/2"}],"replies":[{"embeddable":true,"href":"https:\/\/selvagemciclo.org.br\/en\/wp-json\/wp\/v2\/comments?post=8773"}],"version-history":[{"count":24,"href":"https:\/\/selvagemciclo.org.br\/en\/wp-json\/wp\/v2\/pages\/8773\/revisions"}],"predecessor-version":[{"id":9964,"href":"https:\/\/selvagemciclo.org.br\/en\/wp-json\/wp\/v2\/pages\/8773\/revisions\/9964"}],"wp:featuredmedia":[{"embeddable":true,"href":"https:\/\/selvagemciclo.org.br\/en\/wp-json\/wp\/v2\/media\/8779"}],"wp:attachment":[{"href":"https:\/\/selvagemciclo.org.br\/en\/wp-json\/wp\/v2\/media?parent=8773"}],"curies":[{"name":"wp","href":"https:\/\/api.w.org\/{rel}","templated":true}]}}