{"id":7825,"date":"2025-06-23T20:40:39","date_gmt":"2025-06-23T23:40:39","guid":{"rendered":"https:\/\/selvagemciclo.org.br\/?page_id=7825"},"modified":"2026-04-13T16:13:29","modified_gmt":"2026-04-13T19:13:29","slug":"recado","status":"publish","type":"page","link":"https:\/\/selvagemciclo.org.br\/en\/recado\/","title":{"rendered":"Recado"},"content":{"rendered":"\n\t\t<div id=\"fws_69f7665410b46\"  data-column-margin=\"default\" data-midnight=\"dark\"  class=\"wpb_row vc_row-fluid vc_row\"  style=\"padding-top: 0px; padding-bottom: 0px; \"><div class=\"row-bg-wrap\" data-bg-animation=\"none\" data-bg-animation-delay=\"\" data-bg-overlay=\"false\"><div class=\"inner-wrap row-bg-layer\" ><div class=\"row-bg viewport-desktop\"  style=\"\"><\/div><\/div><\/div><div class=\"row_col_wrap_12 col span_12 dark left\">\n\t<div  class=\"vc_col-sm-12 wpb_column column_container vc_column_container col no-extra-padding inherit_tablet inherit_phone \"  data-padding-pos=\"all\" data-has-bg-color=\"false\" data-bg-color=\"\" data-bg-opacity=\"1\" data-animation=\"\" data-delay=\"0\" >\n\t\t<div class=\"vc_column-inner\" >\n\t\t\t<div class=\"wpb_wrapper\">\n\t\t\t\t\n\t\t<div id=\"mobile\"  data-column-margin=\"default\" data-midnight=\"dark\"  class=\"wpb_row vc_row-fluid vc_row full-width-content vc_row-o-equal-height vc_row-flex vc_row-o-content-middle vc_hidden-lg vc_hidden-md\"  style=\"padding-top: 20px; padding-bottom: 0px; \"><div class=\"row-bg-wrap\" data-bg-animation=\"none\" data-bg-animation-delay=\"\" data-bg-overlay=\"false\"><div class=\"inner-wrap row-bg-layer\" ><div class=\"row-bg viewport-desktop\"  style=\"\"><\/div><\/div><\/div><div class=\"row_col_wrap_12 col span_12 dark left\">\n\t<div  class=\"vc_col-sm-4 vc_col-xs-4 wpb_column column_container vc_column_container col no-extra-padding inherit_tablet padding-2-percent_phone \"  data-padding-pos=\"left\" data-has-bg-color=\"false\" data-bg-color=\"\" data-bg-opacity=\"1\" data-animation=\"\" data-delay=\"0\" >\n\t\t<div class=\"vc_column-inner\" >\n\t\t\t<div class=\"wpb_wrapper\">\n\t\t\t\t<div class=\"img-with-aniamtion-wrap \" data-max-width=\"50%\" data-max-width-mobile=\"100%\" data-shadow=\"none\" data-animation=\"none\" >\n      <div class=\"inner\">\n        <div class=\"hover-wrap\"> \n          <div class=\"hover-wrap-inner\">\n            <a href=\"\/home\" target=\"_self\" class=\"\">\n              <img loading=\"lazy\" decoding=\"async\" class=\"img-with-animation skip-lazy \" data-delay=\"0\" height=\"64\" width=\"234\" data-animation=\"none\" src=\"https:\/\/selvagemciclo.org.br\/wp-content\/uploads\/2025\/05\/small-btn-home_arrow.png\" alt=\"\" srcset=\"https:\/\/selvagemciclo.org.br\/wp-content\/uploads\/2025\/05\/small-btn-home_arrow.png 234w, https:\/\/selvagemciclo.org.br\/wp-content\/uploads\/2025\/05\/small-btn-home_arrow-18x5.png 18w\" sizes=\"auto, (max-width: 234px) 100vw, 234px\" \/>\n            <\/a>\n          <\/div>\n        <\/div>\n      <\/div>\n      <\/div>\n\t\t\t<\/div> \n\t\t<\/div>\n\t<\/div> \n\n\t<div  class=\"vc_col-sm-4 vc_col-xs-4 wpb_column column_container vc_column_container col centered-text padding-3-percent force-phone-text-align-center inherit_tablet inherit_phone \"  data-padding-pos=\"left\" data-has-bg-color=\"false\" data-bg-color=\"\" data-bg-opacity=\"1\" data-animation=\"\" data-delay=\"0\" >\n\t\t<div class=\"vc_column-inner\" >\n\t\t\t<div class=\"wpb_wrapper\">\n\t\t\t\t\n<div class=\"wpb_text_column wpb_content_element \" >\n\t<div class=\"wpb_wrapper\">\n\t\t<div class=\"trp_language_switcher_shortcode\">\n<div class=\"trp-language-switcher trp-language-switcher-container\" data-no-translation >\n    <div class=\"trp-ls-shortcode-current-language\">\n        <a href=\"#\" class=\"trp-ls-shortcode-disabled-language trp-ls-disabled-language\" title=\"English\" onclick=\"event.preventDefault()\">\n\t\t\t EN\t\t<\/a>\n    <\/div>\n    <div class=\"trp-ls-shortcode-language\">\n                <a href=\"#\" class=\"trp-ls-shortcode-disabled-language trp-ls-disabled-language\"  title=\"English\" onclick=\"event.preventDefault()\">\n\t\t\t EN\t\t<\/a>\n                    <a href=\"https:\/\/selvagemciclo.org.br\/en\/wp-json\/wp\/v2\/pages\/7825#TRPLINKPROCESSED\" title=\"Portuguese\">\n             PT_BR        <\/a>\n\n        <\/div>\n    <script type=\"application\/javascript\">\n        \/\/ need to have the same with set from JS on both divs. Otherwise it can push stuff around in HTML\n        var trp_ls_shortcodes = document.querySelectorAll('.trp_language_switcher_shortcode .trp-language-switcher');\n        if ( trp_ls_shortcodes.length > 0) {\n            \/\/ get the last language switcher added\n            var trp_el = trp_ls_shortcodes[trp_ls_shortcodes.length - 1];\n\n            var trp_shortcode_language_item = trp_el.querySelector( '.trp-ls-shortcode-language' )\n            \/\/ set width\n            var trp_ls_shortcode_width                                               = trp_shortcode_language_item.offsetWidth + 16;\n            trp_shortcode_language_item.style.width                                  = trp_ls_shortcode_width + 'px';\n            trp_el.querySelector( '.trp-ls-shortcode-current-language' ).style.width = trp_ls_shortcode_width + 'px';\n\n            \/\/ We're putting this on display: none after we have its width.\n            trp_shortcode_language_item.style.display = 'none';\n        }\n    <\/script>\n<\/div>\n<\/div>\n\t<\/div>\n<\/div>\n\n\n\n\n\t\t\t<\/div> \n\t\t<\/div>\n\t<\/div> \n\n\t<div  class=\"vc_col-sm-4 vc_col-xs-4 wpb_column column_container vc_column_container col centered-text no-extra-padding inherit_tablet inherit_phone \"  data-padding-pos=\"all\" data-has-bg-color=\"false\" data-bg-color=\"\" data-bg-opacity=\"1\" data-animation=\"\" data-delay=\"0\" >\n\t\t<div class=\"vc_column-inner\" >\n\t\t\t<div class=\"wpb_wrapper\">\n\t\t\t\t\n<div class=\"wpb_text_column wpb_content_element \" >\n\t<div class=\"wpb_wrapper\">\n\t\t<p style=\"text-align: center;\"><a href=\"\/agenda\"><img loading=\"lazy\" decoding=\"async\" class=\"alignnone wp-image-10392\" src=\"https:\/\/selvagemciclo.org.br\/wp-content\/uploads\/2025\/02\/agendaYT2-1-1024x950.png\" alt=\"Agenda Selvagem\" width=\"41\" height=\"38\" srcset=\"https:\/\/selvagemciclo.org.br\/wp-content\/uploads\/2025\/02\/agendaYT2-1-1024x950.png 1024w, https:\/\/selvagemciclo.org.br\/wp-content\/uploads\/2025\/02\/agendaYT2-1-300x278.png 300w, https:\/\/selvagemciclo.org.br\/wp-content\/uploads\/2025\/02\/agendaYT2-1-768x712.png 768w, https:\/\/selvagemciclo.org.br\/wp-content\/uploads\/2025\/02\/agendaYT2-1-1536x1424.png 1536w, https:\/\/selvagemciclo.org.br\/wp-content\/uploads\/2025\/02\/agendaYT2-1-2048x1899.png 2048w, https:\/\/selvagemciclo.org.br\/wp-content\/uploads\/2025\/02\/agendaYT2-1-13x12.png 13w\" sizes=\"auto, (max-width: 41px) 100vw, 41px\" \/><\/a><a href=\"\/contato\/\"><img loading=\"lazy\" decoding=\"async\" class=\"alignnone wp-image-6808\" src=\"https:\/\/selvagemciclo.org.br\/wp-content\/uploads\/2025\/02\/cartinha-2025.png\" alt=\"\" width=\"51\" height=\"40\" srcset=\"https:\/\/selvagemciclo.org.br\/wp-content\/uploads\/2025\/02\/cartinha-2025.png 70w, https:\/\/selvagemciclo.org.br\/wp-content\/uploads\/2025\/02\/cartinha-2025-15x12.png 15w\" sizes=\"auto, (max-width: 51px) 100vw, 51px\" \/><\/a> <a target=\"_blank\" href=\"https:\/\/www.youtube.com\/@selvagemciclo8\" rel=\"noopener\"><img loading=\"lazy\" decoding=\"async\" class=\"alignnone wp-image-6813\" src=\"https:\/\/selvagemciclo.org.br\/wp-content\/uploads\/2025\/02\/youtube-2025.png\" alt=\"\" width=\"40\" height=\"40\" srcset=\"https:\/\/selvagemciclo.org.br\/wp-content\/uploads\/2025\/02\/youtube-2025.png 55w, https:\/\/selvagemciclo.org.br\/wp-content\/uploads\/2025\/02\/youtube-2025-12x12.png 12w\" sizes=\"auto, (max-width: 40px) 100vw, 40px\" \/> <\/a><a target=\"_blank\" href=\"https:\/\/www.instagram.com\/selvagem_ciclodeestudos\/\" rel=\"noopener\"><img loading=\"lazy\" decoding=\"async\" class=\"alignnone wp-image-6812\" src=\"https:\/\/selvagemciclo.org.br\/wp-content\/uploads\/2025\/02\/insta-2025.png\" alt=\"\" width=\"40\" height=\"40\" srcset=\"https:\/\/selvagemciclo.org.br\/wp-content\/uploads\/2025\/02\/insta-2025.png 55w, https:\/\/selvagemciclo.org.br\/wp-content\/uploads\/2025\/02\/insta-2025-12x12.png 12w\" sizes=\"auto, (max-width: 40px) 100vw, 40px\" \/>\u00a0<\/a><\/p>\n\t<\/div>\n<\/div>\n\n\n\n\n\t\t\t<\/div> \n\t\t<\/div>\n\t<\/div> \n<\/div><\/div>\n\t\t<div id=\"fws_69f76654121fa\"  data-column-margin=\"default\" data-midnight=\"dark\"  class=\"wpb_row vc_row-fluid vc_row vc_hidden-sm vc_hidden-xs\"  style=\"padding-top: 20px; padding-bottom: 0px; \"><div class=\"row-bg-wrap\" data-bg-animation=\"none\" data-bg-animation-delay=\"\" data-bg-overlay=\"false\"><div class=\"inner-wrap row-bg-layer\" ><div class=\"row-bg viewport-desktop\"  style=\"\"><\/div><\/div><\/div><div class=\"row_col_wrap_12 col span_12 dark left\">\n\t<div  class=\"vc_col-sm-2\/5 wpb_column column_container vc_column_container col no-extra-padding inherit_tablet inherit_phone \"  data-padding-pos=\"all\" data-has-bg-color=\"false\" data-bg-color=\"\" data-bg-opacity=\"1\" data-animation=\"\" data-delay=\"0\" >\n\t\t<div class=\"vc_column-inner\" >\n\t\t\t<div class=\"wpb_wrapper\">\n\t\t\t\t<div id=\"fws_69f7665412320\" data-midnight=\"\" data-column-margin=\"default\" class=\"wpb_row vc_row-fluid vc_row inner_row\"  style=\"\"><div class=\"row-bg-wrap\"> <div class=\"row-bg\" ><\/div> <\/div><div class=\"row_col_wrap_12_inner col span_12  left\">\n\t<div  class=\"vc_col-sm-4 wpb_column column_container vc_column_container col child_column no-extra-padding inherit_tablet inherit_phone \"   data-padding-pos=\"all\" data-has-bg-color=\"false\" data-bg-color=\"\" data-bg-opacity=\"1\" data-animation=\"\" data-delay=\"0\" >\n\t\t<div class=\"vc_column-inner\" >\n\t\t<div class=\"wpb_wrapper\">\n\t\t\t\n\t<div class=\"wpb_raw_code wpb_content_element wpb_raw_html\" >\n\t\t<div class=\"wpb_wrapper\">\n\t\t\t<a href=\"javascript:history.back()\"><img decoding=\"async\" src=\"https:\/\/selvagemciclo.org.br\/wp-content\/uploads\/2026\/01\/small-btn-back_arrow.png\" alt=\"Back\" style=\"width:120px;height:33px;\"><\/a>\n\n\t\t<\/div>\n\t<\/div>\n\n\t\t<\/div> \n\t<\/div>\n\t<\/div> \n\n\t<div  class=\"vc_col-sm-4 wpb_column column_container vc_column_container col child_column no-extra-padding inherit_tablet inherit_phone \"   data-padding-pos=\"all\" data-has-bg-color=\"false\" data-bg-color=\"\" data-bg-opacity=\"1\" data-animation=\"\" data-delay=\"0\" >\n\t\t<div class=\"vc_column-inner\" >\n\t\t<div class=\"wpb_wrapper\">\n\t\t\t\n\t<div class=\"wpb_raw_code wpb_content_element wpb_raw_html\" >\n\t\t<div class=\"wpb_wrapper\">\n\t\t\t<a href=\"\/home\"><img decoding=\"async\" src=\"https:\/\/selvagemciclo.org.br\/wp-content\/uploads\/2025\/05\/small-btn-home_arrow.png\" alt=\"Home\" style=\"width:120px;height:33px;\"><\/a>\n\n\t\t<\/div>\n\t<\/div>\n\n\t\t<\/div> \n\t<\/div>\n\t<\/div> \n\n\t<div  class=\"vc_col-sm-4 wpb_column column_container vc_column_container col child_column no-extra-padding inherit_tablet inherit_phone \"   data-padding-pos=\"all\" data-has-bg-color=\"false\" data-bg-color=\"\" data-bg-opacity=\"1\" data-animation=\"\" data-delay=\"0\" >\n\t\t<div class=\"vc_column-inner\" >\n\t\t<div class=\"wpb_wrapper\">\n\t\t\t\n\t\t<\/div> \n\t<\/div>\n\t<\/div> \n<\/div><\/div>\n\t\t\t<\/div> \n\t\t<\/div>\n\t<\/div> \n\n\t<div  class=\"vc_col-sm-1\/5 wpb_column column_container vc_column_container col centered-text no-extra-padding inherit_tablet inherit_phone \"  data-padding-pos=\"all\" data-has-bg-color=\"false\" data-bg-color=\"\" data-bg-opacity=\"1\" data-animation=\"\" data-delay=\"0\" >\n\t\t<div class=\"vc_column-inner\" >\n\t\t\t<div class=\"wpb_wrapper\">\n\t\t\t\t\n\t\t\t<\/div> \n\t\t<\/div>\n\t<\/div> \n\n\t<div  class=\"vc_col-sm-1\/5 wpb_column column_container vc_column_container col centered-text padding-3-percent inherit_tablet inherit_phone \"  data-padding-pos=\"left\" data-has-bg-color=\"false\" data-bg-color=\"\" data-bg-opacity=\"1\" data-animation=\"\" data-delay=\"0\" >\n\t\t<div class=\"vc_column-inner\" >\n\t\t\t<div class=\"wpb_wrapper\">\n\t\t\t\t\n<div class=\"wpb_text_column wpb_content_element \" >\n\t<div class=\"wpb_wrapper\">\n\t\t<div class=\"trp_language_switcher_shortcode\">\n<div class=\"trp-language-switcher trp-language-switcher-container\" data-no-translation >\n    <div class=\"trp-ls-shortcode-current-language\">\n        <a href=\"#\" class=\"trp-ls-shortcode-disabled-language trp-ls-disabled-language\" title=\"English\" onclick=\"event.preventDefault()\">\n\t\t\t EN\t\t<\/a>\n    <\/div>\n    <div class=\"trp-ls-shortcode-language\">\n                <a href=\"#\" class=\"trp-ls-shortcode-disabled-language trp-ls-disabled-language\"  title=\"English\" onclick=\"event.preventDefault()\">\n\t\t\t EN\t\t<\/a>\n                    <a href=\"https:\/\/selvagemciclo.org.br\/en\/wp-json\/wp\/v2\/pages\/7825#TRPLINKPROCESSED\" title=\"Portuguese\">\n             PT_BR        <\/a>\n\n        <\/div>\n    <script type=\"application\/javascript\">\n        \/\/ need to have the same with set from JS on both divs. Otherwise it can push stuff around in HTML\n        var trp_ls_shortcodes = document.querySelectorAll('.trp_language_switcher_shortcode .trp-language-switcher');\n        if ( trp_ls_shortcodes.length > 0) {\n            \/\/ get the last language switcher added\n            var trp_el = trp_ls_shortcodes[trp_ls_shortcodes.length - 1];\n\n            var trp_shortcode_language_item = trp_el.querySelector( '.trp-ls-shortcode-language' )\n            \/\/ set width\n            var trp_ls_shortcode_width                                               = trp_shortcode_language_item.offsetWidth + 16;\n            trp_shortcode_language_item.style.width                                  = trp_ls_shortcode_width + 'px';\n            trp_el.querySelector( '.trp-ls-shortcode-current-language' ).style.width = trp_ls_shortcode_width + 'px';\n\n            \/\/ We're putting this on display: none after we have its width.\n            trp_shortcode_language_item.style.display = 'none';\n        }\n    <\/script>\n<\/div>\n<\/div>\n\t<\/div>\n<\/div>\n\n\n\n\n\t\t\t<\/div> \n\t\t<\/div>\n\t<\/div> \n\n\t<div  class=\"vc_col-sm-1\/5 wpb_column column_container vc_column_container col no-extra-padding inherit_tablet inherit_phone \"  data-padding-pos=\"all\" data-has-bg-color=\"false\" data-bg-color=\"\" data-bg-opacity=\"1\" data-animation=\"\" data-delay=\"0\" >\n\t\t<div class=\"vc_column-inner\" >\n\t\t\t<div class=\"wpb_wrapper\">\n\t\t\t\t\n<div class=\"wpb_text_column wpb_content_element \" >\n\t<div class=\"wpb_wrapper\">\n\t\t<p style=\"text-align: right;\"><a href=\"\/agenda\"><img loading=\"lazy\" decoding=\"async\" class=\"alignnone wp-image-10392\" src=\"https:\/\/selvagemciclo.org.br\/wp-content\/uploads\/2025\/02\/agendaYT2-1-1024x950.png\" alt=\"Agenda Selvagem\" width=\"41\" height=\"38\" srcset=\"https:\/\/selvagemciclo.org.br\/wp-content\/uploads\/2025\/02\/agendaYT2-1-1024x950.png 1024w, https:\/\/selvagemciclo.org.br\/wp-content\/uploads\/2025\/02\/agendaYT2-1-300x278.png 300w, https:\/\/selvagemciclo.org.br\/wp-content\/uploads\/2025\/02\/agendaYT2-1-768x712.png 768w, https:\/\/selvagemciclo.org.br\/wp-content\/uploads\/2025\/02\/agendaYT2-1-1536x1424.png 1536w, https:\/\/selvagemciclo.org.br\/wp-content\/uploads\/2025\/02\/agendaYT2-1-2048x1899.png 2048w, https:\/\/selvagemciclo.org.br\/wp-content\/uploads\/2025\/02\/agendaYT2-1-13x12.png 13w\" sizes=\"auto, (max-width: 41px) 100vw, 41px\" \/><\/a><a href=\"\/contato\/\"><img loading=\"lazy\" decoding=\"async\" class=\"alignnone wp-image-6808\" src=\"https:\/\/selvagemciclo.org.br\/wp-content\/uploads\/2025\/02\/cartinha-2025.png\" alt=\"\" width=\"51\" height=\"40\" srcset=\"https:\/\/selvagemciclo.org.br\/wp-content\/uploads\/2025\/02\/cartinha-2025.png 70w, https:\/\/selvagemciclo.org.br\/wp-content\/uploads\/2025\/02\/cartinha-2025-15x12.png 15w\" sizes=\"auto, (max-width: 51px) 100vw, 51px\" \/><\/a> <a target=\"_blank\" href=\"https:\/\/www.youtube.com\/@selvagemciclo8\" rel=\"noopener\"><img loading=\"lazy\" decoding=\"async\" class=\"alignnone wp-image-6813\" src=\"https:\/\/selvagemciclo.org.br\/wp-content\/uploads\/2025\/02\/youtube-2025.png\" alt=\"\" width=\"40\" height=\"40\" srcset=\"https:\/\/selvagemciclo.org.br\/wp-content\/uploads\/2025\/02\/youtube-2025.png 55w, https:\/\/selvagemciclo.org.br\/wp-content\/uploads\/2025\/02\/youtube-2025-12x12.png 12w\" sizes=\"auto, (max-width: 40px) 100vw, 40px\" \/> <\/a><a target=\"_blank\" href=\"https:\/\/www.instagram.com\/selvagem_ciclodeestudos\/\" rel=\"noopener\"><img loading=\"lazy\" decoding=\"async\" class=\"alignnone wp-image-6812\" src=\"https:\/\/selvagemciclo.org.br\/wp-content\/uploads\/2025\/02\/insta-2025.png\" alt=\"\" width=\"40\" height=\"40\" srcset=\"https:\/\/selvagemciclo.org.br\/wp-content\/uploads\/2025\/02\/insta-2025.png 55w, https:\/\/selvagemciclo.org.br\/wp-content\/uploads\/2025\/02\/insta-2025-12x12.png 12w\" sizes=\"auto, (max-width: 40px) 100vw, 40px\" \/>\u00a0<\/a><\/p>\n\t<\/div>\n<\/div>\n\n\n\n\n\t\t\t<\/div> \n\t\t<\/div>\n\t<\/div> \n<\/div><\/div>\n\n\t\t\t<\/div> \n\t\t<\/div>\n\t<\/div> \n<\/div><\/div>\n\t\t<div id=\"fws_69f7665412dc0\"  data-column-margin=\"default\" data-midnight=\"dark\"  class=\"wpb_row vc_row-fluid vc_row\"  style=\"padding-top: 0px; padding-bottom: 0px; \"><div class=\"row-bg-wrap\" data-bg-animation=\"none\" data-bg-animation-delay=\"\" data-bg-overlay=\"false\"><div class=\"inner-wrap row-bg-layer\" ><div class=\"row-bg viewport-desktop\"  style=\"\"><\/div><\/div><\/div><div class=\"row_col_wrap_12 col span_12 dark left\">\n\t<div  class=\"vc_col-sm-12 wpb_column column_container vc_column_container col no-extra-padding inherit_tablet inherit_phone \"  data-padding-pos=\"all\" data-has-bg-color=\"false\" data-bg-color=\"\" data-bg-opacity=\"1\" data-animation=\"\" data-delay=\"0\" >\n\t\t<div class=\"vc_column-inner\" >\n\t\t\t<div class=\"wpb_wrapper\">\n\t\t\t\t<div id=\"fws_69f7665412ecc\" data-midnight=\"\" data-column-margin=\"default\" class=\"wpb_row vc_row-fluid vc_row inner_row\"  style=\"\"><div class=\"row-bg-wrap\"> <div class=\"row-bg\" ><\/div> <\/div><div class=\"row_col_wrap_12_inner col span_12  left\">\n\t<div  class=\"vc_col-sm-1\/5 wpb_column column_container vc_column_container col child_column no-extra-padding inherit_tablet inherit_phone \"   data-padding-pos=\"all\" data-has-bg-color=\"false\" data-bg-color=\"\" data-bg-opacity=\"1\" data-animation=\"\" data-delay=\"0\" >\n\t\t<div class=\"vc_column-inner\" >\n\t\t<div class=\"wpb_wrapper\">\n\t\t\t\n\t\t<\/div> \n\t<\/div>\n\t<\/div> \n\n\t<div  class=\"vc_col-sm-1\/5 wpb_column column_container vc_column_container col child_column no-extra-padding inherit_tablet inherit_phone \"   data-padding-pos=\"all\" data-has-bg-color=\"false\" data-bg-color=\"\" data-bg-opacity=\"1\" data-animation=\"\" data-delay=\"0\" >\n\t\t<div class=\"vc_column-inner\" >\n\t\t<div class=\"wpb_wrapper\">\n\t\t\t\n\t\t<\/div> \n\t<\/div>\n\t<\/div> \n\n\t<div  class=\"vc_col-sm-1\/5 wpb_column column_container vc_column_container col child_column centered-text no-extra-padding inherit_tablet padding-8-percent_phone \"   data-padding-pos=\"all\" data-has-bg-color=\"false\" data-bg-color=\"\" data-bg-opacity=\"1\" data-animation=\"\" data-delay=\"0\" >\n\t\t<div class=\"vc_column-inner\" >\n\t\t<div class=\"wpb_wrapper\">\n\t\t\t<div class=\"img-with-aniamtion-wrap center\" data-max-width=\"100%\" data-max-width-mobile=\"default\" data-shadow=\"none\" data-animation=\"none\" >\n      <div class=\"inner\">\n        <div class=\"hover-wrap\"> \n          <div class=\"hover-wrap-inner\">\n            <img loading=\"lazy\" decoding=\"async\" class=\"img-with-animation skip-lazy  nectar-lazy\" data-delay=\"0\" height=\"2576\" width=\"4136\" data-animation=\"none\" data-nectar-img-src=\"https:\/\/selvagemciclo.org.br\/wp-content\/uploads\/2025\/06\/recado-1.png\" src=\"data:image\/svg+xml;charset=utf-8,%3Csvg%20xmlns%3D'http%3A%2F%2Fwww.w3.org%2F2000%2Fsvg'%20viewBox%3D'0%200%204136%202576'%2F%3E\" alt=\"\" data-nectar-img-srcset=\"https:\/\/selvagemciclo.org.br\/wp-content\/uploads\/2025\/06\/recado-1.png 4136w, https:\/\/selvagemciclo.org.br\/wp-content\/uploads\/2025\/06\/recado-1-300x187.png 300w, https:\/\/selvagemciclo.org.br\/wp-content\/uploads\/2025\/06\/recado-1-1024x638.png 1024w, https:\/\/selvagemciclo.org.br\/wp-content\/uploads\/2025\/06\/recado-1-768x478.png 768w, https:\/\/selvagemciclo.org.br\/wp-content\/uploads\/2025\/06\/recado-1-1536x957.png 1536w, https:\/\/selvagemciclo.org.br\/wp-content\/uploads\/2025\/06\/recado-1-2048x1276.png 2048w, https:\/\/selvagemciclo.org.br\/wp-content\/uploads\/2025\/06\/recado-1-18x12.png 18w\" sizes=\"auto, (max-width: 4136px) 100vw, 4136px\" \/>\n          <\/div>\n        <\/div>\n      <\/div>\n    <\/div>\n<div class=\"wpb_text_column wpb_content_element \" >\n\t<div class=\"wpb_wrapper\">\n\t\t<h5>RECADO<\/h5>\n\t<\/div>\n<\/div>\n\n\n\n\n\t\t<\/div> \n\t<\/div>\n\t<\/div> \n\n\t<div  class=\"vc_col-sm-1\/5 wpb_column column_container vc_column_container col child_column no-extra-padding inherit_tablet inherit_phone \"   data-padding-pos=\"all\" data-has-bg-color=\"false\" data-bg-color=\"\" data-bg-opacity=\"1\" data-animation=\"\" data-delay=\"0\" >\n\t\t<div class=\"vc_column-inner\" >\n\t\t<div class=\"wpb_wrapper\">\n\t\t\t\n\t\t<\/div> \n\t<\/div>\n\t<\/div> \n\n\t<div  class=\"vc_col-sm-1\/5 wpb_column column_container vc_column_container col child_column no-extra-padding inherit_tablet inherit_phone \"   data-padding-pos=\"all\" data-has-bg-color=\"false\" data-bg-color=\"\" data-bg-opacity=\"1\" data-animation=\"\" data-delay=\"0\" >\n\t\t<div class=\"vc_column-inner\" >\n\t\t<div class=\"wpb_wrapper\">\n\t\t\t\n\t\t<\/div> \n\t<\/div>\n\t<\/div> \n<\/div><\/div>\n\t\t\t<\/div> \n\t\t<\/div>\n\t<\/div> \n<\/div><\/div>\n\t\t<div id=\"fws_69f766541345b\"  data-column-margin=\"default\" data-midnight=\"dark\"  class=\"wpb_row vc_row-fluid vc_row\"  style=\"padding-top: 20px; padding-bottom: 20px; \"><div class=\"row-bg-wrap\" data-bg-animation=\"none\" data-bg-animation-delay=\"\" data-bg-overlay=\"false\"><div class=\"inner-wrap row-bg-layer\" ><div class=\"row-bg viewport-desktop\"  style=\"\"><\/div><\/div><\/div><div class=\"row_col_wrap_12 col span_12 dark left\">\n\t<div  class=\"vc_col-sm-2 wpb_column column_container vc_column_container col no-extra-padding inherit_tablet inherit_phone \"  data-padding-pos=\"all\" data-has-bg-color=\"false\" data-bg-color=\"\" data-bg-opacity=\"1\" data-animation=\"\" data-delay=\"0\" >\n\t\t<div class=\"vc_column-inner\" >\n\t\t\t<div class=\"wpb_wrapper\">\n\t\t\t\t\n\t\t\t<\/div> \n\t\t<\/div>\n\t<\/div> \n\n\t<div  class=\"vc_col-sm-8 wpb_column column_container vc_column_container col centered-text no-extra-padding inherit_tablet inherit_phone \"  data-padding-pos=\"all\" data-has-bg-color=\"false\" data-bg-color=\"\" data-bg-opacity=\"1\" data-animation=\"\" data-delay=\"0\" >\n\t\t<div class=\"vc_column-inner\" >\n\t\t\t<div class=\"wpb_wrapper\">\n\t\t\t\t\n<div class=\"wpb_text_column wpb_content_element \" >\n\t<div class=\"wpb_wrapper\">\n\t\t<div class=\"gmail_quote\">\n<div dir=\"ltr\">\n<div dir=\"ltr\">\n<p style=\"text-align: right;\"><i><span style=\"font-weight: 400;\">E \u00e9 ali geografia f\u00edsica e geografia humana que se expressam em recados.<br \/>\nAs mensagens n\u00e3o est\u00e3o ali simplesmente para se completarem quando passam de algu\u00e9m para outro,<br \/>\nmas est\u00e3o ali para passar de algu\u00e9m para outro e outrem e outrem e mais outro<\/span><\/i><span style=\"font-weight: 400;\">.<\/span><\/p>\n<p style=\"text-align: right;\"><span style=\"font-weight: 400;\">Jos\u00e9 Miguel Wisnik, <\/span><span style=\"font-weight: 400;\">Caderno Selvagem<em> <a href=\"https:\/\/selvagemciclo.org.br\/wp-content\/uploads\/2024\/12\/CADERNO101_JOSE_MIGUEL_WISNIK.pdf\">&#8220;Na Trilha do Sol<\/a>&#8220;.<\/em>\u00a0\u00a0<\/span><\/p>\n<p>&nbsp;<\/p>\n<p style=\"text-align: left;\"><span style=\"font-weight: 400;\"><strong>Falas que aderem aos ciclos de estudos e \u00e0s v\u00e1rias tem\u00e1ticas que atravessam a Selvagem. <\/strong><\/span><\/p>\n<p style=\"text-align: left;\"><span style=\"font-weight: 400;\">O recado \u00e9 um movimento, \u00e9 o estado da transmiss\u00e3o de uma mensagem que vem e que vai.<\/span><\/p>\n<p style=\"text-align: left;\"><span style=\"font-weight: 400;\">Em 24 de abril de 2024, Jos\u00e9 Miguel Wisnik trouxe um recado para o Selvagem Ciclo, no Teatro Oficina, atrav\u00e9s de <a href=\"https:\/\/youtu.be\/_nLRYcvxOLc\">sua fala<\/a> que colocou o <em>Recado do Morro<\/em>, de Jo\u00e3o Guimar\u00e3es Rosa, na trilha do Sol.<\/span><\/p>\n<p style=\"text-align: left;\"><span style=\"font-weight: 400;\">Assim como um recado, <strong>nossos materiais de estudo partem da oralidade<\/strong>, de algo que algu\u00e9m carrega em si mas, tamb\u00e9m, que faz parte do todo. \u00c9 o jeito de a oralidade se escrever no tempo e no espa\u00e7o. Pode ser tamb\u00e9m a maneira como os raios c\u00f3smicos do Sol atravessam o cosmos e os seres, deixando sua assinatura.\u00a0<\/span><\/p>\n<p style=\"text-align: left;\"><span style=\"font-weight: 400;\">O recado \u00e9, portanto, uma forma de comunica\u00e7\u00e3o que se vale de uma \u201crecadeira\u201d ou um \u201crecadeiro\u201d para ser passado adiante. \u00c9 uma canaliza\u00e7\u00e3o da informa\u00e7\u00e3o.\u00a0<\/span><\/p>\n<p style=\"text-align: left;\"><span style=\"font-weight: 400;\">S\u00e3o falas que trazem um aviso, uma vis\u00e3o, uma informa\u00e7\u00e3o, uma mensagem.<\/span><\/p>\n<p style=\"text-align: left;\">A <strong><a href=\"https:\/\/www.youtube.com\/playlist?list=PLYysvnBmz4S1hbZEIRXCuersllgKzKyLy\">playlist<\/a> <\/strong>com todas as falas est\u00e1 dispon\u00edvel no canal Selvagem.<\/p>\n<p style=\"text-align: left;\"><span style=\"font-weight: 400;\">Recebam nossos recados!<\/span><\/p>\n<\/div>\n<\/div>\n<\/div>\n\t<\/div>\n<\/div>\n\n\n\n\n\t\t\t<\/div> \n\t\t<\/div>\n\t<\/div> \n\n\t<div  class=\"vc_col-sm-2 wpb_column column_container vc_column_container col no-extra-padding inherit_tablet inherit_phone \"  data-padding-pos=\"all\" data-has-bg-color=\"false\" data-bg-color=\"\" data-bg-opacity=\"1\" data-animation=\"\" data-delay=\"0\" >\n\t\t<div class=\"vc_column-inner\" >\n\t\t\t<div class=\"wpb_wrapper\">\n\t\t\t\t\n\t\t\t<\/div> \n\t\t<\/div>\n\t<\/div> \n<\/div><\/div>\n\t\t<div id=\"fws_69f7665413843\"  data-column-margin=\"default\" data-midnight=\"dark\"  class=\"wpb_row vc_row-fluid vc_row\"  style=\"padding-top: 0px; padding-bottom: 0px; \"><div class=\"row-bg-wrap\" data-bg-animation=\"none\" data-bg-animation-delay=\"\" data-bg-overlay=\"false\"><div class=\"inner-wrap row-bg-layer\" ><div class=\"row-bg viewport-desktop\"  style=\"\"><\/div><\/div><\/div><div class=\"row_col_wrap_12 col span_12 dark left\">\n\t<div  class=\"vc_col-sm-12 wpb_column column_container vc_column_container col no-extra-padding inherit_tablet inherit_phone \"  data-padding-pos=\"all\" data-has-bg-color=\"false\" data-bg-color=\"\" data-bg-opacity=\"1\" data-animation=\"\" data-delay=\"0\" >\n\t\t<div class=\"vc_column-inner\" >\n\t\t\t<div class=\"wpb_wrapper\">\n\t\t\t\t\n\t<div class=\"wpb_content_element\" data-interval=\"0\">\n\t\t<div class=\"wpb_wrapper tabbed clearfix\" data-style=\"minimal_flexible\" data-animation=\"\" data-spacing=\"\" data-icon-size=\"24\" data-full-width-line=\"\" data-color-scheme=\"accent-color\" data-alignment=\"left\">\n\t\t\t<ul class=\"wpb_tabs_nav ui-tabs-nav clearfix\"><li class=\"tab-item active-tab\"><a role=\"button\" href=\"#tab-1776107365078-8\" class=\"active-tab\"><span>5 - CRIS TAKU\u00c1 e FRANCY BANIWA<\/span><\/a><\/li><li class=\"tab-item\"><a role=\"button\" href=\"#tab-1776107365198-5\" ><span>4 - ANA SANTOS<\/span><\/a><\/li><li class=\"tab-item\"><a role=\"button\" href=\"#tab-1776107365288-6\" ><span>3 - B\u00c1Y\u00d2 AKOMOLAFE<\/span><\/a><\/li><li class=\"tab-item\"><a role=\"button\" href=\"#tab-1776107365361-3\" ><span>2 - B\u00c1Y\u00d2 AKOMOLAFE<\/span><\/a><\/li><li class=\"tab-item\"><a role=\"button\" href=\"#tab-1776107365423-2\" ><span>1 - GLIC\u00c9RIA TUPINAMB\u00c1<\/span><\/a><\/li><li class=\"tab-item\"><a role=\"button\" href=\"#tab-1776107365694-1\" ><span>ALEMBERG QUINDINS<\/span><\/a><\/li><\/ul>\n\n\t\t\t\n\t\t\t<div id=\"tab-5-cris-takua-e-francy-baniwa\" data-tab-icon=\"\" class=\"wpb_tab ui-tabs-panel wpb_ui-tabs-hide clearfix\">\n\t\t\t\t<div id=\"fws_69f7665413e84\" data-midnight=\"\" data-column-margin=\"default\" class=\"wpb_row vc_row-fluid vc_row inner_row\"  style=\"\"><div class=\"row-bg-wrap\"> <div class=\"row-bg\" ><\/div> <\/div><div class=\"row_col_wrap_12_inner col span_12  left\">\n\t<div  class=\"vc_col-sm-12 wpb_column column_container vc_column_container col child_column no-extra-padding inherit_tablet inherit_phone \"   data-padding-pos=\"all\" data-has-bg-color=\"false\" data-bg-color=\"\" data-bg-opacity=\"1\" data-animation=\"\" data-delay=\"0\" >\n\t\t<div class=\"vc_column-inner\" >\n\t\t<div class=\"wpb_wrapper\">\n\t\t\t\n<div class=\"wpb_text_column wpb_content_element \" >\n\t<div class=\"wpb_wrapper\">\n\t\t<p><b>RECADO 5 &#8211; PR\u00c1TICAS COLETIVAS DAS ESCOLAS VIVAS<\/b><\/p>\n<p>\u201cTem pouco espa\u00e7o para desanimar. Muito mais sonhos e esperan\u00e7a.\u201d &#8211; Francy Baniwa<\/p>\n<p>\u201cEu vejo voc\u00ea caminhando entre os mundos, caminhando pra l\u00e1 e pra c\u00e1, mas inteiramente aqui.\u201d &#8211; Cristine Taku\u00e1 sobre Francy Baniwa<\/p>\n<p>O quinto Recado Selvagem nasceu na comunidade de Assun\u00e7\u00e3o do I\u00e7ana, no Alto Rio Negro, em maio de 2025, durante <strong>a<\/strong> <strong>inaugura\u00e7\u00e3o simb\u00f3lica da Escola Viva Baniwa<\/strong>, <strong>MADZEROKAI<\/strong>, coordenada por Francy Baniwa ao lado de Francisco Baniwa. Nesse territ\u00f3rio, Cristine Taku\u00e1, coordenadora do movimento das Escolas Vivas, foi recebida para um encontro de onde emergiu este recado.<\/p>\n<p>Na conversa, <strong>Francy e Cristine<\/strong> partilham aprendizados sobre o fortalecimento cultural e a constru\u00e7\u00e3o dos c\u00edrculos de afeto, destacando como as Escolas Vivas tecem pontes, animam as almas e lembram que o coletivo existe. Juntas, elas refletem sobre o papel da escuta dos mais velhos, a esperan\u00e7a que sustenta os sonhos e <strong>a for\u00e7a das pr\u00e1ticas comunais como caminho de resist\u00eancia e continuidade<\/strong>.<\/p>\n<p><iframe loading=\"lazy\" title=\"RECADO 5 - PR\u00c1TICAS COLETIVAS DAS ESCOLAS VIVAS - Francy Baniwa e Cristine Taku\u00e1\" width=\"1080\" height=\"608\" src=\"https:\/\/www.youtube.com\/embed\/FA4STNgbtPk?feature=oembed\" frameborder=\"0\" allow=\"accelerometer; autoplay; clipboard-write; encrypted-media; gyroscope; picture-in-picture; web-share\" referrerpolicy=\"strict-origin-when-cross-origin\" allowfullscreen><\/iframe><\/p>\n<p>CRISTINE TAKU\u00c1, do povo Maxakali, \u00e9 uma pensadora, aprendiz de parteira e educadora. \u00c9 formada em Filosofia pela Unesp e foi professora por doze anos na Escola Estadual Ind\u00edgena Txeru Ba\u2019e Kuai\u2019. Atualmente \u00e9 coordenadora das Escolas Vivas e integra o conselho da Associa\u00e7\u00e3o Selvagem. Cristine \u00e9 representante do NEI (N\u00facleo de Educa\u00e7\u00e3o Ind\u00edgena) dentro da Secretaria de Educa\u00e7\u00e3o do Estado de S\u00e3o Paulo e membro fundadora do FAPISP (F\u00f3rum de articula\u00e7\u00e3o dos professores ind\u00edgenas do Estado de S\u00e3o Paulo). Faz parte do Instituto Marac\u00e1, que est\u00e1 fazendo a gest\u00e3o compartilhada do Museu das Culturas Ind\u00edgenas em S\u00e3o Paulo. Vive na Terra Ind\u00edgena Ribeir\u00e3o Silveira, localizada na divisa dos munic\u00edpios de Bertioga e S\u00e3o Sebasti\u00e3o, no estado de S\u00e3o Paulo, com seu companheiro, Carlos Pap\u00e1, e seus filhos Djeguak\u00e1 e Kau\u00ea.<\/p>\n<p>FRANCY BANIWA \u00e9 mulher ind\u00edgena, antrop\u00f3loga, fot\u00f3grafa e pesquisadora do povo Baniwa, do cl\u00e3 Waliperedakeenai, nascida na comunidade de Assun\u00e7\u00e3o, no Baixo Rio I\u00e7ana, na Terra Ind\u00edgena Alto Rio Negro, munic\u00edpio de S\u00e3o Gabriel da Cachoeira \u2013 AM. Engajada nas organiza\u00e7\u00f5es e no movimento ind\u00edgena do Rio Negro h\u00e1 uma d\u00e9cada, atua, trabalha e pesquisa nas \u00e1reas de etnologia ind\u00edgena, g\u00eanero, organiza\u00e7\u00f5es ind\u00edgenas, conhecimento tradicional, mem\u00f3ria, narrativa, fotografia e audiovisual. \u00c9 graduada em Licenciatura em Sociologia (2016) pela Universidade Federal do Amazonas (Ufam). \u00c9 mestra (2019) e doutoranda em Antropologia Social pelo Museu Nacional da Universidade Federal do Rio de Janeiro (PPGAS-MN\/UFRJ). \u00c9 diretora do document\u00e1rio Kupix\u00e1 asui pe\u00e9 it\u00e1 \u2014 A ro\u00e7a e seus caminhos, de 2020. Atualmente coordena o projeto ecol\u00f3gico pioneiro de produ\u00e7\u00e3o de absorventes de pano Amaronai It\u00e1 \u2013 Kunhait\u00e1 Kitiwara, financiado pelo Fundo Ind\u00edgena do Rio Negro (FIRN\/FOIRN), pelo empoderamento e dignidade menstrual das mulheres do territ\u00f3rio ind\u00edgena alto-rio-negrino. \u00c9 autora do livro &#8220;Umbigo do Mundo&#8221;, escrito a partir das narra\u00e7\u00f5es de seu pai, Francisco Fontes Baniwa, e ilustrado por seu irm\u00e3o, Frank Fontes Baniwa \u2013 lan\u00e7ado pela Dantes Editora em 2023.<\/p>\n\t<\/div>\n<\/div>\n\n\n\n\n\t\t<\/div> \n\t<\/div>\n\t<\/div> \n<\/div><\/div><div id=\"fws_69f7665414149\" data-midnight=\"\" data-column-margin=\"default\" class=\"wpb_row vc_row-fluid vc_row inner_row\"  style=\"padding-top: 30px; \"><div class=\"row-bg-wrap\"> <div class=\"row-bg\" ><\/div> <\/div><div class=\"row_col_wrap_12_inner col span_12  left\">\n\t<div  class=\"vc_col-sm-12 wpb_column column_container vc_column_container col child_column no-extra-padding inherit_tablet inherit_phone \"   data-padding-pos=\"all\" data-has-bg-color=\"false\" data-bg-color=\"\" data-bg-opacity=\"1\" data-animation=\"\" data-delay=\"0\" >\n\t\t<div class=\"vc_column-inner\" >\n\t\t<div class=\"wpb_wrapper\">\n\t\t\t\n<div class=\"wpb_text_column wpb_content_element \" >\n\t<div class=\"wpb_wrapper\">\n\t\t<h5>CR\u00c9DITOS<\/h5>\n<p>Filmagem: Digo Fi\u00e3es<\/p>\n<p>Edi\u00e7\u00e3o e finaliza\u00e7\u00e3o: Caleidosk\u00f3pica Produ\u00e7\u00f5es<\/p>\n<p>Agradecemos a Djeguak\u00e1, Kau\u00ea, Carlos Pap\u00e1, Carla Wisu, Francisco Pontes Baniwa e a toda a comunidade da Escola Viva Baniwa, os s\u00e1bios e s\u00e1bias, coordenadoria Nadzoeri e os professores e professoras da aldeia Assun\u00e7\u00e3o do Rio I\u00e7ana.<\/p>\n<p><span style=\"font-weight: 400;\">Realiza\u00e7\u00e3o: <\/span><span style=\"font-weight: 400;\">Selvagem<\/span><\/p>\n\t<\/div>\n<\/div>\n\n\n\n\n\t\t<\/div> \n\t<\/div>\n\t<\/div> \n<\/div><\/div>\n\t\t\t<\/div> \n\t\t\t<div id=\"tab-4-ana-santos\" data-tab-icon=\"\" class=\"wpb_tab ui-tabs-panel wpb_ui-tabs-hide clearfix\">\n\t\t\t\t<div id=\"fws_69f76654143b5\" data-midnight=\"\" data-column-margin=\"default\" class=\"wpb_row vc_row-fluid vc_row inner_row\"  style=\"\"><div class=\"row-bg-wrap\"> <div class=\"row-bg\" ><\/div> <\/div><div class=\"row_col_wrap_12_inner col span_12  left\">\n\t<div  class=\"vc_col-sm-12 wpb_column column_container vc_column_container col child_column no-extra-padding inherit_tablet inherit_phone \"   data-padding-pos=\"all\" data-has-bg-color=\"false\" data-bg-color=\"\" data-bg-opacity=\"1\" data-animation=\"\" data-delay=\"0\" >\n\t\t<div class=\"vc_column-inner\" >\n\t\t<div class=\"wpb_wrapper\">\n\t\t\t\n<div class=\"wpb_text_column wpb_content_element \" >\n\t<div class=\"wpb_wrapper\">\n\t\t<p><b>RECADO 4 &#8211; PRECISAMOS DAR CONTA E ESTAR SEMPRE PRONTA<\/b><\/p>\n<p>\u201cE n\u00e3o d\u00e1 pra morar e plantar? Plantar. Morar. Plantar pelo clima, plantar por soberania, plantar por alimento, plantar por esperan\u00e7a&#8230;\u201d<\/p>\n<p>Nesse quarto Recado, <strong>Ana Paula da Cruz Santos<\/strong> compartilha mem\u00f3rias da inf\u00e2ncia e da for\u00e7a das mulheres de sua fam\u00edlia, entrela\u00e7ando quintais, ervas e afetos ao presente de luta e cria\u00e7\u00e3o em rede na Serra da Miseric\u00f3rdia, no Rio de Janeiro, especialmente na busca por <strong>autonomia alimentar<\/strong>.<\/p>\n<p><iframe loading=\"lazy\" title=\"RECADO 4 - PRECISAMOS DAR CONTA E ESTAR SEMPRE PRONTA - Ana Santos\" width=\"1080\" height=\"608\" src=\"https:\/\/www.youtube.com\/embed\/QAcFTPDx7zY?feature=oembed\" frameborder=\"0\" allow=\"accelerometer; autoplay; clipboard-write; encrypted-media; gyroscope; picture-in-picture; web-share\" referrerpolicy=\"strict-origin-when-cross-origin\" allowfullscreen><\/iframe><\/p>\n<p>ANA SANTOS \u00e9 mulher preta, feminista, militante e insistente, mestra em cozinha agroecol\u00f3gica e cofundadora do Centro de Integra\u00e7\u00e3o da Serra da Miseric\u00f3rdia (CEM), no Complexo da Penha, Zona Norte do Rio. Sua atua\u00e7\u00e3o \u00e9 voltada ao fortalecimento da soberania alimentar feminista, antirracista e emancipat\u00f3ria, construindo caminhos de bem viver na favela. Neta e filha de agricultores, nasceu no Morro do Puri, em Nil\u00f3polis, na Baixada Fluminense, onde cresceu entre alimentos e ervas medicinais cultivados pela fam\u00edlia. Compreende a agricultura n\u00e3o apenas como subsist\u00eancia, mas como projeto de trabalho, cura, cria\u00e7\u00e3o de rede e realiza\u00e7\u00e3o de sonhos.<\/p>\n\t<\/div>\n<\/div>\n\n\n\n\n\t\t<\/div> \n\t<\/div>\n\t<\/div> \n<\/div><\/div><div id=\"fws_69f76654145d6\" data-midnight=\"\" data-column-margin=\"default\" class=\"wpb_row vc_row-fluid vc_row inner_row\"  style=\"padding-top: 30px; \"><div class=\"row-bg-wrap\"> <div class=\"row-bg\" ><\/div> <\/div><div class=\"row_col_wrap_12_inner col span_12  left\">\n\t<div  class=\"vc_col-sm-12 wpb_column column_container vc_column_container col child_column no-extra-padding inherit_tablet inherit_phone \"   data-padding-pos=\"all\" data-has-bg-color=\"false\" data-bg-color=\"\" data-bg-opacity=\"1\" data-animation=\"\" data-delay=\"0\" >\n\t\t<div class=\"vc_column-inner\" >\n\t\t<div class=\"wpb_wrapper\">\n\t\t\t\n<div class=\"wpb_text_column wpb_content_element \" >\n\t<div class=\"wpb_wrapper\">\n\t\t<h5>CR\u00c9DITOS<\/h5>\n<p><span style=\"font-weight: 400;\">Dire\u00e7\u00e3o: <\/span><span style=\"font-weight: 400;\">Anna Dantes<\/span><\/p>\n<p><span style=\"font-weight: 400;\">Produ\u00e7\u00e3o: <\/span><span style=\"font-weight: 400;\">Madeleine Deschamps<\/span><\/p>\n<p><span style=\"font-weight: 400;\">Filmagem e finaliza\u00e7\u00e3o: <\/span><span style=\"font-weight: 400;\">Rocca Filmes<\/span><\/p>\n<p><span style=\"font-weight: 400;\">Trilha sonora: <\/span><span style=\"font-weight: 400;\">Grupo Uirapuru &#8211; Orquestra de Barro: Tercio Araripe, Bob Pessoa e Macaio Upecor<\/span><\/p>\n<p><span style=\"font-weight: 400;\">Agradecimentos: Centro de Integra\u00e7\u00e3o na Serra da Miseric\u00f3rdia, Rede Carioca de Agricultura Urbana, Coletivo Mulheres em A\u00e7\u00e3o na Serra da Miseric\u00f3rdia, <\/span><span style=\"font-weight: 400;\">Ana Paula da Cruz Santos, sua m\u00e3e Rosangela Maria da Cruz, seus av\u00f3s Guaraciaba dos Santos e Ivonete Ferreira. <\/span><\/p>\n<p><span style=\"font-weight: 400;\">Realiza\u00e7\u00e3o: <\/span><span style=\"font-weight: 400;\">Selvagem<\/span><\/p>\n\t<\/div>\n<\/div>\n\n\n\n\n\t\t<\/div> \n\t<\/div>\n\t<\/div> \n<\/div><\/div>\n\t\t\t<\/div> \n\t\t\t<div id=\"tab-3-bayo-akomolafe\" data-tab-icon=\"\" class=\"wpb_tab ui-tabs-panel wpb_ui-tabs-hide clearfix\">\n\t\t\t\t<div id=\"fws_69f76654148e5\" data-midnight=\"\" data-column-margin=\"default\" class=\"wpb_row vc_row-fluid vc_row inner_row\"  style=\"\"><div class=\"row-bg-wrap\"> <div class=\"row-bg\" ><\/div> <\/div><div class=\"row_col_wrap_12_inner col span_12  left\">\n\t<div  class=\"vc_col-sm-12 wpb_column column_container vc_column_container col child_column no-extra-padding inherit_tablet inherit_phone \"   data-padding-pos=\"all\" data-has-bg-color=\"false\" data-bg-color=\"\" data-bg-opacity=\"1\" data-animation=\"\" data-delay=\"0\" >\n\t\t<div class=\"vc_column-inner\" >\n\t\t<div class=\"wpb_wrapper\">\n\t\t\t\n<div class=\"wpb_text_column wpb_content_element \" >\n\t<div class=\"wpb_wrapper\">\n\t\t<p><b>RECADO 3 &#8211; \u00ccJ\u00c0P\u00c1 E A ARANHA: O QUE FAZER QUANDO N\u00c3O SOMOS MAIS BEM-VINDOS?<\/b><\/p>\n<p>\u201cTem coisas que temos que fazer coletivamente, como esp\u00e9cie, sobre as quais a modernidade n\u00e3o sabe nada. Temos que nos perder juntos. O povo Iorub\u00e1 diz: \u2018<strong>Para encontrar seu caminho, voc\u00ea precisa perd\u00ea-lo<\/strong>\u2019.\u201d<\/p>\n<p>Nesse terceiro Recado, <strong>B\u00e1y\u00f2 Ak\u00f3mol\u00e1f\u00e9<\/strong> traz mais uma narrativa do povo Iorub\u00e1 sobre a tartaruga \u00ccj\u00e0p\u00e1. Dessa vez, em uma \u00e9poca de fome no reino animal, \u00ccj\u00e0p\u00e1 e a aranha se trapaceiam para n\u00e3o precisar oferecer hospitalidade e alimento uma \u00e0 outra.<\/p>\n<p>A partir dessa hist\u00f3ria, B\u00e1y\u00f2 reflete sobre <strong>a perda da hospitalidade e dos espa\u00e7os a habitar no mundo<\/strong>. O pensador tamb\u00e9m compartilha um aprendizado que teve com seu filho de 7 anos, que \u00e9 autista, sobre a import\u00e2ncia de agir al\u00e9m das conven\u00e7\u00f5es da sociedade moderna.<\/p>\n<p><iframe loading=\"lazy\" title=\"RECADO 3 - \u00ccJ\u00c0P\u00c1 E A ARANHA: O QUE FAZER QUANDO N\u00c3O SOMOS MAIS BEM-VINDOS? - B\u00e1y\u00f2 Ak\u00f3mol\u00e1f\u00e9\" width=\"1080\" height=\"608\" src=\"https:\/\/www.youtube.com\/embed\/2oPe7Q9cnfQ?feature=oembed\" frameborder=\"0\" allow=\"accelerometer; autoplay; clipboard-write; encrypted-media; gyroscope; picture-in-picture; web-share\" referrerpolicy=\"strict-origin-when-cross-origin\" allowfullscreen><\/iframe><\/p>\n<p><span style=\"font-weight: 400;\">B\u00c1Y\u00d2 AK\u00d3MOL\u00c1F\u00c9, guiado por cosmologias iorub\u00e1 em um mundo mais que humano, \u00e9 o pai de Alethea e Kyah e companheiro de vida de Ije. B\u00e1y\u00f2 (PhD) \u00e9 fil\u00f3sofo, escritor, ativista, professor, pensador p\u00f3s-humanista e palestrante amplamente celebrado, fundador da The Emergence Network, uma rede de artistas e pensadores que buscam novas aberturas para antigos problemas. \u00c9 tamb\u00e9m poeta e autor dos livros <\/span><i><span style=\"font-weight: 400;\">These Wilds Beyond our Fences: Letters to My Daughter on Humanity&#8217;s Search for Home<\/span><\/i><span style=\"font-weight: 400;\"> (North Atlantic Books, 2017) e <\/span><i><span style=\"font-weight: 400;\">We Will Tell Our Own Story: The Lions of Africa Speak!<\/span><\/i><span style=\"font-weight: 400;\"> (Universal Write Publications LLC, 2017).<\/span><\/p>\n\t<\/div>\n<\/div>\n\n\n\n\n\t\t<\/div> \n\t<\/div>\n\t<\/div> \n<\/div><\/div><div id=\"fws_69f7665414b66\" data-midnight=\"\" data-column-margin=\"default\" class=\"wpb_row vc_row-fluid vc_row inner_row\"  style=\"padding-top: 30px; \"><div class=\"row-bg-wrap\"> <div class=\"row-bg\" ><\/div> <\/div><div class=\"row_col_wrap_12_inner col span_12  left\">\n\t<div  class=\"vc_col-sm-12 wpb_column column_container vc_column_container col child_column no-extra-padding inherit_tablet inherit_phone \"   data-padding-pos=\"all\" data-has-bg-color=\"false\" data-bg-color=\"\" data-bg-opacity=\"1\" data-animation=\"\" data-delay=\"0\" >\n\t\t<div class=\"vc_column-inner\" >\n\t\t<div class=\"wpb_wrapper\">\n\t\t\t\n<div class=\"wpb_text_column wpb_content_element \" >\n\t<div class=\"wpb_wrapper\">\n\t\t<h5>CR\u00c9DITOS<\/h5>\n<p><span style=\"font-weight: 400;\">Dire\u00e7\u00e3o: <\/span><span style=\"font-weight: 400;\">Anna Dantes<\/span><\/p>\n<p><span style=\"font-weight: 400;\">Produ\u00e7\u00e3o: <\/span><span style=\"font-weight: 400;\">Madeleine Deschamps<\/span><\/p>\n<p><span style=\"font-weight: 400;\">Filmagem e finaliza\u00e7\u00e3o: <\/span><span style=\"font-weight: 400;\">Rocca Filmes<\/span><\/p>\n<p><span style=\"font-weight: 400;\">Trilha sonora: <\/span><span style=\"font-weight: 400;\">Grupo Uirapuru &#8211; Orquestra de Barro: Tercio Araripe, Bob Pessoa e Macaio Upecor<\/span><\/p>\n<p><span style=\"font-weight: 400;\">Agradecimentos: <\/span><span style=\"font-weight: 400;\">Ana Clara Cenamo, Eco Universidade, Maria Clara Parente, Projeto Regenerar, Simbi\u00f3tica Filmes, Spanda Produtora e Thais Pacheco Mantovani<\/span><\/p>\n<p><span style=\"font-weight: 400;\">Realiza\u00e7\u00e3o: <\/span><span style=\"font-weight: 400;\">Selvagem<\/span><\/p>\n\t<\/div>\n<\/div>\n\n\n\n\n\t\t<\/div> \n\t<\/div>\n\t<\/div> \n<\/div><\/div>\n\t\t\t<\/div> \n\t\t\t<div id=\"tab-2-bayo-akomolafe\" data-tab-icon=\"\" class=\"wpb_tab ui-tabs-panel wpb_ui-tabs-hide clearfix\">\n\t\t\t\t<div id=\"fws_69f7665414e62\" data-midnight=\"\" data-column-margin=\"default\" class=\"wpb_row vc_row-fluid vc_row inner_row\"  style=\"\"><div class=\"row-bg-wrap\"> <div class=\"row-bg\" ><\/div> <\/div><div class=\"row_col_wrap_12_inner col span_12  left\">\n\t<div  class=\"vc_col-sm-12 wpb_column column_container vc_column_container col child_column no-extra-padding inherit_tablet inherit_phone \"   data-padding-pos=\"all\" data-has-bg-color=\"false\" data-bg-color=\"\" data-bg-opacity=\"1\" data-animation=\"\" data-delay=\"0\" >\n\t\t<div class=\"vc_column-inner\" >\n\t\t<div class=\"wpb_wrapper\">\n\t\t\t\n<div class=\"wpb_text_column wpb_content_element \" >\n\t<div class=\"wpb_wrapper\">\n\t\t<p><b>RECADO 2 &#8211; \u00ccJ\u00c0P\u00c1 E A CABA\u00c7A: AINDA H\u00c1 ALGO A FAZER<\/b><\/p>\n<p><span style=\"font-weight: 400;\">\u201cAinda h\u00e1 algo a fazer. E n\u00f3s podemos, em tempos de urg\u00eancias, emerg\u00eancias, encontrar novas maneiras de estarmos vivos hoje. O encantamento n\u00e3o est\u00e1 em falta.\u201d<\/span><\/p>\n<p><span style=\"font-weight: 400;\">No segundo Recado Selvagem, <strong>B\u00e1y\u00f2 Ak\u00f3mol\u00e1f\u00e9<\/strong> conta uma hist\u00f3ria do povo Iorub\u00e1 sobre <strong>a tartaruga \u00ccj\u00e0p\u00e1<\/strong>. Em uma disputa de conhecimento com os deuses, \u00ccj\u00e0p\u00e1 sai pelo mundo colhendo para si toda a sabedoria que existe, at\u00e9 se defrontar com um problema que n\u00e3o consegue resolver.<\/span><\/p>\n<p><span style=\"font-weight: 400;\">A partir dessa narrativa, B\u00e1y\u00f2 reflete sobre os desafios e narrativas da modernidade e como <strong>o encantamento<\/strong> pode nos apontar outros caminhos de rela\u00e7\u00e3o com o mundo.<\/span><\/p>\n<p><iframe loading=\"lazy\" title=\"RECADO 2 - \u00ccJ\u00c0P\u00c1 E A CABA\u00c7A: AINDA H\u00c1 ALGO A FAZER - B\u00e1y\u00f2 Ak\u00f3mol\u00e1f\u00e9\" width=\"1080\" height=\"608\" src=\"https:\/\/www.youtube.com\/embed\/Up0KyEiHxc0?feature=oembed\" frameborder=\"0\" allow=\"accelerometer; autoplay; clipboard-write; encrypted-media; gyroscope; picture-in-picture; web-share\" referrerpolicy=\"strict-origin-when-cross-origin\" allowfullscreen><\/iframe><\/p>\n<p><span style=\"font-weight: 400;\">B\u00c1Y\u00d2 AK\u00d3MOL\u00c1F\u00c9, guiado por cosmologias iorub\u00e1 em um mundo mais que humano, \u00e9 o pai de Alethea e Kyah e companheiro de vida de Ije. B\u00e1y\u00f2 (PhD) \u00e9 fil\u00f3sofo, escritor, ativista, professor, pensador p\u00f3s-humanista e palestrante amplamente celebrado, fundador da The Emergence Network, uma rede de artistas e pensadores que buscam novas aberturas para antigos problemas. \u00c9 tamb\u00e9m poeta e autor dos livros <\/span><i><span style=\"font-weight: 400;\">These Wilds Beyond our Fences: Letters to My Daughter on Humanity&#8217;s Search for Home<\/span><\/i><span style=\"font-weight: 400;\"> (North Atlantic Books, 2017) e <\/span><i><span style=\"font-weight: 400;\">We Will Tell Our Own Story: The Lions of Africa Speak!<\/span><\/i><span style=\"font-weight: 400;\"> (Universal Write Publications LLC, 2017).<\/span><\/p>\n\t<\/div>\n<\/div>\n\n\n\n\n\t\t<\/div> \n\t<\/div>\n\t<\/div> \n<\/div><\/div><div id=\"fws_69f76654150db\" data-midnight=\"\" data-column-margin=\"default\" class=\"wpb_row vc_row-fluid vc_row inner_row\"  style=\"padding-top: 30px; \"><div class=\"row-bg-wrap\"> <div class=\"row-bg\" ><\/div> <\/div><div class=\"row_col_wrap_12_inner col span_12  left\">\n\t<div  class=\"vc_col-sm-12 wpb_column column_container vc_column_container col child_column no-extra-padding inherit_tablet inherit_phone \"   data-padding-pos=\"all\" data-has-bg-color=\"false\" data-bg-color=\"\" data-bg-opacity=\"1\" data-animation=\"\" data-delay=\"0\" >\n\t\t<div class=\"vc_column-inner\" >\n\t\t<div class=\"wpb_wrapper\">\n\t\t\t\n<div class=\"wpb_text_column wpb_content_element \" >\n\t<div class=\"wpb_wrapper\">\n\t\t<h5>CR\u00c9DITOS<\/h5>\n<p><span style=\"font-weight: 400;\">Dire\u00e7\u00e3o: <\/span><span style=\"font-weight: 400;\">Anna Dantes<\/span><\/p>\n<p><span style=\"font-weight: 400;\">Produ\u00e7\u00e3o: <\/span><span style=\"font-weight: 400;\">Madeleine Deschamps<\/span><\/p>\n<p><span style=\"font-weight: 400;\">Filmagem e finaliza\u00e7\u00e3o: <\/span><span style=\"font-weight: 400;\">Rocca Filmes<\/span><\/p>\n<p><span style=\"font-weight: 400;\">Trilha sonora: <\/span><span style=\"font-weight: 400;\">Grupo Uirapuru &#8211; Orquestra de Barro: Tercio Araripe, Bob Pessoa e Macaio Upecor<\/span><\/p>\n<p><span style=\"font-weight: 400;\">Agradecimentos: <\/span><span style=\"font-weight: 400;\">Ana Clara Cenamo, Eco Universidade, Maria Clara Parente, Projeto Regenerar, Simbi\u00f3tica Filmes, Spanda Produtora e Thais Pacheco Mantovani<\/span><\/p>\n<p><span style=\"font-weight: 400;\">Realiza\u00e7\u00e3o: <\/span><span style=\"font-weight: 400;\">Selvagem<\/span><\/p>\n\t<\/div>\n<\/div>\n\n\n\n\n\t\t<\/div> \n\t<\/div>\n\t<\/div> \n<\/div><\/div>\n\t\t\t<\/div> \n\t\t\t<div id=\"tab-1-gliceria-tupinamba\" data-tab-icon=\"\" class=\"wpb_tab ui-tabs-panel wpb_ui-tabs-hide clearfix\">\n\t\t\t\t<div id=\"fws_69f7665415405\" data-midnight=\"\" data-column-margin=\"default\" class=\"wpb_row vc_row-fluid vc_row inner_row\"  style=\"\"><div class=\"row-bg-wrap\"> <div class=\"row-bg\" ><\/div> <\/div><div class=\"row_col_wrap_12_inner col span_12  left\">\n\t<div  class=\"vc_col-sm-12 wpb_column column_container vc_column_container col child_column no-extra-padding inherit_tablet inherit_phone \"   data-padding-pos=\"all\" data-has-bg-color=\"false\" data-bg-color=\"\" data-bg-opacity=\"1\" data-animation=\"\" data-delay=\"0\" >\n\t\t<div class=\"vc_column-inner\" >\n\t\t<div class=\"wpb_wrapper\">\n\t\t\t\n<div class=\"wpb_text_column wpb_content_element \" >\n\t<div class=\"wpb_wrapper\">\n\t\t<p dir=\"ltr\" style=\"text-align: left;\"><strong>RECADO 1 &#8211; ARRUME A CASA QUE EU ESTOU CHEGANDO<\/strong><\/p>\n<p style=\"text-align: left;\"><span style=\"font-weight: 400;\">&#8220;<em>Eu preciso ouvir o que foi que deixaram de recado pra mim.<\/em>&#8221; &#8211; Glic\u00e9ria Tupinamb\u00e1<\/span><\/p>\n<p style=\"text-align: left;\"><span style=\"font-weight: 400;\">O primeiro Recado Selvagem, de <strong>Glic\u00e9ria Tupinamb\u00e1<\/strong>, foi filmado no dia 23 de outubro de 2024, junto ao <strong>manto Tupinamb\u00e1<\/strong> que atualmente est\u00e1 abrigado na reserva t\u00e9cnica do Museu Nacional \/ UFRJ.\u00a0<\/span><\/p>\n<p style=\"text-align: left;\"><span style=\"font-weight: 400;\">Glic\u00e9ria conta sobre <strong>o retorno do manto para o Brasil<\/strong> e sua rela\u00e7\u00e3o com o povo Tupinamb\u00e1, al\u00e9m de sua pr\u00f3pria pesquisa sobre <strong>os mantos e os artefatos sagrados de seu povo.<\/strong><\/span><\/p>\n<p style=\"text-align: left;\"><span style=\"font-weight: 400;\">Ela tamb\u00e9m compartilha seu processo de busca de refer\u00eancias, trazendo mapas, imagens e relatos em que o manto figura; lembra de pessoas e artefatos levados for\u00e7osamente \u00e0 Europa no processo colonial; e reflete sobre <strong>o trabalho com a mem\u00f3ria<\/strong> e a ocupa\u00e7\u00e3o do espa\u00e7o dos museus, a partir de outras refer\u00eancias culturais e espirituais.<\/span><\/p>\n<p><iframe loading=\"lazy\" title=\"RECADO 1 - ARRUME A CASA QUE EU ESTOU CHEGANDO - Glic\u00e9ria Tupinamb\u00e1\" width=\"1080\" height=\"608\" src=\"https:\/\/www.youtube.com\/embed\/k-dTMcAP7go?feature=oembed\" frameborder=\"0\" allow=\"accelerometer; autoplay; clipboard-write; encrypted-media; gyroscope; picture-in-picture; web-share\" referrerpolicy=\"strict-origin-when-cross-origin\" allowfullscreen><\/iframe><\/p>\n\t<\/div>\n<\/div>\n\n\n\n\n\t\t<\/div> \n\t<\/div>\n\t<\/div> \n<\/div><\/div><div id=\"fws_69f76654158ae\" data-midnight=\"\" data-column-margin=\"default\" class=\"wpb_row vc_row-fluid vc_row inner_row\"  style=\"padding-top: 30px; \"><div class=\"row-bg-wrap\"> <div class=\"row-bg\" ><\/div> <\/div><div class=\"row_col_wrap_12_inner col span_12  left\">\n\t<div  class=\"vc_col-sm-12 wpb_column column_container vc_column_container col child_column no-extra-padding inherit_tablet inherit_phone \"   data-padding-pos=\"all\" data-has-bg-color=\"false\" data-bg-color=\"\" data-bg-opacity=\"1\" data-animation=\"\" data-delay=\"0\" >\n\t\t<div class=\"vc_column-inner\" >\n\t\t<div class=\"wpb_wrapper\">\n\t\t\t\n<div class=\"wpb_text_column wpb_content_element \" >\n\t<div class=\"wpb_wrapper\">\n\t\t<h5 style=\"text-align: left;\">CADERNO<\/h5>\n\t<\/div>\n<\/div>\n\n\n\n\n\t\t<\/div> \n\t<\/div>\n\t<\/div> \n<\/div><\/div><div id=\"fws_69f76654159fe\" data-midnight=\"\" data-column-margin=\"default\" class=\"wpb_row vc_row-fluid vc_row inner_row\"  style=\"\"><div class=\"row-bg-wrap\"> <div class=\"row-bg\" ><\/div> <\/div><div class=\"row_col_wrap_12_inner col span_12  left\">\n\t<div  class=\"vc_col-sm-2 wpb_column column_container vc_column_container col child_column no-extra-padding inherit_tablet inherit_phone \"   data-padding-pos=\"all\" data-has-bg-color=\"false\" data-bg-color=\"\" data-bg-opacity=\"1\" data-animation=\"\" data-delay=\"0\" >\n\t\t<div class=\"vc_column-inner\" >\n\t\t<div class=\"wpb_wrapper\">\n\t\t\t<div class=\"img-with-aniamtion-wrap \" data-max-width=\"100%\" data-max-width-mobile=\"default\" data-shadow=\"none\" data-animation=\"none\" >\n      <div class=\"inner\">\n        <div class=\"hover-wrap\"> \n          <div class=\"hover-wrap-inner\">\n            <a href=\"https:\/\/selvagemciclo.org.br\/wp-content\/uploads\/2025\/06\/CADERNO108_GLICERIA_TUPINAMBA.pdf\" target=\"_blank\" class=\"\">\n              <img loading=\"lazy\" decoding=\"async\" class=\"img-with-animation skip-lazy \" data-delay=\"0\" height=\"2560\" width=\"2048\" data-animation=\"none\" src=\"https:\/\/selvagemciclo.org.br\/wp-content\/uploads\/2025\/06\/post_caderno_Gliceria_Tupinamba-scaled.jpg\" alt=\"\" srcset=\"https:\/\/selvagemciclo.org.br\/wp-content\/uploads\/2025\/06\/post_caderno_Gliceria_Tupinamba-scaled.jpg 2048w, https:\/\/selvagemciclo.org.br\/wp-content\/uploads\/2025\/06\/post_caderno_Gliceria_Tupinamba-240x300.jpg 240w, https:\/\/selvagemciclo.org.br\/wp-content\/uploads\/2025\/06\/post_caderno_Gliceria_Tupinamba-819x1024.jpg 819w, https:\/\/selvagemciclo.org.br\/wp-content\/uploads\/2025\/06\/post_caderno_Gliceria_Tupinamba-768x960.jpg 768w, https:\/\/selvagemciclo.org.br\/wp-content\/uploads\/2025\/06\/post_caderno_Gliceria_Tupinamba-1229x1536.jpg 1229w, https:\/\/selvagemciclo.org.br\/wp-content\/uploads\/2025\/06\/post_caderno_Gliceria_Tupinamba-1638x2048.jpg 1638w, https:\/\/selvagemciclo.org.br\/wp-content\/uploads\/2025\/06\/post_caderno_Gliceria_Tupinamba-10x12.jpg 10w\" sizes=\"auto, (max-width: 2048px) 100vw, 2048px\" \/>\n            <\/a>\n          <\/div>\n        <\/div>\n      <\/div>\n      <\/div>\n\t\t<\/div> \n\t<\/div>\n\t<\/div> \n\n\t<div  class=\"vc_col-sm-8 wpb_column column_container vc_column_container col child_column no-extra-padding inherit_tablet inherit_phone \"   data-padding-pos=\"all\" data-has-bg-color=\"false\" data-bg-color=\"\" data-bg-opacity=\"1\" data-animation=\"\" data-delay=\"0\" >\n\t\t<div class=\"vc_column-inner\" >\n\t\t<div class=\"wpb_wrapper\">\n\t\t\t\n<div class=\"wpb_text_column wpb_content_element \" >\n\t<div class=\"wpb_wrapper\">\n\t\t<h5>ARRUME A CASA QUE EU ESTOU CHEGANDO<\/h5>\n<p><span style=\"font-weight: 400;\">Caderno elaborado a partir do recado de Glic\u00e9ria Tupinamb\u00e1, filmado em 23 de outubro de 2024. Este caderno tamb\u00e9m integra os materiais de estudo do <a href=\"http:\/\/www.selvagemciclo.org.br\/ciclo-planeta-casa\/\">Ciclo Planeta Casa<\/a>.<\/span><\/p>\n\t<\/div>\n<\/div>\n\n\n\n<div class=\"nectar-cta  alignment_tablet_default alignment_phone_default display_tablet_inherit display_phone_inherit \" data-color=\"default\" data-using-bg=\"false\" data-style=\"basic\" data-display=\"block\" data-alignment=\"left\" data-text-color=\"std\" ><h5><span class=\"link_wrap\" ><a  class=\"link_text\" role=\"button\" href=\"https:\/\/selvagemciclo.org.br\/wp-content\/uploads\/2025\/06\/CADERNO108_GLICERIA_TUPINAMBA.pdf\"><span class=\"text\">Leia aqui<\/span><\/a><\/span><\/h5><\/div>\n\t\t<\/div> \n\t<\/div>\n\t<\/div> \n\n\t<div  class=\"vc_col-sm-2 wpb_column column_container vc_column_container col child_column no-extra-padding inherit_tablet inherit_phone \"   data-padding-pos=\"all\" data-has-bg-color=\"false\" data-bg-color=\"\" data-bg-opacity=\"1\" data-animation=\"\" data-delay=\"0\" >\n\t\t<div class=\"vc_column-inner\" >\n\t\t<div class=\"wpb_wrapper\">\n\t\t\t\n\t\t<\/div> \n\t<\/div>\n\t<\/div> \n<\/div><\/div><div id=\"fws_69f7665415f89\" data-midnight=\"\" data-column-margin=\"default\" class=\"wpb_row vc_row-fluid vc_row inner_row\"  style=\"padding-top: 30px; \"><div class=\"row-bg-wrap\"> <div class=\"row-bg\" ><\/div> <\/div><div class=\"row_col_wrap_12_inner col span_12  left\">\n\t<div  class=\"vc_col-sm-12 wpb_column column_container vc_column_container col child_column no-extra-padding inherit_tablet inherit_phone \"   data-padding-pos=\"all\" data-has-bg-color=\"false\" data-bg-color=\"\" data-bg-opacity=\"1\" data-animation=\"\" data-delay=\"0\" >\n\t\t<div class=\"vc_column-inner\" >\n\t\t<div class=\"wpb_wrapper\">\n\t\t\t\n<div class=\"wpb_text_column wpb_content_element \" >\n\t<div class=\"wpb_wrapper\">\n\t\t<h5>CR\u00c9DITOS<\/h5>\n<p><span style=\"font-weight: 400;\">Dire\u00e7\u00e3o: <\/span><span style=\"font-weight: 400;\">Anna Dantes<\/span><\/p>\n<p><span style=\"font-weight: 400;\">Produ\u00e7\u00e3o: <\/span><span style=\"font-weight: 400;\">Madeleine Deschamps<\/span><\/p>\n<p><span style=\"font-weight: 400;\">Filmagem e finaliza\u00e7\u00e3o: <\/span><span style=\"font-weight: 400;\">Rocca Filmes<\/span><\/p>\n<p><span style=\"font-weight: 400;\">Agradecimentos: <\/span><span style=\"font-weight: 400;\">Emanuele Coccia e <\/span><span style=\"font-weight: 400;\">Rita Carelli<\/span><\/p>\n<p><span style=\"font-weight: 400;\">Agradecemos a toda a equipe do Museu Nacional \/ UFRJ pelo apoio na realiza\u00e7\u00e3o da filmagem do Manto Tupinamb\u00e1.<\/span><\/p>\n<p><span style=\"font-weight: 400;\">Realiza\u00e7\u00e3o: S<\/span><span style=\"font-weight: 400;\">elvagem<\/span><\/p>\n\t<\/div>\n<\/div>\n\n\n\n\n\t\t<\/div> \n\t<\/div>\n\t<\/div> \n<\/div><\/div>\n\t\t\t<\/div> \n\t\t\t<div id=\"tab-alemberg-quindins\" data-tab-icon=\"\" class=\"wpb_tab ui-tabs-panel wpb_ui-tabs-hide clearfix\">\n\t\t\t\t<div id=\"fws_69f766541622d\" data-midnight=\"\" data-column-margin=\"default\" class=\"wpb_row vc_row-fluid vc_row inner_row\"  style=\"\"><div class=\"row-bg-wrap\"> <div class=\"row-bg\" ><\/div> <\/div><div class=\"row_col_wrap_12_inner col span_12  left\">\n\t<div  class=\"vc_col-sm-12 wpb_column column_container vc_column_container col child_column no-extra-padding inherit_tablet inherit_phone \"   data-padding-pos=\"all\" data-has-bg-color=\"false\" data-bg-color=\"\" data-bg-opacity=\"1\" data-animation=\"\" data-delay=\"0\" >\n\t\t<div class=\"vc_column-inner\" >\n\t\t<div class=\"wpb_wrapper\">\n\t\t\t\n<div class=\"wpb_text_column wpb_content_element \" >\n\t<div class=\"wpb_wrapper\">\n\t\t<p dir=\"ltr\" style=\"text-align: left;\"><strong>CATAR CACOS DE LENDA<\/strong><\/p>\n<p style=\"text-align: left;\">Anos antes de existir a s\u00e9rie Recado Selvagem, esta fala de Alemberg Quindins j\u00e1 existia como um primeiro recado, atravessando por entre os ciclos de estudos Selvagem.<\/p>\n<p style=\"text-align: left;\">Nesse filme, Alemberg fala sobre encantamento, mem\u00f3rias ancestrais, mitologia e sobre ser crian\u00e7a.<\/p>\n<p style=\"text-align: left;\">Em 1992, Alemberg e sua companheira Rosiane Limaverde fundaram a Casa Grande &#8211; Memorial do Homem Kariri. Localizada em Nova Olinda, Cear\u00e1, a edifica\u00e7\u00e3o pertenceu ao av\u00f4 de Alemberg e serviu ao ciclo do couro. Foi reformada, pintada de azul e passou a ser um museu muito vivo, animado por crian\u00e7as que fazem dela uma casa de brincar, aprender e sonhar.<\/p>\n<p style=\"text-align: left;\">A funda\u00e7\u00e3o tem como objetivo proporcionar a crian\u00e7as, jovens e seus familiares uma forma\u00e7\u00e3o social e cultural. Tamb\u00e9m procura valorizar a mem\u00f3ria do povo Kariri, realizando atividades que entrela\u00e7am artes, arqueologia, mitologia, comunica\u00e7\u00e3o, entre outras. Um caldeir\u00e3o colorido que abriga diferentes express\u00f5es e um museu composto por pe\u00e7as encontradas e tamb\u00e9m recebidas de presente por Alemberg e Roseane, pesquisadores refer\u00eancia nos estudos da etnomusicolgia que dedicaram suas vidas a cuidar das fontes dos mitos e lendas Kariri.<\/p>\n<p style=\"text-align: left;\">Cacos de panelas ind\u00edgenas, utens\u00edlios de pedra, cer\u00e2micas e outros objetos eram encontrados nos ro\u00e7ados e nas caminhadas Chapada do Araripe adentro, s\u00edtio mitol\u00f3gico reconhecido como um dos ber\u00e7\u00e1rios da vida na Terra.<\/p>\n<p style=\"text-align: left;\">CATAR CACOS DE LENDA foi gravado durante a viv\u00eancia presencial Selvagem \u201c<a href=\"https:\/\/selvagemciclo.org.br\/ciclo-mulheres-plantas-e-cura-2\/\">Mulheres, Plantas e Cura<\/a>\u201d, em Exu-PE, cidade vizinha de Nova Olinda-CE, em setembro de 2022. Alemberg j\u00e1 tinha sido convidado para participar do primeiro Selvagem, em 2018, mas teve que declinar de \u00faltima hora. Essa fala foi o presente que ele deu para o Selvagem 4 anos depois.<\/p>\n<p>&nbsp;<\/p>\n<p><iframe loading=\"lazy\" title=\"CATAR CACOS DE LENDA \u2013 Alemberg Quindins\" width=\"1080\" height=\"608\" src=\"https:\/\/www.youtube.com\/embed\/wiNkrbEGH54?feature=oembed\" frameborder=\"0\" allow=\"accelerometer; autoplay; clipboard-write; encrypted-media; gyroscope; picture-in-picture; web-share\" referrerpolicy=\"strict-origin-when-cross-origin\" allowfullscreen><\/iframe><\/p>\n\t<\/div>\n<\/div>\n\n\n\n\n\t\t<\/div> \n\t<\/div>\n\t<\/div> \n<\/div><\/div><div id=\"fws_69f7665416617\" data-midnight=\"\" data-column-margin=\"default\" class=\"wpb_row vc_row-fluid vc_row inner_row\"  style=\"padding-top: 30px; \"><div class=\"row-bg-wrap\"> <div class=\"row-bg\" ><\/div> <\/div><div class=\"row_col_wrap_12_inner col span_12  left\">\n\t<div  class=\"vc_col-sm-12 wpb_column column_container vc_column_container col child_column no-extra-padding inherit_tablet inherit_phone \"   data-padding-pos=\"all\" data-has-bg-color=\"false\" data-bg-color=\"\" data-bg-opacity=\"1\" data-animation=\"\" data-delay=\"0\" >\n\t\t<div class=\"vc_column-inner\" >\n\t\t<div class=\"wpb_wrapper\">\n\t\t\t\n<div class=\"wpb_text_column wpb_content_element \" >\n\t<div class=\"wpb_wrapper\">\n\t\t<h5>CR\u00c9DITOS<\/h5>\n<p><span style=\"font-weight: 400;\">Dire\u00e7\u00e3o: <\/span><span style=\"font-weight: 400;\">Anna Dantes<\/span><\/p>\n<p style=\"text-align: left;\">Imagens: Carlos Pap\u00e1 e Elisa Mendes<\/p>\n<p style=\"text-align: left;\">Edi\u00e7\u00e3o: Mariana Rotili e Elisa Mendes<\/p>\n<p style=\"text-align: left;\">Anima\u00e7\u00f5es: Belle Passos<\/p>\n<p><span style=\"font-weight: 400;\">Realiza\u00e7\u00e3o: S<\/span><span style=\"font-weight: 400;\">elvagem<\/span><\/p>\n\t<\/div>\n<\/div>\n\n\n\n\n\t\t<\/div> \n\t<\/div>\n\t<\/div> \n<\/div><\/div>\n\t\t\t<\/div> \n\t\t<\/div> \n\t<\/div> \n\t\t\t<\/div> \n\t\t<\/div>\n\t<\/div> \n<\/div><\/div>\n","protected":false},"excerpt":{"rendered":"EN EN PT_BR \u00a0 EN EN PT_BR \u00a0 RECADO E \u00e9 ali geografia f\u00edsica e geografia humana que se expressam em recados. As mensagens n\u00e3o est\u00e3o ali simplesmente para se completarem quando passam de algu\u00e9m para outro, mas est\u00e3o ali para passar de algu\u00e9m para outro e outrem e outrem e mais outro. Jos\u00e9 Miguel Wisnik, Caderno Selvagem \"Na Trilha do Sol\".\u00a0\u00a0 &nbsp; Falas que aderem aos ciclos de estudos e \u00e0s v\u00e1rias tem\u00e1ticas que atravessam a Selvagem. O recado \u00e9 um movimento, \u00e9 o estado da transmiss\u00e3o de uma mensagem que vem e que vai. Em 24 de abril de 2024, Jos\u00e9 Miguel Wisnik trouxe um recado para o Selvagem Ciclo, no Teatro Oficina, atrav\u00e9s de sua fala que colocou o Recado do Morro, de Jo\u00e3o Guimar\u00e3es Rosa, na trilha do Sol. Assim como um recado, nossos materiais de estudo partem da oralidade, de algo que algu\u00e9m carrega em si mas, tamb\u00e9m, que faz parte do todo. \u00c9 o...","protected":false},"author":2,"featured_media":8048,"parent":0,"menu_order":0,"comment_status":"closed","ping_status":"closed","template":"","meta":{"_acf_changed":false,"footnotes":""},"class_list":["post-7825","page","type-page","status-publish","has-post-thumbnail"],"acf":[],"yoast_head":"<!-- This site is optimized with the Yoast SEO plugin v27.1.1 - https:\/\/yoast.com\/product\/yoast-seo-wordpress\/ -->\n<title>Recado - Selvagem<\/title>\n<meta name=\"description\" content=\"Nossos materiais de estudo partem da oralidade, de algo que algu\u00e9m carrega em si mas, tamb\u00e9m, que faz parte do todo.\" \/>\n<meta name=\"robots\" content=\"index, follow, max-snippet:-1, max-image-preview:large, max-video-preview:-1\" \/>\n<link rel=\"canonical\" href=\"https:\/\/selvagemciclo.org.br\/en\/recado\/\" \/>\n<meta property=\"og:locale\" content=\"en_GB\" \/>\n<meta property=\"og:type\" content=\"article\" \/>\n<meta property=\"og:title\" content=\"Recado\" \/>\n<meta property=\"og:description\" content=\"Nossos materiais de estudo partem da oralidade, de algo que algu\u00e9m carrega em si mas, tamb\u00e9m, que faz parte do todo.\" \/>\n<meta property=\"og:url\" content=\"https:\/\/selvagemciclo.org.br\/en\/recado\/\" \/>\n<meta property=\"og:site_name\" content=\"Selvagem\" \/>\n<meta property=\"article:modified_time\" content=\"2026-04-13T19:13:29+00:00\" \/>\n<meta property=\"og:image\" content=\"https:\/\/selvagemciclo.org.br\/wp-content\/uploads\/2025\/07\/recado.png\" \/>\n\t<meta property=\"og:image:width\" content=\"400\" \/>\n\t<meta property=\"og:image:height\" content=\"400\" \/>\n\t<meta property=\"og:image:type\" content=\"image\/png\" \/>\n<meta name=\"twitter:card\" content=\"summary_large_image\" \/>\n<meta name=\"twitter:label1\" content=\"Estimated reading time\" \/>\n\t<meta name=\"twitter:data1\" content=\"20 minutes\" \/>\n<script type=\"application\/ld+json\" class=\"yoast-schema-graph\">{\"@context\":\"https:\/\/schema.org\",\"@graph\":[{\"@type\":\"WebPage\",\"@id\":\"https:\/\/selvagemciclo.org.br\/recado\/\",\"url\":\"https:\/\/selvagemciclo.org.br\/recado\/\",\"name\":\"Recado - Selvagem\",\"isPartOf\":{\"@id\":\"https:\/\/selvagemciclo.org.br\/#website\"},\"primaryImageOfPage\":{\"@id\":\"https:\/\/selvagemciclo.org.br\/recado\/#primaryimage\"},\"image\":{\"@id\":\"https:\/\/selvagemciclo.org.br\/recado\/#primaryimage\"},\"thumbnailUrl\":\"https:\/\/selvagemciclo.org.br\/wp-content\/uploads\/2025\/07\/recado.png\",\"datePublished\":\"2025-06-23T23:40:39+00:00\",\"dateModified\":\"2026-04-13T19:13:29+00:00\",\"description\":\"Nossos materiais de estudo partem da oralidade, de algo que algu\u00e9m carrega em si mas, tamb\u00e9m, que faz parte do todo.\",\"breadcrumb\":{\"@id\":\"https:\/\/selvagemciclo.org.br\/recado\/#breadcrumb\"},\"inLanguage\":\"en-GB\",\"potentialAction\":[{\"@type\":\"ReadAction\",\"target\":[\"https:\/\/selvagemciclo.org.br\/recado\/\"]}]},{\"@type\":\"ImageObject\",\"inLanguage\":\"en-GB\",\"@id\":\"https:\/\/selvagemciclo.org.br\/recado\/#primaryimage\",\"url\":\"https:\/\/selvagemciclo.org.br\/wp-content\/uploads\/2025\/07\/recado.png\",\"contentUrl\":\"https:\/\/selvagemciclo.org.br\/wp-content\/uploads\/2025\/07\/recado.png\",\"width\":400,\"height\":400},{\"@type\":\"BreadcrumbList\",\"@id\":\"https:\/\/selvagemciclo.org.br\/recado\/#breadcrumb\",\"itemListElement\":[{\"@type\":\"ListItem\",\"position\":1,\"name\":\"In\u00edcio\",\"item\":\"https:\/\/selvagemciclo.org.br\/\"},{\"@type\":\"ListItem\",\"position\":2,\"name\":\"Recado\"}]},{\"@type\":\"WebSite\",\"@id\":\"https:\/\/selvagemciclo.org.br\/#website\",\"url\":\"https:\/\/selvagemciclo.org.br\/\",\"name\":\"Selvagem\",\"description\":\"Ciclo de estudos sobre a vida\",\"publisher\":{\"@id\":\"https:\/\/selvagemciclo.org.br\/#organization\"},\"potentialAction\":[{\"@type\":\"SearchAction\",\"target\":{\"@type\":\"EntryPoint\",\"urlTemplate\":\"https:\/\/selvagemciclo.org.br\/?s={search_term_string}\"},\"query-input\":{\"@type\":\"PropertyValueSpecification\",\"valueRequired\":true,\"valueName\":\"search_term_string\"}}],\"inLanguage\":\"en-GB\"},{\"@type\":\"Organization\",\"@id\":\"https:\/\/selvagemciclo.org.br\/#organization\",\"name\":\"Selvagem\",\"url\":\"https:\/\/selvagemciclo.org.br\/\",\"logo\":{\"@type\":\"ImageObject\",\"inLanguage\":\"en-GB\",\"@id\":\"https:\/\/selvagemciclo.org.br\/#\/schema\/logo\/image\/\",\"url\":\"https:\/\/selvagemciclo.org.br\/wp-content\/uploads\/2026\/01\/cropped-ICONE_SELVAGEM_2026-1.png\",\"contentUrl\":\"https:\/\/selvagemciclo.org.br\/wp-content\/uploads\/2026\/01\/cropped-ICONE_SELVAGEM_2026-1.png\",\"width\":512,\"height\":512,\"caption\":\"Selvagem\"},\"image\":{\"@id\":\"https:\/\/selvagemciclo.org.br\/#\/schema\/logo\/image\/\"},\"sameAs\":[\"https:\/\/www.instagram.com\/selvagem_ciclodeestudos\/\",\"https:\/\/www.youtube.com\/@selvagemciclo8\"]}]}<\/script>\n<!-- \/ Yoast SEO plugin. -->","yoast_head_json":{"title":"Recado - Selvagem","description":"Nossos materiais de estudo partem da oralidade, de algo que algu\u00e9m carrega em si mas, tamb\u00e9m, que faz parte do todo.","robots":{"index":"index","follow":"follow","max-snippet":"max-snippet:-1","max-image-preview":"max-image-preview:large","max-video-preview":"max-video-preview:-1"},"canonical":"https:\/\/selvagemciclo.org.br\/en\/recado\/","og_locale":"en_GB","og_type":"article","og_title":"Recado","og_description":"Nossos materiais de estudo partem da oralidade, de algo que algu\u00e9m carrega em si mas, tamb\u00e9m, que faz parte do todo.","og_url":"https:\/\/selvagemciclo.org.br\/en\/recado\/","og_site_name":"Selvagem","article_modified_time":"2026-04-13T19:13:29+00:00","og_image":[{"width":400,"height":400,"url":"https:\/\/selvagemciclo.org.br\/wp-content\/uploads\/2025\/07\/recado.png","type":"image\/png"}],"twitter_card":"summary_large_image","twitter_misc":{"Estimated reading time":"20 minutes"},"schema":{"@context":"https:\/\/schema.org","@graph":[{"@type":"WebPage","@id":"https:\/\/selvagemciclo.org.br\/recado\/","url":"https:\/\/selvagemciclo.org.br\/recado\/","name":"Recado - Selvagem","isPartOf":{"@id":"https:\/\/selvagemciclo.org.br\/#website"},"primaryImageOfPage":{"@id":"https:\/\/selvagemciclo.org.br\/recado\/#primaryimage"},"image":{"@id":"https:\/\/selvagemciclo.org.br\/recado\/#primaryimage"},"thumbnailUrl":"https:\/\/selvagemciclo.org.br\/wp-content\/uploads\/2025\/07\/recado.png","datePublished":"2025-06-23T23:40:39+00:00","dateModified":"2026-04-13T19:13:29+00:00","description":"Nossos materiais de estudo partem da oralidade, de algo que algu\u00e9m carrega em si mas, tamb\u00e9m, que faz parte do todo.","breadcrumb":{"@id":"https:\/\/selvagemciclo.org.br\/recado\/#breadcrumb"},"inLanguage":"en-GB","potentialAction":[{"@type":"ReadAction","target":["https:\/\/selvagemciclo.org.br\/recado\/"]}]},{"@type":"ImageObject","inLanguage":"en-GB","@id":"https:\/\/selvagemciclo.org.br\/recado\/#primaryimage","url":"https:\/\/selvagemciclo.org.br\/wp-content\/uploads\/2025\/07\/recado.png","contentUrl":"https:\/\/selvagemciclo.org.br\/wp-content\/uploads\/2025\/07\/recado.png","width":400,"height":400},{"@type":"BreadcrumbList","@id":"https:\/\/selvagemciclo.org.br\/recado\/#breadcrumb","itemListElement":[{"@type":"ListItem","position":1,"name":"In\u00edcio","item":"https:\/\/selvagemciclo.org.br\/"},{"@type":"ListItem","position":2,"name":"Recado"}]},{"@type":"WebSite","@id":"https:\/\/selvagemciclo.org.br\/#website","url":"https:\/\/selvagemciclo.org.br\/","name":"Selvagem","description":"Ciclo de estudos sobre a vida","publisher":{"@id":"https:\/\/selvagemciclo.org.br\/#organization"},"potentialAction":[{"@type":"SearchAction","target":{"@type":"EntryPoint","urlTemplate":"https:\/\/selvagemciclo.org.br\/?s={search_term_string}"},"query-input":{"@type":"PropertyValueSpecification","valueRequired":true,"valueName":"search_term_string"}}],"inLanguage":"en-GB"},{"@type":"Organization","@id":"https:\/\/selvagemciclo.org.br\/#organization","name":"Selvagem","url":"https:\/\/selvagemciclo.org.br\/","logo":{"@type":"ImageObject","inLanguage":"en-GB","@id":"https:\/\/selvagemciclo.org.br\/#\/schema\/logo\/image\/","url":"https:\/\/selvagemciclo.org.br\/wp-content\/uploads\/2026\/01\/cropped-ICONE_SELVAGEM_2026-1.png","contentUrl":"https:\/\/selvagemciclo.org.br\/wp-content\/uploads\/2026\/01\/cropped-ICONE_SELVAGEM_2026-1.png","width":512,"height":512,"caption":"Selvagem"},"image":{"@id":"https:\/\/selvagemciclo.org.br\/#\/schema\/logo\/image\/"},"sameAs":["https:\/\/www.instagram.com\/selvagem_ciclodeestudos\/","https:\/\/www.youtube.com\/@selvagemciclo8"]}]}},"_links":{"self":[{"href":"https:\/\/selvagemciclo.org.br\/en\/wp-json\/wp\/v2\/pages\/7825","targetHints":{"allow":["GET"]}}],"collection":[{"href":"https:\/\/selvagemciclo.org.br\/en\/wp-json\/wp\/v2\/pages"}],"about":[{"href":"https:\/\/selvagemciclo.org.br\/en\/wp-json\/wp\/v2\/types\/page"}],"author":[{"embeddable":true,"href":"https:\/\/selvagemciclo.org.br\/en\/wp-json\/wp\/v2\/users\/2"}],"replies":[{"embeddable":true,"href":"https:\/\/selvagemciclo.org.br\/en\/wp-json\/wp\/v2\/comments?post=7825"}],"version-history":[{"count":41,"href":"https:\/\/selvagemciclo.org.br\/en\/wp-json\/wp\/v2\/pages\/7825\/revisions"}],"predecessor-version":[{"id":8114,"href":"https:\/\/selvagemciclo.org.br\/en\/wp-json\/wp\/v2\/pages\/7825\/revisions\/8114"}],"wp:featuredmedia":[{"embeddable":true,"href":"https:\/\/selvagemciclo.org.br\/en\/wp-json\/wp\/v2\/media\/8048"}],"wp:attachment":[{"href":"https:\/\/selvagemciclo.org.br\/en\/wp-json\/wp\/v2\/media?parent=7825"}],"curies":[{"name":"wp","href":"https:\/\/api.w.org\/{rel}","templated":true}]}}