{"id":7154,"date":"2025-03-18T16:03:09","date_gmt":"2025-03-18T19:03:09","guid":{"rendered":"https:\/\/selvagemciclo.org.br\/?page_id=7154"},"modified":"2026-05-01T07:36:41","modified_gmt":"2026-05-01T10:36:41","slug":"diario-de-aprendizagens","status":"publish","type":"page","link":"https:\/\/selvagemciclo.org.br\/en\/diario-de-aprendizagens\/","title":{"rendered":"Ways of Knowing Diary"},"content":{"rendered":"\n\t\t<div id=\"fws_69f77f5e8b871\"  data-column-margin=\"default\" data-midnight=\"dark\"  class=\"wpb_row vc_row-fluid vc_row\"  style=\"padding-top: 0px; padding-bottom: 0px; \"><div class=\"row-bg-wrap\" data-bg-animation=\"none\" data-bg-animation-delay=\"\" data-bg-overlay=\"false\"><div class=\"inner-wrap row-bg-layer\" ><div class=\"row-bg viewport-desktop\"  style=\"\"><\/div><\/div><\/div><div class=\"row_col_wrap_12 col span_12 dark left\">\n\t<div  class=\"vc_col-sm-12 wpb_column column_container vc_column_container col no-extra-padding inherit_tablet inherit_phone \"  data-padding-pos=\"all\" data-has-bg-color=\"false\" data-bg-color=\"\" data-bg-opacity=\"1\" data-animation=\"\" data-delay=\"0\" >\n\t\t<div class=\"vc_column-inner\" >\n\t\t\t<div class=\"wpb_wrapper\">\n\t\t\t\t\n\t\t<div id=\"mobile\"  data-column-margin=\"default\" data-midnight=\"dark\"  class=\"wpb_row vc_row-fluid vc_row full-width-content vc_row-o-equal-height vc_row-flex vc_row-o-content-middle vc_hidden-lg vc_hidden-md\"  style=\"padding-top: 20px; padding-bottom: 0px; \"><div class=\"row-bg-wrap\" data-bg-animation=\"none\" data-bg-animation-delay=\"\" data-bg-overlay=\"false\"><div class=\"inner-wrap row-bg-layer\" ><div class=\"row-bg viewport-desktop\"  style=\"\"><\/div><\/div><\/div><div class=\"row_col_wrap_12 col span_12 dark left\">\n\t<div  class=\"vc_col-sm-4 vc_col-xs-4 wpb_column column_container vc_column_container col no-extra-padding inherit_tablet padding-2-percent_phone \"  data-padding-pos=\"left\" data-has-bg-color=\"false\" data-bg-color=\"\" data-bg-opacity=\"1\" data-animation=\"\" data-delay=\"0\" >\n\t\t<div class=\"vc_column-inner\" >\n\t\t\t<div class=\"wpb_wrapper\">\n\t\t\t\t<div class=\"img-with-aniamtion-wrap \" data-max-width=\"50%\" data-max-width-mobile=\"100%\" data-shadow=\"none\" data-animation=\"none\" >\n      <div class=\"inner\">\n        <div class=\"hover-wrap\"> \n          <div class=\"hover-wrap-inner\">\n            <a href=\"\/home\" target=\"_self\" class=\"\">\n              <img loading=\"lazy\" decoding=\"async\" class=\"img-with-animation skip-lazy \" data-delay=\"0\" height=\"64\" width=\"234\" data-animation=\"none\" src=\"https:\/\/selvagemciclo.org.br\/wp-content\/uploads\/2025\/05\/small-btn-home_arrow.png\" alt=\"\" srcset=\"https:\/\/selvagemciclo.org.br\/wp-content\/uploads\/2025\/05\/small-btn-home_arrow.png 234w, https:\/\/selvagemciclo.org.br\/wp-content\/uploads\/2025\/05\/small-btn-home_arrow-18x5.png 18w\" sizes=\"auto, (max-width: 234px) 100vw, 234px\" \/>\n            <\/a>\n          <\/div>\n        <\/div>\n      <\/div>\n      <\/div>\n\t\t\t<\/div> \n\t\t<\/div>\n\t<\/div> \n\n\t<div  class=\"vc_col-sm-4 vc_col-xs-4 wpb_column column_container vc_column_container col centered-text padding-3-percent force-phone-text-align-center inherit_tablet inherit_phone \"  data-padding-pos=\"left\" data-has-bg-color=\"false\" data-bg-color=\"\" data-bg-opacity=\"1\" data-animation=\"\" data-delay=\"0\" >\n\t\t<div class=\"vc_column-inner\" >\n\t\t\t<div class=\"wpb_wrapper\">\n\t\t\t\t\n<div class=\"wpb_text_column wpb_content_element \" >\n\t<div class=\"wpb_wrapper\">\n\t\t<div class=\"trp_language_switcher_shortcode\">\n<div class=\"trp-language-switcher trp-language-switcher-container\" data-no-translation >\n    <div class=\"trp-ls-shortcode-current-language\">\n        <a href=\"#\" class=\"trp-ls-shortcode-disabled-language trp-ls-disabled-language\" title=\"English\" onclick=\"event.preventDefault()\">\n\t\t\t EN\t\t<\/a>\n    <\/div>\n    <div class=\"trp-ls-shortcode-language\">\n                <a href=\"#\" class=\"trp-ls-shortcode-disabled-language trp-ls-disabled-language\"  title=\"English\" onclick=\"event.preventDefault()\">\n\t\t\t EN\t\t<\/a>\n                    <a href=\"https:\/\/selvagemciclo.org.br\/en\/wp-json\/wp\/v2\/pages\/7154#TRPLINKPROCESSED\" title=\"Portuguese\">\n             PT_BR        <\/a>\n\n        <\/div>\n    <script type=\"application\/javascript\">\n        \/\/ need to have the same with set from JS on both divs. Otherwise it can push stuff around in HTML\n        var trp_ls_shortcodes = document.querySelectorAll('.trp_language_switcher_shortcode .trp-language-switcher');\n        if ( trp_ls_shortcodes.length > 0) {\n            \/\/ get the last language switcher added\n            var trp_el = trp_ls_shortcodes[trp_ls_shortcodes.length - 1];\n\n            var trp_shortcode_language_item = trp_el.querySelector( '.trp-ls-shortcode-language' )\n            \/\/ set width\n            var trp_ls_shortcode_width                                               = trp_shortcode_language_item.offsetWidth + 16;\n            trp_shortcode_language_item.style.width                                  = trp_ls_shortcode_width + 'px';\n            trp_el.querySelector( '.trp-ls-shortcode-current-language' ).style.width = trp_ls_shortcode_width + 'px';\n\n            \/\/ We're putting this on display: none after we have its width.\n            trp_shortcode_language_item.style.display = 'none';\n        }\n    <\/script>\n<\/div>\n<\/div>\n\t<\/div>\n<\/div>\n\n\n\n\n\t\t\t<\/div> \n\t\t<\/div>\n\t<\/div> \n\n\t<div  class=\"vc_col-sm-4 vc_col-xs-4 wpb_column column_container vc_column_container col centered-text no-extra-padding inherit_tablet inherit_phone \"  data-padding-pos=\"all\" data-has-bg-color=\"false\" data-bg-color=\"\" data-bg-opacity=\"1\" data-animation=\"\" data-delay=\"0\" >\n\t\t<div class=\"vc_column-inner\" >\n\t\t\t<div class=\"wpb_wrapper\">\n\t\t\t\t\n<div class=\"wpb_text_column wpb_content_element \" >\n\t<div class=\"wpb_wrapper\">\n\t\t<p style=\"text-align: center;\"><a href=\"\/agenda\"><img loading=\"lazy\" decoding=\"async\" class=\"alignnone wp-image-10392\" src=\"https:\/\/selvagemciclo.org.br\/wp-content\/uploads\/2025\/02\/agendaYT2-1-1024x950.png\" alt=\"Agenda Selvagem\" width=\"41\" height=\"38\" srcset=\"https:\/\/selvagemciclo.org.br\/wp-content\/uploads\/2025\/02\/agendaYT2-1-1024x950.png 1024w, https:\/\/selvagemciclo.org.br\/wp-content\/uploads\/2025\/02\/agendaYT2-1-300x278.png 300w, https:\/\/selvagemciclo.org.br\/wp-content\/uploads\/2025\/02\/agendaYT2-1-768x712.png 768w, https:\/\/selvagemciclo.org.br\/wp-content\/uploads\/2025\/02\/agendaYT2-1-1536x1424.png 1536w, https:\/\/selvagemciclo.org.br\/wp-content\/uploads\/2025\/02\/agendaYT2-1-2048x1899.png 2048w, https:\/\/selvagemciclo.org.br\/wp-content\/uploads\/2025\/02\/agendaYT2-1-13x12.png 13w\" sizes=\"auto, (max-width: 41px) 100vw, 41px\" \/><\/a><a href=\"\/contato\/\"><img loading=\"lazy\" decoding=\"async\" class=\"alignnone wp-image-6808\" src=\"https:\/\/selvagemciclo.org.br\/wp-content\/uploads\/2025\/02\/cartinha-2025.png\" alt=\"\" width=\"51\" height=\"40\" srcset=\"https:\/\/selvagemciclo.org.br\/wp-content\/uploads\/2025\/02\/cartinha-2025.png 70w, https:\/\/selvagemciclo.org.br\/wp-content\/uploads\/2025\/02\/cartinha-2025-15x12.png 15w\" sizes=\"auto, (max-width: 51px) 100vw, 51px\" \/><\/a> <a target=\"_blank\" href=\"https:\/\/www.youtube.com\/@selvagemciclo8\" rel=\"noopener\"><img loading=\"lazy\" decoding=\"async\" class=\"alignnone wp-image-6813\" src=\"https:\/\/selvagemciclo.org.br\/wp-content\/uploads\/2025\/02\/youtube-2025.png\" alt=\"\" width=\"40\" height=\"40\" srcset=\"https:\/\/selvagemciclo.org.br\/wp-content\/uploads\/2025\/02\/youtube-2025.png 55w, https:\/\/selvagemciclo.org.br\/wp-content\/uploads\/2025\/02\/youtube-2025-12x12.png 12w\" sizes=\"auto, (max-width: 40px) 100vw, 40px\" \/> <\/a><a target=\"_blank\" href=\"https:\/\/www.instagram.com\/selvagem_ciclodeestudos\/\" rel=\"noopener\"><img loading=\"lazy\" decoding=\"async\" class=\"alignnone wp-image-6812\" src=\"https:\/\/selvagemciclo.org.br\/wp-content\/uploads\/2025\/02\/insta-2025.png\" alt=\"\" width=\"40\" height=\"40\" srcset=\"https:\/\/selvagemciclo.org.br\/wp-content\/uploads\/2025\/02\/insta-2025.png 55w, https:\/\/selvagemciclo.org.br\/wp-content\/uploads\/2025\/02\/insta-2025-12x12.png 12w\" sizes=\"auto, (max-width: 40px) 100vw, 40px\" \/>\u00a0<\/a><\/p>\n\t<\/div>\n<\/div>\n\n\n\n\n\t\t\t<\/div> \n\t\t<\/div>\n\t<\/div> \n<\/div><\/div>\n\t\t<div id=\"fws_69f77f5e8d015\"  data-column-margin=\"default\" data-midnight=\"dark\"  class=\"wpb_row vc_row-fluid vc_row vc_hidden-sm vc_hidden-xs\"  style=\"padding-top: 20px; padding-bottom: 0px; \"><div class=\"row-bg-wrap\" data-bg-animation=\"none\" data-bg-animation-delay=\"\" data-bg-overlay=\"false\"><div class=\"inner-wrap row-bg-layer\" ><div class=\"row-bg viewport-desktop\"  style=\"\"><\/div><\/div><\/div><div class=\"row_col_wrap_12 col span_12 dark left\">\n\t<div  class=\"vc_col-sm-2\/5 wpb_column column_container vc_column_container col no-extra-padding inherit_tablet inherit_phone \"  data-padding-pos=\"all\" data-has-bg-color=\"false\" data-bg-color=\"\" data-bg-opacity=\"1\" data-animation=\"\" data-delay=\"0\" >\n\t\t<div class=\"vc_column-inner\" >\n\t\t\t<div class=\"wpb_wrapper\">\n\t\t\t\t<div id=\"fws_69f77f5e8d14d\" data-midnight=\"\" data-column-margin=\"default\" class=\"wpb_row vc_row-fluid vc_row inner_row\"  style=\"\"><div class=\"row-bg-wrap\"> <div class=\"row-bg\" ><\/div> <\/div><div class=\"row_col_wrap_12_inner col span_12  left\">\n\t<div  class=\"vc_col-sm-4 wpb_column column_container vc_column_container col child_column no-extra-padding inherit_tablet inherit_phone \"   data-padding-pos=\"all\" data-has-bg-color=\"false\" data-bg-color=\"\" data-bg-opacity=\"1\" data-animation=\"\" data-delay=\"0\" >\n\t\t<div class=\"vc_column-inner\" >\n\t\t<div class=\"wpb_wrapper\">\n\t\t\t\n\t<div class=\"wpb_raw_code wpb_content_element wpb_raw_html\" >\n\t\t<div class=\"wpb_wrapper\">\n\t\t\t<a href=\"javascript:history.back()\"><img decoding=\"async\" src=\"https:\/\/selvagemciclo.org.br\/wp-content\/uploads\/2026\/01\/small-btn-back_arrow.png\" alt=\"Back\" style=\"width:120px;height:33px;\"><\/a>\n\n\t\t<\/div>\n\t<\/div>\n\n\t\t<\/div> \n\t<\/div>\n\t<\/div> \n\n\t<div  class=\"vc_col-sm-4 wpb_column column_container vc_column_container col child_column no-extra-padding inherit_tablet inherit_phone \"   data-padding-pos=\"all\" data-has-bg-color=\"false\" data-bg-color=\"\" data-bg-opacity=\"1\" data-animation=\"\" data-delay=\"0\" >\n\t\t<div class=\"vc_column-inner\" >\n\t\t<div class=\"wpb_wrapper\">\n\t\t\t\n\t<div class=\"wpb_raw_code wpb_content_element wpb_raw_html\" >\n\t\t<div class=\"wpb_wrapper\">\n\t\t\t<a href=\"\/home\"><img decoding=\"async\" src=\"https:\/\/selvagemciclo.org.br\/wp-content\/uploads\/2025\/05\/small-btn-home_arrow.png\" alt=\"Home\" style=\"width:120px;height:33px;\"><\/a>\n\n\t\t<\/div>\n\t<\/div>\n\n\t\t<\/div> \n\t<\/div>\n\t<\/div> \n\n\t<div  class=\"vc_col-sm-4 wpb_column column_container vc_column_container col child_column no-extra-padding inherit_tablet inherit_phone \"   data-padding-pos=\"all\" data-has-bg-color=\"false\" data-bg-color=\"\" data-bg-opacity=\"1\" data-animation=\"\" data-delay=\"0\" >\n\t\t<div class=\"vc_column-inner\" >\n\t\t<div class=\"wpb_wrapper\">\n\t\t\t\n\t\t<\/div> \n\t<\/div>\n\t<\/div> \n<\/div><\/div>\n\t\t\t<\/div> \n\t\t<\/div>\n\t<\/div> \n\n\t<div  class=\"vc_col-sm-1\/5 wpb_column column_container vc_column_container col centered-text no-extra-padding inherit_tablet inherit_phone \"  data-padding-pos=\"all\" data-has-bg-color=\"false\" data-bg-color=\"\" data-bg-opacity=\"1\" data-animation=\"\" data-delay=\"0\" >\n\t\t<div class=\"vc_column-inner\" >\n\t\t\t<div class=\"wpb_wrapper\">\n\t\t\t\t\n\t\t\t<\/div> \n\t\t<\/div>\n\t<\/div> \n\n\t<div  class=\"vc_col-sm-1\/5 wpb_column column_container vc_column_container col centered-text padding-3-percent inherit_tablet inherit_phone \"  data-padding-pos=\"left\" data-has-bg-color=\"false\" data-bg-color=\"\" data-bg-opacity=\"1\" data-animation=\"\" data-delay=\"0\" >\n\t\t<div class=\"vc_column-inner\" >\n\t\t\t<div class=\"wpb_wrapper\">\n\t\t\t\t\n<div class=\"wpb_text_column wpb_content_element \" >\n\t<div class=\"wpb_wrapper\">\n\t\t<div class=\"trp_language_switcher_shortcode\">\n<div class=\"trp-language-switcher trp-language-switcher-container\" data-no-translation >\n    <div class=\"trp-ls-shortcode-current-language\">\n        <a href=\"#\" class=\"trp-ls-shortcode-disabled-language trp-ls-disabled-language\" title=\"English\" onclick=\"event.preventDefault()\">\n\t\t\t EN\t\t<\/a>\n    <\/div>\n    <div class=\"trp-ls-shortcode-language\">\n                <a href=\"#\" class=\"trp-ls-shortcode-disabled-language trp-ls-disabled-language\"  title=\"English\" onclick=\"event.preventDefault()\">\n\t\t\t EN\t\t<\/a>\n                    <a href=\"https:\/\/selvagemciclo.org.br\/en\/wp-json\/wp\/v2\/pages\/7154#TRPLINKPROCESSED\" title=\"Portuguese\">\n             PT_BR        <\/a>\n\n        <\/div>\n    <script type=\"application\/javascript\">\n        \/\/ need to have the same with set from JS on both divs. Otherwise it can push stuff around in HTML\n        var trp_ls_shortcodes = document.querySelectorAll('.trp_language_switcher_shortcode .trp-language-switcher');\n        if ( trp_ls_shortcodes.length > 0) {\n            \/\/ get the last language switcher added\n            var trp_el = trp_ls_shortcodes[trp_ls_shortcodes.length - 1];\n\n            var trp_shortcode_language_item = trp_el.querySelector( '.trp-ls-shortcode-language' )\n            \/\/ set width\n            var trp_ls_shortcode_width                                               = trp_shortcode_language_item.offsetWidth + 16;\n            trp_shortcode_language_item.style.width                                  = trp_ls_shortcode_width + 'px';\n            trp_el.querySelector( '.trp-ls-shortcode-current-language' ).style.width = trp_ls_shortcode_width + 'px';\n\n            \/\/ We're putting this on display: none after we have its width.\n            trp_shortcode_language_item.style.display = 'none';\n        }\n    <\/script>\n<\/div>\n<\/div>\n\t<\/div>\n<\/div>\n\n\n\n\n\t\t\t<\/div> \n\t\t<\/div>\n\t<\/div> \n\n\t<div  class=\"vc_col-sm-1\/5 wpb_column column_container vc_column_container col no-extra-padding inherit_tablet inherit_phone \"  data-padding-pos=\"all\" data-has-bg-color=\"false\" data-bg-color=\"\" data-bg-opacity=\"1\" data-animation=\"\" data-delay=\"0\" >\n\t\t<div class=\"vc_column-inner\" >\n\t\t\t<div class=\"wpb_wrapper\">\n\t\t\t\t\n<div class=\"wpb_text_column wpb_content_element \" >\n\t<div class=\"wpb_wrapper\">\n\t\t<p style=\"text-align: right;\"><a href=\"\/agenda\"><img loading=\"lazy\" decoding=\"async\" class=\"alignnone wp-image-10392\" src=\"https:\/\/selvagemciclo.org.br\/wp-content\/uploads\/2025\/02\/agendaYT2-1-1024x950.png\" alt=\"Agenda Selvagem\" width=\"41\" height=\"38\" srcset=\"https:\/\/selvagemciclo.org.br\/wp-content\/uploads\/2025\/02\/agendaYT2-1-1024x950.png 1024w, https:\/\/selvagemciclo.org.br\/wp-content\/uploads\/2025\/02\/agendaYT2-1-300x278.png 300w, https:\/\/selvagemciclo.org.br\/wp-content\/uploads\/2025\/02\/agendaYT2-1-768x712.png 768w, https:\/\/selvagemciclo.org.br\/wp-content\/uploads\/2025\/02\/agendaYT2-1-1536x1424.png 1536w, https:\/\/selvagemciclo.org.br\/wp-content\/uploads\/2025\/02\/agendaYT2-1-2048x1899.png 2048w, https:\/\/selvagemciclo.org.br\/wp-content\/uploads\/2025\/02\/agendaYT2-1-13x12.png 13w\" sizes=\"auto, (max-width: 41px) 100vw, 41px\" \/><\/a><a href=\"\/contato\/\"><img loading=\"lazy\" decoding=\"async\" class=\"alignnone wp-image-6808\" src=\"https:\/\/selvagemciclo.org.br\/wp-content\/uploads\/2025\/02\/cartinha-2025.png\" alt=\"\" width=\"51\" height=\"40\" srcset=\"https:\/\/selvagemciclo.org.br\/wp-content\/uploads\/2025\/02\/cartinha-2025.png 70w, https:\/\/selvagemciclo.org.br\/wp-content\/uploads\/2025\/02\/cartinha-2025-15x12.png 15w\" sizes=\"auto, (max-width: 51px) 100vw, 51px\" \/><\/a> <a target=\"_blank\" href=\"https:\/\/www.youtube.com\/@selvagemciclo8\" rel=\"noopener\"><img loading=\"lazy\" decoding=\"async\" class=\"alignnone wp-image-6813\" src=\"https:\/\/selvagemciclo.org.br\/wp-content\/uploads\/2025\/02\/youtube-2025.png\" alt=\"\" width=\"40\" height=\"40\" srcset=\"https:\/\/selvagemciclo.org.br\/wp-content\/uploads\/2025\/02\/youtube-2025.png 55w, https:\/\/selvagemciclo.org.br\/wp-content\/uploads\/2025\/02\/youtube-2025-12x12.png 12w\" sizes=\"auto, (max-width: 40px) 100vw, 40px\" \/> <\/a><a target=\"_blank\" href=\"https:\/\/www.instagram.com\/selvagem_ciclodeestudos\/\" rel=\"noopener\"><img loading=\"lazy\" decoding=\"async\" class=\"alignnone wp-image-6812\" src=\"https:\/\/selvagemciclo.org.br\/wp-content\/uploads\/2025\/02\/insta-2025.png\" alt=\"\" width=\"40\" height=\"40\" srcset=\"https:\/\/selvagemciclo.org.br\/wp-content\/uploads\/2025\/02\/insta-2025.png 55w, https:\/\/selvagemciclo.org.br\/wp-content\/uploads\/2025\/02\/insta-2025-12x12.png 12w\" sizes=\"auto, (max-width: 40px) 100vw, 40px\" \/>\u00a0<\/a><\/p>\n\t<\/div>\n<\/div>\n\n\n\n\n\t\t\t<\/div> \n\t\t<\/div>\n\t<\/div> \n<\/div><\/div>\n\n\t\t\t<\/div> \n\t\t<\/div>\n\t<\/div> \n<\/div><\/div>\n\t\t<div id=\"fws_69f77f5e8dab7\"  data-column-margin=\"default\" data-midnight=\"dark\"  class=\"wpb_row vc_row-fluid vc_row\"  style=\"padding-top: 60px; padding-bottom: 0px; \"><div class=\"row-bg-wrap\" data-bg-animation=\"none\" data-bg-animation-delay=\"\" data-bg-overlay=\"false\"><div class=\"inner-wrap row-bg-layer\" ><div class=\"row-bg viewport-desktop\"  style=\"\"><\/div><\/div><\/div><div class=\"row_col_wrap_12 col span_12 dark left\">\n\t<div  class=\"vc_col-sm-1\/5 wpb_column column_container vc_column_container col no-extra-padding inherit_tablet inherit_phone \"  data-padding-pos=\"all\" data-has-bg-color=\"false\" data-bg-color=\"\" data-bg-opacity=\"1\" data-animation=\"\" data-delay=\"0\" >\n\t\t<div class=\"vc_column-inner\" >\n\t\t\t<div class=\"wpb_wrapper\">\n\t\t\t\t\n\t\t\t<\/div> \n\t\t<\/div>\n\t<\/div> \n\n\t<div  class=\"vc_col-sm-1\/5 wpb_column column_container vc_column_container col no-extra-padding inherit_tablet inherit_phone \"  data-padding-pos=\"all\" data-has-bg-color=\"false\" data-bg-color=\"\" data-bg-opacity=\"1\" data-animation=\"\" data-delay=\"0\" >\n\t\t<div class=\"vc_column-inner\" >\n\t\t\t<div class=\"wpb_wrapper\">\n\t\t\t\t\n\t\t\t<\/div> \n\t\t<\/div>\n\t<\/div> \n\n\t<div  class=\"vc_col-sm-1\/5 wpb_column column_container vc_column_container col no-extra-padding inherit_tablet inherit_phone \"  data-padding-pos=\"all\" data-has-bg-color=\"false\" data-bg-color=\"\" data-bg-opacity=\"1\" data-animation=\"\" data-delay=\"0\" >\n\t\t<div class=\"vc_column-inner\" >\n\t\t\t<div class=\"wpb_wrapper\">\n\t\t\t\t\n<div class=\"wpb_text_column wpb_content_element \" >\n\t<div class=\"wpb_wrapper\">\n\t\t<h5 style=\"text-align: center;\">DI\u00c1RIO DE APRENDIZAGENS<\/h5>\n\t<\/div>\n<\/div>\n\n\n\n\n\t\t\t<\/div> \n\t\t<\/div>\n\t<\/div> \n\n\t<div  class=\"vc_col-sm-1\/5 wpb_column column_container vc_column_container col no-extra-padding inherit_tablet inherit_phone \"  data-padding-pos=\"all\" data-has-bg-color=\"false\" data-bg-color=\"\" data-bg-opacity=\"1\" data-animation=\"\" data-delay=\"0\" >\n\t\t<div class=\"vc_column-inner\" >\n\t\t\t<div class=\"wpb_wrapper\">\n\t\t\t\t\n\t\t\t<\/div> \n\t\t<\/div>\n\t<\/div> \n\n\t<div  class=\"vc_col-sm-1\/5 wpb_column column_container vc_column_container col no-extra-padding inherit_tablet inherit_phone \"  data-padding-pos=\"all\" data-has-bg-color=\"false\" data-bg-color=\"\" data-bg-opacity=\"1\" data-animation=\"\" data-delay=\"0\" >\n\t\t<div class=\"vc_column-inner\" >\n\t\t\t<div class=\"wpb_wrapper\">\n\t\t\t\t\n\t\t\t<\/div> \n\t\t<\/div>\n\t<\/div> \n<\/div><\/div>\n\t\t<div id=\"fws_69f77f5e8dd25\"  data-column-margin=\"default\" data-midnight=\"dark\"  class=\"wpb_row vc_row-fluid vc_row full-width-section\"  style=\"padding-top: 30px; padding-bottom: 30px; \"><div class=\"row-bg-wrap\" data-bg-animation=\"none\" data-bg-animation-delay=\"\" data-bg-overlay=\"false\"><div class=\"inner-wrap row-bg-layer\" ><div class=\"row-bg viewport-desktop\"  style=\"\"><\/div><\/div><\/div><div class=\"row_col_wrap_12 col span_12 dark left\">\n\t<div  class=\"vc_col-sm-2 wpb_column column_container vc_column_container col centered-text no-extra-padding inherit_tablet inherit_phone \"  data-padding-pos=\"all\" data-has-bg-color=\"false\" data-bg-color=\"\" data-bg-opacity=\"1\" data-animation=\"\" data-delay=\"0\" >\n\t\t<div class=\"vc_column-inner\" >\n\t\t\t<div class=\"wpb_wrapper\">\n\t\t\t\t\n\t\t\t<\/div> \n\t\t<\/div>\n\t<\/div> \n\n\t<div  class=\"vc_col-sm-8 wpb_column column_container vc_column_container col no-extra-padding inherit_tablet inherit_phone \"  data-padding-pos=\"all\" data-has-bg-color=\"false\" data-bg-color=\"\" data-bg-opacity=\"1\" data-animation=\"\" data-delay=\"0\" >\n\t\t<div class=\"vc_column-inner\" >\n\t\t\t<div class=\"wpb_wrapper\">\n\t\t\t\t\n<div class=\"wpb_text_column wpb_content_element \" style=\" max-width: 1000px; display: inline-block;\">\n\t<div class=\"wpb_wrapper\">\n\t\t<p>Relatos da jornada de Cristine Taku\u00e1, em seu di\u00e1logo com as <a href=\"https:\/\/selvagemciclo.org.br\/colabore\/\"><strong>Escolas Vivas<\/strong><\/a>, e Veronica Pinheiro, em sua ativa\u00e7\u00e3o dos conte\u00fados Selvagem no Laborat\u00f3rio de Aprendizagens Selvagem (LAS). Saiba mais na p\u00e1gina <a href=\"https:\/\/selvagemciclo.org.br\/grupo-aprendizagens\/\"><strong>Aprendizagens<\/strong><\/a>.<\/p>\n\t<\/div>\n<\/div>\n\n\n\n\n\t\t\t<\/div> \n\t\t<\/div>\n\t<\/div> \n\n\t<div  class=\"vc_col-sm-2 wpb_column column_container vc_column_container col no-extra-padding inherit_tablet inherit_phone \"  data-padding-pos=\"all\" data-has-bg-color=\"false\" data-bg-color=\"\" data-bg-opacity=\"1\" data-animation=\"\" data-delay=\"0\" >\n\t\t<div class=\"vc_column-inner\" >\n\t\t\t<div class=\"wpb_wrapper\">\n\t\t\t\t\n\t\t\t<\/div> \n\t\t<\/div>\n\t<\/div> \n<\/div><\/div>\n\t\t<div id=\"fws_69f77f5e8df0c\"  data-column-margin=\"default\" data-midnight=\"dark\"  class=\"wpb_row vc_row-fluid vc_row\"  style=\"padding-top: 0px; padding-bottom: 0px; \"><div class=\"row-bg-wrap\" data-bg-animation=\"none\" data-bg-animation-delay=\"\" data-bg-overlay=\"false\"><div class=\"inner-wrap row-bg-layer\" ><div class=\"row-bg viewport-desktop\"  style=\"\"><\/div><\/div><\/div><div class=\"row_col_wrap_12 col span_12 dark left\">\n\t<div  class=\"vc_col-sm-4 wpb_column column_container vc_column_container col no-extra-padding inherit_tablet inherit_phone \"  data-padding-pos=\"all\" data-has-bg-color=\"false\" data-bg-color=\"\" data-bg-opacity=\"1\" data-animation=\"\" data-delay=\"0\" >\n\t\t<div class=\"vc_column-inner\" >\n\t\t\t<div class=\"wpb_wrapper\">\n\t\t\t\t\n\t\t\t<\/div> \n\t\t<\/div>\n\t<\/div> \n\n\t<div  class=\"vc_col-sm-4 wpb_column column_container vc_column_container col no-extra-padding inherit_tablet inherit_phone \"  data-padding-pos=\"all\" data-has-bg-color=\"false\" data-bg-color=\"\" data-bg-opacity=\"1\" data-animation=\"\" data-delay=\"0\" >\n\t\t<div class=\"vc_column-inner\" >\n\t\t\t<div class=\"wpb_wrapper\">\n\t\t\t\t\n<div class=\"wpb_text_column wpb_content_element \" >\n\t<div class=\"wpb_wrapper\">\n\t\t<div class=\"wgs_wrapper\" id=\"wgs_widget_wrapper_id\"><div class=\"gcse-searchbox-only\" data-resultsUrl=\"https:\/\/selvagemciclo.org.br\/en\/search_gcse\/\"><\/div><\/div>\n\t<\/div>\n<\/div>\n\n\n\n\n\t\t\t<\/div> \n\t\t<\/div>\n\t<\/div> \n\n\t<div  class=\"vc_col-sm-4 wpb_column column_container vc_column_container col no-extra-padding inherit_tablet inherit_phone \"  data-padding-pos=\"all\" data-has-bg-color=\"false\" data-bg-color=\"\" data-bg-opacity=\"1\" data-animation=\"\" data-delay=\"0\" >\n\t\t<div class=\"vc_column-inner\" >\n\t\t\t<div class=\"wpb_wrapper\">\n\t\t\t\t\n\t\t\t<\/div> \n\t\t<\/div>\n\t<\/div> \n<\/div><\/div>\n\t\t<div id=\"fws_69f77f5e8e2bb\"  data-column-margin=\"default\" data-midnight=\"dark\"  class=\"wpb_row vc_row-fluid vc_row\"  style=\"padding-top: 0px; padding-bottom: 0px; \"><div class=\"row-bg-wrap\" data-bg-animation=\"none\" data-bg-animation-delay=\"\" data-bg-overlay=\"false\"><div class=\"inner-wrap row-bg-layer\" ><div class=\"row-bg viewport-desktop\"  style=\"\"><\/div><\/div><\/div><div class=\"row_col_wrap_12 col span_12 dark left\">\n\t<div  class=\"vc_col-sm-12 wpb_column column_container vc_column_container col no-extra-padding inherit_tablet inherit_phone \"  data-padding-pos=\"all\" data-has-bg-color=\"false\" data-bg-color=\"\" data-bg-opacity=\"1\" data-animation=\"\" data-delay=\"0\" >\n\t\t<div class=\"vc_column-inner\" >\n\t\t\t<div class=\"wpb_wrapper\">\n\t\t\t\t<div id=\"fws_69f77f5e8e3e1\" data-midnight=\"\" data-column-margin=\"default\" class=\"wpb_row vc_row-fluid vc_row inner_row\"  style=\"\"><div class=\"row-bg-wrap\"> <div class=\"row-bg\" ><\/div> <\/div><div class=\"row_col_wrap_12_inner col span_12  left\">\n\t<div  class=\"vc_col-sm-2 wpb_column column_container vc_column_container col child_column no-extra-padding inherit_tablet inherit_phone \"   data-padding-pos=\"all\" data-has-bg-color=\"false\" data-bg-color=\"\" data-bg-opacity=\"1\" data-animation=\"\" data-delay=\"0\" >\n\t\t<div class=\"vc_column-inner\" >\n\t\t<div class=\"wpb_wrapper\">\n\t\t\t\n\t\t<\/div> \n\t<\/div>\n\t<\/div> \n\n\t<div  class=\"vc_col-sm-4 wpb_column column_container vc_column_container col child_column padding-1-percent inherit_tablet inherit_phone \"   data-padding-pos=\"all\" data-has-bg-color=\"false\" data-bg-color=\"\" data-bg-opacity=\"1\" data-animation=\"\" data-delay=\"0\" >\n\t\t<div class=\"vc_column-inner\" >\n\t\t<div class=\"wpb_wrapper\">\n\t\t\t<div class=\"img-with-aniamtion-wrap center\" data-max-width=\"75%\" data-max-width-mobile=\"default\" data-shadow=\"none\" data-animation=\"none\" >\n      <div class=\"inner\">\n        <div class=\"hover-wrap\"> \n          <div class=\"hover-wrap-inner\">\n            <img loading=\"lazy\" decoding=\"async\" class=\"img-with-animation skip-lazy \" data-delay=\"0\" height=\"400\" width=\"400\" data-animation=\"none\" src=\"https:\/\/selvagemciclo.org.br\/wp-content\/uploads\/2025\/10\/diaria-01.png\" alt=\"\" srcset=\"https:\/\/selvagemciclo.org.br\/wp-content\/uploads\/2025\/10\/diaria-01.png 400w, https:\/\/selvagemciclo.org.br\/wp-content\/uploads\/2025\/10\/diaria-01-300x300.png 300w, https:\/\/selvagemciclo.org.br\/wp-content\/uploads\/2025\/10\/diaria-01-150x150.png 150w, https:\/\/selvagemciclo.org.br\/wp-content\/uploads\/2025\/10\/diaria-01-12x12.png 12w, https:\/\/selvagemciclo.org.br\/wp-content\/uploads\/2025\/10\/diaria-01-140x140.png 140w\" sizes=\"auto, (max-width: 400px) 100vw, 400px\" \/>\n          <\/div>\n        <\/div>\n      <\/div>\n    <\/div>\n<div class=\"wpb_text_column wpb_content_element \" style=\" max-width: 1000px; display: inline-block;\">\n\t<div class=\"wpb_wrapper\">\n\t\t<h5>CRISTINE TAKU\u00c1<\/h5>\n<p>Cristine Taku\u00e1 \u00e9 uma pensadora, aprendiz de parteira, educadora ind\u00edgena Maxakali. \u00c9 formada em Filosofia pela Unesp e foi professora por doze anos na Escola Estadual Ind\u00edgena Txeru Ba\u2019e Kuai\u2019. Atualmente \u00e9 coordenadora das Escolas Vivas e integrante da Selvagem, ciclo de estudos sobre a vida. Cristine Taku\u00e1 \u00e9 representante do NEI (N\u00facleo de Educa\u00e7\u00e3o Ind\u00edgena) dentro da Secretaria de Educa\u00e7\u00e3o do Estado de S\u00e3o Paulo e membro fundadora do FAPISP (F\u00f3rum de articula\u00e7\u00e3o dos professores ind\u00edgenas do Estado de S\u00e3o Paulo). Faz parte do Instituto Marac\u00e1, que est\u00e1 fazendo a gest\u00e3o compartilhada do Museu das Culturas Ind\u00edgenas em S\u00e3o Paulo. Vive na Terra Ind\u00edgena Ribeir\u00e3o Silveira, localizada na divisa dos munic\u00edpios de Bertioga e S\u00e3o Sebasti\u00e3o.<\/p>\n\t<\/div>\n<\/div>\n\n\n\n\n\t\t<\/div> \n\t<\/div>\n\t<\/div> \n\n\t<div  class=\"vc_col-sm-4 wpb_column column_container vc_column_container col child_column padding-1-percent inherit_tablet inherit_phone \"   data-padding-pos=\"all\" data-has-bg-color=\"false\" data-bg-color=\"\" data-bg-opacity=\"1\" data-animation=\"\" data-delay=\"0\" >\n\t\t<div class=\"vc_column-inner\" >\n\t\t<div class=\"wpb_wrapper\">\n\t\t\t<div class=\"img-with-aniamtion-wrap center\" data-max-width=\"75%\" data-max-width-mobile=\"default\" data-shadow=\"none\" data-animation=\"none\" >\n      <div class=\"inner\">\n        <div class=\"hover-wrap\"> \n          <div class=\"hover-wrap-inner\">\n            <img loading=\"lazy\" decoding=\"async\" class=\"img-with-animation skip-lazy \" data-delay=\"0\" height=\"400\" width=\"400\" data-animation=\"none\" src=\"https:\/\/selvagemciclo.org.br\/wp-content\/uploads\/2025\/10\/diaria-02.png\" alt=\"\" srcset=\"https:\/\/selvagemciclo.org.br\/wp-content\/uploads\/2025\/10\/diaria-02.png 400w, https:\/\/selvagemciclo.org.br\/wp-content\/uploads\/2025\/10\/diaria-02-300x300.png 300w, https:\/\/selvagemciclo.org.br\/wp-content\/uploads\/2025\/10\/diaria-02-150x150.png 150w, https:\/\/selvagemciclo.org.br\/wp-content\/uploads\/2025\/10\/diaria-02-12x12.png 12w, https:\/\/selvagemciclo.org.br\/wp-content\/uploads\/2025\/10\/diaria-02-140x140.png 140w\" sizes=\"auto, (max-width: 400px) 100vw, 400px\" \/>\n          <\/div>\n        <\/div>\n      <\/div>\n    <\/div>\n<div class=\"wpb_text_column wpb_content_element \" style=\" max-width: 1000px; display: inline-block;\">\n\t<div class=\"wpb_wrapper\">\n\t\t<h5>VERONICA PINHEIRO<\/h5>\n<p>Veronica Pinheiro \u00e9 brincante, professora da Rede P\u00fablica Municipal do Rio de Janeiro e mestra em Artes e Cultura Contempor\u00e2nea pelo Programa de P\u00f3s-Gradua\u00e7\u00e3o em Artes da Universidade do Estado do Rio de Janeiro (UERJ). Pesquisa Conflu\u00eancias Afro-Pindor\u00e2micas e educa\u00e7\u00e3o contra-colonial. Integra a equipe Selvagem desde 2023, coordenando o grupo Aprendizagens.<\/p>\n\t<\/div>\n<\/div>\n\n\n\n\n\t\t<\/div> \n\t<\/div>\n\t<\/div> \n\n\t<div  class=\"vc_col-sm-2 wpb_column column_container vc_column_container col child_column no-extra-padding inherit_tablet inherit_phone \"   data-padding-pos=\"all\" data-has-bg-color=\"false\" data-bg-color=\"\" data-bg-opacity=\"1\" data-animation=\"\" data-delay=\"0\" >\n\t\t<div class=\"vc_column-inner\" >\n\t\t<div class=\"wpb_wrapper\">\n\t\t\t\n\t\t<\/div> \n\t<\/div>\n\t<\/div> \n<\/div><\/div>\n\t\t\t<\/div> \n\t\t<\/div>\n\t<\/div> \n<\/div><\/div>\n\t\t<div id=\"fws_69f77f5e8ed42\"  data-column-margin=\"default\" data-midnight=\"dark\"  class=\"wpb_row vc_row-fluid vc_row full-width-content vc_row-o-equal-height vc_row-flex vc_row-o-content-top\"  style=\"padding-top: 0px; padding-bottom: 0px; \"><div class=\"row-bg-wrap\" data-bg-animation=\"none\" data-bg-animation-delay=\"\" data-bg-overlay=\"false\"><div class=\"inner-wrap row-bg-layer\" ><div class=\"row-bg viewport-desktop\"  style=\"\"><\/div><\/div><\/div><div class=\"row_col_wrap_12 col span_12 dark left\">\n\t<div  class=\"vc_col-sm-12 wpb_column column_container vc_column_container col no-extra-padding inherit_tablet inherit_phone \"  data-padding-pos=\"all\" data-has-bg-color=\"false\" data-bg-color=\"\" data-bg-opacity=\"1\" data-animation=\"\" data-delay=\"0\" >\n\t\t<div class=\"vc_column-inner\" >\n\t\t\t<div class=\"wpb_wrapper\">\n\t\t\t\t<div class='nectar-post-grid-wrap text-color-dark spacing-10px' data-el-settings='{\"post_type\":\"post\",\"pagination\":\"none\",\"image_size\":\"full\",\"parallax_scrolling\":\"\",\"aspect_ratio_image_size\":\"\",\"category_position\":\"default\",\"category_display\":\"default\",\"display_categories\":\"yes\",\"display_excerpt\":\"0\",\"excerpt_length\":\"20\",\"display_date\":\"yes\",\"display_estimated_reading_time\":\"0\",\"display_author\":\"0\",\"author_functionality\":\"default\",\"author_position\":\"default\",\"color_overlay\":\"\",\"color_overlay_opacity\":\"\",\"color_overlay_hover_opacity\":\"\",\"card_bg_color\":\"\",\"grid_style\":\"content_under_image\",\"hover_effect\":\"zoom\",\"post_title_overlay\":\"\",\"heading_tag\":\"default\",\"enable_gallery_lightbox\":\"0\",\"category_style\":\"underline\",\"overlay_secondary_project_image\":\"\",\"vertical_list_hover_effect\":\"none\",\"vertical_list_read_more\":\"\",\"read_more_button\":\"0\",\"animation\":\"none\"}' data-style='content_under_image' data-query='{\"post_type\":\"post\",\"posts_per_page\":\"-1\",\"order\":\"DESC\",\"orderby\":\"date\",\"offset\":\"0\",\"cpt_name\":\"post\",\"custom_query_tax\":\"\",\"ignore_sticky_posts\":\"\"}' data-load-more-color='black' data-load-more-text='Load More'><div class=\"nectar-post-grid-filters\" data-active-color=\"default\" data-align=\"default\" data-animation=\"none\" data-sortable=\"yes\"><h4>Filter<\/h4><div><a href=\"#\" class=\"active all-filter\" data-total-count=\"81\" data-filter=\"all,diario-cristine-takua,diario-veronica-pinheiro\">All<\/a><a href=\"#\" data-filter=\"diario-cristine-takua\" data-total-count=\"40\">Di\u00e1rio Cristine Taku\u00e1<\/a><a href=\"#\" data-filter=\"diario-veronica-pinheiro\" data-total-count=\"41\">Di\u00e1rio Veronica Pinheiro<\/a><\/div><\/div><div class=\"nectar-post-grid category-position-before-title \" data-indicator=\"\" data-indicator-style=\"default\" data-indicator-text-color=\"#fff\" data-indicator-color=\"#000\" data-indicator-text=\"View\" data-columns=\"4\" data-hover-effect=\"zoom\" data-text-style=\"default\" data-border-radius=\"none\" data-grid-item-height=\"30vh\" data-grid-spacing=\"10px\" data-text-layout=\"top_left\" data-text-color=\"dark\" data-text-hover-color=\"dark\" data-shadow-hover=\"\" data-animation=\"none\" data-animation-stagger=\"90\" data-cat-click=\"default\"  data-lock-aspect=\"\"  data-text-align=\"left\" data-card=\"\" ><div class=\"nectar-post-grid-item\" data-post-id=\"10824\" data-has-img=\"true\"> <div class=\"inner\"><div class=\"nectar-post-grid-item-bg-wrap\"><div class=\"nectar-post-grid-item-bg-wrap-inner\"><a class=\"bg-wrap-link\" aria-label=\"O FUTURO \u00c9 COLETIVO: Laborat\u00f3rio de Aprendizagens Selvagem\" href=\"https:\/\/selvagemciclo.org.br\/en\/o-futuro-e-coletivo\/\"><\/a><div class=\"nectar-post-grid-item-bg\"><img loading=\"lazy\" decoding=\"async\" width=\"1233\" height=\"1267\" src=\"https:\/\/selvagemciclo.org.br\/wp-content\/uploads\/2026\/03\/carta_mapa-scaled-e1773676019764.png\" class=\"attachment-full size-full wp-post-image\" alt=\"\" srcset=\"https:\/\/selvagemciclo.org.br\/wp-content\/uploads\/2026\/03\/carta_mapa-scaled-e1773676019764.png 1233w, https:\/\/selvagemciclo.org.br\/wp-content\/uploads\/2026\/03\/carta_mapa-scaled-e1773676019764-292x300.png 292w, https:\/\/selvagemciclo.org.br\/wp-content\/uploads\/2026\/03\/carta_mapa-scaled-e1773676019764-997x1024.png 997w, https:\/\/selvagemciclo.org.br\/wp-content\/uploads\/2026\/03\/carta_mapa-scaled-e1773676019764-768x789.png 768w, https:\/\/selvagemciclo.org.br\/wp-content\/uploads\/2026\/03\/carta_mapa-scaled-e1773676019764-12x12.png 12w\" sizes=\"auto, (max-width: 1233px) 100vw, 1233px\" \/><\/div><\/div><\/div><div class=\"content\"><a class=\"nectar-post-grid-link\" href=\"https:\/\/selvagemciclo.org.br\/en\/o-futuro-e-coletivo\/\" aria-label=\"O FUTURO \u00c9 COLETIVO: Laborat\u00f3rio de Aprendizagens Selvagem\"><\/a><span class=\"meta-category\"><a class=\"diario-veronica-pinheiro style-underline\" href=\"https:\/\/selvagemciclo.org.br\/en\/category\/diario-veronica-pinheiro\/\">Di\u00e1rio Veronica Pinheiro<\/a><\/span><div class=\"item-main\"><h3 class=\"post-heading\"><a href=\"https:\/\/selvagemciclo.org.br\/en\/o-futuro-e-coletivo\/\"><span>O FUTURO \u00c9 COLETIVO: Laborat\u00f3rio de Aprendizagens Selvagem<\/span><\/a><\/h3><span class=\"nectar-post-grid-item__meta-wrap\"><span class=\"meta-date\">19 de March de 2026<\/span><\/span><\/div><\/div><\/div><\/div><div class=\"nectar-post-grid-item\" data-post-id=\"10887\" data-has-img=\"true\"> <div class=\"inner\"><div class=\"nectar-post-grid-item-bg-wrap\"><div class=\"nectar-post-grid-item-bg-wrap-inner\"><a class=\"bg-wrap-link\" aria-label=\"AVAXI ETE, o milho verdadeiro e os caminhos de aprendizagem e cura\" href=\"https:\/\/selvagemciclo.org.br\/en\/avaxi-ete-o-milho-verdadeiro\/\"><\/a><div class=\"nectar-post-grid-item-bg\"><img loading=\"lazy\" decoding=\"async\" width=\"2560\" height=\"1920\" src=\"https:\/\/selvagemciclo.org.br\/wp-content\/uploads\/2026\/03\/20260207_140354-scaled.jpg\" class=\"attachment-full size-full wp-post-image\" alt=\"\" srcset=\"https:\/\/selvagemciclo.org.br\/wp-content\/uploads\/2026\/03\/20260207_140354-scaled.jpg 2560w, https:\/\/selvagemciclo.org.br\/wp-content\/uploads\/2026\/03\/20260207_140354-300x225.jpg 300w, https:\/\/selvagemciclo.org.br\/wp-content\/uploads\/2026\/03\/20260207_140354-1024x768.jpg 1024w, https:\/\/selvagemciclo.org.br\/wp-content\/uploads\/2026\/03\/20260207_140354-768x576.jpg 768w, https:\/\/selvagemciclo.org.br\/wp-content\/uploads\/2026\/03\/20260207_140354-1536x1152.jpg 1536w, https:\/\/selvagemciclo.org.br\/wp-content\/uploads\/2026\/03\/20260207_140354-2048x1536.jpg 2048w, https:\/\/selvagemciclo.org.br\/wp-content\/uploads\/2026\/03\/20260207_140354-16x12.jpg 16w\" sizes=\"auto, (max-width: 2560px) 100vw, 2560px\" \/><\/div><\/div><\/div><div class=\"content\"><a class=\"nectar-post-grid-link\" href=\"https:\/\/selvagemciclo.org.br\/en\/avaxi-ete-o-milho-verdadeiro\/\" aria-label=\"AVAXI ETE, o milho verdadeiro e os caminhos de aprendizagem e cura\"><\/a><span class=\"meta-category\"><a class=\"diario-cristine-takua style-underline\" href=\"https:\/\/selvagemciclo.org.br\/en\/category\/diario-cristine-takua\/\">Di\u00e1rio Cristine Taku\u00e1<\/a><\/span><div class=\"item-main\"><h3 class=\"post-heading\"><a href=\"https:\/\/selvagemciclo.org.br\/en\/avaxi-ete-o-milho-verdadeiro\/\"><span>AVAXI ETE, o milho verdadeiro e os caminhos de aprendizagem e cura<\/span><\/a><\/h3><span class=\"nectar-post-grid-item__meta-wrap\"><span class=\"meta-date\">19 de March de 2026<\/span><\/span><\/div><\/div><\/div><\/div><div class=\"nectar-post-grid-item\" data-post-id=\"10046\" data-has-img=\"true\"> <div class=\"inner\"><div class=\"nectar-post-grid-item-bg-wrap\"><div class=\"nectar-post-grid-item-bg-wrap-inner\"><a class=\"bg-wrap-link\" aria-label=\"HABITAR SONHOS\" href=\"https:\/\/selvagemciclo.org.br\/en\/habitar-sonhos\/\"><\/a><div class=\"nectar-post-grid-item-bg\"><img loading=\"lazy\" decoding=\"async\" width=\"958\" height=\"651\" src=\"https:\/\/selvagemciclo.org.br\/wp-content\/uploads\/2025\/12\/20250608_122222-e1764847756469.jpg\" class=\"attachment-full size-full wp-post-image\" alt=\"\" srcset=\"https:\/\/selvagemciclo.org.br\/wp-content\/uploads\/2025\/12\/20250608_122222-e1764847756469.jpg 958w, https:\/\/selvagemciclo.org.br\/wp-content\/uploads\/2025\/12\/20250608_122222-e1764847756469-300x204.jpg 300w, https:\/\/selvagemciclo.org.br\/wp-content\/uploads\/2025\/12\/20250608_122222-e1764847756469-768x522.jpg 768w, https:\/\/selvagemciclo.org.br\/wp-content\/uploads\/2025\/12\/20250608_122222-e1764847756469-18x12.jpg 18w\" sizes=\"auto, (max-width: 958px) 100vw, 958px\" \/><\/div><\/div><\/div><div class=\"content\"><a class=\"nectar-post-grid-link\" href=\"https:\/\/selvagemciclo.org.br\/en\/habitar-sonhos\/\" aria-label=\"HABITAR SONHOS\"><\/a><span class=\"meta-category\"><a class=\"diario-veronica-pinheiro style-underline\" href=\"https:\/\/selvagemciclo.org.br\/en\/category\/diario-veronica-pinheiro\/\">Di\u00e1rio Veronica Pinheiro<\/a><\/span><div class=\"item-main\"><h3 class=\"post-heading\"><a href=\"https:\/\/selvagemciclo.org.br\/en\/habitar-sonhos\/\"><span>HABITAR SONHOS<\/span><\/a><\/h3><span class=\"nectar-post-grid-item__meta-wrap\"><span class=\"meta-date\">4 de December de 2025<\/span><\/span><\/div><\/div><\/div><\/div><div class=\"nectar-post-grid-item\" data-post-id=\"10031\" data-has-img=\"true\"> <div class=\"inner\"><div class=\"nectar-post-grid-item-bg-wrap\"><div class=\"nectar-post-grid-item-bg-wrap-inner\"><a class=\"bg-wrap-link\" aria-label=\"ENCONTRO EM VOLTA DO FOGO\" href=\"https:\/\/selvagemciclo.org.br\/en\/encontro-em-volta-do-fogo\/\"><\/a><div class=\"nectar-post-grid-item-bg\"><img loading=\"lazy\" decoding=\"async\" width=\"933\" height=\"700\" src=\"https:\/\/selvagemciclo.org.br\/wp-content\/uploads\/2025\/12\/todos.jpg\" class=\"attachment-full size-full wp-post-image\" alt=\"\" srcset=\"https:\/\/selvagemciclo.org.br\/wp-content\/uploads\/2025\/12\/todos.jpg 933w, https:\/\/selvagemciclo.org.br\/wp-content\/uploads\/2025\/12\/todos-300x225.jpg 300w, https:\/\/selvagemciclo.org.br\/wp-content\/uploads\/2025\/12\/todos-768x576.jpg 768w, https:\/\/selvagemciclo.org.br\/wp-content\/uploads\/2025\/12\/todos-16x12.jpg 16w\" sizes=\"auto, (max-width: 933px) 100vw, 933px\" \/><\/div><\/div><\/div><div class=\"content\"><a class=\"nectar-post-grid-link\" href=\"https:\/\/selvagemciclo.org.br\/en\/encontro-em-volta-do-fogo\/\" aria-label=\"ENCONTRO EM VOLTA DO FOGO\"><\/a><span class=\"meta-category\"><a class=\"diario-cristine-takua style-underline\" href=\"https:\/\/selvagemciclo.org.br\/en\/category\/diario-cristine-takua\/\">Di\u00e1rio Cristine Taku\u00e1<\/a><\/span><div class=\"item-main\"><h3 class=\"post-heading\"><a href=\"https:\/\/selvagemciclo.org.br\/en\/encontro-em-volta-do-fogo\/\"><span>ENCONTRO EM VOLTA DO FOGO<\/span><\/a><\/h3><span class=\"nectar-post-grid-item__meta-wrap\"><span class=\"meta-date\">4 de December de 2025<\/span><\/span><\/div><\/div><\/div><\/div><div class=\"nectar-post-grid-item\" data-post-id=\"9618\" data-has-img=\"true\"> <div class=\"inner\"><div class=\"nectar-post-grid-item-bg-wrap\"><div class=\"nectar-post-grid-item-bg-wrap-inner\"><a class=\"bg-wrap-link\" aria-label=\"BRINCAR E RECRIAR: QUANDO AS CRIAN\u00c7AS CONJUGAM VERBOS EM TEMPOS CIRCULARES\" href=\"https:\/\/selvagemciclo.org.br\/en\/brincar-e-recriar-quando-as-criancas-conjugam-verbos-em-tempos-circulares\/\"><\/a><div class=\"nectar-post-grid-item-bg\"><img loading=\"lazy\" decoding=\"async\" width=\"1200\" height=\"800\" src=\"https:\/\/selvagemciclo.org.br\/wp-content\/uploads\/2025\/10\/24.10_AnaRezende_ParteUm41.jpg\" class=\"attachment-full size-full wp-post-image\" alt=\"\" srcset=\"https:\/\/selvagemciclo.org.br\/wp-content\/uploads\/2025\/10\/24.10_AnaRezende_ParteUm41.jpg 1200w, https:\/\/selvagemciclo.org.br\/wp-content\/uploads\/2025\/10\/24.10_AnaRezende_ParteUm41-300x200.jpg 300w, https:\/\/selvagemciclo.org.br\/wp-content\/uploads\/2025\/10\/24.10_AnaRezende_ParteUm41-1024x683.jpg 1024w, https:\/\/selvagemciclo.org.br\/wp-content\/uploads\/2025\/10\/24.10_AnaRezende_ParteUm41-768x512.jpg 768w, https:\/\/selvagemciclo.org.br\/wp-content\/uploads\/2025\/10\/24.10_AnaRezende_ParteUm41-18x12.jpg 18w\" sizes=\"auto, (max-width: 1200px) 100vw, 1200px\" \/><\/div><\/div><\/div><div class=\"content\"><a class=\"nectar-post-grid-link\" href=\"https:\/\/selvagemciclo.org.br\/en\/brincar-e-recriar-quando-as-criancas-conjugam-verbos-em-tempos-circulares\/\" aria-label=\"BRINCAR E RECRIAR: QUANDO AS CRIAN\u00c7AS CONJUGAM VERBOS EM TEMPOS CIRCULARES\"><\/a><span class=\"meta-category\"><a class=\"diario-veronica-pinheiro style-underline\" href=\"https:\/\/selvagemciclo.org.br\/en\/category\/diario-veronica-pinheiro\/\">Di\u00e1rio Veronica Pinheiro<\/a><\/span><div class=\"item-main\"><h3 class=\"post-heading\"><a href=\"https:\/\/selvagemciclo.org.br\/en\/brincar-e-recriar-quando-as-criancas-conjugam-verbos-em-tempos-circulares\/\"><span>BRINCAR E RECRIAR: QUANDO AS CRIAN\u00c7AS CONJUGAM VERBOS EM TEMPOS CIRCULARES<\/span><\/a><\/h3><span class=\"nectar-post-grid-item__meta-wrap\"><span class=\"meta-date\">30 de October de 2025<\/span><\/span><\/div><\/div><\/div><\/div><div class=\"nectar-post-grid-item\" data-post-id=\"9616\" data-has-img=\"true\"> <div class=\"inner\"><div class=\"nectar-post-grid-item-bg-wrap\"><div class=\"nectar-post-grid-item-bg-wrap-inner\"><a class=\"bg-wrap-link\" aria-label=\"NHEMBOJERA MBAVYKY\" href=\"https:\/\/selvagemciclo.org.br\/en\/nhembojera-mbavyky\/\"><\/a><div class=\"nectar-post-grid-item-bg\"><img loading=\"lazy\" decoding=\"async\" width=\"1200\" height=\"800\" src=\"https:\/\/selvagemciclo.org.br\/wp-content\/uploads\/2025\/10\/Gerais_Residencia_15.out-61_bx.jpg\" class=\"attachment-full size-full wp-post-image\" alt=\"\" srcset=\"https:\/\/selvagemciclo.org.br\/wp-content\/uploads\/2025\/10\/Gerais_Residencia_15.out-61_bx.jpg 1200w, https:\/\/selvagemciclo.org.br\/wp-content\/uploads\/2025\/10\/Gerais_Residencia_15.out-61_bx-300x200.jpg 300w, https:\/\/selvagemciclo.org.br\/wp-content\/uploads\/2025\/10\/Gerais_Residencia_15.out-61_bx-1024x683.jpg 1024w, https:\/\/selvagemciclo.org.br\/wp-content\/uploads\/2025\/10\/Gerais_Residencia_15.out-61_bx-768x512.jpg 768w, https:\/\/selvagemciclo.org.br\/wp-content\/uploads\/2025\/10\/Gerais_Residencia_15.out-61_bx-18x12.jpg 18w\" sizes=\"auto, (max-width: 1200px) 100vw, 1200px\" \/><\/div><\/div><\/div><div class=\"content\"><a class=\"nectar-post-grid-link\" href=\"https:\/\/selvagemciclo.org.br\/en\/nhembojera-mbavyky\/\" aria-label=\"NHEMBOJERA MBAVYKY\"><\/a><span class=\"meta-category\"><a class=\"diario-cristine-takua style-underline\" href=\"https:\/\/selvagemciclo.org.br\/en\/category\/diario-cristine-takua\/\">Di\u00e1rio Cristine Taku\u00e1<\/a><\/span><div class=\"item-main\"><h3 class=\"post-heading\"><a href=\"https:\/\/selvagemciclo.org.br\/en\/nhembojera-mbavyky\/\"><span>NHEMBOJERA MBAVYKY<\/span><\/a><\/h3><span class=\"nectar-post-grid-item__meta-wrap\"><span class=\"meta-date\">30 de October de 2025<\/span><\/span><\/div><\/div><\/div><\/div><div class=\"nectar-post-grid-item\" data-post-id=\"9614\" data-has-img=\"true\"> <div class=\"inner\"><div class=\"nectar-post-grid-item-bg-wrap\"><div class=\"nectar-post-grid-item-bg-wrap-inner\"><a class=\"bg-wrap-link\" aria-label=\"A VOLTA DO IDJA\" href=\"https:\/\/selvagemciclo.org.br\/en\/a-volta-do-idja\/\"><\/a><div class=\"nectar-post-grid-item-bg\"><img loading=\"lazy\" decoding=\"async\" width=\"1280\" height=\"960\" src=\"https:\/\/selvagemciclo.org.br\/wp-content\/uploads\/2025\/09\/image6.jpg\" class=\"attachment-full size-full wp-post-image\" alt=\"\" srcset=\"https:\/\/selvagemciclo.org.br\/wp-content\/uploads\/2025\/09\/image6.jpg 1280w, https:\/\/selvagemciclo.org.br\/wp-content\/uploads\/2025\/09\/image6-300x225.jpg 300w, https:\/\/selvagemciclo.org.br\/wp-content\/uploads\/2025\/09\/image6-1024x768.jpg 1024w, https:\/\/selvagemciclo.org.br\/wp-content\/uploads\/2025\/09\/image6-768x576.jpg 768w, https:\/\/selvagemciclo.org.br\/wp-content\/uploads\/2025\/09\/image6-16x12.jpg 16w\" sizes=\"auto, (max-width: 1280px) 100vw, 1280px\" \/><\/div><\/div><\/div><div class=\"content\"><a class=\"nectar-post-grid-link\" href=\"https:\/\/selvagemciclo.org.br\/en\/a-volta-do-idja\/\" aria-label=\"A VOLTA DO IDJA\"><\/a><span class=\"meta-category\"><a class=\"diario-veronica-pinheiro style-underline\" href=\"https:\/\/selvagemciclo.org.br\/en\/category\/diario-veronica-pinheiro\/\">Di\u00e1rio Veronica Pinheiro<\/a><\/span><div class=\"item-main\"><h3 class=\"post-heading\"><a href=\"https:\/\/selvagemciclo.org.br\/en\/a-volta-do-idja\/\"><span>A VOLTA DO IDJA<\/span><\/a><\/h3><span class=\"nectar-post-grid-item__meta-wrap\"><span class=\"meta-date\">25 de September de 2025<\/span><\/span><\/div><\/div><\/div><\/div><div class=\"nectar-post-grid-item\" data-post-id=\"9612\" data-has-img=\"true\"> <div class=\"inner\"><div class=\"nectar-post-grid-item-bg-wrap\"><div class=\"nectar-post-grid-item-bg-wrap-inner\"><a class=\"bg-wrap-link\" aria-label=\"TUDO \u00c9 ESCOLA\" href=\"https:\/\/selvagemciclo.org.br\/en\/tudo-e-escola\/\"><\/a><div class=\"nectar-post-grid-item-bg\"><img loading=\"lazy\" decoding=\"async\" width=\"960\" height=\"1280\" src=\"https:\/\/selvagemciclo.org.br\/wp-content\/uploads\/2025\/09\/Foto-de-Cris-Takua_8.jpg\" class=\"attachment-full size-full wp-post-image\" alt=\"\" srcset=\"https:\/\/selvagemciclo.org.br\/wp-content\/uploads\/2025\/09\/Foto-de-Cris-Takua_8.jpg 960w, https:\/\/selvagemciclo.org.br\/wp-content\/uploads\/2025\/09\/Foto-de-Cris-Takua_8-225x300.jpg 225w, https:\/\/selvagemciclo.org.br\/wp-content\/uploads\/2025\/09\/Foto-de-Cris-Takua_8-768x1024.jpg 768w, https:\/\/selvagemciclo.org.br\/wp-content\/uploads\/2025\/09\/Foto-de-Cris-Takua_8-9x12.jpg 9w\" sizes=\"auto, (max-width: 960px) 100vw, 960px\" \/><\/div><\/div><\/div><div class=\"content\"><a class=\"nectar-post-grid-link\" href=\"https:\/\/selvagemciclo.org.br\/en\/tudo-e-escola\/\" aria-label=\"TUDO \u00c9 ESCOLA\"><\/a><span class=\"meta-category\"><a class=\"diario-cristine-takua style-underline\" href=\"https:\/\/selvagemciclo.org.br\/en\/category\/diario-cristine-takua\/\">Di\u00e1rio Cristine Taku\u00e1<\/a><\/span><div class=\"item-main\"><h3 class=\"post-heading\"><a href=\"https:\/\/selvagemciclo.org.br\/en\/tudo-e-escola\/\"><span>TUDO \u00c9 ESCOLA<\/span><\/a><\/h3><span class=\"nectar-post-grid-item__meta-wrap\"><span class=\"meta-date\">25 de September de 2025<\/span><\/span><\/div><\/div><\/div><\/div><div class=\"nectar-post-grid-item\" data-post-id=\"9610\" data-has-img=\"true\"> <div class=\"inner\"><div class=\"nectar-post-grid-item-bg-wrap\"><div class=\"nectar-post-grid-item-bg-wrap-inner\"><a class=\"bg-wrap-link\" aria-label=\"TEM QUE TER OLHO PARA VER MIUDEZA\" href=\"https:\/\/selvagemciclo.org.br\/en\/tem-que-ter-olho-para-ver-miudeza\/\"><\/a><div class=\"nectar-post-grid-item-bg\"><img loading=\"lazy\" decoding=\"async\" width=\"600\" height=\"800\" src=\"https:\/\/selvagemciclo.org.br\/wp-content\/uploads\/2025\/08\/20250611_132652_bx.jpg\" class=\"attachment-full size-full wp-post-image\" alt=\"\" srcset=\"https:\/\/selvagemciclo.org.br\/wp-content\/uploads\/2025\/08\/20250611_132652_bx.jpg 600w, https:\/\/selvagemciclo.org.br\/wp-content\/uploads\/2025\/08\/20250611_132652_bx-225x300.jpg 225w, https:\/\/selvagemciclo.org.br\/wp-content\/uploads\/2025\/08\/20250611_132652_bx-9x12.jpg 9w\" sizes=\"auto, (max-width: 600px) 100vw, 600px\" \/><\/div><\/div><\/div><div class=\"content\"><a class=\"nectar-post-grid-link\" href=\"https:\/\/selvagemciclo.org.br\/en\/tem-que-ter-olho-para-ver-miudeza\/\" aria-label=\"TEM QUE TER OLHO PARA VER MIUDEZA\"><\/a><span class=\"meta-category\"><a class=\"diario-veronica-pinheiro style-underline\" href=\"https:\/\/selvagemciclo.org.br\/en\/category\/diario-veronica-pinheiro\/\">Di\u00e1rio Veronica Pinheiro<\/a><\/span><div class=\"item-main\"><h3 class=\"post-heading\"><a href=\"https:\/\/selvagemciclo.org.br\/en\/tem-que-ter-olho-para-ver-miudeza\/\"><span>TEM QUE TER OLHO PARA VER MIUDEZA<\/span><\/a><\/h3><span class=\"nectar-post-grid-item__meta-wrap\"><span class=\"meta-date\">21 de August de 2025<\/span><\/span><\/div><\/div><\/div><\/div><div class=\"nectar-post-grid-item\" data-post-id=\"9608\" data-has-img=\"true\"> <div class=\"inner\"><div class=\"nectar-post-grid-item-bg-wrap\"><div class=\"nectar-post-grid-item-bg-wrap-inner\"><a class=\"bg-wrap-link\" aria-label=\"O PULSAR DA RESIST\u00caNCIA: ENCONTRO COM POVOS DE SEMEADURAS E SONHOS\" href=\"https:\/\/selvagemciclo.org.br\/en\/o-pulsar-da-resistencia-encontro-com-povos-de-semeaduras-e-sonhos\/\"><\/a><div class=\"nectar-post-grid-item-bg\"><img loading=\"lazy\" decoding=\"async\" width=\"1080\" height=\"797\" src=\"https:\/\/selvagemciclo.org.br\/wp-content\/uploads\/2025\/08\/Foto-de-Paulinha_1.jpg\" class=\"attachment-full size-full wp-post-image\" alt=\"\" srcset=\"https:\/\/selvagemciclo.org.br\/wp-content\/uploads\/2025\/08\/Foto-de-Paulinha_1.jpg 1080w, https:\/\/selvagemciclo.org.br\/wp-content\/uploads\/2025\/08\/Foto-de-Paulinha_1-300x221.jpg 300w, https:\/\/selvagemciclo.org.br\/wp-content\/uploads\/2025\/08\/Foto-de-Paulinha_1-1024x756.jpg 1024w, https:\/\/selvagemciclo.org.br\/wp-content\/uploads\/2025\/08\/Foto-de-Paulinha_1-768x567.jpg 768w, https:\/\/selvagemciclo.org.br\/wp-content\/uploads\/2025\/08\/Foto-de-Paulinha_1-16x12.jpg 16w\" sizes=\"auto, (max-width: 1080px) 100vw, 1080px\" \/><\/div><\/div><\/div><div class=\"content\"><a class=\"nectar-post-grid-link\" href=\"https:\/\/selvagemciclo.org.br\/en\/o-pulsar-da-resistencia-encontro-com-povos-de-semeaduras-e-sonhos\/\" aria-label=\"O PULSAR DA RESIST\u00caNCIA: ENCONTRO COM POVOS DE SEMEADURAS E SONHOS\"><\/a><span class=\"meta-category\"><a class=\"diario-cristine-takua style-underline\" href=\"https:\/\/selvagemciclo.org.br\/en\/category\/diario-cristine-takua\/\">Di\u00e1rio Cristine Taku\u00e1<\/a><\/span><div class=\"item-main\"><h3 class=\"post-heading\"><a href=\"https:\/\/selvagemciclo.org.br\/en\/o-pulsar-da-resistencia-encontro-com-povos-de-semeaduras-e-sonhos\/\"><span>O PULSAR DA RESIST\u00caNCIA: ENCONTRO COM POVOS DE SEMEADURAS E SONHOS<\/span><\/a><\/h3><span class=\"nectar-post-grid-item__meta-wrap\"><span class=\"meta-date\">21 de August de 2025<\/span><\/span><\/div><\/div><\/div><\/div><div class=\"nectar-post-grid-item\" data-post-id=\"8002\" data-has-img=\"true\"> <div class=\"inner\"><div class=\"nectar-post-grid-item-bg-wrap\"><div class=\"nectar-post-grid-item-bg-wrap-inner\"><a class=\"bg-wrap-link\" aria-label=\"EU VOU SENTIR SAUDADE DO VENTO\" href=\"https:\/\/selvagemciclo.org.br\/en\/eu-vou-sentir-saudade-do-vento\/\"><\/a><div class=\"nectar-post-grid-item-bg\"><img loading=\"lazy\" decoding=\"async\" width=\"750\" height=\"500\" src=\"https:\/\/selvagemciclo.org.br\/wp-content\/uploads\/2025\/06\/abraco_bx.jpg\" class=\"attachment-full size-full wp-post-image\" alt=\"\" srcset=\"https:\/\/selvagemciclo.org.br\/wp-content\/uploads\/2025\/06\/abraco_bx.jpg 750w, https:\/\/selvagemciclo.org.br\/wp-content\/uploads\/2025\/06\/abraco_bx-300x200.jpg 300w, https:\/\/selvagemciclo.org.br\/wp-content\/uploads\/2025\/06\/abraco_bx-18x12.jpg 18w\" sizes=\"auto, (max-width: 750px) 100vw, 750px\" \/><\/div><\/div><\/div><div class=\"content\"><a class=\"nectar-post-grid-link\" href=\"https:\/\/selvagemciclo.org.br\/en\/eu-vou-sentir-saudade-do-vento\/\" aria-label=\"EU VOU SENTIR SAUDADE DO VENTO\"><\/a><span class=\"meta-category\"><a class=\"diario-veronica-pinheiro style-underline\" href=\"https:\/\/selvagemciclo.org.br\/en\/category\/diario-veronica-pinheiro\/\">Di\u00e1rio Veronica Pinheiro<\/a><\/span><div class=\"item-main\"><h3 class=\"post-heading\"><a href=\"https:\/\/selvagemciclo.org.br\/en\/eu-vou-sentir-saudade-do-vento\/\"><span>EU VOU SENTIR SAUDADE DO VENTO<\/span><\/a><\/h3><span class=\"nectar-post-grid-item__meta-wrap\"><span class=\"meta-date\">26 de June de 2025<\/span><\/span><\/div><\/div><\/div><\/div><div class=\"nectar-post-grid-item\" data-post-id=\"7996\" data-has-img=\"true\"> <div class=\"inner\"><div class=\"nectar-post-grid-item-bg-wrap\"><div class=\"nectar-post-grid-item-bg-wrap-inner\"><a class=\"bg-wrap-link\" aria-label=\"KUNHANGUE REKO | O MODO DE SER MULHER\" href=\"https:\/\/selvagemciclo.org.br\/en\/kunhangue-reko-o-modo-de-ser-mulher\/\"><\/a><div class=\"nectar-post-grid-item-bg\"><img loading=\"lazy\" decoding=\"async\" width=\"1038\" height=\"1210\" src=\"https:\/\/selvagemciclo.org.br\/wp-content\/uploads\/2025\/06\/ilustracao_gravida.jpg\" class=\"attachment-full size-full wp-post-image\" alt=\"\" srcset=\"https:\/\/selvagemciclo.org.br\/wp-content\/uploads\/2025\/06\/ilustracao_gravida.jpg 1038w, https:\/\/selvagemciclo.org.br\/wp-content\/uploads\/2025\/06\/ilustracao_gravida-257x300.jpg 257w, https:\/\/selvagemciclo.org.br\/wp-content\/uploads\/2025\/06\/ilustracao_gravida-878x1024.jpg 878w, https:\/\/selvagemciclo.org.br\/wp-content\/uploads\/2025\/06\/ilustracao_gravida-768x895.jpg 768w, https:\/\/selvagemciclo.org.br\/wp-content\/uploads\/2025\/06\/ilustracao_gravida-10x12.jpg 10w\" sizes=\"auto, (max-width: 1038px) 100vw, 1038px\" \/><\/div><\/div><\/div><div class=\"content\"><a class=\"nectar-post-grid-link\" href=\"https:\/\/selvagemciclo.org.br\/en\/kunhangue-reko-o-modo-de-ser-mulher\/\" aria-label=\"KUNHANGUE REKO | O MODO DE SER MULHER\"><\/a><span class=\"meta-category\"><a class=\"diario-cristine-takua style-underline\" href=\"https:\/\/selvagemciclo.org.br\/en\/category\/diario-cristine-takua\/\">Di\u00e1rio Cristine Taku\u00e1<\/a><\/span><div class=\"item-main\"><h3 class=\"post-heading\"><a href=\"https:\/\/selvagemciclo.org.br\/en\/kunhangue-reko-o-modo-de-ser-mulher\/\"><span>KUNHANGUE REKO | O MODO DE SER MULHER<\/span><\/a><\/h3><span class=\"nectar-post-grid-item__meta-wrap\"><span class=\"meta-date\">26 de June de 2025<\/span><\/span><\/div><\/div><\/div><\/div><div class=\"nectar-post-grid-item\" data-post-id=\"7772\" data-has-img=\"true\"> <div class=\"inner\"><div class=\"nectar-post-grid-item-bg-wrap\"><div class=\"nectar-post-grid-item-bg-wrap-inner\"><a class=\"bg-wrap-link\" aria-label=\"AGORA EU SEI O QUE \u00c9 NATUREZA\" href=\"https:\/\/selvagemciclo.org.br\/en\/agora-eu-sei-o-que-e-natureza\/\"><\/a><div class=\"nectar-post-grid-item-bg\"><img loading=\"lazy\" decoding=\"async\" width=\"800\" height=\"533\" src=\"https:\/\/selvagemciclo.org.br\/wp-content\/uploads\/2025\/05\/cabeca_planta_IMG_4646_bx.jpg\" class=\"attachment-full size-full wp-post-image\" alt=\"\" srcset=\"https:\/\/selvagemciclo.org.br\/wp-content\/uploads\/2025\/05\/cabeca_planta_IMG_4646_bx.jpg 800w, https:\/\/selvagemciclo.org.br\/wp-content\/uploads\/2025\/05\/cabeca_planta_IMG_4646_bx-300x200.jpg 300w, https:\/\/selvagemciclo.org.br\/wp-content\/uploads\/2025\/05\/cabeca_planta_IMG_4646_bx-768x512.jpg 768w, https:\/\/selvagemciclo.org.br\/wp-content\/uploads\/2025\/05\/cabeca_planta_IMG_4646_bx-18x12.jpg 18w\" sizes=\"auto, (max-width: 800px) 100vw, 800px\" \/><\/div><\/div><\/div><div class=\"content\"><a class=\"nectar-post-grid-link\" href=\"https:\/\/selvagemciclo.org.br\/en\/agora-eu-sei-o-que-e-natureza\/\" aria-label=\"AGORA EU SEI O QUE \u00c9 NATUREZA\"><\/a><span class=\"meta-category\"><a class=\"diario-veronica-pinheiro style-underline\" href=\"https:\/\/selvagemciclo.org.br\/en\/category\/diario-veronica-pinheiro\/\">Di\u00e1rio Veronica Pinheiro<\/a><\/span><div class=\"item-main\"><h3 class=\"post-heading\"><a href=\"https:\/\/selvagemciclo.org.br\/en\/agora-eu-sei-o-que-e-natureza\/\"><span>AGORA EU SEI O QUE \u00c9 NATUREZA<\/span><\/a><\/h3><span class=\"nectar-post-grid-item__meta-wrap\"><span class=\"meta-date\">29 de May de 2025<\/span><\/span><\/div><\/div><\/div><\/div><div class=\"nectar-post-grid-item\" data-post-id=\"7776\" data-has-img=\"true\"> <div class=\"inner\"><div class=\"nectar-post-grid-item-bg-wrap\"><div class=\"nectar-post-grid-item-bg-wrap-inner\"><a class=\"bg-wrap-link\" aria-label=\"NAVEGANDO NA FLORESTA QUE ENSINA: UM MERGULHO NAS ESCOLAS VIVAS\" href=\"https:\/\/selvagemciclo.org.br\/en\/navegando-na-floresta-que-ensina-um-mergulho-nas-escolas-vivas\/\"><\/a><div class=\"nectar-post-grid-item-bg\"><img loading=\"lazy\" decoding=\"async\" width=\"1216\" height=\"800\" src=\"https:\/\/selvagemciclo.org.br\/wp-content\/uploads\/2025\/05\/EV_baniwa.png\" class=\"attachment-full size-full wp-post-image\" alt=\"\" srcset=\"https:\/\/selvagemciclo.org.br\/wp-content\/uploads\/2025\/05\/EV_baniwa.png 1216w, https:\/\/selvagemciclo.org.br\/wp-content\/uploads\/2025\/05\/EV_baniwa-300x197.png 300w, https:\/\/selvagemciclo.org.br\/wp-content\/uploads\/2025\/05\/EV_baniwa-1024x674.png 1024w, https:\/\/selvagemciclo.org.br\/wp-content\/uploads\/2025\/05\/EV_baniwa-768x505.png 768w, https:\/\/selvagemciclo.org.br\/wp-content\/uploads\/2025\/05\/EV_baniwa-18x12.png 18w\" sizes=\"auto, (max-width: 1216px) 100vw, 1216px\" \/><\/div><\/div><\/div><div class=\"content\"><a class=\"nectar-post-grid-link\" href=\"https:\/\/selvagemciclo.org.br\/en\/navegando-na-floresta-que-ensina-um-mergulho-nas-escolas-vivas\/\" aria-label=\"NAVEGANDO NA FLORESTA QUE ENSINA: UM MERGULHO NAS ESCOLAS VIVAS\"><\/a><span class=\"meta-category\"><a class=\"diario-cristine-takua style-underline\" href=\"https:\/\/selvagemciclo.org.br\/en\/category\/diario-cristine-takua\/\">Di\u00e1rio Cristine Taku\u00e1<\/a><\/span><div class=\"item-main\"><h3 class=\"post-heading\"><a href=\"https:\/\/selvagemciclo.org.br\/en\/navegando-na-floresta-que-ensina-um-mergulho-nas-escolas-vivas\/\"><span>NAVEGANDO NA FLORESTA QUE ENSINA: UM MERGULHO NAS ESCOLAS VIVAS<\/span><\/a><\/h3><span class=\"nectar-post-grid-item__meta-wrap\"><span class=\"meta-date\">29 de May de 2025<\/span><\/span><\/div><\/div><\/div><\/div><div class=\"nectar-post-grid-item\" data-post-id=\"7344\" data-has-img=\"true\"> <div class=\"inner\"><div class=\"nectar-post-grid-item-bg-wrap\"><div class=\"nectar-post-grid-item-bg-wrap-inner\"><a class=\"bg-wrap-link\" aria-label=\"PLANTANDO UMA ESCOLA VIVA. DI\u00c1LOGOS COM ABELHAS JANDA\u00cdRA, TUBI, JATA\u00cd E O POVO POTIGUARA\" href=\"https:\/\/selvagemciclo.org.br\/en\/plantando-uma-escola-viva-dialogos-com-abelhas-jandaira-tubi-jatai-e-o-povo-potiguara\/\"><\/a><div class=\"nectar-post-grid-item-bg\"><img loading=\"lazy\" decoding=\"async\" width=\"1600\" height=\"1200\" src=\"https:\/\/selvagemciclo.org.br\/wp-content\/uploads\/2025\/04\/Foto-de-Miguel-Mendonca.jpg\" class=\"attachment-full size-full wp-post-image\" alt=\"\" srcset=\"https:\/\/selvagemciclo.org.br\/wp-content\/uploads\/2025\/04\/Foto-de-Miguel-Mendonca.jpg 1600w, https:\/\/selvagemciclo.org.br\/wp-content\/uploads\/2025\/04\/Foto-de-Miguel-Mendonca-300x225.jpg 300w, https:\/\/selvagemciclo.org.br\/wp-content\/uploads\/2025\/04\/Foto-de-Miguel-Mendonca-1024x768.jpg 1024w, https:\/\/selvagemciclo.org.br\/wp-content\/uploads\/2025\/04\/Foto-de-Miguel-Mendonca-768x576.jpg 768w, https:\/\/selvagemciclo.org.br\/wp-content\/uploads\/2025\/04\/Foto-de-Miguel-Mendonca-1536x1152.jpg 1536w, https:\/\/selvagemciclo.org.br\/wp-content\/uploads\/2025\/04\/Foto-de-Miguel-Mendonca-16x12.jpg 16w\" sizes=\"auto, (max-width: 1600px) 100vw, 1600px\" \/><\/div><\/div><\/div><div class=\"content\"><a class=\"nectar-post-grid-link\" href=\"https:\/\/selvagemciclo.org.br\/en\/plantando-uma-escola-viva-dialogos-com-abelhas-jandaira-tubi-jatai-e-o-povo-potiguara\/\" aria-label=\"PLANTANDO UMA ESCOLA VIVA. DI\u00c1LOGOS COM ABELHAS JANDA\u00cdRA, TUBI, JATA\u00cd E O POVO POTIGUARA\"><\/a><span class=\"meta-category\"><a class=\"diario-cristine-takua style-underline\" href=\"https:\/\/selvagemciclo.org.br\/en\/category\/diario-cristine-takua\/\">Di\u00e1rio Cristine Taku\u00e1<\/a><\/span><div class=\"item-main\"><h3 class=\"post-heading\"><a href=\"https:\/\/selvagemciclo.org.br\/en\/plantando-uma-escola-viva-dialogos-com-abelhas-jandaira-tubi-jatai-e-o-povo-potiguara\/\"><span>PLANTANDO UMA ESCOLA VIVA. DI\u00c1LOGOS COM ABELHAS JANDA\u00cdRA, TUBI, JATA\u00cd E O POVO POTIGUARA<\/span><\/a><\/h3><span class=\"nectar-post-grid-item__meta-wrap\"><span class=\"meta-date\">10 de April de 2025<\/span><\/span><\/div><\/div><\/div><\/div><div class=\"nectar-post-grid-item\" data-post-id=\"7341\" data-has-img=\"true\"> <div class=\"inner\"><div class=\"nectar-post-grid-item-bg-wrap\"><div class=\"nectar-post-grid-item-bg-wrap-inner\"><a class=\"bg-wrap-link\" aria-label=\"CRIAN\u00c7A \u00c9 QUASE RIO\" href=\"https:\/\/selvagemciclo.org.br\/en\/crianca-e-quase-rio\/\"><\/a><div class=\"nectar-post-grid-item-bg\"><img loading=\"lazy\" decoding=\"async\" width=\"720\" height=\"1112\" src=\"https:\/\/selvagemciclo.org.br\/wp-content\/uploads\/2025\/04\/desenho2.jpg\" class=\"attachment-full size-full wp-post-image\" alt=\"\" srcset=\"https:\/\/selvagemciclo.org.br\/wp-content\/uploads\/2025\/04\/desenho2.jpg 720w, https:\/\/selvagemciclo.org.br\/wp-content\/uploads\/2025\/04\/desenho2-194x300.jpg 194w, https:\/\/selvagemciclo.org.br\/wp-content\/uploads\/2025\/04\/desenho2-663x1024.jpg 663w, https:\/\/selvagemciclo.org.br\/wp-content\/uploads\/2025\/04\/desenho2-8x12.jpg 8w\" sizes=\"auto, (max-width: 720px) 100vw, 720px\" \/><\/div><\/div><\/div><div class=\"content\"><a class=\"nectar-post-grid-link\" href=\"https:\/\/selvagemciclo.org.br\/en\/crianca-e-quase-rio\/\" aria-label=\"CRIAN\u00c7A \u00c9 QUASE RIO\"><\/a><span class=\"meta-category\"><a class=\"diario-veronica-pinheiro style-underline\" href=\"https:\/\/selvagemciclo.org.br\/en\/category\/diario-veronica-pinheiro\/\">Di\u00e1rio Veronica Pinheiro<\/a><\/span><div class=\"item-main\"><h3 class=\"post-heading\"><a href=\"https:\/\/selvagemciclo.org.br\/en\/crianca-e-quase-rio\/\"><span>CRIAN\u00c7A \u00c9 QUASE RIO<\/span><\/a><\/h3><span class=\"nectar-post-grid-item__meta-wrap\"><span class=\"meta-date\">10 de April de 2025<\/span><\/span><\/div><\/div><\/div><\/div><div class=\"nectar-post-grid-item\" data-post-id=\"7524\" data-has-img=\"true\"> <div class=\"inner\"><div class=\"nectar-post-grid-item-bg-wrap\"><div class=\"nectar-post-grid-item-bg-wrap-inner\"><a class=\"bg-wrap-link\" aria-label=\"TECENDO PONTES ENTRE MUNDOS\" href=\"https:\/\/selvagemciclo.org.br\/en\/tecendo-pontes-entre-mundos\/\"><\/a><div class=\"nectar-post-grid-item-bg\"><img loading=\"lazy\" decoding=\"async\" width=\"629\" height=\"477\" src=\"https:\/\/selvagemciclo.org.br\/wp-content\/uploads\/2025\/03\/sueli-isael-destaque-diario.png\" class=\"attachment-full size-full wp-post-image\" alt=\"\" srcset=\"https:\/\/selvagemciclo.org.br\/wp-content\/uploads\/2025\/03\/sueli-isael-destaque-diario.png 629w, https:\/\/selvagemciclo.org.br\/wp-content\/uploads\/2025\/03\/sueli-isael-destaque-diario-300x228.png 300w, https:\/\/selvagemciclo.org.br\/wp-content\/uploads\/2025\/03\/sueli-isael-destaque-diario-16x12.png 16w\" sizes=\"auto, (max-width: 629px) 100vw, 629px\" \/><\/div><\/div><\/div><div class=\"content\"><a class=\"nectar-post-grid-link\" href=\"https:\/\/selvagemciclo.org.br\/en\/tecendo-pontes-entre-mundos\/\" aria-label=\"TECENDO PONTES ENTRE MUNDOS\"><\/a><span class=\"meta-category\"><a class=\"diario-cristine-takua style-underline\" href=\"https:\/\/selvagemciclo.org.br\/en\/category\/diario-cristine-takua\/\">Di\u00e1rio Cristine Taku\u00e1<\/a><\/span><div class=\"item-main\"><h3 class=\"post-heading\"><a href=\"https:\/\/selvagemciclo.org.br\/en\/tecendo-pontes-entre-mundos\/\"><span>TECENDO PONTES ENTRE MUNDOS<\/span><\/a><\/h3><span class=\"nectar-post-grid-item__meta-wrap\"><span class=\"meta-date\">13 de March de 2025<\/span><\/span><\/div><\/div><\/div><\/div><div class=\"nectar-post-grid-item\" data-post-id=\"7159\" data-has-img=\"true\"> <div class=\"inner\"><div class=\"nectar-post-grid-item-bg-wrap\"><div class=\"nectar-post-grid-item-bg-wrap-inner\"><a class=\"bg-wrap-link\" aria-label=\"O DIA EM QUE ACOLHI O MENINO SOL NO COLO\" href=\"https:\/\/selvagemciclo.org.br\/en\/o-dia-em-que-acolhi-o-menino-sol-no-colo\/\"><\/a><div class=\"nectar-post-grid-item-bg\"><img loading=\"lazy\" decoding=\"async\" width=\"1000\" height=\"667\" src=\"https:\/\/selvagemciclo.org.br\/wp-content\/uploads\/2025\/03\/teia.webp\" class=\"attachment-full size-full wp-post-image\" alt=\"\" srcset=\"https:\/\/selvagemciclo.org.br\/wp-content\/uploads\/2025\/03\/teia.webp 1000w, https:\/\/selvagemciclo.org.br\/wp-content\/uploads\/2025\/03\/teia-300x200.webp 300w, https:\/\/selvagemciclo.org.br\/wp-content\/uploads\/2025\/03\/teia-768x512.webp 768w, https:\/\/selvagemciclo.org.br\/wp-content\/uploads\/2025\/03\/teia-18x12.webp 18w\" sizes=\"auto, (max-width: 1000px) 100vw, 1000px\" \/><\/div><\/div><\/div><div class=\"content\"><a class=\"nectar-post-grid-link\" href=\"https:\/\/selvagemciclo.org.br\/en\/o-dia-em-que-acolhi-o-menino-sol-no-colo\/\" aria-label=\"O DIA EM QUE ACOLHI O MENINO SOL NO COLO\"><\/a><span class=\"meta-category\"><a class=\"diario-veronica-pinheiro style-underline\" href=\"https:\/\/selvagemciclo.org.br\/en\/category\/diario-veronica-pinheiro\/\">Di\u00e1rio Veronica Pinheiro<\/a><\/span><div class=\"item-main\"><h3 class=\"post-heading\"><a href=\"https:\/\/selvagemciclo.org.br\/en\/o-dia-em-que-acolhi-o-menino-sol-no-colo\/\"><span>O DIA EM QUE ACOLHI O MENINO SOL NO COLO<\/span><\/a><\/h3><span class=\"nectar-post-grid-item__meta-wrap\"><span class=\"meta-date\">13 de March de 2025<\/span><\/span><\/div><\/div><\/div><\/div><div class=\"nectar-post-grid-item\" data-post-id=\"7528\" data-has-img=\"true\"> <div class=\"inner\"><div class=\"nectar-post-grid-item-bg-wrap\"><div class=\"nectar-post-grid-item-bg-wrap-inner\"><a class=\"bg-wrap-link\" aria-label=\"VIVA VIVA A ESCOLA BANIWA\" href=\"https:\/\/selvagemciclo.org.br\/en\/viva-viva-a-escola-baniwa\/\"><\/a><div class=\"nectar-post-grid-item-bg\"><img loading=\"lazy\" decoding=\"async\" width=\"1369\" height=\"648\" src=\"https:\/\/selvagemciclo.org.br\/wp-content\/uploads\/2024\/12\/Acervo-pessoal-Francy-Baniwa_.png\" class=\"attachment-full size-full wp-post-image\" alt=\"\" srcset=\"https:\/\/selvagemciclo.org.br\/wp-content\/uploads\/2024\/12\/Acervo-pessoal-Francy-Baniwa_.png 1369w, https:\/\/selvagemciclo.org.br\/wp-content\/uploads\/2024\/12\/Acervo-pessoal-Francy-Baniwa_-300x142.png 300w, https:\/\/selvagemciclo.org.br\/wp-content\/uploads\/2024\/12\/Acervo-pessoal-Francy-Baniwa_-1024x485.png 1024w, https:\/\/selvagemciclo.org.br\/wp-content\/uploads\/2024\/12\/Acervo-pessoal-Francy-Baniwa_-768x364.png 768w, https:\/\/selvagemciclo.org.br\/wp-content\/uploads\/2024\/12\/Acervo-pessoal-Francy-Baniwa_-18x9.png 18w\" sizes=\"auto, (max-width: 1369px) 100vw, 1369px\" \/><\/div><\/div><\/div><div class=\"content\"><a class=\"nectar-post-grid-link\" href=\"https:\/\/selvagemciclo.org.br\/en\/viva-viva-a-escola-baniwa\/\" aria-label=\"VIVA VIVA A ESCOLA BANIWA\"><\/a><span class=\"meta-category\"><a class=\"diario-cristine-takua style-underline\" href=\"https:\/\/selvagemciclo.org.br\/en\/category\/diario-cristine-takua\/\">Di\u00e1rio Cristine Taku\u00e1<\/a><\/span><div class=\"item-main\"><h3 class=\"post-heading\"><a href=\"https:\/\/selvagemciclo.org.br\/en\/viva-viva-a-escola-baniwa\/\"><span>VIVA VIVA A ESCOLA BANIWA<\/span><\/a><\/h3><span class=\"nectar-post-grid-item__meta-wrap\"><span class=\"meta-date\">2 de December de 2024<\/span><\/span><\/div><\/div><\/div><\/div><div class=\"nectar-post-grid-item\" data-post-id=\"7530\" data-has-img=\"true\"> <div class=\"inner\"><div class=\"nectar-post-grid-item-bg-wrap\"><div class=\"nectar-post-grid-item-bg-wrap-inner\"><a class=\"bg-wrap-link\" aria-label=\"\u00c0 MARGEM DO RIO\" href=\"https:\/\/selvagemciclo.org.br\/en\/a-margem-do-rio\/\"><\/a><div class=\"nectar-post-grid-item-bg\"><img loading=\"lazy\" decoding=\"async\" width=\"1600\" height=\"1066\" src=\"https:\/\/selvagemciclo.org.br\/wp-content\/uploads\/2024\/11\/WhatsApp-Image-2024-11-29-at-08.33.23.jpeg\" class=\"attachment-full size-full wp-post-image\" alt=\"\" srcset=\"https:\/\/selvagemciclo.org.br\/wp-content\/uploads\/2024\/11\/WhatsApp-Image-2024-11-29-at-08.33.23.jpeg 1600w, https:\/\/selvagemciclo.org.br\/wp-content\/uploads\/2024\/11\/WhatsApp-Image-2024-11-29-at-08.33.23-300x200.jpeg 300w, https:\/\/selvagemciclo.org.br\/wp-content\/uploads\/2024\/11\/WhatsApp-Image-2024-11-29-at-08.33.23-1024x682.jpeg 1024w, https:\/\/selvagemciclo.org.br\/wp-content\/uploads\/2024\/11\/WhatsApp-Image-2024-11-29-at-08.33.23-768x512.jpeg 768w, https:\/\/selvagemciclo.org.br\/wp-content\/uploads\/2024\/11\/WhatsApp-Image-2024-11-29-at-08.33.23-1536x1023.jpeg 1536w, https:\/\/selvagemciclo.org.br\/wp-content\/uploads\/2024\/11\/WhatsApp-Image-2024-11-29-at-08.33.23-18x12.jpeg 18w\" sizes=\"auto, (max-width: 1600px) 100vw, 1600px\" \/><\/div><\/div><\/div><div class=\"content\"><a class=\"nectar-post-grid-link\" href=\"https:\/\/selvagemciclo.org.br\/en\/a-margem-do-rio\/\" aria-label=\"\u00c0 MARGEM DO RIO\"><\/a><span class=\"meta-category\"><a class=\"diario-veronica-pinheiro style-underline\" href=\"https:\/\/selvagemciclo.org.br\/en\/category\/diario-veronica-pinheiro\/\">Di\u00e1rio Veronica Pinheiro<\/a><\/span><div class=\"item-main\"><h3 class=\"post-heading\"><a href=\"https:\/\/selvagemciclo.org.br\/en\/a-margem-do-rio\/\"><span>\u00c0 MARGEM DO RIO<\/span><\/a><\/h3><span class=\"nectar-post-grid-item__meta-wrap\"><span class=\"meta-date\">29 de November de 2024<\/span><\/span><\/div><\/div><\/div><\/div><div class=\"nectar-post-grid-item\" data-post-id=\"7533\" data-has-img=\"true\"> <div class=\"inner\"><div class=\"nectar-post-grid-item-bg-wrap\"><div class=\"nectar-post-grid-item-bg-wrap-inner\"><a class=\"bg-wrap-link\" aria-label=\"OPY&#8217;I, NOSSA VERDADEIRA ESCOLA \u2013 saberes e fazeres vivos\" href=\"https:\/\/selvagemciclo.org.br\/en\/opyi-nossa-verdadeira-escola-saberes-e-fazeres-vivos\/\"><\/a><div class=\"nectar-post-grid-item-bg\"><img loading=\"lazy\" decoding=\"async\" width=\"790\" height=\"598\" src=\"https:\/\/selvagemciclo.org.br\/wp-content\/uploads\/2024\/11\/opy-i-destaque-diario.png\" class=\"attachment-full size-full wp-post-image\" alt=\"\" srcset=\"https:\/\/selvagemciclo.org.br\/wp-content\/uploads\/2024\/11\/opy-i-destaque-diario.png 790w, https:\/\/selvagemciclo.org.br\/wp-content\/uploads\/2024\/11\/opy-i-destaque-diario-300x227.png 300w, https:\/\/selvagemciclo.org.br\/wp-content\/uploads\/2024\/11\/opy-i-destaque-diario-768x581.png 768w, https:\/\/selvagemciclo.org.br\/wp-content\/uploads\/2024\/11\/opy-i-destaque-diario-16x12.png 16w\" sizes=\"auto, (max-width: 790px) 100vw, 790px\" \/><\/div><\/div><\/div><div class=\"content\"><a class=\"nectar-post-grid-link\" href=\"https:\/\/selvagemciclo.org.br\/en\/opyi-nossa-verdadeira-escola-saberes-e-fazeres-vivos\/\" aria-label=\"OPY&#8217;I, NOSSA VERDADEIRA ESCOLA \u2013 saberes e fazeres vivos\"><\/a><span class=\"meta-category\"><a class=\"diario-cristine-takua style-underline\" href=\"https:\/\/selvagemciclo.org.br\/en\/category\/diario-cristine-takua\/\">Di\u00e1rio Cristine Taku\u00e1<\/a><\/span><div class=\"item-main\"><h3 class=\"post-heading\"><a href=\"https:\/\/selvagemciclo.org.br\/en\/opyi-nossa-verdadeira-escola-saberes-e-fazeres-vivos\/\"><span>OPY&#8217;I, NOSSA VERDADEIRA ESCOLA \u2013 saberes e fazeres vivos<\/span><\/a><\/h3><span class=\"nectar-post-grid-item__meta-wrap\"><span class=\"meta-date\">25 de November de 2024<\/span><\/span><\/div><\/div><\/div><\/div><div class=\"nectar-post-grid-item\" data-post-id=\"7781\" data-has-img=\"true\"> <div class=\"inner\"><div class=\"nectar-post-grid-item-bg-wrap\"><div class=\"nectar-post-grid-item-bg-wrap-inner\"><a class=\"bg-wrap-link\" aria-label=\"PEDRINHAS MIUDINHAS\" href=\"https:\/\/selvagemciclo.org.br\/en\/pedrinhas-miudinhas\/\"><\/a><div class=\"nectar-post-grid-item-bg\"><img loading=\"lazy\" decoding=\"async\" width=\"1234\" height=\"647\" src=\"https:\/\/selvagemciclo.org.br\/wp-content\/uploads\/2024\/11\/WhatsApp-Image-2024-11-22-at-10.21.02-e1732286840146.jpeg\" class=\"attachment-full size-full wp-post-image\" alt=\"\" srcset=\"https:\/\/selvagemciclo.org.br\/wp-content\/uploads\/2024\/11\/WhatsApp-Image-2024-11-22-at-10.21.02-e1732286840146.jpeg 1234w, https:\/\/selvagemciclo.org.br\/wp-content\/uploads\/2024\/11\/WhatsApp-Image-2024-11-22-at-10.21.02-e1732286840146-300x157.jpeg 300w, https:\/\/selvagemciclo.org.br\/wp-content\/uploads\/2024\/11\/WhatsApp-Image-2024-11-22-at-10.21.02-e1732286840146-1024x537.jpeg 1024w, https:\/\/selvagemciclo.org.br\/wp-content\/uploads\/2024\/11\/WhatsApp-Image-2024-11-22-at-10.21.02-e1732286840146-768x403.jpeg 768w, https:\/\/selvagemciclo.org.br\/wp-content\/uploads\/2024\/11\/WhatsApp-Image-2024-11-22-at-10.21.02-e1732286840146-18x9.jpeg 18w\" sizes=\"auto, (max-width: 1234px) 100vw, 1234px\" \/><\/div><\/div><\/div><div class=\"content\"><a class=\"nectar-post-grid-link\" href=\"https:\/\/selvagemciclo.org.br\/en\/pedrinhas-miudinhas\/\" aria-label=\"PEDRINHAS MIUDINHAS\"><\/a><span class=\"meta-category\"><a class=\"diario-veronica-pinheiro style-underline\" href=\"https:\/\/selvagemciclo.org.br\/en\/category\/diario-veronica-pinheiro\/\">Di\u00e1rio Veronica Pinheiro<\/a><\/span><div class=\"item-main\"><h3 class=\"post-heading\"><a href=\"https:\/\/selvagemciclo.org.br\/en\/pedrinhas-miudinhas\/\"><span>PEDRINHAS MIUDINHAS<\/span><\/a><\/h3><span class=\"nectar-post-grid-item__meta-wrap\"><span class=\"meta-date\">22 de November de 2024<\/span><\/span><\/div><\/div><\/div><\/div><div class=\"nectar-post-grid-item\" data-post-id=\"7783\" data-has-img=\"true\"> <div class=\"inner\"><div class=\"nectar-post-grid-item-bg-wrap\"><div class=\"nectar-post-grid-item-bg-wrap-inner\"><a class=\"bg-wrap-link\" aria-label=\"TERRIT\u00d3RIOS DE CONEX\u00c3O, ATIVA\u00c7\u00c3O DE CURAS E MEM\u00d3RIAS\" href=\"https:\/\/selvagemciclo.org.br\/en\/territorios-de-conexao-ativacao-de-curas-e-memorias\/\"><\/a><div class=\"nectar-post-grid-item-bg\"><img loading=\"lazy\" decoding=\"async\" width=\"959\" height=\"698\" src=\"https:\/\/selvagemciclo.org.br\/wp-content\/uploads\/2024\/11\/diario-cris-peru.png\" class=\"attachment-full size-full wp-post-image\" alt=\"\" srcset=\"https:\/\/selvagemciclo.org.br\/wp-content\/uploads\/2024\/11\/diario-cris-peru.png 959w, https:\/\/selvagemciclo.org.br\/wp-content\/uploads\/2024\/11\/diario-cris-peru-300x218.png 300w, https:\/\/selvagemciclo.org.br\/wp-content\/uploads\/2024\/11\/diario-cris-peru-768x559.png 768w, https:\/\/selvagemciclo.org.br\/wp-content\/uploads\/2024\/11\/diario-cris-peru-16x12.png 16w\" sizes=\"auto, (max-width: 959px) 100vw, 959px\" \/><\/div><\/div><\/div><div class=\"content\"><a class=\"nectar-post-grid-link\" href=\"https:\/\/selvagemciclo.org.br\/en\/territorios-de-conexao-ativacao-de-curas-e-memorias\/\" aria-label=\"TERRIT\u00d3RIOS DE CONEX\u00c3O, ATIVA\u00c7\u00c3O DE CURAS E MEM\u00d3RIAS\"><\/a><span class=\"meta-category\"><a class=\"diario-cristine-takua style-underline\" href=\"https:\/\/selvagemciclo.org.br\/en\/category\/diario-cristine-takua\/\">Di\u00e1rio Cristine Taku\u00e1<\/a><\/span><div class=\"item-main\"><h3 class=\"post-heading\"><a href=\"https:\/\/selvagemciclo.org.br\/en\/territorios-de-conexao-ativacao-de-curas-e-memorias\/\"><span>TERRIT\u00d3RIOS DE CONEX\u00c3O, ATIVA\u00c7\u00c3O DE CURAS E MEM\u00d3RIAS<\/span><\/a><\/h3><span class=\"nectar-post-grid-item__meta-wrap\"><span class=\"meta-date\">18 de November de 2024<\/span><\/span><\/div><\/div><\/div><\/div><div class=\"nectar-post-grid-item\" data-post-id=\"7786\" data-has-img=\"true\"> <div class=\"inner\"><div class=\"nectar-post-grid-item-bg-wrap\"><div class=\"nectar-post-grid-item-bg-wrap-inner\"><a class=\"bg-wrap-link\" aria-label=\"ESCUTE AS CRIAN\u00c7AS\" href=\"https:\/\/selvagemciclo.org.br\/en\/escute-as-criancas\/\"><\/a><div class=\"nectar-post-grid-item-bg\"><img loading=\"lazy\" decoding=\"async\" width=\"675\" height=\"900\" src=\"https:\/\/selvagemciclo.org.br\/wp-content\/uploads\/2024\/11\/roda_criancas.jpg\" class=\"attachment-full size-full wp-post-image\" alt=\"\" srcset=\"https:\/\/selvagemciclo.org.br\/wp-content\/uploads\/2024\/11\/roda_criancas.jpg 675w, https:\/\/selvagemciclo.org.br\/wp-content\/uploads\/2024\/11\/roda_criancas-225x300.jpg 225w, https:\/\/selvagemciclo.org.br\/wp-content\/uploads\/2024\/11\/roda_criancas-9x12.jpg 9w\" sizes=\"auto, (max-width: 675px) 100vw, 675px\" \/><\/div><\/div><\/div><div class=\"content\"><a class=\"nectar-post-grid-link\" href=\"https:\/\/selvagemciclo.org.br\/en\/escute-as-criancas\/\" aria-label=\"ESCUTE AS CRIAN\u00c7AS\"><\/a><span class=\"meta-category\"><a class=\"diario-veronica-pinheiro style-underline\" href=\"https:\/\/selvagemciclo.org.br\/en\/category\/diario-veronica-pinheiro\/\">Di\u00e1rio Veronica Pinheiro<\/a><\/span><div class=\"item-main\"><h3 class=\"post-heading\"><a href=\"https:\/\/selvagemciclo.org.br\/en\/escute-as-criancas\/\"><span>ESCUTE AS CRIAN\u00c7AS<\/span><\/a><\/h3><span class=\"nectar-post-grid-item__meta-wrap\"><span class=\"meta-date\">15 de November de 2024<\/span><\/span><\/div><\/div><\/div><\/div><div class=\"nectar-post-grid-item\" data-post-id=\"7790\" data-has-img=\"true\"> <div class=\"inner\"><div class=\"nectar-post-grid-item-bg-wrap\"><div class=\"nectar-post-grid-item-bg-wrap-inner\"><a class=\"bg-wrap-link\" aria-label=\"ENCONTROS PROFUNDOS\" href=\"https:\/\/selvagemciclo.org.br\/en\/encontros-profundos\/\"><\/a><div class=\"nectar-post-grid-item-bg\"><img loading=\"lazy\" decoding=\"async\" width=\"1280\" height=\"960\" src=\"https:\/\/selvagemciclo.org.br\/wp-content\/uploads\/2024\/11\/IMG-20241109-WA0000.jpg\" class=\"attachment-full size-full wp-post-image\" alt=\"\" srcset=\"https:\/\/selvagemciclo.org.br\/wp-content\/uploads\/2024\/11\/IMG-20241109-WA0000.jpg 1280w, https:\/\/selvagemciclo.org.br\/wp-content\/uploads\/2024\/11\/IMG-20241109-WA0000-300x225.jpg 300w, https:\/\/selvagemciclo.org.br\/wp-content\/uploads\/2024\/11\/IMG-20241109-WA0000-1024x768.jpg 1024w, https:\/\/selvagemciclo.org.br\/wp-content\/uploads\/2024\/11\/IMG-20241109-WA0000-768x576.jpg 768w, https:\/\/selvagemciclo.org.br\/wp-content\/uploads\/2024\/11\/IMG-20241109-WA0000-16x12.jpg 16w\" sizes=\"auto, (max-width: 1280px) 100vw, 1280px\" \/><\/div><\/div><\/div><div class=\"content\"><a class=\"nectar-post-grid-link\" href=\"https:\/\/selvagemciclo.org.br\/en\/encontros-profundos\/\" aria-label=\"ENCONTROS PROFUNDOS\"><\/a><span class=\"meta-category\"><a class=\"diario-cristine-takua style-underline\" href=\"https:\/\/selvagemciclo.org.br\/en\/category\/diario-cristine-takua\/\">Di\u00e1rio Cristine Taku\u00e1<\/a><\/span><div class=\"item-main\"><h3 class=\"post-heading\"><a href=\"https:\/\/selvagemciclo.org.br\/en\/encontros-profundos\/\"><span>ENCONTROS PROFUNDOS<\/span><\/a><\/h3><span class=\"nectar-post-grid-item__meta-wrap\"><span class=\"meta-date\">11 de November de 2024<\/span><\/span><\/div><\/div><\/div><\/div><div class=\"nectar-post-grid-item\" data-post-id=\"7792\" data-has-img=\"true\"> <div class=\"inner\"><div class=\"nectar-post-grid-item-bg-wrap\"><div class=\"nectar-post-grid-item-bg-wrap-inner\"><a class=\"bg-wrap-link\" aria-label=\"ALEGRIA \u00c9 FOR\u00c7A VITAL\" href=\"https:\/\/selvagemciclo.org.br\/en\/alegria-e-forca-vital\/\"><\/a><div class=\"nectar-post-grid-item-bg\"><img loading=\"lazy\" decoding=\"async\" width=\"1066\" height=\"800\" src=\"https:\/\/selvagemciclo.org.br\/wp-content\/uploads\/2024\/11\/image1.jpg\" class=\"attachment-full size-full wp-post-image\" alt=\"\" srcset=\"https:\/\/selvagemciclo.org.br\/wp-content\/uploads\/2024\/11\/image1.jpg 1066w, https:\/\/selvagemciclo.org.br\/wp-content\/uploads\/2024\/11\/image1-300x225.jpg 300w, https:\/\/selvagemciclo.org.br\/wp-content\/uploads\/2024\/11\/image1-1024x768.jpg 1024w, https:\/\/selvagemciclo.org.br\/wp-content\/uploads\/2024\/11\/image1-768x576.jpg 768w, https:\/\/selvagemciclo.org.br\/wp-content\/uploads\/2024\/11\/image1-16x12.jpg 16w\" sizes=\"auto, (max-width: 1066px) 100vw, 1066px\" \/><\/div><\/div><\/div><div class=\"content\"><a class=\"nectar-post-grid-link\" href=\"https:\/\/selvagemciclo.org.br\/en\/alegria-e-forca-vital\/\" aria-label=\"ALEGRIA \u00c9 FOR\u00c7A VITAL\"><\/a><span class=\"meta-category\"><a class=\"diario-veronica-pinheiro style-underline\" href=\"https:\/\/selvagemciclo.org.br\/en\/category\/diario-veronica-pinheiro\/\">Di\u00e1rio Veronica Pinheiro<\/a><\/span><div class=\"item-main\"><h3 class=\"post-heading\"><a href=\"https:\/\/selvagemciclo.org.br\/en\/alegria-e-forca-vital\/\"><span>ALEGRIA \u00c9 FOR\u00c7A VITAL<\/span><\/a><\/h3><span class=\"nectar-post-grid-item__meta-wrap\"><span class=\"meta-date\">8 de November de 2024<\/span><\/span><\/div><\/div><\/div><\/div><div class=\"nectar-post-grid-item\" data-post-id=\"7794\" data-has-img=\"true\"> <div class=\"inner\"><div class=\"nectar-post-grid-item-bg-wrap\"><div class=\"nectar-post-grid-item-bg-wrap-inner\"><a class=\"bg-wrap-link\" aria-label=\"O REZO COLETIVO ATIVA A CURA E ANIMA A VIDA\" href=\"https:\/\/selvagemciclo.org.br\/en\/o-rezo-coletivo-ativa-a-cura-e-anima-a-vida\/\"><\/a><div class=\"nectar-post-grid-item-bg\"><img loading=\"lazy\" decoding=\"async\" width=\"1280\" height=\"960\" src=\"https:\/\/selvagemciclo.org.br\/wp-content\/uploads\/2024\/11\/Foto-de-Carlos-Papa_.jpg\" class=\"attachment-full size-full wp-post-image\" alt=\"\" srcset=\"https:\/\/selvagemciclo.org.br\/wp-content\/uploads\/2024\/11\/Foto-de-Carlos-Papa_.jpg 1280w, https:\/\/selvagemciclo.org.br\/wp-content\/uploads\/2024\/11\/Foto-de-Carlos-Papa_-300x225.jpg 300w, https:\/\/selvagemciclo.org.br\/wp-content\/uploads\/2024\/11\/Foto-de-Carlos-Papa_-1024x768.jpg 1024w, https:\/\/selvagemciclo.org.br\/wp-content\/uploads\/2024\/11\/Foto-de-Carlos-Papa_-768x576.jpg 768w, https:\/\/selvagemciclo.org.br\/wp-content\/uploads\/2024\/11\/Foto-de-Carlos-Papa_-16x12.jpg 16w\" sizes=\"auto, (max-width: 1280px) 100vw, 1280px\" \/><\/div><\/div><\/div><div class=\"content\"><a class=\"nectar-post-grid-link\" href=\"https:\/\/selvagemciclo.org.br\/en\/o-rezo-coletivo-ativa-a-cura-e-anima-a-vida\/\" aria-label=\"O REZO COLETIVO ATIVA A CURA E ANIMA A VIDA\"><\/a><span class=\"meta-category\"><a class=\"diario-cristine-takua style-underline\" href=\"https:\/\/selvagemciclo.org.br\/en\/category\/diario-cristine-takua\/\">Di\u00e1rio Cristine Taku\u00e1<\/a><\/span><div class=\"item-main\"><h3 class=\"post-heading\"><a href=\"https:\/\/selvagemciclo.org.br\/en\/o-rezo-coletivo-ativa-a-cura-e-anima-a-vida\/\"><span>O REZO COLETIVO ATIVA A CURA E ANIMA A VIDA<\/span><\/a><\/h3><span class=\"nectar-post-grid-item__meta-wrap\"><span class=\"meta-date\">4 de November de 2024<\/span><\/span><\/div><\/div><\/div><\/div><div class=\"nectar-post-grid-item\" data-post-id=\"8004\" data-has-img=\"true\"> <div class=\"inner\"><div class=\"nectar-post-grid-item-bg-wrap\"><div class=\"nectar-post-grid-item-bg-wrap-inner\"><a class=\"bg-wrap-link\" aria-label=\"BRINCAR ACENDE O SOL\" href=\"https:\/\/selvagemciclo.org.br\/en\/brincar-acende-o-sol\/\"><\/a><div class=\"nectar-post-grid-item-bg\"><img loading=\"lazy\" decoding=\"async\" width=\"1024\" height=\"576\" src=\"https:\/\/selvagemciclo.org.br\/wp-content\/uploads\/2024\/11\/image15-1.jpg\" class=\"attachment-full size-full wp-post-image\" alt=\"\" srcset=\"https:\/\/selvagemciclo.org.br\/wp-content\/uploads\/2024\/11\/image15-1.jpg 1024w, https:\/\/selvagemciclo.org.br\/wp-content\/uploads\/2024\/11\/image15-1-300x169.jpg 300w, https:\/\/selvagemciclo.org.br\/wp-content\/uploads\/2024\/11\/image15-1-768x432.jpg 768w, https:\/\/selvagemciclo.org.br\/wp-content\/uploads\/2024\/11\/image15-1-18x10.jpg 18w\" sizes=\"auto, (max-width: 1024px) 100vw, 1024px\" \/><\/div><\/div><\/div><div class=\"content\"><a class=\"nectar-post-grid-link\" href=\"https:\/\/selvagemciclo.org.br\/en\/brincar-acende-o-sol\/\" aria-label=\"BRINCAR ACENDE O SOL\"><\/a><span class=\"meta-category\"><a class=\"diario-veronica-pinheiro style-underline\" href=\"https:\/\/selvagemciclo.org.br\/en\/category\/diario-veronica-pinheiro\/\">Di\u00e1rio Veronica Pinheiro<\/a><\/span><div class=\"item-main\"><h3 class=\"post-heading\"><a href=\"https:\/\/selvagemciclo.org.br\/en\/brincar-acende-o-sol\/\"><span>BRINCAR ACENDE O SOL<\/span><\/a><\/h3><span class=\"nectar-post-grid-item__meta-wrap\"><span class=\"meta-date\">1 de November de 2024<\/span><\/span><\/div><\/div><\/div><\/div><div class=\"nectar-post-grid-item\" data-post-id=\"8006\" data-has-img=\"true\"> <div class=\"inner\"><div class=\"nectar-post-grid-item-bg-wrap\"><div class=\"nectar-post-grid-item-bg-wrap-inner\"><a class=\"bg-wrap-link\" aria-label=\"CARTA A VERONICA PINHEIRO \u2013 Yvy mar\u00e3 e\u2019y, Terra sem males\" href=\"https:\/\/selvagemciclo.org.br\/en\/carta-a-veronica-pinheiro\/\"><\/a><div class=\"nectar-post-grid-item-bg\"><img loading=\"lazy\" decoding=\"async\" width=\"1298\" height=\"726\" src=\"https:\/\/selvagemciclo.org.br\/wp-content\/uploads\/2022\/03\/kaaguy.jpg\" class=\"attachment-full size-full wp-post-image\" alt=\"\" srcset=\"https:\/\/selvagemciclo.org.br\/wp-content\/uploads\/2022\/03\/kaaguy.jpg 1298w, https:\/\/selvagemciclo.org.br\/wp-content\/uploads\/2022\/03\/kaaguy-300x168.jpg 300w, https:\/\/selvagemciclo.org.br\/wp-content\/uploads\/2022\/03\/kaaguy-1024x573.jpg 1024w, https:\/\/selvagemciclo.org.br\/wp-content\/uploads\/2022\/03\/kaaguy-768x430.jpg 768w\" sizes=\"auto, (max-width: 1298px) 100vw, 1298px\" \/><\/div><\/div><\/div><div class=\"content\"><a class=\"nectar-post-grid-link\" href=\"https:\/\/selvagemciclo.org.br\/en\/carta-a-veronica-pinheiro\/\" aria-label=\"CARTA A VERONICA PINHEIRO \u2013 Yvy mar\u00e3 e\u2019y, Terra sem males\"><\/a><span class=\"meta-category\"><a class=\"diario-cristine-takua style-underline\" href=\"https:\/\/selvagemciclo.org.br\/en\/category\/diario-cristine-takua\/\">Di\u00e1rio Cristine Taku\u00e1<\/a><\/span><div class=\"item-main\"><h3 class=\"post-heading\"><a href=\"https:\/\/selvagemciclo.org.br\/en\/carta-a-veronica-pinheiro\/\"><span>CARTA A VERONICA PINHEIRO \u2013 Yvy mar\u00e3 e\u2019y, Terra sem males<\/span><\/a><\/h3><span class=\"nectar-post-grid-item__meta-wrap\"><span class=\"meta-date\">28 de October de 2024<\/span><\/span><\/div><\/div><\/div><\/div><div class=\"nectar-post-grid-item\" data-post-id=\"7381\" data-has-img=\"true\"> <div class=\"inner\"><div class=\"nectar-post-grid-item-bg-wrap\"><div class=\"nectar-post-grid-item-bg-wrap-inner\"><a class=\"bg-wrap-link\" aria-label=\"CARTA A CRISTINE TAKU\u00c1 &#8211; Com terra nas m\u00e3os e verde nos olhos\" href=\"https:\/\/selvagemciclo.org.br\/en\/carta-a-cristine-takua-com-terra-nas-maos-e-verde-nos-olhos\/\"><\/a><div class=\"nectar-post-grid-item-bg\"><img loading=\"lazy\" decoding=\"async\" width=\"973\" height=\"1070\" src=\"https:\/\/selvagemciclo.org.br\/wp-content\/uploads\/2024\/10\/broto.jpg\" class=\"attachment-full size-full wp-post-image\" alt=\"\" srcset=\"https:\/\/selvagemciclo.org.br\/wp-content\/uploads\/2024\/10\/broto.jpg 973w, https:\/\/selvagemciclo.org.br\/wp-content\/uploads\/2024\/10\/broto-273x300.jpg 273w, https:\/\/selvagemciclo.org.br\/wp-content\/uploads\/2024\/10\/broto-931x1024.jpg 931w, https:\/\/selvagemciclo.org.br\/wp-content\/uploads\/2024\/10\/broto-768x845.jpg 768w, https:\/\/selvagemciclo.org.br\/wp-content\/uploads\/2024\/10\/broto-11x12.jpg 11w\" sizes=\"auto, (max-width: 973px) 100vw, 973px\" \/><\/div><\/div><\/div><div class=\"content\"><a class=\"nectar-post-grid-link\" href=\"https:\/\/selvagemciclo.org.br\/en\/carta-a-cristine-takua-com-terra-nas-maos-e-verde-nos-olhos\/\" aria-label=\"CARTA A CRISTINE TAKU\u00c1 &#8211; Com terra nas m\u00e3os e verde nos olhos\"><\/a><span class=\"meta-category\"><a class=\"diario-veronica-pinheiro style-underline\" href=\"https:\/\/selvagemciclo.org.br\/en\/category\/diario-veronica-pinheiro\/\">Di\u00e1rio Veronica Pinheiro<\/a><\/span><div class=\"item-main\"><h3 class=\"post-heading\"><a href=\"https:\/\/selvagemciclo.org.br\/en\/carta-a-cristine-takua-com-terra-nas-maos-e-verde-nos-olhos\/\"><span>CARTA A CRISTINE TAKU\u00c1 &#8211; Com terra nas m\u00e3os e verde nos olhos<\/span><\/a><\/h3><span class=\"nectar-post-grid-item__meta-wrap\"><span class=\"meta-date\">21 de October de 2024<\/span><\/span><\/div><\/div><\/div><\/div><div class=\"nectar-post-grid-item\" data-post-id=\"8008\" data-has-img=\"true\"> <div class=\"inner\"><div class=\"nectar-post-grid-item-bg-wrap\"><div class=\"nectar-post-grid-item-bg-wrap-inner\"><a class=\"bg-wrap-link\" aria-label=\"CARTA A VERONICA PINHEIRO \u2013 Ara pyau, tempo novo\" href=\"https:\/\/selvagemciclo.org.br\/en\/carta-a-veronica-pinheiro-2\/\"><\/a><div class=\"nectar-post-grid-item-bg\"><img loading=\"lazy\" decoding=\"async\" width=\"809\" height=\"597\" src=\"https:\/\/selvagemciclo.org.br\/wp-content\/uploads\/2025\/07\/image.jpg\" class=\"attachment-full size-full wp-post-image\" alt=\"\" srcset=\"https:\/\/selvagemciclo.org.br\/wp-content\/uploads\/2025\/07\/image.jpg 809w, https:\/\/selvagemciclo.org.br\/wp-content\/uploads\/2025\/07\/image-300x221.jpg 300w, https:\/\/selvagemciclo.org.br\/wp-content\/uploads\/2025\/07\/image-768x567.jpg 768w, https:\/\/selvagemciclo.org.br\/wp-content\/uploads\/2025\/07\/image-16x12.jpg 16w\" sizes=\"auto, (max-width: 809px) 100vw, 809px\" \/><\/div><\/div><\/div><div class=\"content\"><a class=\"nectar-post-grid-link\" href=\"https:\/\/selvagemciclo.org.br\/en\/carta-a-veronica-pinheiro-2\/\" aria-label=\"CARTA A VERONICA PINHEIRO \u2013 Ara pyau, tempo novo\"><\/a><span class=\"meta-category\"><a class=\"diario-cristine-takua style-underline\" href=\"https:\/\/selvagemciclo.org.br\/en\/category\/diario-cristine-takua\/\">Di\u00e1rio Cristine Taku\u00e1<\/a><\/span><div class=\"item-main\"><h3 class=\"post-heading\"><a href=\"https:\/\/selvagemciclo.org.br\/en\/carta-a-veronica-pinheiro-2\/\"><span>CARTA A VERONICA PINHEIRO \u2013 Ara pyau, tempo novo<\/span><\/a><\/h3><span class=\"nectar-post-grid-item__meta-wrap\"><span class=\"meta-date\">14 de October de 2024<\/span><\/span><\/div><\/div><\/div><\/div><div class=\"nectar-post-grid-item\" data-post-id=\"8011\" data-has-img=\"true\"> <div class=\"inner\"><div class=\"nectar-post-grid-item-bg-wrap\"><div class=\"nectar-post-grid-item-bg-wrap-inner\"><a class=\"bg-wrap-link\" aria-label=\"CARTA A CRISTINE TAKU\u00c1 \u2013 Escolas da vida\" href=\"https:\/\/selvagemciclo.org.br\/en\/carta-a-cristine-takua\/\"><\/a><div class=\"nectar-post-grid-item-bg\"><img loading=\"lazy\" decoding=\"async\" width=\"787\" height=\"572\" src=\"https:\/\/selvagemciclo.org.br\/wp-content\/uploads\/2024\/10\/image-1.jpg\" class=\"attachment-full size-full wp-post-image\" alt=\"\" srcset=\"https:\/\/selvagemciclo.org.br\/wp-content\/uploads\/2024\/10\/image-1.jpg 787w, https:\/\/selvagemciclo.org.br\/wp-content\/uploads\/2024\/10\/image-1-300x218.jpg 300w, https:\/\/selvagemciclo.org.br\/wp-content\/uploads\/2024\/10\/image-1-768x558.jpg 768w, https:\/\/selvagemciclo.org.br\/wp-content\/uploads\/2024\/10\/image-1-18x12.jpg 18w\" sizes=\"auto, (max-width: 787px) 100vw, 787px\" \/><\/div><\/div><\/div><div class=\"content\"><a class=\"nectar-post-grid-link\" href=\"https:\/\/selvagemciclo.org.br\/en\/carta-a-cristine-takua\/\" aria-label=\"CARTA A CRISTINE TAKU\u00c1 \u2013 Escolas da vida\"><\/a><span class=\"meta-category\"><a class=\"diario-veronica-pinheiro style-underline\" href=\"https:\/\/selvagemciclo.org.br\/en\/category\/diario-veronica-pinheiro\/\">Di\u00e1rio Veronica Pinheiro<\/a><\/span><div class=\"item-main\"><h3 class=\"post-heading\"><a href=\"https:\/\/selvagemciclo.org.br\/en\/carta-a-cristine-takua\/\"><span>CARTA A CRISTINE TAKU\u00c1 \u2013 Escolas da vida<\/span><\/a><\/h3><span class=\"nectar-post-grid-item__meta-wrap\"><span class=\"meta-date\">14 de October de 2024<\/span><\/span><\/div><\/div><\/div><\/div><div class=\"nectar-post-grid-item\" data-post-id=\"8014\" data-has-img=\"true\"> <div class=\"inner\"><div class=\"nectar-post-grid-item-bg-wrap\"><div class=\"nectar-post-grid-item-bg-wrap-inner\"><a class=\"bg-wrap-link\" aria-label=\"QUAIS C\u00d3DIGOS DECIFRAMOS?\" href=\"https:\/\/selvagemciclo.org.br\/en\/quais-codigos-deciframos\/\"><\/a><div class=\"nectar-post-grid-item-bg\"><img loading=\"lazy\" decoding=\"async\" width=\"981\" height=\"743\" src=\"https:\/\/selvagemciclo.org.br\/wp-content\/uploads\/2024\/09\/Foto-Cris-Takua_3-1.jpg\" class=\"attachment-full size-full wp-post-image\" alt=\"\" srcset=\"https:\/\/selvagemciclo.org.br\/wp-content\/uploads\/2024\/09\/Foto-Cris-Takua_3-1.jpg 981w, https:\/\/selvagemciclo.org.br\/wp-content\/uploads\/2024\/09\/Foto-Cris-Takua_3-1-300x227.jpg 300w, https:\/\/selvagemciclo.org.br\/wp-content\/uploads\/2024\/09\/Foto-Cris-Takua_3-1-768x582.jpg 768w, https:\/\/selvagemciclo.org.br\/wp-content\/uploads\/2024\/09\/Foto-Cris-Takua_3-1-16x12.jpg 16w\" sizes=\"auto, (max-width: 981px) 100vw, 981px\" \/><\/div><\/div><\/div><div class=\"content\"><a class=\"nectar-post-grid-link\" href=\"https:\/\/selvagemciclo.org.br\/en\/quais-codigos-deciframos\/\" aria-label=\"QUAIS C\u00d3DIGOS DECIFRAMOS?\"><\/a><span class=\"meta-category\"><a class=\"diario-cristine-takua style-underline\" href=\"https:\/\/selvagemciclo.org.br\/en\/category\/diario-cristine-takua\/\">Di\u00e1rio Cristine Taku\u00e1<\/a><\/span><div class=\"item-main\"><h3 class=\"post-heading\"><a href=\"https:\/\/selvagemciclo.org.br\/en\/quais-codigos-deciframos\/\"><span>QUAIS C\u00d3DIGOS DECIFRAMOS?<\/span><\/a><\/h3><span class=\"nectar-post-grid-item__meta-wrap\"><span class=\"meta-date\">29 de September de 2024<\/span><\/span><\/div><\/div><\/div><\/div><div class=\"nectar-post-grid-item\" data-post-id=\"8016\" data-has-img=\"true\"> <div class=\"inner\"><div class=\"nectar-post-grid-item-bg-wrap\"><div class=\"nectar-post-grid-item-bg-wrap-inner\"><a class=\"bg-wrap-link\" aria-label=\"A SABEDORIA DOS S\u00cdMBOLOS AFRICANOS\" href=\"https:\/\/selvagemciclo.org.br\/en\/a-sabedoria-dos-simbolos-africanos\/\"><\/a><div class=\"nectar-post-grid-item-bg\"><img loading=\"lazy\" decoding=\"async\" width=\"1156\" height=\"521\" src=\"https:\/\/selvagemciclo.org.br\/wp-content\/uploads\/2024\/09\/livros.jpg\" class=\"attachment-full size-full wp-post-image\" alt=\"\" srcset=\"https:\/\/selvagemciclo.org.br\/wp-content\/uploads\/2024\/09\/livros.jpg 1156w, https:\/\/selvagemciclo.org.br\/wp-content\/uploads\/2024\/09\/livros-300x135.jpg 300w, https:\/\/selvagemciclo.org.br\/wp-content\/uploads\/2024\/09\/livros-1024x462.jpg 1024w, https:\/\/selvagemciclo.org.br\/wp-content\/uploads\/2024\/09\/livros-768x346.jpg 768w, https:\/\/selvagemciclo.org.br\/wp-content\/uploads\/2024\/09\/livros-18x8.jpg 18w\" sizes=\"auto, (max-width: 1156px) 100vw, 1156px\" \/><\/div><\/div><\/div><div class=\"content\"><a class=\"nectar-post-grid-link\" href=\"https:\/\/selvagemciclo.org.br\/en\/a-sabedoria-dos-simbolos-africanos\/\" aria-label=\"A SABEDORIA DOS S\u00cdMBOLOS AFRICANOS\"><\/a><span class=\"meta-category\"><a class=\"diario-veronica-pinheiro style-underline\" href=\"https:\/\/selvagemciclo.org.br\/en\/category\/diario-veronica-pinheiro\/\">Di\u00e1rio Veronica Pinheiro<\/a><\/span><div class=\"item-main\"><h3 class=\"post-heading\"><a href=\"https:\/\/selvagemciclo.org.br\/en\/a-sabedoria-dos-simbolos-africanos\/\"><span>A SABEDORIA DOS S\u00cdMBOLOS AFRICANOS<\/span><\/a><\/h3><span class=\"nectar-post-grid-item__meta-wrap\"><span class=\"meta-date\">23 de September de 2024<\/span><\/span><\/div><\/div><\/div><\/div><div class=\"nectar-post-grid-item\" data-post-id=\"8018\" data-has-img=\"true\"> <div class=\"inner\"><div class=\"nectar-post-grid-item-bg-wrap\"><div class=\"nectar-post-grid-item-bg-wrap-inner\"><a class=\"bg-wrap-link\" aria-label=\"A ESCOLA VIVE EM MIM\" href=\"https:\/\/selvagemciclo.org.br\/en\/a-escola-vive-em-mim\/\"><\/a><div class=\"nectar-post-grid-item-bg\"><img loading=\"lazy\" decoding=\"async\" width=\"1280\" height=\"960\" src=\"https:\/\/selvagemciclo.org.br\/wp-content\/uploads\/2024\/09\/Foto-Djeguaka_1.jpg\" class=\"attachment-full size-full wp-post-image\" alt=\"\" srcset=\"https:\/\/selvagemciclo.org.br\/wp-content\/uploads\/2024\/09\/Foto-Djeguaka_1.jpg 1280w, https:\/\/selvagemciclo.org.br\/wp-content\/uploads\/2024\/09\/Foto-Djeguaka_1-300x225.jpg 300w, https:\/\/selvagemciclo.org.br\/wp-content\/uploads\/2024\/09\/Foto-Djeguaka_1-1024x768.jpg 1024w, https:\/\/selvagemciclo.org.br\/wp-content\/uploads\/2024\/09\/Foto-Djeguaka_1-768x576.jpg 768w, https:\/\/selvagemciclo.org.br\/wp-content\/uploads\/2024\/09\/Foto-Djeguaka_1-16x12.jpg 16w\" sizes=\"auto, (max-width: 1280px) 100vw, 1280px\" \/><\/div><\/div><\/div><div class=\"content\"><a class=\"nectar-post-grid-link\" href=\"https:\/\/selvagemciclo.org.br\/en\/a-escola-vive-em-mim\/\" aria-label=\"A ESCOLA VIVE EM MIM\"><\/a><span class=\"meta-category\"><a class=\"diario-cristine-takua style-underline\" href=\"https:\/\/selvagemciclo.org.br\/en\/category\/diario-cristine-takua\/\">Di\u00e1rio Cristine Taku\u00e1<\/a><\/span><div class=\"item-main\"><h3 class=\"post-heading\"><a href=\"https:\/\/selvagemciclo.org.br\/en\/a-escola-vive-em-mim\/\"><span>A ESCOLA VIVE EM MIM<\/span><\/a><\/h3><span class=\"nectar-post-grid-item__meta-wrap\"><span class=\"meta-date\">20 de September de 2024<\/span><\/span><\/div><\/div><\/div><\/div><div class=\"nectar-post-grid-item\" data-post-id=\"8020\" data-has-img=\"true\"> <div class=\"inner\"><div class=\"nectar-post-grid-item-bg-wrap\"><div class=\"nectar-post-grid-item-bg-wrap-inner\"><a class=\"bg-wrap-link\" aria-label=\"A BELEZA DA RESPOSTA DAS CRIAN\u00c7AS\" href=\"https:\/\/selvagemciclo.org.br\/en\/a-beleza-da-resposta-das-criancas\/\"><\/a><div class=\"nectar-post-grid-item-bg\"><img loading=\"lazy\" decoding=\"async\" width=\"806\" height=\"413\" src=\"https:\/\/selvagemciclo.org.br\/wp-content\/uploads\/2025\/07\/image-2.jpg\" class=\"attachment-full size-full wp-post-image\" alt=\"\" srcset=\"https:\/\/selvagemciclo.org.br\/wp-content\/uploads\/2025\/07\/image-2.jpg 806w, https:\/\/selvagemciclo.org.br\/wp-content\/uploads\/2025\/07\/image-2-300x154.jpg 300w, https:\/\/selvagemciclo.org.br\/wp-content\/uploads\/2025\/07\/image-2-768x394.jpg 768w, https:\/\/selvagemciclo.org.br\/wp-content\/uploads\/2025\/07\/image-2-18x9.jpg 18w\" sizes=\"auto, (max-width: 806px) 100vw, 806px\" \/><\/div><\/div><\/div><div class=\"content\"><a class=\"nectar-post-grid-link\" href=\"https:\/\/selvagemciclo.org.br\/en\/a-beleza-da-resposta-das-criancas\/\" aria-label=\"A BELEZA DA RESPOSTA DAS CRIAN\u00c7AS\"><\/a><span class=\"meta-category\"><a class=\"diario-veronica-pinheiro style-underline\" href=\"https:\/\/selvagemciclo.org.br\/en\/category\/diario-veronica-pinheiro\/\">Di\u00e1rio Veronica Pinheiro<\/a><\/span><div class=\"item-main\"><h3 class=\"post-heading\"><a href=\"https:\/\/selvagemciclo.org.br\/en\/a-beleza-da-resposta-das-criancas\/\"><span>A BELEZA DA RESPOSTA DAS CRIAN\u00c7AS<\/span><\/a><\/h3><span class=\"nectar-post-grid-item__meta-wrap\"><span class=\"meta-date\">16 de September de 2024<\/span><\/span><\/div><\/div><\/div><\/div><div class=\"nectar-post-grid-item\" data-post-id=\"8023\" data-has-img=\"true\"> <div class=\"inner\"><div class=\"nectar-post-grid-item-bg-wrap\"><div class=\"nectar-post-grid-item-bg-wrap-inner\"><a class=\"bg-wrap-link\" aria-label=\"EMBA\u00daBA, FIBRA M\u00c1GICA E M\u00c3E DO TEMPO\" href=\"https:\/\/selvagemciclo.org.br\/en\/embauba-fibra-magica-e-mae-do-tempo\/\"><\/a><div class=\"nectar-post-grid-item-bg\"><img loading=\"lazy\" decoding=\"async\" width=\"960\" height=\"581\" src=\"https:\/\/selvagemciclo.org.br\/wp-content\/uploads\/2024\/09\/Arte-de-Isael-Maxakali_.jpg\" class=\"attachment-full size-full wp-post-image\" alt=\"\" srcset=\"https:\/\/selvagemciclo.org.br\/wp-content\/uploads\/2024\/09\/Arte-de-Isael-Maxakali_.jpg 960w, https:\/\/selvagemciclo.org.br\/wp-content\/uploads\/2024\/09\/Arte-de-Isael-Maxakali_-300x182.jpg 300w, https:\/\/selvagemciclo.org.br\/wp-content\/uploads\/2024\/09\/Arte-de-Isael-Maxakali_-768x465.jpg 768w, https:\/\/selvagemciclo.org.br\/wp-content\/uploads\/2024\/09\/Arte-de-Isael-Maxakali_-18x12.jpg 18w\" sizes=\"auto, (max-width: 960px) 100vw, 960px\" \/><\/div><\/div><\/div><div class=\"content\"><a class=\"nectar-post-grid-link\" href=\"https:\/\/selvagemciclo.org.br\/en\/embauba-fibra-magica-e-mae-do-tempo\/\" aria-label=\"EMBA\u00daBA, FIBRA M\u00c1GICA E M\u00c3E DO TEMPO\"><\/a><span class=\"meta-category\"><a class=\"diario-cristine-takua style-underline\" href=\"https:\/\/selvagemciclo.org.br\/en\/category\/diario-cristine-takua\/\">Di\u00e1rio Cristine Taku\u00e1<\/a><\/span><div class=\"item-main\"><h3 class=\"post-heading\"><a href=\"https:\/\/selvagemciclo.org.br\/en\/embauba-fibra-magica-e-mae-do-tempo\/\"><span>EMBA\u00daBA, FIBRA M\u00c1GICA E M\u00c3E DO TEMPO<\/span><\/a><\/h3><span class=\"nectar-post-grid-item__meta-wrap\"><span class=\"meta-date\">13 de September de 2024<\/span><\/span><\/div><\/div><\/div><\/div><div class=\"nectar-post-grid-item\" data-post-id=\"8025\" data-has-img=\"true\"> <div class=\"inner\"><div class=\"nectar-post-grid-item-bg-wrap\"><div class=\"nectar-post-grid-item-bg-wrap-inner\"><a class=\"bg-wrap-link\" aria-label=\"SEMEAR PALAVRAS\" href=\"https:\/\/selvagemciclo.org.br\/en\/semear-palavras\/\"><\/a><div class=\"nectar-post-grid-item-bg\"><img loading=\"lazy\" decoding=\"async\" width=\"1257\" height=\"927\" src=\"https:\/\/selvagemciclo.org.br\/wp-content\/uploads\/2025\/07\/image-3.jpg\" class=\"attachment-full size-full wp-post-image\" alt=\"\" srcset=\"https:\/\/selvagemciclo.org.br\/wp-content\/uploads\/2025\/07\/image-3.jpg 1257w, https:\/\/selvagemciclo.org.br\/wp-content\/uploads\/2025\/07\/image-3-300x221.jpg 300w, https:\/\/selvagemciclo.org.br\/wp-content\/uploads\/2025\/07\/image-3-1024x755.jpg 1024w, https:\/\/selvagemciclo.org.br\/wp-content\/uploads\/2025\/07\/image-3-768x566.jpg 768w, https:\/\/selvagemciclo.org.br\/wp-content\/uploads\/2025\/07\/image-3-16x12.jpg 16w\" sizes=\"auto, (max-width: 1257px) 100vw, 1257px\" \/><\/div><\/div><\/div><div class=\"content\"><a class=\"nectar-post-grid-link\" href=\"https:\/\/selvagemciclo.org.br\/en\/semear-palavras\/\" aria-label=\"SEMEAR PALAVRAS\"><\/a><span class=\"meta-category\"><a class=\"diario-veronica-pinheiro style-underline\" href=\"https:\/\/selvagemciclo.org.br\/en\/category\/diario-veronica-pinheiro\/\">Di\u00e1rio Veronica Pinheiro<\/a><\/span><div class=\"item-main\"><h3 class=\"post-heading\"><a href=\"https:\/\/selvagemciclo.org.br\/en\/semear-palavras\/\"><span>SEMEAR PALAVRAS<\/span><\/a><\/h3><span class=\"nectar-post-grid-item__meta-wrap\"><span class=\"meta-date\">9 de September de 2024<\/span><\/span><\/div><\/div><\/div><\/div><div class=\"nectar-post-grid-item\" data-post-id=\"8028\" data-has-img=\"true\"> <div class=\"inner\"><div class=\"nectar-post-grid-item-bg-wrap\"><div class=\"nectar-post-grid-item-bg-wrap-inner\"><a class=\"bg-wrap-link\" aria-label=\"POR QUE ESCOLA?\" href=\"https:\/\/selvagemciclo.org.br\/en\/por-que-escola\/\"><\/a><div class=\"nectar-post-grid-item-bg\"><img loading=\"lazy\" decoding=\"async\" width=\"1050\" height=\"700\" src=\"https:\/\/selvagemciclo.org.br\/wp-content\/uploads\/2024\/08\/IMG_0100_contraste_bx.jpg\" class=\"attachment-full size-full wp-post-image\" alt=\"\" srcset=\"https:\/\/selvagemciclo.org.br\/wp-content\/uploads\/2024\/08\/IMG_0100_contraste_bx.jpg 1050w, https:\/\/selvagemciclo.org.br\/wp-content\/uploads\/2024\/08\/IMG_0100_contraste_bx-300x200.jpg 300w, https:\/\/selvagemciclo.org.br\/wp-content\/uploads\/2024\/08\/IMG_0100_contraste_bx-1024x683.jpg 1024w, https:\/\/selvagemciclo.org.br\/wp-content\/uploads\/2024\/08\/IMG_0100_contraste_bx-768x512.jpg 768w, https:\/\/selvagemciclo.org.br\/wp-content\/uploads\/2024\/08\/IMG_0100_contraste_bx-18x12.jpg 18w\" sizes=\"auto, (max-width: 1050px) 100vw, 1050px\" \/><\/div><\/div><\/div><div class=\"content\"><a class=\"nectar-post-grid-link\" href=\"https:\/\/selvagemciclo.org.br\/en\/por-que-escola\/\" aria-label=\"POR QUE ESCOLA?\"><\/a><span class=\"meta-category\"><a class=\"diario-veronica-pinheiro style-underline\" href=\"https:\/\/selvagemciclo.org.br\/en\/category\/diario-veronica-pinheiro\/\">Di\u00e1rio Veronica Pinheiro<\/a><\/span><div class=\"item-main\"><h3 class=\"post-heading\"><a href=\"https:\/\/selvagemciclo.org.br\/en\/por-que-escola\/\"><span>POR QUE ESCOLA?<\/span><\/a><\/h3><span class=\"nectar-post-grid-item__meta-wrap\"><span class=\"meta-date\">2 de September de 2024<\/span><\/span><\/div><\/div><\/div><\/div><div class=\"nectar-post-grid-item\" data-post-id=\"8030\" data-has-img=\"true\"> <div class=\"inner\"><div class=\"nectar-post-grid-item-bg-wrap\"><div class=\"nectar-post-grid-item-bg-wrap-inner\"><a class=\"bg-wrap-link\" aria-label=\"A FOR\u00c7A E SABEDORIA DO FOGO\" href=\"https:\/\/selvagemciclo.org.br\/en\/a-forca-e-sabedoria-do-fogo\/\"><\/a><div class=\"nectar-post-grid-item-bg\"><img loading=\"lazy\" decoding=\"async\" width=\"1268\" height=\"839\" src=\"https:\/\/selvagemciclo.org.br\/wp-content\/uploads\/2025\/07\/image-4.jpg\" class=\"attachment-full size-full wp-post-image\" alt=\"\" srcset=\"https:\/\/selvagemciclo.org.br\/wp-content\/uploads\/2025\/07\/image-4.jpg 1268w, https:\/\/selvagemciclo.org.br\/wp-content\/uploads\/2025\/07\/image-4-300x199.jpg 300w, https:\/\/selvagemciclo.org.br\/wp-content\/uploads\/2025\/07\/image-4-1024x678.jpg 1024w, https:\/\/selvagemciclo.org.br\/wp-content\/uploads\/2025\/07\/image-4-768x508.jpg 768w, https:\/\/selvagemciclo.org.br\/wp-content\/uploads\/2025\/07\/image-4-18x12.jpg 18w\" sizes=\"auto, (max-width: 1268px) 100vw, 1268px\" \/><\/div><\/div><\/div><div class=\"content\"><a class=\"nectar-post-grid-link\" href=\"https:\/\/selvagemciclo.org.br\/en\/a-forca-e-sabedoria-do-fogo\/\" aria-label=\"A FOR\u00c7A E SABEDORIA DO FOGO\"><\/a><span class=\"meta-category\"><a class=\"diario-cristine-takua style-underline\" href=\"https:\/\/selvagemciclo.org.br\/en\/category\/diario-cristine-takua\/\">Di\u00e1rio Cristine Taku\u00e1<\/a><\/span><div class=\"item-main\"><h3 class=\"post-heading\"><a href=\"https:\/\/selvagemciclo.org.br\/en\/a-forca-e-sabedoria-do-fogo\/\"><span>A FOR\u00c7A E SABEDORIA DO FOGO<\/span><\/a><\/h3><span class=\"nectar-post-grid-item__meta-wrap\"><span class=\"meta-date\">30 de August de 2024<\/span><\/span><\/div><\/div><\/div><\/div><div class=\"nectar-post-grid-item\" data-post-id=\"8097\" data-has-img=\"true\"> <div class=\"inner\"><div class=\"nectar-post-grid-item-bg-wrap\"><div class=\"nectar-post-grid-item-bg-wrap-inner\"><a class=\"bg-wrap-link\" aria-label=\"O SENHOR DO QUINTAL\" href=\"https:\/\/selvagemciclo.org.br\/en\/o-senhor-do-quintal\/\"><\/a><div class=\"nectar-post-grid-item-bg\"><img loading=\"lazy\" decoding=\"async\" width=\"1050\" height=\"700\" src=\"https:\/\/selvagemciclo.org.br\/wp-content\/uploads\/2024\/08\/IMG_9799.jpg\" class=\"attachment-full size-full wp-post-image\" alt=\"\" srcset=\"https:\/\/selvagemciclo.org.br\/wp-content\/uploads\/2024\/08\/IMG_9799.jpg 1050w, https:\/\/selvagemciclo.org.br\/wp-content\/uploads\/2024\/08\/IMG_9799-300x200.jpg 300w, https:\/\/selvagemciclo.org.br\/wp-content\/uploads\/2024\/08\/IMG_9799-1024x683.jpg 1024w, https:\/\/selvagemciclo.org.br\/wp-content\/uploads\/2024\/08\/IMG_9799-768x512.jpg 768w, https:\/\/selvagemciclo.org.br\/wp-content\/uploads\/2024\/08\/IMG_9799-18x12.jpg 18w\" sizes=\"auto, (max-width: 1050px) 100vw, 1050px\" \/><\/div><\/div><\/div><div class=\"content\"><a class=\"nectar-post-grid-link\" href=\"https:\/\/selvagemciclo.org.br\/en\/o-senhor-do-quintal\/\" aria-label=\"O SENHOR DO QUINTAL\"><\/a><span class=\"meta-category\"><a class=\"diario-veronica-pinheiro style-underline\" href=\"https:\/\/selvagemciclo.org.br\/en\/category\/diario-veronica-pinheiro\/\">Di\u00e1rio Veronica Pinheiro<\/a><\/span><div class=\"item-main\"><h3 class=\"post-heading\"><a href=\"https:\/\/selvagemciclo.org.br\/en\/o-senhor-do-quintal\/\"><span>O SENHOR DO QUINTAL<\/span><\/a><\/h3><span class=\"nectar-post-grid-item__meta-wrap\"><span class=\"meta-date\">27 de August de 2024<\/span><\/span><\/div><\/div><\/div><\/div><div class=\"nectar-post-grid-item\" data-post-id=\"8099\" data-has-img=\"true\"> <div class=\"inner\"><div class=\"nectar-post-grid-item-bg-wrap\"><div class=\"nectar-post-grid-item-bg-wrap-inner\"><a class=\"bg-wrap-link\" aria-label=\"SONHO DA TERRA VIVA\" href=\"https:\/\/selvagemciclo.org.br\/en\/sonho-da-terra-viva\/\"><\/a><div class=\"nectar-post-grid-item-bg\"><img loading=\"lazy\" decoding=\"async\" width=\"773\" height=\"700\" src=\"https:\/\/selvagemciclo.org.br\/wp-content\/uploads\/2024\/08\/Foto-de-Cris-Takua_1.jpg\" class=\"attachment-full size-full wp-post-image\" alt=\"\" srcset=\"https:\/\/selvagemciclo.org.br\/wp-content\/uploads\/2024\/08\/Foto-de-Cris-Takua_1.jpg 773w, https:\/\/selvagemciclo.org.br\/wp-content\/uploads\/2024\/08\/Foto-de-Cris-Takua_1-300x272.jpg 300w, https:\/\/selvagemciclo.org.br\/wp-content\/uploads\/2024\/08\/Foto-de-Cris-Takua_1-768x695.jpg 768w, https:\/\/selvagemciclo.org.br\/wp-content\/uploads\/2024\/08\/Foto-de-Cris-Takua_1-13x12.jpg 13w\" sizes=\"auto, (max-width: 773px) 100vw, 773px\" \/><\/div><\/div><\/div><div class=\"content\"><a class=\"nectar-post-grid-link\" href=\"https:\/\/selvagemciclo.org.br\/en\/sonho-da-terra-viva\/\" aria-label=\"SONHO DA TERRA VIVA\"><\/a><span class=\"meta-category\"><a class=\"diario-cristine-takua style-underline\" href=\"https:\/\/selvagemciclo.org.br\/en\/category\/diario-cristine-takua\/\">Di\u00e1rio Cristine Taku\u00e1<\/a><\/span><div class=\"item-main\"><h3 class=\"post-heading\"><a href=\"https:\/\/selvagemciclo.org.br\/en\/sonho-da-terra-viva\/\"><span>SONHO DA TERRA VIVA<\/span><\/a><\/h3><span class=\"nectar-post-grid-item__meta-wrap\"><span class=\"meta-date\">22 de August de 2024<\/span><\/span><\/div><\/div><\/div><\/div><div class=\"nectar-post-grid-item\" data-post-id=\"8101\" data-has-img=\"true\"> <div class=\"inner\"><div class=\"nectar-post-grid-item-bg-wrap\"><div class=\"nectar-post-grid-item-bg-wrap-inner\"><a class=\"bg-wrap-link\" aria-label=\"QUEM TEM O PODER DE REPRESENTAR TEM O PODER DE DEFINIR E DETERMINAR A IDENTIDADE\" href=\"https:\/\/selvagemciclo.org.br\/en\/quem-tem-o-poder-de-representar-tem-o-poder-de-definir-e-determinar-a-identidade\/\"><\/a><div class=\"nectar-post-grid-item-bg\"><img loading=\"lazy\" decoding=\"async\" width=\"1050\" height=\"700\" src=\"https:\/\/selvagemciclo.org.br\/wp-content\/uploads\/2024\/08\/IMG_9889_bx.jpg\" class=\"attachment-full size-full wp-post-image\" alt=\"\" srcset=\"https:\/\/selvagemciclo.org.br\/wp-content\/uploads\/2024\/08\/IMG_9889_bx.jpg 1050w, https:\/\/selvagemciclo.org.br\/wp-content\/uploads\/2024\/08\/IMG_9889_bx-300x200.jpg 300w, https:\/\/selvagemciclo.org.br\/wp-content\/uploads\/2024\/08\/IMG_9889_bx-1024x683.jpg 1024w, https:\/\/selvagemciclo.org.br\/wp-content\/uploads\/2024\/08\/IMG_9889_bx-768x512.jpg 768w, https:\/\/selvagemciclo.org.br\/wp-content\/uploads\/2024\/08\/IMG_9889_bx-18x12.jpg 18w\" sizes=\"auto, (max-width: 1050px) 100vw, 1050px\" \/><\/div><\/div><\/div><div class=\"content\"><a class=\"nectar-post-grid-link\" href=\"https:\/\/selvagemciclo.org.br\/en\/quem-tem-o-poder-de-representar-tem-o-poder-de-definir-e-determinar-a-identidade\/\" aria-label=\"QUEM TEM O PODER DE REPRESENTAR TEM O PODER DE DEFINIR E DETERMINAR A IDENTIDADE\"><\/a><span class=\"meta-category\"><a class=\"diario-veronica-pinheiro style-underline\" href=\"https:\/\/selvagemciclo.org.br\/en\/category\/diario-veronica-pinheiro\/\">Di\u00e1rio Veronica Pinheiro<\/a><\/span><div class=\"item-main\"><h3 class=\"post-heading\"><a href=\"https:\/\/selvagemciclo.org.br\/en\/quem-tem-o-poder-de-representar-tem-o-poder-de-definir-e-determinar-a-identidade\/\"><span>QUEM TEM O PODER DE REPRESENTAR TEM O PODER DE DEFINIR E DETERMINAR A IDENTIDADE<\/span><\/a><\/h3><span class=\"nectar-post-grid-item__meta-wrap\"><span class=\"meta-date\">20 de August de 2024<\/span><\/span><\/div><\/div><\/div><\/div><div class=\"nectar-post-grid-item\" data-post-id=\"8103\" data-has-img=\"true\"> <div class=\"inner\"><div class=\"nectar-post-grid-item-bg-wrap\"><div class=\"nectar-post-grid-item-bg-wrap-inner\"><a class=\"bg-wrap-link\" aria-label=\"ACORDAR DO DIA\" href=\"https:\/\/selvagemciclo.org.br\/en\/acordar-do-dia\/\"><\/a><div class=\"nectar-post-grid-item-bg\"><img loading=\"lazy\" decoding=\"async\" width=\"955\" height=\"677\" src=\"https:\/\/selvagemciclo.org.br\/wp-content\/uploads\/2024\/08\/Arte-de-Isael-Maxakali_.jpg\" class=\"attachment-full size-full wp-post-image\" alt=\"\" srcset=\"https:\/\/selvagemciclo.org.br\/wp-content\/uploads\/2024\/08\/Arte-de-Isael-Maxakali_.jpg 955w, https:\/\/selvagemciclo.org.br\/wp-content\/uploads\/2024\/08\/Arte-de-Isael-Maxakali_-300x213.jpg 300w, https:\/\/selvagemciclo.org.br\/wp-content\/uploads\/2024\/08\/Arte-de-Isael-Maxakali_-768x544.jpg 768w, https:\/\/selvagemciclo.org.br\/wp-content\/uploads\/2024\/08\/Arte-de-Isael-Maxakali_-18x12.jpg 18w\" sizes=\"auto, (max-width: 955px) 100vw, 955px\" \/><\/div><\/div><\/div><div class=\"content\"><a class=\"nectar-post-grid-link\" href=\"https:\/\/selvagemciclo.org.br\/en\/acordar-do-dia\/\" aria-label=\"ACORDAR DO DIA\"><\/a><span class=\"meta-category\"><a class=\"diario-cristine-takua style-underline\" href=\"https:\/\/selvagemciclo.org.br\/en\/category\/diario-cristine-takua\/\">Di\u00e1rio Cristine Taku\u00e1<\/a><\/span><div class=\"item-main\"><h3 class=\"post-heading\"><a href=\"https:\/\/selvagemciclo.org.br\/en\/acordar-do-dia\/\"><span>ACORDAR DO DIA<\/span><\/a><\/h3><span class=\"nectar-post-grid-item__meta-wrap\"><span class=\"meta-date\">15 de August de 2024<\/span><\/span><\/div><\/div><\/div><\/div><div class=\"nectar-post-grid-item\" data-post-id=\"8105\" data-has-img=\"true\"> <div class=\"inner\"><div class=\"nectar-post-grid-item-bg-wrap\"><div class=\"nectar-post-grid-item-bg-wrap-inner\"><a class=\"bg-wrap-link\" aria-label=\"O SOL H\u00c1 DE BRILHAR MAIS UMA VEZ\" href=\"https:\/\/selvagemciclo.org.br\/en\/o-sol-ha-de-brilhar-mais-uma-vez\/\"><\/a><div class=\"nectar-post-grid-item-bg\"><img loading=\"lazy\" decoding=\"async\" width=\"1024\" height=\"768\" src=\"https:\/\/selvagemciclo.org.br\/wp-content\/uploads\/2024\/08\/caue_flavio.jpeg\" class=\"attachment-full size-full wp-post-image\" alt=\"\" srcset=\"https:\/\/selvagemciclo.org.br\/wp-content\/uploads\/2024\/08\/caue_flavio.jpeg 1024w, https:\/\/selvagemciclo.org.br\/wp-content\/uploads\/2024\/08\/caue_flavio-300x225.jpeg 300w, https:\/\/selvagemciclo.org.br\/wp-content\/uploads\/2024\/08\/caue_flavio-768x576.jpeg 768w, https:\/\/selvagemciclo.org.br\/wp-content\/uploads\/2024\/08\/caue_flavio-16x12.jpeg 16w\" sizes=\"auto, (max-width: 1024px) 100vw, 1024px\" \/><\/div><\/div><\/div><div class=\"content\"><a class=\"nectar-post-grid-link\" href=\"https:\/\/selvagemciclo.org.br\/en\/o-sol-ha-de-brilhar-mais-uma-vez\/\" aria-label=\"O SOL H\u00c1 DE BRILHAR MAIS UMA VEZ\"><\/a><span class=\"meta-category\"><a class=\"diario-veronica-pinheiro style-underline\" href=\"https:\/\/selvagemciclo.org.br\/en\/category\/diario-veronica-pinheiro\/\">Di\u00e1rio Veronica Pinheiro<\/a><\/span><div class=\"item-main\"><h3 class=\"post-heading\"><a href=\"https:\/\/selvagemciclo.org.br\/en\/o-sol-ha-de-brilhar-mais-uma-vez\/\"><span>O SOL H\u00c1 DE BRILHAR MAIS UMA VEZ<\/span><\/a><\/h3><span class=\"nectar-post-grid-item__meta-wrap\"><span class=\"meta-date\">13 de August de 2024<\/span><\/span><\/div><\/div><\/div><\/div><div class=\"nectar-post-grid-item\" data-post-id=\"8107\" data-has-img=\"true\"> <div class=\"inner\"><div class=\"nectar-post-grid-item-bg-wrap\"><div class=\"nectar-post-grid-item-bg-wrap-inner\"><a class=\"bg-wrap-link\" aria-label=\"JEROKY, BROTO FLEX\u00cdVEL\" href=\"https:\/\/selvagemciclo.org.br\/en\/jeroky-broto-flexivel\/\"><\/a><div class=\"nectar-post-grid-item-bg\"><img loading=\"lazy\" decoding=\"async\" width=\"720\" height=\"720\" src=\"https:\/\/selvagemciclo.org.br\/wp-content\/uploads\/2024\/08\/Foto-de-Alexandre-Maxakali_1.jpg\" class=\"attachment-full size-full wp-post-image\" alt=\"\" srcset=\"https:\/\/selvagemciclo.org.br\/wp-content\/uploads\/2024\/08\/Foto-de-Alexandre-Maxakali_1.jpg 720w, https:\/\/selvagemciclo.org.br\/wp-content\/uploads\/2024\/08\/Foto-de-Alexandre-Maxakali_1-300x300.jpg 300w, https:\/\/selvagemciclo.org.br\/wp-content\/uploads\/2024\/08\/Foto-de-Alexandre-Maxakali_1-150x150.jpg 150w, https:\/\/selvagemciclo.org.br\/wp-content\/uploads\/2024\/08\/Foto-de-Alexandre-Maxakali_1-12x12.jpg 12w, https:\/\/selvagemciclo.org.br\/wp-content\/uploads\/2024\/08\/Foto-de-Alexandre-Maxakali_1-140x140.jpg 140w\" sizes=\"auto, (max-width: 720px) 100vw, 720px\" \/><\/div><\/div><\/div><div class=\"content\"><a class=\"nectar-post-grid-link\" href=\"https:\/\/selvagemciclo.org.br\/en\/jeroky-broto-flexivel\/\" aria-label=\"JEROKY, BROTO FLEX\u00cdVEL\"><\/a><span class=\"meta-category\"><a class=\"diario-cristine-takua style-underline\" href=\"https:\/\/selvagemciclo.org.br\/en\/category\/diario-cristine-takua\/\">Di\u00e1rio Cristine Taku\u00e1<\/a><\/span><div class=\"item-main\"><h3 class=\"post-heading\"><a href=\"https:\/\/selvagemciclo.org.br\/en\/jeroky-broto-flexivel\/\"><span>JEROKY, BROTO FLEX\u00cdVEL<\/span><\/a><\/h3><span class=\"nectar-post-grid-item__meta-wrap\"><span class=\"meta-date\">8 de August de 2024<\/span><\/span><\/div><\/div><\/div><\/div><div class=\"nectar-post-grid-item\" data-post-id=\"8109\" data-has-img=\"true\"> <div class=\"inner\"><div class=\"nectar-post-grid-item-bg-wrap\"><div class=\"nectar-post-grid-item-bg-wrap-inner\"><a class=\"bg-wrap-link\" aria-label=\"A AV\u00d3, AS CRIAN\u00c7AS E AS \u00c1GUAS\" href=\"https:\/\/selvagemciclo.org.br\/en\/a-avo-as-criancas-e-as-aguas\/\"><\/a><div class=\"nectar-post-grid-item-bg\"><img loading=\"lazy\" decoding=\"async\" width=\"886\" height=\"1181\" src=\"https:\/\/selvagemciclo.org.br\/wp-content\/uploads\/2024\/08\/iracema.png\" class=\"attachment-full size-full wp-post-image\" alt=\"\" srcset=\"https:\/\/selvagemciclo.org.br\/wp-content\/uploads\/2024\/08\/iracema.png 886w, https:\/\/selvagemciclo.org.br\/wp-content\/uploads\/2024\/08\/iracema-225x300.png 225w, https:\/\/selvagemciclo.org.br\/wp-content\/uploads\/2024\/08\/iracema-768x1024.png 768w, https:\/\/selvagemciclo.org.br\/wp-content\/uploads\/2024\/08\/iracema-9x12.png 9w\" sizes=\"auto, (max-width: 886px) 100vw, 886px\" \/><\/div><\/div><\/div><div class=\"content\"><a class=\"nectar-post-grid-link\" href=\"https:\/\/selvagemciclo.org.br\/en\/a-avo-as-criancas-e-as-aguas\/\" aria-label=\"A AV\u00d3, AS CRIAN\u00c7AS E AS \u00c1GUAS\"><\/a><span class=\"meta-category\"><a class=\"diario-veronica-pinheiro style-underline\" href=\"https:\/\/selvagemciclo.org.br\/en\/category\/diario-veronica-pinheiro\/\">Di\u00e1rio Veronica Pinheiro<\/a><\/span><div class=\"item-main\"><h3 class=\"post-heading\"><a href=\"https:\/\/selvagemciclo.org.br\/en\/a-avo-as-criancas-e-as-aguas\/\"><span>A AV\u00d3, AS CRIAN\u00c7AS E AS \u00c1GUAS<\/span><\/a><\/h3><span class=\"nectar-post-grid-item__meta-wrap\"><span class=\"meta-date\">6 de August de 2024<\/span><\/span><\/div><\/div><\/div><\/div><div class=\"nectar-post-grid-item\" data-post-id=\"8119\" data-has-img=\"true\"> <div class=\"inner\"><div class=\"nectar-post-grid-item-bg-wrap\"><div class=\"nectar-post-grid-item-bg-wrap-inner\"><a class=\"bg-wrap-link\" aria-label=\"TAKUAPU, ECO DO SOM DO SABER\" href=\"https:\/\/selvagemciclo.org.br\/en\/takuapu-eco-do-som-do-saber\/\"><\/a><div class=\"nectar-post-grid-item-bg\"><img loading=\"lazy\" decoding=\"async\" width=\"1000\" height=\"1421\" src=\"https:\/\/selvagemciclo.org.br\/wp-content\/uploads\/2024\/06\/Arte-de-Cris-Takua.jpg\" class=\"attachment-full size-full wp-post-image\" alt=\"\" srcset=\"https:\/\/selvagemciclo.org.br\/wp-content\/uploads\/2024\/06\/Arte-de-Cris-Takua.jpg 1000w, https:\/\/selvagemciclo.org.br\/wp-content\/uploads\/2024\/06\/Arte-de-Cris-Takua-211x300.jpg 211w, https:\/\/selvagemciclo.org.br\/wp-content\/uploads\/2024\/06\/Arte-de-Cris-Takua-721x1024.jpg 721w, https:\/\/selvagemciclo.org.br\/wp-content\/uploads\/2024\/06\/Arte-de-Cris-Takua-768x1091.jpg 768w, https:\/\/selvagemciclo.org.br\/wp-content\/uploads\/2024\/06\/Arte-de-Cris-Takua-8x12.jpg 8w\" sizes=\"auto, (max-width: 1000px) 100vw, 1000px\" \/><\/div><\/div><\/div><div class=\"content\"><a class=\"nectar-post-grid-link\" href=\"https:\/\/selvagemciclo.org.br\/en\/takuapu-eco-do-som-do-saber\/\" aria-label=\"TAKUAPU, ECO DO SOM DO SABER\"><\/a><span class=\"meta-category\"><a class=\"diario-cristine-takua style-underline\" href=\"https:\/\/selvagemciclo.org.br\/en\/category\/diario-cristine-takua\/\">Di\u00e1rio Cristine Taku\u00e1<\/a><\/span><div class=\"item-main\"><h3 class=\"post-heading\"><a href=\"https:\/\/selvagemciclo.org.br\/en\/takuapu-eco-do-som-do-saber\/\"><span>TAKUAPU, ECO DO SOM DO SABER<\/span><\/a><\/h3><span class=\"nectar-post-grid-item__meta-wrap\"><span class=\"meta-date\">27 de June de 2024<\/span><\/span><\/div><\/div><\/div><\/div><div class=\"nectar-post-grid-item\" data-post-id=\"8121\" data-has-img=\"true\"> <div class=\"inner\"><div class=\"nectar-post-grid-item-bg-wrap\"><div class=\"nectar-post-grid-item-bg-wrap-inner\"><a class=\"bg-wrap-link\" aria-label=\"NA NATUREZA, NADA VIVE SOZINHO\" href=\"https:\/\/selvagemciclo.org.br\/en\/na-natureza-nada-vive-sozinho\/\"><\/a><div class=\"nectar-post-grid-item-bg\"><img loading=\"lazy\" decoding=\"async\" width=\"737\" height=\"1600\" src=\"https:\/\/selvagemciclo.org.br\/wp-content\/uploads\/2024\/06\/WhatsApp-Image-2024-06-24-at-16.08.18.jpeg\" class=\"attachment-full size-full wp-post-image\" alt=\"\" srcset=\"https:\/\/selvagemciclo.org.br\/wp-content\/uploads\/2024\/06\/WhatsApp-Image-2024-06-24-at-16.08.18.jpeg 737w, https:\/\/selvagemciclo.org.br\/wp-content\/uploads\/2024\/06\/WhatsApp-Image-2024-06-24-at-16.08.18-138x300.jpeg 138w, https:\/\/selvagemciclo.org.br\/wp-content\/uploads\/2024\/06\/WhatsApp-Image-2024-06-24-at-16.08.18-472x1024.jpeg 472w, https:\/\/selvagemciclo.org.br\/wp-content\/uploads\/2024\/06\/WhatsApp-Image-2024-06-24-at-16.08.18-708x1536.jpeg 708w, https:\/\/selvagemciclo.org.br\/wp-content\/uploads\/2024\/06\/WhatsApp-Image-2024-06-24-at-16.08.18-6x12.jpeg 6w\" sizes=\"auto, (max-width: 737px) 100vw, 737px\" \/><\/div><\/div><\/div><div class=\"content\"><a class=\"nectar-post-grid-link\" href=\"https:\/\/selvagemciclo.org.br\/en\/na-natureza-nada-vive-sozinho\/\" aria-label=\"NA NATUREZA, NADA VIVE SOZINHO\"><\/a><span class=\"meta-category\"><a class=\"diario-veronica-pinheiro style-underline\" href=\"https:\/\/selvagemciclo.org.br\/en\/category\/diario-veronica-pinheiro\/\">Di\u00e1rio Veronica Pinheiro<\/a><\/span><div class=\"item-main\"><h3 class=\"post-heading\"><a href=\"https:\/\/selvagemciclo.org.br\/en\/na-natureza-nada-vive-sozinho\/\"><span>NA NATUREZA, NADA VIVE SOZINHO<\/span><\/a><\/h3><span class=\"nectar-post-grid-item__meta-wrap\"><span class=\"meta-date\">25 de June de 2024<\/span><\/span><\/div><\/div><\/div><\/div><div class=\"nectar-post-grid-item\" data-post-id=\"8123\" data-has-img=\"true\"> <div class=\"inner\"><div class=\"nectar-post-grid-item-bg-wrap\"><div class=\"nectar-post-grid-item-bg-wrap-inner\"><a class=\"bg-wrap-link\" aria-label=\"A FOR\u00c7A DAS MONTANHAS\" href=\"https:\/\/selvagemciclo.org.br\/en\/a-forca-das-montanhas\/\"><\/a><div class=\"nectar-post-grid-item-bg\"><img loading=\"lazy\" decoding=\"async\" width=\"960\" height=\"1280\" src=\"https:\/\/selvagemciclo.org.br\/wp-content\/uploads\/2024\/06\/Foto-de-Carlos-Papa_.jpg\" class=\"attachment-full size-full wp-post-image\" alt=\"\" srcset=\"https:\/\/selvagemciclo.org.br\/wp-content\/uploads\/2024\/06\/Foto-de-Carlos-Papa_.jpg 960w, https:\/\/selvagemciclo.org.br\/wp-content\/uploads\/2024\/06\/Foto-de-Carlos-Papa_-225x300.jpg 225w, https:\/\/selvagemciclo.org.br\/wp-content\/uploads\/2024\/06\/Foto-de-Carlos-Papa_-768x1024.jpg 768w, https:\/\/selvagemciclo.org.br\/wp-content\/uploads\/2024\/06\/Foto-de-Carlos-Papa_-9x12.jpg 9w\" sizes=\"auto, (max-width: 960px) 100vw, 960px\" \/><\/div><\/div><\/div><div class=\"content\"><a class=\"nectar-post-grid-link\" href=\"https:\/\/selvagemciclo.org.br\/en\/a-forca-das-montanhas\/\" aria-label=\"A FOR\u00c7A DAS MONTANHAS\"><\/a><span class=\"meta-category\"><a class=\"diario-cristine-takua style-underline\" href=\"https:\/\/selvagemciclo.org.br\/en\/category\/diario-cristine-takua\/\">Di\u00e1rio Cristine Taku\u00e1<\/a><\/span><div class=\"item-main\"><h3 class=\"post-heading\"><a href=\"https:\/\/selvagemciclo.org.br\/en\/a-forca-das-montanhas\/\"><span>A FOR\u00c7A DAS MONTANHAS<\/span><\/a><\/h3><span class=\"nectar-post-grid-item__meta-wrap\"><span class=\"meta-date\">20 de June de 2024<\/span><\/span><\/div><\/div><\/div><\/div><div class=\"nectar-post-grid-item\" data-post-id=\"8127\" data-has-img=\"true\"> <div class=\"inner\"><div class=\"nectar-post-grid-item-bg-wrap\"><div class=\"nectar-post-grid-item-bg-wrap-inner\"><a class=\"bg-wrap-link\" aria-label=\"ONDE EST\u00c1 A MATA? EST\u00c1 DENTRO DO PEITO\" href=\"https:\/\/selvagemciclo.org.br\/en\/onde-esta-a-mata-esta-dentro-do-peito\/\"><\/a><div class=\"nectar-post-grid-item-bg\"><img loading=\"lazy\" decoding=\"async\" width=\"1600\" height=\"737\" src=\"https:\/\/selvagemciclo.org.br\/wp-content\/uploads\/2024\/06\/WhatsApp-Image-2024-06-17-at-09.19.20-1.jpeg\" class=\"attachment-full size-full wp-post-image\" alt=\"\" srcset=\"https:\/\/selvagemciclo.org.br\/wp-content\/uploads\/2024\/06\/WhatsApp-Image-2024-06-17-at-09.19.20-1.jpeg 1600w, https:\/\/selvagemciclo.org.br\/wp-content\/uploads\/2024\/06\/WhatsApp-Image-2024-06-17-at-09.19.20-1-300x138.jpeg 300w, https:\/\/selvagemciclo.org.br\/wp-content\/uploads\/2024\/06\/WhatsApp-Image-2024-06-17-at-09.19.20-1-1024x472.jpeg 1024w, https:\/\/selvagemciclo.org.br\/wp-content\/uploads\/2024\/06\/WhatsApp-Image-2024-06-17-at-09.19.20-1-768x354.jpeg 768w, https:\/\/selvagemciclo.org.br\/wp-content\/uploads\/2024\/06\/WhatsApp-Image-2024-06-17-at-09.19.20-1-1536x708.jpeg 1536w, https:\/\/selvagemciclo.org.br\/wp-content\/uploads\/2024\/06\/WhatsApp-Image-2024-06-17-at-09.19.20-1-18x8.jpeg 18w\" sizes=\"auto, (max-width: 1600px) 100vw, 1600px\" \/><\/div><\/div><\/div><div class=\"content\"><a class=\"nectar-post-grid-link\" href=\"https:\/\/selvagemciclo.org.br\/en\/onde-esta-a-mata-esta-dentro-do-peito\/\" aria-label=\"ONDE EST\u00c1 A MATA? EST\u00c1 DENTRO DO PEITO\"><\/a><span class=\"meta-category\"><a class=\"diario-veronica-pinheiro style-underline\" href=\"https:\/\/selvagemciclo.org.br\/en\/category\/diario-veronica-pinheiro\/\">Di\u00e1rio Veronica Pinheiro<\/a><\/span><div class=\"item-main\"><h3 class=\"post-heading\"><a href=\"https:\/\/selvagemciclo.org.br\/en\/onde-esta-a-mata-esta-dentro-do-peito\/\"><span>ONDE EST\u00c1 A MATA? EST\u00c1 DENTRO DO PEITO<\/span><\/a><\/h3><span class=\"nectar-post-grid-item__meta-wrap\"><span class=\"meta-date\">18 de June de 2024<\/span><\/span><\/div><\/div><\/div><\/div><div class=\"nectar-post-grid-item\" data-post-id=\"8129\" data-has-img=\"true\"> <div class=\"inner\"><div class=\"nectar-post-grid-item-bg-wrap\"><div class=\"nectar-post-grid-item-bg-wrap-inner\"><a class=\"bg-wrap-link\" aria-label=\"PALAVRAS SOPRADAS\" href=\"https:\/\/selvagemciclo.org.br\/en\/palavras-sopradas\/\"><\/a><div class=\"nectar-post-grid-item-bg\"><img loading=\"lazy\" decoding=\"async\" width=\"600\" height=\"1214\" src=\"https:\/\/selvagemciclo.org.br\/wp-content\/uploads\/2024\/06\/Arte-de-Juliana-Russo.png\" class=\"attachment-full size-full wp-post-image\" alt=\"\" srcset=\"https:\/\/selvagemciclo.org.br\/wp-content\/uploads\/2024\/06\/Arte-de-Juliana-Russo.png 600w, https:\/\/selvagemciclo.org.br\/wp-content\/uploads\/2024\/06\/Arte-de-Juliana-Russo-148x300.png 148w, https:\/\/selvagemciclo.org.br\/wp-content\/uploads\/2024\/06\/Arte-de-Juliana-Russo-506x1024.png 506w, https:\/\/selvagemciclo.org.br\/wp-content\/uploads\/2024\/06\/Arte-de-Juliana-Russo-6x12.png 6w\" sizes=\"auto, (max-width: 600px) 100vw, 600px\" \/><\/div><\/div><\/div><div class=\"content\"><a class=\"nectar-post-grid-link\" href=\"https:\/\/selvagemciclo.org.br\/en\/palavras-sopradas\/\" aria-label=\"PALAVRAS SOPRADAS\"><\/a><span class=\"meta-category\"><a class=\"diario-cristine-takua style-underline\" href=\"https:\/\/selvagemciclo.org.br\/en\/category\/diario-cristine-takua\/\">Di\u00e1rio Cristine Taku\u00e1<\/a><\/span><div class=\"item-main\"><h3 class=\"post-heading\"><a href=\"https:\/\/selvagemciclo.org.br\/en\/palavras-sopradas\/\"><span>PALAVRAS SOPRADAS<\/span><\/a><\/h3><span class=\"nectar-post-grid-item__meta-wrap\"><span class=\"meta-date\">13 de June de 2024<\/span><\/span><\/div><\/div><\/div><\/div><div class=\"nectar-post-grid-item\" data-post-id=\"8132\" data-has-img=\"true\"> <div class=\"inner\"><div class=\"nectar-post-grid-item-bg-wrap\"><div class=\"nectar-post-grid-item-bg-wrap-inner\"><a class=\"bg-wrap-link\" aria-label=\"EU N\u00c3O SABIA QUE ERA T\u00c3O BONITO\" href=\"https:\/\/selvagemciclo.org.br\/en\/eu-nao-sabia-que-era-tao-bonito\/\"><\/a><div class=\"nectar-post-grid-item-bg\"><img loading=\"lazy\" decoding=\"async\" width=\"1201\" height=\"1600\" src=\"https:\/\/selvagemciclo.org.br\/wp-content\/uploads\/2024\/06\/WhatsApp-Image-2024-06-07-at-10.52.39-2-1.jpeg\" class=\"attachment-full size-full wp-post-image\" alt=\"\" srcset=\"https:\/\/selvagemciclo.org.br\/wp-content\/uploads\/2024\/06\/WhatsApp-Image-2024-06-07-at-10.52.39-2-1.jpeg 1201w, https:\/\/selvagemciclo.org.br\/wp-content\/uploads\/2024\/06\/WhatsApp-Image-2024-06-07-at-10.52.39-2-1-225x300.jpeg 225w, https:\/\/selvagemciclo.org.br\/wp-content\/uploads\/2024\/06\/WhatsApp-Image-2024-06-07-at-10.52.39-2-1-769x1024.jpeg 769w, https:\/\/selvagemciclo.org.br\/wp-content\/uploads\/2024\/06\/WhatsApp-Image-2024-06-07-at-10.52.39-2-1-768x1023.jpeg 768w, https:\/\/selvagemciclo.org.br\/wp-content\/uploads\/2024\/06\/WhatsApp-Image-2024-06-07-at-10.52.39-2-1-1153x1536.jpeg 1153w, https:\/\/selvagemciclo.org.br\/wp-content\/uploads\/2024\/06\/WhatsApp-Image-2024-06-07-at-10.52.39-2-1-9x12.jpeg 9w\" sizes=\"auto, (max-width: 1201px) 100vw, 1201px\" \/><\/div><\/div><\/div><div class=\"content\"><a class=\"nectar-post-grid-link\" href=\"https:\/\/selvagemciclo.org.br\/en\/eu-nao-sabia-que-era-tao-bonito\/\" aria-label=\"EU N\u00c3O SABIA QUE ERA T\u00c3O BONITO\"><\/a><span class=\"meta-category\"><a class=\"diario-veronica-pinheiro style-underline\" href=\"https:\/\/selvagemciclo.org.br\/en\/category\/diario-veronica-pinheiro\/\">Di\u00e1rio Veronica Pinheiro<\/a><\/span><div class=\"item-main\"><h3 class=\"post-heading\"><a href=\"https:\/\/selvagemciclo.org.br\/en\/eu-nao-sabia-que-era-tao-bonito\/\"><span>EU N\u00c3O SABIA QUE ERA T\u00c3O BONITO<\/span><\/a><\/h3><span class=\"nectar-post-grid-item__meta-wrap\"><span class=\"meta-date\">11 de June de 2024<\/span><\/span><\/div><\/div><\/div><\/div><div class=\"nectar-post-grid-item\" data-post-id=\"8134\" data-has-img=\"true\"> <div class=\"inner\"><div class=\"nectar-post-grid-item-bg-wrap\"><div class=\"nectar-post-grid-item-bg-wrap-inner\"><a class=\"bg-wrap-link\" aria-label=\"ANDAR COM CONSCI\u00caNCIA\" href=\"https:\/\/selvagemciclo.org.br\/en\/andar-com-consciencia\/\"><\/a><div class=\"nectar-post-grid-item-bg\"><img loading=\"lazy\" decoding=\"async\" width=\"1253\" height=\"894\" src=\"https:\/\/selvagemciclo.org.br\/wp-content\/uploads\/2024\/06\/Arte-de-Fabiano-Kuaray_.jpg\" class=\"attachment-full size-full wp-post-image\" alt=\"\" srcset=\"https:\/\/selvagemciclo.org.br\/wp-content\/uploads\/2024\/06\/Arte-de-Fabiano-Kuaray_.jpg 1253w, https:\/\/selvagemciclo.org.br\/wp-content\/uploads\/2024\/06\/Arte-de-Fabiano-Kuaray_-300x214.jpg 300w, https:\/\/selvagemciclo.org.br\/wp-content\/uploads\/2024\/06\/Arte-de-Fabiano-Kuaray_-1024x731.jpg 1024w, https:\/\/selvagemciclo.org.br\/wp-content\/uploads\/2024\/06\/Arte-de-Fabiano-Kuaray_-768x548.jpg 768w, https:\/\/selvagemciclo.org.br\/wp-content\/uploads\/2024\/06\/Arte-de-Fabiano-Kuaray_-18x12.jpg 18w\" sizes=\"auto, (max-width: 1253px) 100vw, 1253px\" \/><\/div><\/div><\/div><div class=\"content\"><a class=\"nectar-post-grid-link\" href=\"https:\/\/selvagemciclo.org.br\/en\/andar-com-consciencia\/\" aria-label=\"ANDAR COM CONSCI\u00caNCIA\"><\/a><span class=\"meta-category\"><a class=\"diario-cristine-takua style-underline\" href=\"https:\/\/selvagemciclo.org.br\/en\/category\/diario-cristine-takua\/\">Di\u00e1rio Cristine Taku\u00e1<\/a><\/span><div class=\"item-main\"><h3 class=\"post-heading\"><a href=\"https:\/\/selvagemciclo.org.br\/en\/andar-com-consciencia\/\"><span>ANDAR COM CONSCI\u00caNCIA<\/span><\/a><\/h3><span class=\"nectar-post-grid-item__meta-wrap\"><span class=\"meta-date\">6 de June de 2024<\/span><\/span><\/div><\/div><\/div><\/div><div class=\"nectar-post-grid-item\" data-post-id=\"8186\" data-has-img=\"true\"> <div class=\"inner\"><div class=\"nectar-post-grid-item-bg-wrap\"><div class=\"nectar-post-grid-item-bg-wrap-inner\"><a class=\"bg-wrap-link\" aria-label=\"ESSA SEMANA N\u00c3O RECEBI BILHETES\" href=\"https:\/\/selvagemciclo.org.br\/en\/essa-semana-nao-recebi-bilhetes\/\"><\/a><div class=\"nectar-post-grid-item-bg\"><img loading=\"lazy\" decoding=\"async\" width=\"400\" height=\"400\" src=\"https:\/\/selvagemciclo.org.br\/wp-content\/uploads\/2025\/02\/grupo_aprendizagens_2025.png\" class=\"attachment-full size-full wp-post-image\" alt=\"\" srcset=\"https:\/\/selvagemciclo.org.br\/wp-content\/uploads\/2025\/02\/grupo_aprendizagens_2025.png 400w, https:\/\/selvagemciclo.org.br\/wp-content\/uploads\/2025\/02\/grupo_aprendizagens_2025-300x300.png 300w, https:\/\/selvagemciclo.org.br\/wp-content\/uploads\/2025\/02\/grupo_aprendizagens_2025-150x150.png 150w, https:\/\/selvagemciclo.org.br\/wp-content\/uploads\/2025\/02\/grupo_aprendizagens_2025-12x12.png 12w, https:\/\/selvagemciclo.org.br\/wp-content\/uploads\/2025\/02\/grupo_aprendizagens_2025-140x140.png 140w\" sizes=\"auto, (max-width: 400px) 100vw, 400px\" \/><\/div><\/div><\/div><div class=\"content\"><a class=\"nectar-post-grid-link\" href=\"https:\/\/selvagemciclo.org.br\/en\/essa-semana-nao-recebi-bilhetes\/\" aria-label=\"ESSA SEMANA N\u00c3O RECEBI BILHETES\"><\/a><span class=\"meta-category\"><a class=\"diario-veronica-pinheiro style-underline\" href=\"https:\/\/selvagemciclo.org.br\/en\/category\/diario-veronica-pinheiro\/\">Di\u00e1rio Veronica Pinheiro<\/a><\/span><div class=\"item-main\"><h3 class=\"post-heading\"><a href=\"https:\/\/selvagemciclo.org.br\/en\/essa-semana-nao-recebi-bilhetes\/\"><span>ESSA SEMANA N\u00c3O RECEBI BILHETES<\/span><\/a><\/h3><span class=\"nectar-post-grid-item__meta-wrap\"><span class=\"meta-date\">4 de June de 2024<\/span><\/span><\/div><\/div><\/div><\/div><div class=\"nectar-post-grid-item\" data-post-id=\"9622\" data-has-img=\"true\"> <div class=\"inner\"><div class=\"nectar-post-grid-item-bg-wrap\"><div class=\"nectar-post-grid-item-bg-wrap-inner\"><a class=\"bg-wrap-link\" aria-label=\"AV\u00d3ZINHA DO MUNDO: ARAUC\u00c1RIA\" href=\"https:\/\/selvagemciclo.org.br\/en\/avozinha-do-mundo-araucaria\/\"><\/a><div class=\"nectar-post-grid-item-bg\"><img loading=\"lazy\" decoding=\"async\" width=\"788\" height=\"1000\" src=\"https:\/\/selvagemciclo.org.br\/wp-content\/uploads\/2024\/05\/Araucarias-em-MG.png\" class=\"attachment-full size-full wp-post-image\" alt=\"\" srcset=\"https:\/\/selvagemciclo.org.br\/wp-content\/uploads\/2024\/05\/Araucarias-em-MG.png 788w, https:\/\/selvagemciclo.org.br\/wp-content\/uploads\/2024\/05\/Araucarias-em-MG-236x300.png 236w, https:\/\/selvagemciclo.org.br\/wp-content\/uploads\/2024\/05\/Araucarias-em-MG-768x975.png 768w, https:\/\/selvagemciclo.org.br\/wp-content\/uploads\/2024\/05\/Araucarias-em-MG-9x12.png 9w\" sizes=\"auto, (max-width: 788px) 100vw, 788px\" \/><\/div><\/div><\/div><div class=\"content\"><a class=\"nectar-post-grid-link\" href=\"https:\/\/selvagemciclo.org.br\/en\/avozinha-do-mundo-araucaria\/\" aria-label=\"AV\u00d3ZINHA DO MUNDO: ARAUC\u00c1RIA\"><\/a><span class=\"meta-category\"><a class=\"diario-cristine-takua style-underline\" href=\"https:\/\/selvagemciclo.org.br\/en\/category\/diario-cristine-takua\/\">Di\u00e1rio Cristine Taku\u00e1<\/a><\/span><div class=\"item-main\"><h3 class=\"post-heading\"><a href=\"https:\/\/selvagemciclo.org.br\/en\/avozinha-do-mundo-araucaria\/\"><span>AV\u00d3ZINHA DO MUNDO: ARAUC\u00c1RIA<\/span><\/a><\/h3><span class=\"nectar-post-grid-item__meta-wrap\"><span class=\"meta-date\">30 de May de 2024<\/span><\/span><\/div><\/div><\/div><\/div><div class=\"nectar-post-grid-item\" data-post-id=\"9706\" data-has-img=\"true\"> <div class=\"inner\"><div class=\"nectar-post-grid-item-bg-wrap\"><div class=\"nectar-post-grid-item-bg-wrap-inner\"><a class=\"bg-wrap-link\" aria-label=\"LER A TERRA\" href=\"https:\/\/selvagemciclo.org.br\/en\/ler-a-terra\/\"><\/a><div class=\"nectar-post-grid-item-bg\"><img loading=\"lazy\" decoding=\"async\" width=\"721\" height=\"1600\" src=\"https:\/\/selvagemciclo.org.br\/wp-content\/uploads\/2024\/05\/WhatsApp-Image-2024-05-26-at-19.29.34-1.jpeg\" class=\"attachment-full size-full wp-post-image\" alt=\"\" srcset=\"https:\/\/selvagemciclo.org.br\/wp-content\/uploads\/2024\/05\/WhatsApp-Image-2024-05-26-at-19.29.34-1.jpeg 721w, https:\/\/selvagemciclo.org.br\/wp-content\/uploads\/2024\/05\/WhatsApp-Image-2024-05-26-at-19.29.34-1-135x300.jpeg 135w, https:\/\/selvagemciclo.org.br\/wp-content\/uploads\/2024\/05\/WhatsApp-Image-2024-05-26-at-19.29.34-1-461x1024.jpeg 461w, https:\/\/selvagemciclo.org.br\/wp-content\/uploads\/2024\/05\/WhatsApp-Image-2024-05-26-at-19.29.34-1-692x1536.jpeg 692w, https:\/\/selvagemciclo.org.br\/wp-content\/uploads\/2024\/05\/WhatsApp-Image-2024-05-26-at-19.29.34-1-5x12.jpeg 5w\" sizes=\"auto, (max-width: 721px) 100vw, 721px\" \/><\/div><\/div><\/div><div class=\"content\"><a class=\"nectar-post-grid-link\" href=\"https:\/\/selvagemciclo.org.br\/en\/ler-a-terra\/\" aria-label=\"LER A TERRA\"><\/a><span class=\"meta-category\"><a class=\"diario-veronica-pinheiro style-underline\" href=\"https:\/\/selvagemciclo.org.br\/en\/category\/diario-veronica-pinheiro\/\">Di\u00e1rio Veronica Pinheiro<\/a><\/span><div class=\"item-main\"><h3 class=\"post-heading\"><a href=\"https:\/\/selvagemciclo.org.br\/en\/ler-a-terra\/\"><span>LER A TERRA<\/span><\/a><\/h3><span class=\"nectar-post-grid-item__meta-wrap\"><span class=\"meta-date\">28 de May de 2024<\/span><\/span><\/div><\/div><\/div><\/div><div class=\"nectar-post-grid-item\" data-post-id=\"9708\" data-has-img=\"true\"> <div class=\"inner\"><div class=\"nectar-post-grid-item-bg-wrap\"><div class=\"nectar-post-grid-item-bg-wrap-inner\"><a class=\"bg-wrap-link\" aria-label=\"CORPO \u2013 CASA \u2013 TERRIT\u00d3RIO\" href=\"https:\/\/selvagemciclo.org.br\/en\/corpo-casa-territorio\/\"><\/a><div class=\"nectar-post-grid-item-bg\"><img loading=\"lazy\" decoding=\"async\" width=\"1143\" height=\"800\" src=\"https:\/\/selvagemciclo.org.br\/wp-content\/uploads\/2024\/05\/Arte-de-Cris-Takua_.jpg\" class=\"attachment-full size-full wp-post-image\" alt=\"\" srcset=\"https:\/\/selvagemciclo.org.br\/wp-content\/uploads\/2024\/05\/Arte-de-Cris-Takua_.jpg 1143w, https:\/\/selvagemciclo.org.br\/wp-content\/uploads\/2024\/05\/Arte-de-Cris-Takua_-300x210.jpg 300w, https:\/\/selvagemciclo.org.br\/wp-content\/uploads\/2024\/05\/Arte-de-Cris-Takua_-1024x717.jpg 1024w, https:\/\/selvagemciclo.org.br\/wp-content\/uploads\/2024\/05\/Arte-de-Cris-Takua_-768x538.jpg 768w, https:\/\/selvagemciclo.org.br\/wp-content\/uploads\/2024\/05\/Arte-de-Cris-Takua_-18x12.jpg 18w\" sizes=\"auto, (max-width: 1143px) 100vw, 1143px\" \/><\/div><\/div><\/div><div class=\"content\"><a class=\"nectar-post-grid-link\" href=\"https:\/\/selvagemciclo.org.br\/en\/corpo-casa-territorio\/\" aria-label=\"CORPO \u2013 CASA \u2013 TERRIT\u00d3RIO\"><\/a><span class=\"meta-category\"><a class=\"diario-cristine-takua style-underline\" href=\"https:\/\/selvagemciclo.org.br\/en\/category\/diario-cristine-takua\/\">Di\u00e1rio Cristine Taku\u00e1<\/a><\/span><div class=\"item-main\"><h3 class=\"post-heading\"><a href=\"https:\/\/selvagemciclo.org.br\/en\/corpo-casa-territorio\/\"><span>CORPO \u2013 CASA \u2013 TERRIT\u00d3RIO<\/span><\/a><\/h3><span class=\"nectar-post-grid-item__meta-wrap\"><span class=\"meta-date\">23 de May de 2024<\/span><\/span><\/div><\/div><\/div><\/div><div class=\"nectar-post-grid-item\" data-post-id=\"9710\" data-has-img=\"true\"> <div class=\"inner\"><div class=\"nectar-post-grid-item-bg-wrap\"><div class=\"nectar-post-grid-item-bg-wrap-inner\"><a class=\"bg-wrap-link\" aria-label=\"SER\u00c3O PERMITIDAS APROPRIA\u00c7\u00d5ES E RELEITURAS\" href=\"https:\/\/selvagemciclo.org.br\/en\/serao-permitidas-apropriacoes-e-releituras\/\"><\/a><div class=\"nectar-post-grid-item-bg\"><img loading=\"lazy\" decoding=\"async\" width=\"2560\" height=\"1003\" src=\"https:\/\/selvagemciclo.org.br\/wp-content\/uploads\/2024\/05\/20240520_063650-2-scaled.jpg\" class=\"attachment-full size-full wp-post-image\" alt=\"\" srcset=\"https:\/\/selvagemciclo.org.br\/wp-content\/uploads\/2024\/05\/20240520_063650-2-scaled.jpg 2560w, https:\/\/selvagemciclo.org.br\/wp-content\/uploads\/2024\/05\/20240520_063650-2-300x117.jpg 300w, https:\/\/selvagemciclo.org.br\/wp-content\/uploads\/2024\/05\/20240520_063650-2-1024x401.jpg 1024w, https:\/\/selvagemciclo.org.br\/wp-content\/uploads\/2024\/05\/20240520_063650-2-768x301.jpg 768w, https:\/\/selvagemciclo.org.br\/wp-content\/uploads\/2024\/05\/20240520_063650-2-1536x602.jpg 1536w, https:\/\/selvagemciclo.org.br\/wp-content\/uploads\/2024\/05\/20240520_063650-2-2048x802.jpg 2048w, https:\/\/selvagemciclo.org.br\/wp-content\/uploads\/2024\/05\/20240520_063650-2-18x7.jpg 18w\" sizes=\"auto, (max-width: 2560px) 100vw, 2560px\" \/><\/div><\/div><\/div><div class=\"content\"><a class=\"nectar-post-grid-link\" href=\"https:\/\/selvagemciclo.org.br\/en\/serao-permitidas-apropriacoes-e-releituras\/\" aria-label=\"SER\u00c3O PERMITIDAS APROPRIA\u00c7\u00d5ES E RELEITURAS\"><\/a><span class=\"meta-category\"><a class=\"diario-veronica-pinheiro style-underline\" href=\"https:\/\/selvagemciclo.org.br\/en\/category\/diario-veronica-pinheiro\/\">Di\u00e1rio Veronica Pinheiro<\/a><\/span><div class=\"item-main\"><h3 class=\"post-heading\"><a href=\"https:\/\/selvagemciclo.org.br\/en\/serao-permitidas-apropriacoes-e-releituras\/\"><span>SER\u00c3O PERMITIDAS APROPRIA\u00c7\u00d5ES E RELEITURAS<\/span><\/a><\/h3><span class=\"nectar-post-grid-item__meta-wrap\"><span class=\"meta-date\">21 de May de 2024<\/span><\/span><\/div><\/div><\/div><\/div><div class=\"nectar-post-grid-item\" data-post-id=\"9712\" data-has-img=\"true\"> <div class=\"inner\"><div class=\"nectar-post-grid-item-bg-wrap\"><div class=\"nectar-post-grid-item-bg-wrap-inner\"><a class=\"bg-wrap-link\" aria-label=\"ENTRE RIOS, MONTANHAS E CRIAN\u00c7AS\" href=\"https:\/\/selvagemciclo.org.br\/en\/entre-rios-montanhas-e-criancas\/\"><\/a><div class=\"nectar-post-grid-item-bg\"><img loading=\"lazy\" decoding=\"async\" width=\"1120\" height=\"750\" src=\"https:\/\/selvagemciclo.org.br\/wp-content\/uploads\/2024\/05\/Arte-coletiva_foto-Cris-Takua.jpg\" class=\"attachment-full size-full wp-post-image\" alt=\"\" srcset=\"https:\/\/selvagemciclo.org.br\/wp-content\/uploads\/2024\/05\/Arte-coletiva_foto-Cris-Takua.jpg 1120w, https:\/\/selvagemciclo.org.br\/wp-content\/uploads\/2024\/05\/Arte-coletiva_foto-Cris-Takua-300x201.jpg 300w, https:\/\/selvagemciclo.org.br\/wp-content\/uploads\/2024\/05\/Arte-coletiva_foto-Cris-Takua-1024x686.jpg 1024w, https:\/\/selvagemciclo.org.br\/wp-content\/uploads\/2024\/05\/Arte-coletiva_foto-Cris-Takua-768x514.jpg 768w, https:\/\/selvagemciclo.org.br\/wp-content\/uploads\/2024\/05\/Arte-coletiva_foto-Cris-Takua-18x12.jpg 18w, https:\/\/selvagemciclo.org.br\/wp-content\/uploads\/2024\/05\/Arte-coletiva_foto-Cris-Takua-600x403.jpg 600w\" sizes=\"auto, (max-width: 1120px) 100vw, 1120px\" \/><\/div><\/div><\/div><div class=\"content\"><a class=\"nectar-post-grid-link\" href=\"https:\/\/selvagemciclo.org.br\/en\/entre-rios-montanhas-e-criancas\/\" aria-label=\"ENTRE RIOS, MONTANHAS E CRIAN\u00c7AS\"><\/a><span class=\"meta-category\"><a class=\"diario-cristine-takua style-underline\" href=\"https:\/\/selvagemciclo.org.br\/en\/category\/diario-cristine-takua\/\">Di\u00e1rio Cristine Taku\u00e1<\/a><\/span><div class=\"item-main\"><h3 class=\"post-heading\"><a href=\"https:\/\/selvagemciclo.org.br\/en\/entre-rios-montanhas-e-criancas\/\"><span>ENTRE RIOS, MONTANHAS E CRIAN\u00c7AS<\/span><\/a><\/h3><span class=\"nectar-post-grid-item__meta-wrap\"><span class=\"meta-date\">16 de May de 2024<\/span><\/span><\/div><\/div><\/div><\/div><div class=\"nectar-post-grid-item\" data-post-id=\"9715\" data-has-img=\"true\"> <div class=\"inner\"><div class=\"nectar-post-grid-item-bg-wrap\"><div class=\"nectar-post-grid-item-bg-wrap-inner\"><a class=\"bg-wrap-link\" aria-label=\"SUMAUMANOS\" href=\"https:\/\/selvagemciclo.org.br\/en\/sumaumanos\/\"><\/a><div class=\"nectar-post-grid-item-bg\"><img loading=\"lazy\" decoding=\"async\" width=\"1201\" height=\"1600\" src=\"https:\/\/selvagemciclo.org.br\/wp-content\/uploads\/2024\/05\/WhatsApp-Image-2024-05-07-at-13.54.37.jpeg\" class=\"attachment-full size-full wp-post-image\" alt=\"\" srcset=\"https:\/\/selvagemciclo.org.br\/wp-content\/uploads\/2024\/05\/WhatsApp-Image-2024-05-07-at-13.54.37.jpeg 1201w, https:\/\/selvagemciclo.org.br\/wp-content\/uploads\/2024\/05\/WhatsApp-Image-2024-05-07-at-13.54.37-225x300.jpeg 225w, https:\/\/selvagemciclo.org.br\/wp-content\/uploads\/2024\/05\/WhatsApp-Image-2024-05-07-at-13.54.37-769x1024.jpeg 769w, https:\/\/selvagemciclo.org.br\/wp-content\/uploads\/2024\/05\/WhatsApp-Image-2024-05-07-at-13.54.37-768x1023.jpeg 768w, https:\/\/selvagemciclo.org.br\/wp-content\/uploads\/2024\/05\/WhatsApp-Image-2024-05-07-at-13.54.37-1153x1536.jpeg 1153w, https:\/\/selvagemciclo.org.br\/wp-content\/uploads\/2024\/05\/WhatsApp-Image-2024-05-07-at-13.54.37-9x12.jpeg 9w\" sizes=\"auto, (max-width: 1201px) 100vw, 1201px\" \/><\/div><\/div><\/div><div class=\"content\"><a class=\"nectar-post-grid-link\" href=\"https:\/\/selvagemciclo.org.br\/en\/sumaumanos\/\" aria-label=\"SUMAUMANOS\"><\/a><span class=\"meta-category\"><a class=\"diario-veronica-pinheiro style-underline\" href=\"https:\/\/selvagemciclo.org.br\/en\/category\/diario-veronica-pinheiro\/\">Di\u00e1rio Veronica Pinheiro<\/a><\/span><div class=\"item-main\"><h3 class=\"post-heading\"><a href=\"https:\/\/selvagemciclo.org.br\/en\/sumaumanos\/\"><span>SUMAUMANOS<\/span><\/a><\/h3><span class=\"nectar-post-grid-item__meta-wrap\"><span class=\"meta-date\">14 de May de 2024<\/span><\/span><\/div><\/div><\/div><\/div><div class=\"nectar-post-grid-item\" data-post-id=\"9717\" data-has-img=\"true\"> <div class=\"inner\"><div class=\"nectar-post-grid-item-bg-wrap\"><div class=\"nectar-post-grid-item-bg-wrap-inner\"><a class=\"bg-wrap-link\" aria-label=\"TABACO, MESTRE DO SABER\" href=\"https:\/\/selvagemciclo.org.br\/en\/tabaco-mestre-do-saber\/\"><\/a><div class=\"nectar-post-grid-item-bg\"><img loading=\"lazy\" decoding=\"async\" width=\"1280\" height=\"1147\" src=\"https:\/\/selvagemciclo.org.br\/wp-content\/uploads\/2024\/05\/Foto-de-Carlos-Papa_.jpg\" class=\"attachment-full size-full wp-post-image\" alt=\"\" srcset=\"https:\/\/selvagemciclo.org.br\/wp-content\/uploads\/2024\/05\/Foto-de-Carlos-Papa_.jpg 1280w, https:\/\/selvagemciclo.org.br\/wp-content\/uploads\/2024\/05\/Foto-de-Carlos-Papa_-300x269.jpg 300w, https:\/\/selvagemciclo.org.br\/wp-content\/uploads\/2024\/05\/Foto-de-Carlos-Papa_-1024x918.jpg 1024w, https:\/\/selvagemciclo.org.br\/wp-content\/uploads\/2024\/05\/Foto-de-Carlos-Papa_-768x688.jpg 768w, https:\/\/selvagemciclo.org.br\/wp-content\/uploads\/2024\/05\/Foto-de-Carlos-Papa_-13x12.jpg 13w\" sizes=\"auto, (max-width: 1280px) 100vw, 1280px\" \/><\/div><\/div><\/div><div class=\"content\"><a class=\"nectar-post-grid-link\" href=\"https:\/\/selvagemciclo.org.br\/en\/tabaco-mestre-do-saber\/\" aria-label=\"TABACO, MESTRE DO SABER\"><\/a><span class=\"meta-category\"><a class=\"diario-cristine-takua style-underline\" href=\"https:\/\/selvagemciclo.org.br\/en\/category\/diario-cristine-takua\/\">Di\u00e1rio Cristine Taku\u00e1<\/a><\/span><div class=\"item-main\"><h3 class=\"post-heading\"><a href=\"https:\/\/selvagemciclo.org.br\/en\/tabaco-mestre-do-saber\/\"><span>TABACO, MESTRE DO SABER<\/span><\/a><\/h3><span class=\"nectar-post-grid-item__meta-wrap\"><span class=\"meta-date\">9 de May de 2024<\/span><\/span><\/div><\/div><\/div><\/div><div class=\"nectar-post-grid-item\" data-post-id=\"9719\" data-has-img=\"true\"> <div class=\"inner\"><div class=\"nectar-post-grid-item-bg-wrap\"><div class=\"nectar-post-grid-item-bg-wrap-inner\"><a class=\"bg-wrap-link\" aria-label=\"DE SOL EM SOL\" href=\"https:\/\/selvagemciclo.org.br\/en\/de-sol-em-sol\/\"><\/a><div class=\"nectar-post-grid-item-bg\"><img loading=\"lazy\" decoding=\"async\" width=\"1280\" height=\"590\" src=\"https:\/\/selvagemciclo.org.br\/wp-content\/uploads\/2024\/05\/WhatsApp-Image-2024-05-06-at-12.58.54.jpeg\" class=\"attachment-full size-full wp-post-image\" alt=\"\" srcset=\"https:\/\/selvagemciclo.org.br\/wp-content\/uploads\/2024\/05\/WhatsApp-Image-2024-05-06-at-12.58.54.jpeg 1280w, https:\/\/selvagemciclo.org.br\/wp-content\/uploads\/2024\/05\/WhatsApp-Image-2024-05-06-at-12.58.54-300x138.jpeg 300w, https:\/\/selvagemciclo.org.br\/wp-content\/uploads\/2024\/05\/WhatsApp-Image-2024-05-06-at-12.58.54-1024x472.jpeg 1024w, https:\/\/selvagemciclo.org.br\/wp-content\/uploads\/2024\/05\/WhatsApp-Image-2024-05-06-at-12.58.54-768x354.jpeg 768w, https:\/\/selvagemciclo.org.br\/wp-content\/uploads\/2024\/05\/WhatsApp-Image-2024-05-06-at-12.58.54-18x8.jpeg 18w\" sizes=\"auto, (max-width: 1280px) 100vw, 1280px\" \/><\/div><\/div><\/div><div class=\"content\"><a class=\"nectar-post-grid-link\" href=\"https:\/\/selvagemciclo.org.br\/en\/de-sol-em-sol\/\" aria-label=\"DE SOL EM SOL\"><\/a><span class=\"meta-category\"><a class=\"diario-veronica-pinheiro style-underline\" href=\"https:\/\/selvagemciclo.org.br\/en\/category\/diario-veronica-pinheiro\/\">Di\u00e1rio Veronica Pinheiro<\/a><\/span><div class=\"item-main\"><h3 class=\"post-heading\"><a href=\"https:\/\/selvagemciclo.org.br\/en\/de-sol-em-sol\/\"><span>DE SOL EM SOL<\/span><\/a><\/h3><span class=\"nectar-post-grid-item__meta-wrap\"><span class=\"meta-date\">7 de May de 2024<\/span><\/span><\/div><\/div><\/div><\/div><div class=\"nectar-post-grid-item\" data-post-id=\"9722\" data-has-img=\"true\"> <div class=\"inner\"><div class=\"nectar-post-grid-item-bg-wrap\"><div class=\"nectar-post-grid-item-bg-wrap-inner\"><a class=\"bg-wrap-link\" aria-label=\"TRAMA QUE TECE A VIDA\" href=\"https:\/\/selvagemciclo.org.br\/en\/trama-que-tece-a-vida\/\"><\/a><div class=\"nectar-post-grid-item-bg\"><img loading=\"lazy\" decoding=\"async\" width=\"1019\" height=\"695\" src=\"https:\/\/selvagemciclo.org.br\/wp-content\/uploads\/2024\/05\/Arte-de-Rita-Huni-Kuin_1.png\" class=\"attachment-full size-full wp-post-image\" alt=\"\" srcset=\"https:\/\/selvagemciclo.org.br\/wp-content\/uploads\/2024\/05\/Arte-de-Rita-Huni-Kuin_1.png 1019w, https:\/\/selvagemciclo.org.br\/wp-content\/uploads\/2024\/05\/Arte-de-Rita-Huni-Kuin_1-300x205.png 300w, https:\/\/selvagemciclo.org.br\/wp-content\/uploads\/2024\/05\/Arte-de-Rita-Huni-Kuin_1-768x524.png 768w, https:\/\/selvagemciclo.org.br\/wp-content\/uploads\/2024\/05\/Arte-de-Rita-Huni-Kuin_1-18x12.png 18w\" sizes=\"auto, (max-width: 1019px) 100vw, 1019px\" \/><\/div><\/div><\/div><div class=\"content\"><a class=\"nectar-post-grid-link\" href=\"https:\/\/selvagemciclo.org.br\/en\/trama-que-tece-a-vida\/\" aria-label=\"TRAMA QUE TECE A VIDA\"><\/a><span class=\"meta-category\"><a class=\"diario-cristine-takua style-underline\" href=\"https:\/\/selvagemciclo.org.br\/en\/category\/diario-cristine-takua\/\">Di\u00e1rio Cristine Taku\u00e1<\/a><\/span><div class=\"item-main\"><h3 class=\"post-heading\"><a href=\"https:\/\/selvagemciclo.org.br\/en\/trama-que-tece-a-vida\/\"><span>TRAMA QUE TECE A VIDA<\/span><\/a><\/h3><span class=\"nectar-post-grid-item__meta-wrap\"><span class=\"meta-date\">2 de May de 2024<\/span><\/span><\/div><\/div><\/div><\/div><div class=\"nectar-post-grid-item\" data-post-id=\"9724\" data-has-img=\"true\"> <div class=\"inner\"><div class=\"nectar-post-grid-item-bg-wrap\"><div class=\"nectar-post-grid-item-bg-wrap-inner\"><a class=\"bg-wrap-link\" aria-label=\"O SOL SONHAVA AMANHECER\" href=\"https:\/\/selvagemciclo.org.br\/en\/o-sol-sonhava-amanhecer\/\"><\/a><div class=\"nectar-post-grid-item-bg\"><img loading=\"lazy\" decoding=\"async\" width=\"1069\" height=\"600\" src=\"https:\/\/selvagemciclo.org.br\/wp-content\/uploads\/2024\/04\/material.jpg\" class=\"attachment-full size-full wp-post-image\" alt=\"\" srcset=\"https:\/\/selvagemciclo.org.br\/wp-content\/uploads\/2024\/04\/material.jpg 1069w, https:\/\/selvagemciclo.org.br\/wp-content\/uploads\/2024\/04\/material-300x168.jpg 300w, https:\/\/selvagemciclo.org.br\/wp-content\/uploads\/2024\/04\/material-1024x575.jpg 1024w, https:\/\/selvagemciclo.org.br\/wp-content\/uploads\/2024\/04\/material-768x431.jpg 768w, https:\/\/selvagemciclo.org.br\/wp-content\/uploads\/2024\/04\/material-18x10.jpg 18w\" sizes=\"auto, (max-width: 1069px) 100vw, 1069px\" \/><\/div><\/div><\/div><div class=\"content\"><a class=\"nectar-post-grid-link\" href=\"https:\/\/selvagemciclo.org.br\/en\/o-sol-sonhava-amanhecer\/\" aria-label=\"O SOL SONHAVA AMANHECER\"><\/a><span class=\"meta-category\"><a class=\"diario-veronica-pinheiro style-underline\" href=\"https:\/\/selvagemciclo.org.br\/en\/category\/diario-veronica-pinheiro\/\">Di\u00e1rio Veronica Pinheiro<\/a><\/span><div class=\"item-main\"><h3 class=\"post-heading\"><a href=\"https:\/\/selvagemciclo.org.br\/en\/o-sol-sonhava-amanhecer\/\"><span>O SOL SONHAVA AMANHECER<\/span><\/a><\/h3><span class=\"nectar-post-grid-item__meta-wrap\"><span class=\"meta-date\">30 de April de 2024<\/span><\/span><\/div><\/div><\/div><\/div><div class=\"nectar-post-grid-item\" data-post-id=\"9726\" data-has-img=\"true\"> <div class=\"inner\"><div class=\"nectar-post-grid-item-bg-wrap\"><div class=\"nectar-post-grid-item-bg-wrap-inner\"><a class=\"bg-wrap-link\" aria-label=\"NO TEMPO DAS CHUVAS\" href=\"https:\/\/selvagemciclo.org.br\/en\/no-tempo-das-chuvas\/\"><\/a><div class=\"nectar-post-grid-item-bg\"><img loading=\"lazy\" decoding=\"async\" width=\"1046\" height=\"813\" src=\"https:\/\/selvagemciclo.org.br\/wp-content\/uploads\/2024\/04\/Foto-Cris-Takua_2.jpg\" class=\"attachment-full size-full wp-post-image\" alt=\"\" srcset=\"https:\/\/selvagemciclo.org.br\/wp-content\/uploads\/2024\/04\/Foto-Cris-Takua_2.jpg 1046w, https:\/\/selvagemciclo.org.br\/wp-content\/uploads\/2024\/04\/Foto-Cris-Takua_2-300x233.jpg 300w, https:\/\/selvagemciclo.org.br\/wp-content\/uploads\/2024\/04\/Foto-Cris-Takua_2-1024x796.jpg 1024w, https:\/\/selvagemciclo.org.br\/wp-content\/uploads\/2024\/04\/Foto-Cris-Takua_2-768x597.jpg 768w, https:\/\/selvagemciclo.org.br\/wp-content\/uploads\/2024\/04\/Foto-Cris-Takua_2-15x12.jpg 15w\" sizes=\"auto, (max-width: 1046px) 100vw, 1046px\" \/><\/div><\/div><\/div><div class=\"content\"><a class=\"nectar-post-grid-link\" href=\"https:\/\/selvagemciclo.org.br\/en\/no-tempo-das-chuvas\/\" aria-label=\"NO TEMPO DAS CHUVAS\"><\/a><span class=\"meta-category\"><a class=\"diario-cristine-takua style-underline\" href=\"https:\/\/selvagemciclo.org.br\/en\/category\/diario-cristine-takua\/\">Di\u00e1rio Cristine Taku\u00e1<\/a><\/span><div class=\"item-main\"><h3 class=\"post-heading\"><a href=\"https:\/\/selvagemciclo.org.br\/en\/no-tempo-das-chuvas\/\"><span>NO TEMPO DAS CHUVAS<\/span><\/a><\/h3><span class=\"nectar-post-grid-item__meta-wrap\"><span class=\"meta-date\">25 de April de 2024<\/span><\/span><\/div><\/div><\/div><\/div><div class=\"nectar-post-grid-item\" data-post-id=\"9728\" data-has-img=\"true\"> <div class=\"inner\"><div class=\"nectar-post-grid-item-bg-wrap\"><div class=\"nectar-post-grid-item-bg-wrap-inner\"><a class=\"bg-wrap-link\" aria-label=\"CAD\u00ca O RIO QUE ESTAVA AQUI?\" href=\"https:\/\/selvagemciclo.org.br\/en\/cade-o-rio-que-estava-aqui\/\"><\/a><div class=\"nectar-post-grid-item-bg\"><img loading=\"lazy\" decoding=\"async\" width=\"1600\" height=\"737\" src=\"https:\/\/selvagemciclo.org.br\/wp-content\/uploads\/2024\/04\/Foto_-Professor-Wagner-Clayton01.jpeg\" class=\"attachment-full size-full wp-post-image\" alt=\"\" srcset=\"https:\/\/selvagemciclo.org.br\/wp-content\/uploads\/2024\/04\/Foto_-Professor-Wagner-Clayton01.jpeg 1600w, https:\/\/selvagemciclo.org.br\/wp-content\/uploads\/2024\/04\/Foto_-Professor-Wagner-Clayton01-300x138.jpeg 300w, https:\/\/selvagemciclo.org.br\/wp-content\/uploads\/2024\/04\/Foto_-Professor-Wagner-Clayton01-1024x472.jpeg 1024w, https:\/\/selvagemciclo.org.br\/wp-content\/uploads\/2024\/04\/Foto_-Professor-Wagner-Clayton01-768x354.jpeg 768w, https:\/\/selvagemciclo.org.br\/wp-content\/uploads\/2024\/04\/Foto_-Professor-Wagner-Clayton01-1536x708.jpeg 1536w, https:\/\/selvagemciclo.org.br\/wp-content\/uploads\/2024\/04\/Foto_-Professor-Wagner-Clayton01-18x8.jpeg 18w\" sizes=\"auto, (max-width: 1600px) 100vw, 1600px\" \/><\/div><\/div><\/div><div class=\"content\"><a class=\"nectar-post-grid-link\" href=\"https:\/\/selvagemciclo.org.br\/en\/cade-o-rio-que-estava-aqui\/\" aria-label=\"CAD\u00ca O RIO QUE ESTAVA AQUI?\"><\/a><span class=\"meta-category\"><a class=\"diario-veronica-pinheiro style-underline\" href=\"https:\/\/selvagemciclo.org.br\/en\/category\/diario-veronica-pinheiro\/\">Di\u00e1rio Veronica Pinheiro<\/a><\/span><div class=\"item-main\"><h3 class=\"post-heading\"><a href=\"https:\/\/selvagemciclo.org.br\/en\/cade-o-rio-que-estava-aqui\/\"><span>CAD\u00ca O RIO QUE ESTAVA AQUI?<\/span><\/a><\/h3><span class=\"nectar-post-grid-item__meta-wrap\"><span class=\"meta-date\">23 de April de 2024<\/span><\/span><\/div><\/div><\/div><\/div><div class=\"nectar-post-grid-item\" data-post-id=\"9730\" data-has-img=\"true\"> <div class=\"inner\"><div class=\"nectar-post-grid-item-bg-wrap\"><div class=\"nectar-post-grid-item-bg-wrap-inner\"><a class=\"bg-wrap-link\" aria-label=\"HIST\u00d3RIAS QUE OS LIVROS N\u00c3O CONTAM\" href=\"https:\/\/selvagemciclo.org.br\/en\/historias-que-os-livros-nao-contam\/\"><\/a><div class=\"nectar-post-grid-item-bg\"><img loading=\"lazy\" decoding=\"async\" width=\"1024\" height=\"768\" src=\"https:\/\/selvagemciclo.org.br\/wp-content\/uploads\/2024\/04\/Foto-de-Roberto-Romero_.jpg\" class=\"attachment-full size-full wp-post-image\" alt=\"\" srcset=\"https:\/\/selvagemciclo.org.br\/wp-content\/uploads\/2024\/04\/Foto-de-Roberto-Romero_.jpg 1024w, https:\/\/selvagemciclo.org.br\/wp-content\/uploads\/2024\/04\/Foto-de-Roberto-Romero_-300x225.jpg 300w, https:\/\/selvagemciclo.org.br\/wp-content\/uploads\/2024\/04\/Foto-de-Roberto-Romero_-768x576.jpg 768w, https:\/\/selvagemciclo.org.br\/wp-content\/uploads\/2024\/04\/Foto-de-Roberto-Romero_-16x12.jpg 16w\" sizes=\"auto, (max-width: 1024px) 100vw, 1024px\" \/><\/div><\/div><\/div><div class=\"content\"><a class=\"nectar-post-grid-link\" href=\"https:\/\/selvagemciclo.org.br\/en\/historias-que-os-livros-nao-contam\/\" aria-label=\"HIST\u00d3RIAS QUE OS LIVROS N\u00c3O CONTAM\"><\/a><span class=\"meta-category\"><a class=\"diario-cristine-takua style-underline\" href=\"https:\/\/selvagemciclo.org.br\/en\/category\/diario-cristine-takua\/\">Di\u00e1rio Cristine Taku\u00e1<\/a><\/span><div class=\"item-main\"><h3 class=\"post-heading\"><a href=\"https:\/\/selvagemciclo.org.br\/en\/historias-que-os-livros-nao-contam\/\"><span>HIST\u00d3RIAS QUE OS LIVROS N\u00c3O CONTAM<\/span><\/a><\/h3><span class=\"nectar-post-grid-item__meta-wrap\"><span class=\"meta-date\">18 de April de 2024<\/span><\/span><\/div><\/div><\/div><\/div><div class=\"nectar-post-grid-item\" data-post-id=\"9732\" data-has-img=\"true\"> <div class=\"inner\"><div class=\"nectar-post-grid-item-bg-wrap\"><div class=\"nectar-post-grid-item-bg-wrap-inner\"><a class=\"bg-wrap-link\" aria-label=\"DESENHOS DA FALA\" href=\"https:\/\/selvagemciclo.org.br\/en\/desenhos-da-fala\/\"><\/a><div class=\"nectar-post-grid-item-bg\"><img loading=\"lazy\" decoding=\"async\" width=\"1163\" height=\"800\" src=\"https:\/\/selvagemciclo.org.br\/wp-content\/uploads\/2024\/04\/menino_indigena.jpg\" class=\"attachment-full size-full wp-post-image\" alt=\"\" srcset=\"https:\/\/selvagemciclo.org.br\/wp-content\/uploads\/2024\/04\/menino_indigena.jpg 1163w, https:\/\/selvagemciclo.org.br\/wp-content\/uploads\/2024\/04\/menino_indigena-300x206.jpg 300w, https:\/\/selvagemciclo.org.br\/wp-content\/uploads\/2024\/04\/menino_indigena-1024x704.jpg 1024w, https:\/\/selvagemciclo.org.br\/wp-content\/uploads\/2024\/04\/menino_indigena-768x528.jpg 768w, https:\/\/selvagemciclo.org.br\/wp-content\/uploads\/2024\/04\/menino_indigena-18x12.jpg 18w\" sizes=\"auto, (max-width: 1163px) 100vw, 1163px\" \/><\/div><\/div><\/div><div class=\"content\"><a class=\"nectar-post-grid-link\" href=\"https:\/\/selvagemciclo.org.br\/en\/desenhos-da-fala\/\" aria-label=\"DESENHOS DA FALA\"><\/a><span class=\"meta-category\"><a class=\"diario-veronica-pinheiro style-underline\" href=\"https:\/\/selvagemciclo.org.br\/en\/category\/diario-veronica-pinheiro\/\">Di\u00e1rio Veronica Pinheiro<\/a><\/span><div class=\"item-main\"><h3 class=\"post-heading\"><a href=\"https:\/\/selvagemciclo.org.br\/en\/desenhos-da-fala\/\"><span>DESENHOS DA FALA<\/span><\/a><\/h3><span class=\"nectar-post-grid-item__meta-wrap\"><span class=\"meta-date\">16 de April de 2024<\/span><\/span><\/div><\/div><\/div><\/div><div class=\"nectar-post-grid-item\" data-post-id=\"9734\" data-has-img=\"true\"> <div class=\"inner\"><div class=\"nectar-post-grid-item-bg-wrap\"><div class=\"nectar-post-grid-item-bg-wrap-inner\"><a class=\"bg-wrap-link\" aria-label=\"PENSAMENTOS DE CRIAN\u00c7A\" href=\"https:\/\/selvagemciclo.org.br\/en\/pensamentos-de-crianca\/\"><\/a><div class=\"nectar-post-grid-item-bg\"><img loading=\"lazy\" decoding=\"async\" width=\"901\" height=\"600\" src=\"https:\/\/selvagemciclo.org.br\/wp-content\/uploads\/2024\/04\/Foto-de-Alba-Rodriguez-Nunez3.jpg\" class=\"attachment-full size-full wp-post-image\" alt=\"\" srcset=\"https:\/\/selvagemciclo.org.br\/wp-content\/uploads\/2024\/04\/Foto-de-Alba-Rodriguez-Nunez3.jpg 901w, https:\/\/selvagemciclo.org.br\/wp-content\/uploads\/2024\/04\/Foto-de-Alba-Rodriguez-Nunez3-300x200.jpg 300w, https:\/\/selvagemciclo.org.br\/wp-content\/uploads\/2024\/04\/Foto-de-Alba-Rodriguez-Nunez3-768x511.jpg 768w, https:\/\/selvagemciclo.org.br\/wp-content\/uploads\/2024\/04\/Foto-de-Alba-Rodriguez-Nunez3-18x12.jpg 18w\" sizes=\"auto, (max-width: 901px) 100vw, 901px\" \/><\/div><\/div><\/div><div class=\"content\"><a class=\"nectar-post-grid-link\" href=\"https:\/\/selvagemciclo.org.br\/en\/pensamentos-de-crianca\/\" aria-label=\"PENSAMENTOS DE CRIAN\u00c7A\"><\/a><span class=\"meta-category\"><a class=\"diario-cristine-takua style-underline\" href=\"https:\/\/selvagemciclo.org.br\/en\/category\/diario-cristine-takua\/\">Di\u00e1rio Cristine Taku\u00e1<\/a><\/span><div class=\"item-main\"><h3 class=\"post-heading\"><a href=\"https:\/\/selvagemciclo.org.br\/en\/pensamentos-de-crianca\/\"><span>PENSAMENTOS DE CRIAN\u00c7A<\/span><\/a><\/h3><span class=\"nectar-post-grid-item__meta-wrap\"><span class=\"meta-date\">11 de April de 2024<\/span><\/span><\/div><\/div><\/div><\/div><div class=\"nectar-post-grid-item\" data-post-id=\"9736\" data-has-img=\"true\"> <div class=\"inner\"><div class=\"nectar-post-grid-item-bg-wrap\"><div class=\"nectar-post-grid-item-bg-wrap-inner\"><a class=\"bg-wrap-link\" aria-label=\"PISANDO SUAVEMENTE NA TERRA OU PRIMEIRO BIMESTRE ESCOLAR\" href=\"https:\/\/selvagemciclo.org.br\/en\/pisando-suavemente-na-terra-ou-primeiro-bimestre-escolar\/\"><\/a><div class=\"nectar-post-grid-item-bg\"><img loading=\"lazy\" decoding=\"async\" width=\"900\" height=\"1524\" src=\"https:\/\/selvagemciclo.org.br\/wp-content\/uploads\/2024\/04\/WhatsApp-Image-2024-04-08-at-07.54.08.jpeg\" class=\"attachment-full size-full wp-post-image\" alt=\"\" srcset=\"https:\/\/selvagemciclo.org.br\/wp-content\/uploads\/2024\/04\/WhatsApp-Image-2024-04-08-at-07.54.08.jpeg 900w, https:\/\/selvagemciclo.org.br\/wp-content\/uploads\/2024\/04\/WhatsApp-Image-2024-04-08-at-07.54.08-177x300.jpeg 177w, https:\/\/selvagemciclo.org.br\/wp-content\/uploads\/2024\/04\/WhatsApp-Image-2024-04-08-at-07.54.08-605x1024.jpeg 605w, https:\/\/selvagemciclo.org.br\/wp-content\/uploads\/2024\/04\/WhatsApp-Image-2024-04-08-at-07.54.08-768x1300.jpeg 768w, https:\/\/selvagemciclo.org.br\/wp-content\/uploads\/2024\/04\/WhatsApp-Image-2024-04-08-at-07.54.08-7x12.jpeg 7w\" sizes=\"auto, (max-width: 900px) 100vw, 900px\" \/><\/div><\/div><\/div><div class=\"content\"><a class=\"nectar-post-grid-link\" href=\"https:\/\/selvagemciclo.org.br\/en\/pisando-suavemente-na-terra-ou-primeiro-bimestre-escolar\/\" aria-label=\"PISANDO SUAVEMENTE NA TERRA OU PRIMEIRO BIMESTRE ESCOLAR\"><\/a><span class=\"meta-category\"><a class=\"diario-veronica-pinheiro style-underline\" href=\"https:\/\/selvagemciclo.org.br\/en\/category\/diario-veronica-pinheiro\/\">Di\u00e1rio Veronica Pinheiro<\/a><\/span><div class=\"item-main\"><h3 class=\"post-heading\"><a href=\"https:\/\/selvagemciclo.org.br\/en\/pisando-suavemente-na-terra-ou-primeiro-bimestre-escolar\/\"><span>PISANDO SUAVEMENTE NA TERRA OU PRIMEIRO BIMESTRE ESCOLAR<\/span><\/a><\/h3><span class=\"nectar-post-grid-item__meta-wrap\"><span class=\"meta-date\">9 de April de 2024<\/span><\/span><\/div><\/div><\/div><\/div><div class=\"nectar-post-grid-item\" data-post-id=\"9739\" data-has-img=\"true\"> <div class=\"inner\"><div class=\"nectar-post-grid-item-bg-wrap\"><div class=\"nectar-post-grid-item-bg-wrap-inner\"><a class=\"bg-wrap-link\" aria-label=\"KA\u2019A, ERVA-MATE\" href=\"https:\/\/selvagemciclo.org.br\/en\/kaa-erva-mate\/\"><\/a><div class=\"nectar-post-grid-item-bg\"><img loading=\"lazy\" decoding=\"async\" width=\"800\" height=\"1128\" src=\"https:\/\/selvagemciclo.org.br\/wp-content\/uploads\/2024\/04\/Desenho-de-Cristine-Takua.jpeg\" class=\"attachment-full size-full wp-post-image\" alt=\"\" srcset=\"https:\/\/selvagemciclo.org.br\/wp-content\/uploads\/2024\/04\/Desenho-de-Cristine-Takua.jpeg 800w, https:\/\/selvagemciclo.org.br\/wp-content\/uploads\/2024\/04\/Desenho-de-Cristine-Takua-213x300.jpeg 213w, https:\/\/selvagemciclo.org.br\/wp-content\/uploads\/2024\/04\/Desenho-de-Cristine-Takua-726x1024.jpeg 726w, https:\/\/selvagemciclo.org.br\/wp-content\/uploads\/2024\/04\/Desenho-de-Cristine-Takua-768x1083.jpeg 768w, https:\/\/selvagemciclo.org.br\/wp-content\/uploads\/2024\/04\/Desenho-de-Cristine-Takua-9x12.jpeg 9w\" sizes=\"auto, (max-width: 800px) 100vw, 800px\" \/><\/div><\/div><\/div><div class=\"content\"><a class=\"nectar-post-grid-link\" href=\"https:\/\/selvagemciclo.org.br\/en\/kaa-erva-mate\/\" aria-label=\"KA\u2019A, ERVA-MATE\"><\/a><span class=\"meta-category\"><a class=\"diario-cristine-takua style-underline\" href=\"https:\/\/selvagemciclo.org.br\/en\/category\/diario-cristine-takua\/\">Di\u00e1rio Cristine Taku\u00e1<\/a><\/span><div class=\"item-main\"><h3 class=\"post-heading\"><a href=\"https:\/\/selvagemciclo.org.br\/en\/kaa-erva-mate\/\"><span>KA\u2019A, ERVA-MATE<\/span><\/a><\/h3><span class=\"nectar-post-grid-item__meta-wrap\"><span class=\"meta-date\">4 de April de 2024<\/span><\/span><\/div><\/div><\/div><\/div><div class=\"nectar-post-grid-item\" data-post-id=\"9741\" data-has-img=\"true\"> <div class=\"inner\"><div class=\"nectar-post-grid-item-bg-wrap\"><div class=\"nectar-post-grid-item-bg-wrap-inner\"><a class=\"bg-wrap-link\" aria-label=\"TEMPO E AMOR\" href=\"https:\/\/selvagemciclo.org.br\/en\/tempo-e-amor\/\"><\/a><div class=\"nectar-post-grid-item-bg\"><img loading=\"lazy\" decoding=\"async\" width=\"721\" height=\"1600\" src=\"https:\/\/selvagemciclo.org.br\/wp-content\/uploads\/2024\/04\/Foto-de-Veronica-Pinheiro.jpeg\" class=\"attachment-full size-full wp-post-image\" alt=\"\" srcset=\"https:\/\/selvagemciclo.org.br\/wp-content\/uploads\/2024\/04\/Foto-de-Veronica-Pinheiro.jpeg 721w, https:\/\/selvagemciclo.org.br\/wp-content\/uploads\/2024\/04\/Foto-de-Veronica-Pinheiro-135x300.jpeg 135w, https:\/\/selvagemciclo.org.br\/wp-content\/uploads\/2024\/04\/Foto-de-Veronica-Pinheiro-461x1024.jpeg 461w, https:\/\/selvagemciclo.org.br\/wp-content\/uploads\/2024\/04\/Foto-de-Veronica-Pinheiro-692x1536.jpeg 692w, https:\/\/selvagemciclo.org.br\/wp-content\/uploads\/2024\/04\/Foto-de-Veronica-Pinheiro-5x12.jpeg 5w\" sizes=\"auto, (max-width: 721px) 100vw, 721px\" \/><\/div><\/div><\/div><div class=\"content\"><a class=\"nectar-post-grid-link\" href=\"https:\/\/selvagemciclo.org.br\/en\/tempo-e-amor\/\" aria-label=\"TEMPO E AMOR\"><\/a><span class=\"meta-category\"><a class=\"diario-veronica-pinheiro style-underline\" href=\"https:\/\/selvagemciclo.org.br\/en\/category\/diario-veronica-pinheiro\/\">Di\u00e1rio Veronica Pinheiro<\/a><\/span><div class=\"item-main\"><h3 class=\"post-heading\"><a href=\"https:\/\/selvagemciclo.org.br\/en\/tempo-e-amor\/\"><span>TEMPO E AMOR<\/span><\/a><\/h3><span class=\"nectar-post-grid-item__meta-wrap\"><span class=\"meta-date\">2 de April de 2024<\/span><\/span><\/div><\/div><\/div><\/div><div class=\"nectar-post-grid-item\" data-post-id=\"9743\" data-has-img=\"true\"> <div class=\"inner\"><div class=\"nectar-post-grid-item-bg-wrap\"><div class=\"nectar-post-grid-item-bg-wrap-inner\"><a class=\"bg-wrap-link\" aria-label=\"CONSTELA\u00c7\u00c3O DE SABERES\" href=\"https:\/\/selvagemciclo.org.br\/en\/constelacao-de-saberes\/\"><\/a><div class=\"nectar-post-grid-item-bg\"><img loading=\"lazy\" decoding=\"async\" width=\"724\" height=\"497\" src=\"https:\/\/selvagemciclo.org.br\/wp-content\/uploads\/2024\/03\/Foto-Vhera-Poty-.jpg\" class=\"attachment-full size-full wp-post-image\" alt=\"\" srcset=\"https:\/\/selvagemciclo.org.br\/wp-content\/uploads\/2024\/03\/Foto-Vhera-Poty-.jpg 724w, https:\/\/selvagemciclo.org.br\/wp-content\/uploads\/2024\/03\/Foto-Vhera-Poty--300x206.jpg 300w, https:\/\/selvagemciclo.org.br\/wp-content\/uploads\/2024\/03\/Foto-Vhera-Poty--18x12.jpg 18w\" sizes=\"auto, (max-width: 724px) 100vw, 724px\" \/><\/div><\/div><\/div><div class=\"content\"><a class=\"nectar-post-grid-link\" href=\"https:\/\/selvagemciclo.org.br\/en\/constelacao-de-saberes\/\" aria-label=\"CONSTELA\u00c7\u00c3O DE SABERES\"><\/a><span class=\"meta-category\"><a class=\"diario-cristine-takua style-underline\" href=\"https:\/\/selvagemciclo.org.br\/en\/category\/diario-cristine-takua\/\">Di\u00e1rio Cristine Taku\u00e1<\/a><\/span><div class=\"item-main\"><h3 class=\"post-heading\"><a href=\"https:\/\/selvagemciclo.org.br\/en\/constelacao-de-saberes\/\"><span>CONSTELA\u00c7\u00c3O DE SABERES<\/span><\/a><\/h3><span class=\"nectar-post-grid-item__meta-wrap\"><span class=\"meta-date\">28 de March de 2024<\/span><\/span><\/div><\/div><\/div><\/div><div class=\"nectar-post-grid-item\" data-post-id=\"9745\" data-has-img=\"true\"> <div class=\"inner\"><div class=\"nectar-post-grid-item-bg-wrap\"><div class=\"nectar-post-grid-item-bg-wrap-inner\"><a class=\"bg-wrap-link\" aria-label=\"\u201cNA FLORESTA, EU CONSIGO FECHAR OS OLHOS\u201d\" href=\"https:\/\/selvagemciclo.org.br\/en\/na-floresta-eu-consigo-fechar-os-olhos\/\"><\/a><div class=\"nectar-post-grid-item-bg\"><img loading=\"lazy\" decoding=\"async\" width=\"1000\" height=\"451\" src=\"https:\/\/selvagemciclo.org.br\/wp-content\/uploads\/2024\/03\/onca_diario.jpg\" class=\"attachment-full size-full wp-post-image\" alt=\"\" srcset=\"https:\/\/selvagemciclo.org.br\/wp-content\/uploads\/2024\/03\/onca_diario.jpg 1000w, https:\/\/selvagemciclo.org.br\/wp-content\/uploads\/2024\/03\/onca_diario-300x135.jpg 300w, https:\/\/selvagemciclo.org.br\/wp-content\/uploads\/2024\/03\/onca_diario-768x346.jpg 768w, https:\/\/selvagemciclo.org.br\/wp-content\/uploads\/2024\/03\/onca_diario-18x8.jpg 18w\" sizes=\"auto, (max-width: 1000px) 100vw, 1000px\" \/><\/div><\/div><\/div><div class=\"content\"><a class=\"nectar-post-grid-link\" href=\"https:\/\/selvagemciclo.org.br\/en\/na-floresta-eu-consigo-fechar-os-olhos\/\" aria-label=\"\u201cNA FLORESTA, EU CONSIGO FECHAR OS OLHOS\u201d\"><\/a><span class=\"meta-category\"><a class=\"diario-veronica-pinheiro style-underline\" href=\"https:\/\/selvagemciclo.org.br\/en\/category\/diario-veronica-pinheiro\/\">Di\u00e1rio Veronica Pinheiro<\/a><\/span><div class=\"item-main\"><h3 class=\"post-heading\"><a href=\"https:\/\/selvagemciclo.org.br\/en\/na-floresta-eu-consigo-fechar-os-olhos\/\"><span>\u201cNA FLORESTA, EU CONSIGO FECHAR OS OLHOS\u201d<\/span><\/a><\/h3><span class=\"nectar-post-grid-item__meta-wrap\"><span class=\"meta-date\">26 de March de 2024<\/span><\/span><\/div><\/div><\/div><\/div><div class=\"nectar-post-grid-item\" data-post-id=\"9747\" data-has-img=\"true\"> <div class=\"inner\"><div class=\"nectar-post-grid-item-bg-wrap\"><div class=\"nectar-post-grid-item-bg-wrap-inner\"><a class=\"bg-wrap-link\" aria-label=\"NHE\u2019\u00cbR\u0178 FLORESTA VIVA\" href=\"https:\/\/selvagemciclo.org.br\/en\/nheery-floresta-viva\/\"><\/a><div class=\"nectar-post-grid-item-bg\"><img loading=\"lazy\" decoding=\"async\" width=\"958\" height=\"600\" src=\"https:\/\/selvagemciclo.org.br\/wp-content\/uploads\/2024\/03\/Foto-de-Edu-Simoes-.jpg\" class=\"attachment-full size-full wp-post-image\" alt=\"\" srcset=\"https:\/\/selvagemciclo.org.br\/wp-content\/uploads\/2024\/03\/Foto-de-Edu-Simoes-.jpg 958w, https:\/\/selvagemciclo.org.br\/wp-content\/uploads\/2024\/03\/Foto-de-Edu-Simoes--300x188.jpg 300w, https:\/\/selvagemciclo.org.br\/wp-content\/uploads\/2024\/03\/Foto-de-Edu-Simoes--768x481.jpg 768w, https:\/\/selvagemciclo.org.br\/wp-content\/uploads\/2024\/03\/Foto-de-Edu-Simoes--18x12.jpg 18w\" sizes=\"auto, (max-width: 958px) 100vw, 958px\" \/><\/div><\/div><\/div><div class=\"content\"><a class=\"nectar-post-grid-link\" href=\"https:\/\/selvagemciclo.org.br\/en\/nheery-floresta-viva\/\" aria-label=\"NHE\u2019\u00cbR\u0178 FLORESTA VIVA\"><\/a><span class=\"meta-category\"><a class=\"diario-cristine-takua style-underline\" href=\"https:\/\/selvagemciclo.org.br\/en\/category\/diario-cristine-takua\/\">Di\u00e1rio Cristine Taku\u00e1<\/a><\/span><div class=\"item-main\"><h3 class=\"post-heading\"><a href=\"https:\/\/selvagemciclo.org.br\/en\/nheery-floresta-viva\/\"><span>NHE\u2019\u00cbR\u0178 FLORESTA VIVA<\/span><\/a><\/h3><span class=\"nectar-post-grid-item__meta-wrap\"><span class=\"meta-date\">21 de March de 2024<\/span><\/span><\/div><\/div><\/div><\/div><div class=\"nectar-post-grid-item\" data-post-id=\"9750\" data-has-img=\"true\"> <div class=\"inner\"><div class=\"nectar-post-grid-item-bg-wrap\"><div class=\"nectar-post-grid-item-bg-wrap-inner\"><a class=\"bg-wrap-link\" aria-label=\"APAGA QUE T\u00c1 FEIO!\" href=\"https:\/\/selvagemciclo.org.br\/en\/apaga-que-ta-feio\/\"><\/a><div class=\"nectar-post-grid-item-bg\"><img loading=\"lazy\" decoding=\"async\" width=\"800\" height=\"600\" src=\"https:\/\/selvagemciclo.org.br\/wp-content\/uploads\/2025\/11\/pedreira_editada.webp\" class=\"attachment-full size-full wp-post-image\" alt=\"\" srcset=\"https:\/\/selvagemciclo.org.br\/wp-content\/uploads\/2025\/11\/pedreira_editada.webp 800w, https:\/\/selvagemciclo.org.br\/wp-content\/uploads\/2025\/11\/pedreira_editada-300x225.webp 300w, https:\/\/selvagemciclo.org.br\/wp-content\/uploads\/2025\/11\/pedreira_editada-768x576.webp 768w, https:\/\/selvagemciclo.org.br\/wp-content\/uploads\/2025\/11\/pedreira_editada-16x12.webp 16w\" sizes=\"auto, (max-width: 800px) 100vw, 800px\" \/><\/div><\/div><\/div><div class=\"content\"><a class=\"nectar-post-grid-link\" href=\"https:\/\/selvagemciclo.org.br\/en\/apaga-que-ta-feio\/\" aria-label=\"APAGA QUE T\u00c1 FEIO!\"><\/a><span class=\"meta-category\"><a class=\"diario-veronica-pinheiro style-underline\" href=\"https:\/\/selvagemciclo.org.br\/en\/category\/diario-veronica-pinheiro\/\">Di\u00e1rio Veronica Pinheiro<\/a><\/span><div class=\"item-main\"><h3 class=\"post-heading\"><a href=\"https:\/\/selvagemciclo.org.br\/en\/apaga-que-ta-feio\/\"><span>APAGA QUE T\u00c1 FEIO!<\/span><\/a><\/h3><span class=\"nectar-post-grid-item__meta-wrap\"><span class=\"meta-date\">19 de March de 2024<\/span><\/span><\/div><\/div><\/div><\/div><div class=\"nectar-post-grid-item\" data-post-id=\"9753\" data-has-img=\"true\"> <div class=\"inner\"><div class=\"nectar-post-grid-item-bg-wrap\"><div class=\"nectar-post-grid-item-bg-wrap-inner\"><a class=\"bg-wrap-link\" aria-label=\"O QUE SEGURA OS C\u00c9US?\" href=\"https:\/\/selvagemciclo.org.br\/en\/o-que-segura-os-ceus\/\"><\/a><div class=\"nectar-post-grid-item-bg\"><img loading=\"lazy\" decoding=\"async\" width=\"365\" height=\"543\" src=\"https:\/\/selvagemciclo.org.br\/wp-content\/uploads\/2025\/11\/palmeiras_criancas_flat-1024x619-1-e1764256884384.webp\" class=\"attachment-full size-full wp-post-image\" alt=\"\" srcset=\"https:\/\/selvagemciclo.org.br\/wp-content\/uploads\/2025\/11\/palmeiras_criancas_flat-1024x619-1-e1764256884384.webp 365w, https:\/\/selvagemciclo.org.br\/wp-content\/uploads\/2025\/11\/palmeiras_criancas_flat-1024x619-1-e1764256884384-202x300.webp 202w, https:\/\/selvagemciclo.org.br\/wp-content\/uploads\/2025\/11\/palmeiras_criancas_flat-1024x619-1-e1764256884384-8x12.webp 8w\" sizes=\"auto, (max-width: 365px) 100vw, 365px\" \/><\/div><\/div><\/div><div class=\"content\"><a class=\"nectar-post-grid-link\" href=\"https:\/\/selvagemciclo.org.br\/en\/o-que-segura-os-ceus\/\" aria-label=\"O QUE SEGURA OS C\u00c9US?\"><\/a><span class=\"meta-category\"><a class=\"diario-cristine-takua style-underline\" href=\"https:\/\/selvagemciclo.org.br\/en\/category\/diario-cristine-takua\/\">Di\u00e1rio Cristine Taku\u00e1<\/a><\/span><div class=\"item-main\"><h3 class=\"post-heading\"><a href=\"https:\/\/selvagemciclo.org.br\/en\/o-que-segura-os-ceus\/\"><span>O QUE SEGURA OS C\u00c9US?<\/span><\/a><\/h3><span class=\"nectar-post-grid-item__meta-wrap\"><span class=\"meta-date\">14 de March de 2024<\/span><\/span><\/div><\/div><\/div><\/div><div class=\"nectar-post-grid-item\" data-post-id=\"9756\" data-has-img=\"true\"> <div class=\"inner\"><div class=\"nectar-post-grid-item-bg-wrap\"><div class=\"nectar-post-grid-item-bg-wrap-inner\"><a class=\"bg-wrap-link\" aria-label=\"AQUELA TIA ALI VAI CONVERSAR COM VOC\u00ca\" href=\"https:\/\/selvagemciclo.org.br\/en\/aquela-tia-ali-vai-conversar-com-voce\/\"><\/a><div class=\"nectar-post-grid-item-bg\"><img loading=\"lazy\" decoding=\"async\" width=\"996\" height=\"1024\" src=\"https:\/\/selvagemciclo.org.br\/wp-content\/uploads\/2025\/11\/Imagem-2_03-996x1024-1.webp\" class=\"attachment-full size-full wp-post-image\" alt=\"\" srcset=\"https:\/\/selvagemciclo.org.br\/wp-content\/uploads\/2025\/11\/Imagem-2_03-996x1024-1.webp 996w, https:\/\/selvagemciclo.org.br\/wp-content\/uploads\/2025\/11\/Imagem-2_03-996x1024-1-292x300.webp 292w, https:\/\/selvagemciclo.org.br\/wp-content\/uploads\/2025\/11\/Imagem-2_03-996x1024-1-768x790.webp 768w, https:\/\/selvagemciclo.org.br\/wp-content\/uploads\/2025\/11\/Imagem-2_03-996x1024-1-12x12.webp 12w\" sizes=\"auto, (max-width: 996px) 100vw, 996px\" \/><\/div><\/div><\/div><div class=\"content\"><a class=\"nectar-post-grid-link\" href=\"https:\/\/selvagemciclo.org.br\/en\/aquela-tia-ali-vai-conversar-com-voce\/\" aria-label=\"AQUELA TIA ALI VAI CONVERSAR COM VOC\u00ca\"><\/a><span class=\"meta-category\"><a class=\"diario-veronica-pinheiro style-underline\" href=\"https:\/\/selvagemciclo.org.br\/en\/category\/diario-veronica-pinheiro\/\">Di\u00e1rio Veronica Pinheiro<\/a><\/span><div class=\"item-main\"><h3 class=\"post-heading\"><a href=\"https:\/\/selvagemciclo.org.br\/en\/aquela-tia-ali-vai-conversar-com-voce\/\"><span>AQUELA TIA ALI VAI CONVERSAR COM VOC\u00ca<\/span><\/a><\/h3><span class=\"nectar-post-grid-item__meta-wrap\"><span class=\"meta-date\">12 de March de 2024<\/span><\/span><\/div><\/div><\/div><\/div><div class=\"nectar-post-grid-item\" data-post-id=\"9759\" data-has-img=\"true\"> <div class=\"inner\"><div class=\"nectar-post-grid-item-bg-wrap\"><div class=\"nectar-post-grid-item-bg-wrap-inner\"><a class=\"bg-wrap-link\" aria-label=\"RESISTIR PARA SOBREVIVER\" href=\"https:\/\/selvagemciclo.org.br\/en\/resistir-para-sobreviver\/\"><\/a><div class=\"nectar-post-grid-item-bg\"><img loading=\"lazy\" decoding=\"async\" width=\"600\" height=\"900\" src=\"https:\/\/selvagemciclo.org.br\/wp-content\/uploads\/2025\/11\/Foto-de-Vhera-Poty.webp\" class=\"attachment-full size-full wp-post-image\" alt=\"\" srcset=\"https:\/\/selvagemciclo.org.br\/wp-content\/uploads\/2025\/11\/Foto-de-Vhera-Poty.webp 600w, https:\/\/selvagemciclo.org.br\/wp-content\/uploads\/2025\/11\/Foto-de-Vhera-Poty-200x300.webp 200w, https:\/\/selvagemciclo.org.br\/wp-content\/uploads\/2025\/11\/Foto-de-Vhera-Poty-8x12.webp 8w\" sizes=\"auto, (max-width: 600px) 100vw, 600px\" \/><\/div><\/div><\/div><div class=\"content\"><a class=\"nectar-post-grid-link\" href=\"https:\/\/selvagemciclo.org.br\/en\/resistir-para-sobreviver\/\" aria-label=\"RESISTIR PARA SOBREVIVER\"><\/a><span class=\"meta-category\"><a class=\"diario-cristine-takua style-underline\" href=\"https:\/\/selvagemciclo.org.br\/en\/category\/diario-cristine-takua\/\">Di\u00e1rio Cristine Taku\u00e1<\/a><\/span><div class=\"item-main\"><h3 class=\"post-heading\"><a href=\"https:\/\/selvagemciclo.org.br\/en\/resistir-para-sobreviver\/\"><span>RESISTIR PARA SOBREVIVER<\/span><\/a><\/h3><span class=\"nectar-post-grid-item__meta-wrap\"><span class=\"meta-date\">7 de March de 2024<\/span><\/span><\/div><\/div><\/div><\/div><div class=\"nectar-post-grid-item\" data-post-id=\"9762\" data-has-img=\"true\"> <div class=\"inner\"><div class=\"nectar-post-grid-item-bg-wrap\"><div class=\"nectar-post-grid-item-bg-wrap-inner\"><a class=\"bg-wrap-link\" aria-label=\"A CAMINHO DA PEDREIRA\" href=\"https:\/\/selvagemciclo.org.br\/en\/a-caminho-da-pedreira\/\"><\/a><div class=\"nectar-post-grid-item-bg\"><img loading=\"lazy\" decoding=\"async\" width=\"1600\" height=\"1161\" src=\"https:\/\/selvagemciclo.org.br\/wp-content\/uploads\/2025\/11\/Imagem-1_03-scaled-1.webp\" class=\"attachment-full size-full wp-post-image\" alt=\"\" srcset=\"https:\/\/selvagemciclo.org.br\/wp-content\/uploads\/2025\/11\/Imagem-1_03-scaled-1.webp 1600w, https:\/\/selvagemciclo.org.br\/wp-content\/uploads\/2025\/11\/Imagem-1_03-scaled-1-300x218.webp 300w, https:\/\/selvagemciclo.org.br\/wp-content\/uploads\/2025\/11\/Imagem-1_03-scaled-1-1024x743.webp 1024w, https:\/\/selvagemciclo.org.br\/wp-content\/uploads\/2025\/11\/Imagem-1_03-scaled-1-768x557.webp 768w, https:\/\/selvagemciclo.org.br\/wp-content\/uploads\/2025\/11\/Imagem-1_03-scaled-1-1536x1115.webp 1536w, https:\/\/selvagemciclo.org.br\/wp-content\/uploads\/2025\/11\/Imagem-1_03-scaled-1-18x12.webp 18w\" sizes=\"auto, (max-width: 1600px) 100vw, 1600px\" \/><\/div><\/div><\/div><div class=\"content\"><a class=\"nectar-post-grid-link\" href=\"https:\/\/selvagemciclo.org.br\/en\/a-caminho-da-pedreira\/\" aria-label=\"A CAMINHO DA PEDREIRA\"><\/a><span class=\"meta-category\"><a class=\"diario-veronica-pinheiro style-underline\" href=\"https:\/\/selvagemciclo.org.br\/en\/category\/diario-veronica-pinheiro\/\">Di\u00e1rio Veronica Pinheiro<\/a><\/span><div class=\"item-main\"><h3 class=\"post-heading\"><a href=\"https:\/\/selvagemciclo.org.br\/en\/a-caminho-da-pedreira\/\"><span>A CAMINHO DA PEDREIRA<\/span><\/a><\/h3><span class=\"nectar-post-grid-item__meta-wrap\"><span class=\"meta-date\">5 de March de 2024<\/span><\/span><\/div><\/div><\/div><\/div><\/div><\/div>\n\t\t\t<\/div> \n\t\t<\/div>\n\t<\/div> \n<\/div><\/div>\n\t\t<div id=\"fws_69f77f5ea3370\"  data-column-margin=\"default\" data-midnight=\"dark\"  class=\"wpb_row vc_row-fluid vc_row\"  style=\"padding-top: 0px; padding-bottom: 0px; \"><div class=\"row-bg-wrap\" data-bg-animation=\"none\" data-bg-animation-delay=\"\" data-bg-overlay=\"false\"><div class=\"inner-wrap row-bg-layer\" ><div class=\"row-bg viewport-desktop\"  style=\"\"><\/div><\/div><\/div><div class=\"row_col_wrap_12 col span_12 dark left\">\n\t<div  class=\"vc_col-sm-12 wpb_column column_container vc_column_container col no-extra-padding inherit_tablet inherit_phone \"  data-padding-pos=\"all\" data-has-bg-color=\"false\" data-bg-color=\"\" data-bg-opacity=\"1\" data-animation=\"\" data-delay=\"0\" >\n\t\t<div class=\"vc_column-inner\" >\n\t\t\t<div class=\"wpb_wrapper\">\n\t\t\t\t<div class=\"divider-wrap\" data-alignment=\"default\"><div style=\"height: 100px;\" class=\"divider\"><\/div><\/div>\n\t\t\t<\/div> \n\t\t<\/div>\n\t<\/div> \n<\/div><\/div>\n","protected":false},"excerpt":{"rendered":"A CAMINHO DA PEDREIRA Veronica Pinheiro 05 de mar\u00e7o de 2024 &nbsp; Chegamos \u00e0 Pedreira. Um complexo com o menor IDH da cidade e do estado do Rio de Janeiro. Chegamos ao antigo Morro da Ventania, onde o vento corria solto e falava alto. Dizem que quando o vento assobiava na Pedreira, nada mais se ouvia. O Morro da Pedreira est\u00e1 localizado no Bairro de Fazenda Botafogo, entre Pavuna, Costa Barros e Acari. Curiosamente, o vento n\u00e3o fala mais naquele lugar. Os escombros de uma antiga senzala, um cemit\u00e9rio de escravos, alguns troncos de tortura e uma pedreira desativada s\u00e3o as camadas mais recentes sob o solo desse caminho que come\u00e7amos a trilhar. Uma antiga linha de trem cortava a mata densa da fazenda Botafogo. O trem expresso transportava, na d\u00e9cada de 1970, pessoas \u00e0 procura de trabalho e de um novo lar. Estas hist\u00f3rias ainda s\u00e3o ouvidas no territ\u00f3rio: \u201cCheguei na Pedreira em 04 de setembro de 1970. At\u00e9...","protected":false},"author":1,"featured_media":7078,"parent":0,"menu_order":0,"comment_status":"closed","ping_status":"closed","template":"","meta":{"_acf_changed":false,"footnotes":""},"class_list":["post-7154","page","type-page","status-publish","has-post-thumbnail"],"acf":[],"yoast_head":"<!-- This site is optimized with the Yoast SEO plugin v27.1.1 - https:\/\/yoast.com\/product\/yoast-seo-wordpress\/ -->\n<title>Di\u00e1rio de Aprendizagens - Selvagem<\/title>\n<meta name=\"description\" content=\"Relatos da jornada de Cristine Taku\u00e1 nas Escolas Vivas e Veronica Pinheiro na Casa da Crian\u00e7a. Saiba mais na p\u00e1gina Aprendizagens.\" \/>\n<meta name=\"robots\" content=\"index, follow, max-snippet:-1, max-image-preview:large, max-video-preview:-1\" \/>\n<link rel=\"canonical\" href=\"https:\/\/selvagemciclo.org.br\/en\/diario-de-aprendizagens\/\" \/>\n<meta property=\"og:locale\" content=\"en_GB\" \/>\n<meta property=\"og:type\" content=\"article\" \/>\n<meta property=\"og:title\" content=\"Di\u00e1rios de Aprendizagens\" \/>\n<meta property=\"og:description\" content=\"Relatos da jornada de Cristine Taku\u00e1 nas Escolas Vivas e Veronica Pinheiro na Casa da Crian\u00e7a. Saiba mais na p\u00e1gina Aprendizagens.\" \/>\n<meta property=\"og:url\" content=\"https:\/\/selvagemciclo.org.br\/en\/diario-de-aprendizagens\/\" \/>\n<meta property=\"og:site_name\" content=\"Selvagem\" \/>\n<meta property=\"article:modified_time\" content=\"2026-05-01T10:36:41+00:00\" \/>\n<meta property=\"og:image\" content=\"https:\/\/selvagemciclo.org.br\/wp-content\/uploads\/2025\/03\/icone_aprendizagens_mar2025.png\" \/>\n\t<meta property=\"og:image:width\" content=\"400\" \/>\n\t<meta property=\"og:image:height\" content=\"400\" \/>\n\t<meta property=\"og:image:type\" content=\"image\/png\" \/>\n<meta name=\"twitter:card\" content=\"summary_large_image\" \/>\n<meta name=\"twitter:label1\" content=\"Estimated reading time\" \/>\n\t<meta name=\"twitter:data1\" content=\"8 minutes\" \/>\n<script type=\"application\/ld+json\" class=\"yoast-schema-graph\">{\"@context\":\"https:\/\/schema.org\",\"@graph\":[{\"@type\":\"WebPage\",\"@id\":\"https:\/\/selvagemciclo.org.br\/diario-de-aprendizagens\/\",\"url\":\"https:\/\/selvagemciclo.org.br\/diario-de-aprendizagens\/\",\"name\":\"Di\u00e1rio de Aprendizagens - Selvagem\",\"isPartOf\":{\"@id\":\"https:\/\/selvagemciclo.org.br\/#website\"},\"primaryImageOfPage\":{\"@id\":\"https:\/\/selvagemciclo.org.br\/diario-de-aprendizagens\/#primaryimage\"},\"image\":{\"@id\":\"https:\/\/selvagemciclo.org.br\/diario-de-aprendizagens\/#primaryimage\"},\"thumbnailUrl\":\"https:\/\/selvagemciclo.org.br\/wp-content\/uploads\/2025\/03\/icone_aprendizagens_mar2025.png\",\"datePublished\":\"2025-03-18T19:03:09+00:00\",\"dateModified\":\"2026-05-01T10:36:41+00:00\",\"description\":\"Relatos da jornada de Cristine Taku\u00e1 nas Escolas Vivas e Veronica Pinheiro na Casa da Crian\u00e7a. Saiba mais na p\u00e1gina Aprendizagens.\",\"breadcrumb\":{\"@id\":\"https:\/\/selvagemciclo.org.br\/diario-de-aprendizagens\/#breadcrumb\"},\"inLanguage\":\"en-GB\",\"potentialAction\":[{\"@type\":\"ReadAction\",\"target\":[\"https:\/\/selvagemciclo.org.br\/diario-de-aprendizagens\/\"]}]},{\"@type\":\"ImageObject\",\"inLanguage\":\"en-GB\",\"@id\":\"https:\/\/selvagemciclo.org.br\/diario-de-aprendizagens\/#primaryimage\",\"url\":\"https:\/\/selvagemciclo.org.br\/wp-content\/uploads\/2025\/03\/icone_aprendizagens_mar2025.png\",\"contentUrl\":\"https:\/\/selvagemciclo.org.br\/wp-content\/uploads\/2025\/03\/icone_aprendizagens_mar2025.png\",\"width\":400,\"height\":400},{\"@type\":\"BreadcrumbList\",\"@id\":\"https:\/\/selvagemciclo.org.br\/diario-de-aprendizagens\/#breadcrumb\",\"itemListElement\":[{\"@type\":\"ListItem\",\"position\":1,\"name\":\"In\u00edcio\",\"item\":\"https:\/\/selvagemciclo.org.br\/\"},{\"@type\":\"ListItem\",\"position\":2,\"name\":\"Di\u00e1rio de Aprendizagens\"}]},{\"@type\":\"WebSite\",\"@id\":\"https:\/\/selvagemciclo.org.br\/#website\",\"url\":\"https:\/\/selvagemciclo.org.br\/\",\"name\":\"Selvagem\",\"description\":\"Ciclo de estudos sobre a vida\",\"publisher\":{\"@id\":\"https:\/\/selvagemciclo.org.br\/#organization\"},\"potentialAction\":[{\"@type\":\"SearchAction\",\"target\":{\"@type\":\"EntryPoint\",\"urlTemplate\":\"https:\/\/selvagemciclo.org.br\/?s={search_term_string}\"},\"query-input\":{\"@type\":\"PropertyValueSpecification\",\"valueRequired\":true,\"valueName\":\"search_term_string\"}}],\"inLanguage\":\"en-GB\"},{\"@type\":\"Organization\",\"@id\":\"https:\/\/selvagemciclo.org.br\/#organization\",\"name\":\"Selvagem\",\"url\":\"https:\/\/selvagemciclo.org.br\/\",\"logo\":{\"@type\":\"ImageObject\",\"inLanguage\":\"en-GB\",\"@id\":\"https:\/\/selvagemciclo.org.br\/#\/schema\/logo\/image\/\",\"url\":\"https:\/\/selvagemciclo.org.br\/wp-content\/uploads\/2026\/01\/cropped-ICONE_SELVAGEM_2026-1.png\",\"contentUrl\":\"https:\/\/selvagemciclo.org.br\/wp-content\/uploads\/2026\/01\/cropped-ICONE_SELVAGEM_2026-1.png\",\"width\":512,\"height\":512,\"caption\":\"Selvagem\"},\"image\":{\"@id\":\"https:\/\/selvagemciclo.org.br\/#\/schema\/logo\/image\/\"},\"sameAs\":[\"https:\/\/www.instagram.com\/selvagem_ciclodeestudos\/\",\"https:\/\/www.youtube.com\/@selvagemciclo8\"]}]}<\/script>\n<!-- \/ Yoast SEO plugin. -->","yoast_head_json":{"title":"Di\u00e1rio de Aprendizagens - Selvagem","description":"Relatos da jornada de Cristine Taku\u00e1 nas Escolas Vivas e Veronica Pinheiro na Casa da Crian\u00e7a. Saiba mais na p\u00e1gina Aprendizagens.","robots":{"index":"index","follow":"follow","max-snippet":"max-snippet:-1","max-image-preview":"max-image-preview:large","max-video-preview":"max-video-preview:-1"},"canonical":"https:\/\/selvagemciclo.org.br\/en\/diario-de-aprendizagens\/","og_locale":"en_GB","og_type":"article","og_title":"Di\u00e1rios de Aprendizagens","og_description":"Relatos da jornada de Cristine Taku\u00e1 nas Escolas Vivas e Veronica Pinheiro na Casa da Crian\u00e7a. Saiba mais na p\u00e1gina Aprendizagens.","og_url":"https:\/\/selvagemciclo.org.br\/en\/diario-de-aprendizagens\/","og_site_name":"Selvagem","article_modified_time":"2026-05-01T10:36:41+00:00","og_image":[{"width":400,"height":400,"url":"https:\/\/selvagemciclo.org.br\/wp-content\/uploads\/2025\/03\/icone_aprendizagens_mar2025.png","type":"image\/png"}],"twitter_card":"summary_large_image","twitter_misc":{"Estimated reading time":"8 minutes"},"schema":{"@context":"https:\/\/schema.org","@graph":[{"@type":"WebPage","@id":"https:\/\/selvagemciclo.org.br\/diario-de-aprendizagens\/","url":"https:\/\/selvagemciclo.org.br\/diario-de-aprendizagens\/","name":"Di\u00e1rio de Aprendizagens - Selvagem","isPartOf":{"@id":"https:\/\/selvagemciclo.org.br\/#website"},"primaryImageOfPage":{"@id":"https:\/\/selvagemciclo.org.br\/diario-de-aprendizagens\/#primaryimage"},"image":{"@id":"https:\/\/selvagemciclo.org.br\/diario-de-aprendizagens\/#primaryimage"},"thumbnailUrl":"https:\/\/selvagemciclo.org.br\/wp-content\/uploads\/2025\/03\/icone_aprendizagens_mar2025.png","datePublished":"2025-03-18T19:03:09+00:00","dateModified":"2026-05-01T10:36:41+00:00","description":"Relatos da jornada de Cristine Taku\u00e1 nas Escolas Vivas e Veronica Pinheiro na Casa da Crian\u00e7a. Saiba mais na p\u00e1gina Aprendizagens.","breadcrumb":{"@id":"https:\/\/selvagemciclo.org.br\/diario-de-aprendizagens\/#breadcrumb"},"inLanguage":"en-GB","potentialAction":[{"@type":"ReadAction","target":["https:\/\/selvagemciclo.org.br\/diario-de-aprendizagens\/"]}]},{"@type":"ImageObject","inLanguage":"en-GB","@id":"https:\/\/selvagemciclo.org.br\/diario-de-aprendizagens\/#primaryimage","url":"https:\/\/selvagemciclo.org.br\/wp-content\/uploads\/2025\/03\/icone_aprendizagens_mar2025.png","contentUrl":"https:\/\/selvagemciclo.org.br\/wp-content\/uploads\/2025\/03\/icone_aprendizagens_mar2025.png","width":400,"height":400},{"@type":"BreadcrumbList","@id":"https:\/\/selvagemciclo.org.br\/diario-de-aprendizagens\/#breadcrumb","itemListElement":[{"@type":"ListItem","position":1,"name":"In\u00edcio","item":"https:\/\/selvagemciclo.org.br\/"},{"@type":"ListItem","position":2,"name":"Di\u00e1rio de Aprendizagens"}]},{"@type":"WebSite","@id":"https:\/\/selvagemciclo.org.br\/#website","url":"https:\/\/selvagemciclo.org.br\/","name":"Selvagem","description":"Ciclo de estudos sobre a vida","publisher":{"@id":"https:\/\/selvagemciclo.org.br\/#organization"},"potentialAction":[{"@type":"SearchAction","target":{"@type":"EntryPoint","urlTemplate":"https:\/\/selvagemciclo.org.br\/?s={search_term_string}"},"query-input":{"@type":"PropertyValueSpecification","valueRequired":true,"valueName":"search_term_string"}}],"inLanguage":"en-GB"},{"@type":"Organization","@id":"https:\/\/selvagemciclo.org.br\/#organization","name":"Selvagem","url":"https:\/\/selvagemciclo.org.br\/","logo":{"@type":"ImageObject","inLanguage":"en-GB","@id":"https:\/\/selvagemciclo.org.br\/#\/schema\/logo\/image\/","url":"https:\/\/selvagemciclo.org.br\/wp-content\/uploads\/2026\/01\/cropped-ICONE_SELVAGEM_2026-1.png","contentUrl":"https:\/\/selvagemciclo.org.br\/wp-content\/uploads\/2026\/01\/cropped-ICONE_SELVAGEM_2026-1.png","width":512,"height":512,"caption":"Selvagem"},"image":{"@id":"https:\/\/selvagemciclo.org.br\/#\/schema\/logo\/image\/"},"sameAs":["https:\/\/www.instagram.com\/selvagem_ciclodeestudos\/","https:\/\/www.youtube.com\/@selvagemciclo8"]}]}},"_links":{"self":[{"href":"https:\/\/selvagemciclo.org.br\/en\/wp-json\/wp\/v2\/pages\/7154","targetHints":{"allow":["GET"]}}],"collection":[{"href":"https:\/\/selvagemciclo.org.br\/en\/wp-json\/wp\/v2\/pages"}],"about":[{"href":"https:\/\/selvagemciclo.org.br\/en\/wp-json\/wp\/v2\/types\/page"}],"author":[{"embeddable":true,"href":"https:\/\/selvagemciclo.org.br\/en\/wp-json\/wp\/v2\/users\/1"}],"replies":[{"embeddable":true,"href":"https:\/\/selvagemciclo.org.br\/en\/wp-json\/wp\/v2\/comments?post=7154"}],"version-history":[{"count":16,"href":"https:\/\/selvagemciclo.org.br\/en\/wp-json\/wp\/v2\/pages\/7154\/revisions"}],"predecessor-version":[{"id":11369,"href":"https:\/\/selvagemciclo.org.br\/en\/wp-json\/wp\/v2\/pages\/7154\/revisions\/11369"}],"wp:featuredmedia":[{"embeddable":true,"href":"https:\/\/selvagemciclo.org.br\/en\/wp-json\/wp\/v2\/media\/7078"}],"wp:attachment":[{"href":"https:\/\/selvagemciclo.org.br\/en\/wp-json\/wp\/v2\/media?parent=7154"}],"curies":[{"name":"wp","href":"https:\/\/api.w.org\/{rel}","templated":true}]}}