{"id":11086,"date":"2026-03-30T17:52:57","date_gmt":"2026-03-30T20:52:57","guid":{"rendered":"https:\/\/selvagemciclo.org.br\/?page_id=11086"},"modified":"2026-04-29T18:58:51","modified_gmt":"2026-04-29T21:58:51","slug":"ciclo-das-aguas","status":"publish","type":"page","link":"https:\/\/selvagemciclo.org.br\/en\/ciclo-das-aguas\/","title":{"rendered":"Cycle of Waters"},"content":{"rendered":"\n\t\t<div id=\"fws_69f77ea9c03c1\"  data-column-margin=\"default\" data-midnight=\"dark\"  class=\"wpb_row vc_row-fluid vc_row\"  style=\"padding-top: 0px; padding-bottom: 0px; \"><div class=\"row-bg-wrap\" data-bg-animation=\"none\" data-bg-animation-delay=\"\" data-bg-overlay=\"false\"><div class=\"inner-wrap row-bg-layer\" ><div class=\"row-bg viewport-desktop\"  style=\"\"><\/div><\/div><\/div><div class=\"row_col_wrap_12 col span_12 dark left\">\n\t<div  class=\"vc_col-sm-12 wpb_column column_container vc_column_container col no-extra-padding inherit_tablet inherit_phone \"  data-padding-pos=\"all\" data-has-bg-color=\"false\" data-bg-color=\"\" data-bg-opacity=\"1\" data-animation=\"\" data-delay=\"0\" >\n\t\t<div class=\"vc_column-inner\" >\n\t\t\t<div class=\"wpb_wrapper\">\n\t\t\t\t\n\t\t<div id=\"mobile\"  data-column-margin=\"default\" data-midnight=\"dark\"  class=\"wpb_row vc_row-fluid vc_row full-width-content vc_row-o-equal-height vc_row-flex vc_row-o-content-middle vc_hidden-lg vc_hidden-md\"  style=\"padding-top: 20px; padding-bottom: 0px; \"><div class=\"row-bg-wrap\" data-bg-animation=\"none\" data-bg-animation-delay=\"\" data-bg-overlay=\"false\"><div class=\"inner-wrap row-bg-layer\" ><div class=\"row-bg viewport-desktop\"  style=\"\"><\/div><\/div><\/div><div class=\"row_col_wrap_12 col span_12 dark left\">\n\t<div  class=\"vc_col-sm-4 vc_col-xs-4 wpb_column column_container vc_column_container col no-extra-padding inherit_tablet padding-2-percent_phone \"  data-padding-pos=\"left\" data-has-bg-color=\"false\" data-bg-color=\"\" data-bg-opacity=\"1\" data-animation=\"\" data-delay=\"0\" >\n\t\t<div class=\"vc_column-inner\" >\n\t\t\t<div class=\"wpb_wrapper\">\n\t\t\t\t<div class=\"img-with-aniamtion-wrap \" data-max-width=\"50%\" data-max-width-mobile=\"100%\" data-shadow=\"none\" data-animation=\"none\" >\n      <div class=\"inner\">\n        <div class=\"hover-wrap\"> \n          <div class=\"hover-wrap-inner\">\n            <a href=\"\/home\" target=\"_self\" class=\"\">\n              <img loading=\"lazy\" decoding=\"async\" class=\"img-with-animation skip-lazy \" data-delay=\"0\" height=\"64\" width=\"234\" data-animation=\"none\" src=\"https:\/\/selvagemciclo.org.br\/wp-content\/uploads\/2025\/05\/small-btn-home_arrow.png\" alt=\"\" srcset=\"https:\/\/selvagemciclo.org.br\/wp-content\/uploads\/2025\/05\/small-btn-home_arrow.png 234w, https:\/\/selvagemciclo.org.br\/wp-content\/uploads\/2025\/05\/small-btn-home_arrow-18x5.png 18w\" sizes=\"auto, (max-width: 234px) 100vw, 234px\" \/>\n            <\/a>\n          <\/div>\n        <\/div>\n      <\/div>\n      <\/div>\n\t\t\t<\/div> \n\t\t<\/div>\n\t<\/div> \n\n\t<div  class=\"vc_col-sm-4 vc_col-xs-4 wpb_column column_container vc_column_container col centered-text padding-3-percent force-phone-text-align-center inherit_tablet inherit_phone \"  data-padding-pos=\"left\" data-has-bg-color=\"false\" data-bg-color=\"\" data-bg-opacity=\"1\" data-animation=\"\" data-delay=\"0\" >\n\t\t<div class=\"vc_column-inner\" >\n\t\t\t<div class=\"wpb_wrapper\">\n\t\t\t\t\n<div class=\"wpb_text_column wpb_content_element \" >\n\t<div class=\"wpb_wrapper\">\n\t\t<div class=\"trp_language_switcher_shortcode\">\n<div class=\"trp-language-switcher trp-language-switcher-container\" data-no-translation >\n    <div class=\"trp-ls-shortcode-current-language\">\n        <a href=\"#\" class=\"trp-ls-shortcode-disabled-language trp-ls-disabled-language\" title=\"English\" onclick=\"event.preventDefault()\">\n\t\t\t EN\t\t<\/a>\n    <\/div>\n    <div class=\"trp-ls-shortcode-language\">\n                <a href=\"#\" class=\"trp-ls-shortcode-disabled-language trp-ls-disabled-language\"  title=\"English\" onclick=\"event.preventDefault()\">\n\t\t\t EN\t\t<\/a>\n                    <a href=\"https:\/\/selvagemciclo.org.br\/en\/wp-json\/wp\/v2\/pages\/11086#TRPLINKPROCESSED\" title=\"Portuguese\">\n             PT_BR        <\/a>\n\n        <\/div>\n    <script type=\"application\/javascript\">\n        \/\/ need to have the same with set from JS on both divs. Otherwise it can push stuff around in HTML\n        var trp_ls_shortcodes = document.querySelectorAll('.trp_language_switcher_shortcode .trp-language-switcher');\n        if ( trp_ls_shortcodes.length > 0) {\n            \/\/ get the last language switcher added\n            var trp_el = trp_ls_shortcodes[trp_ls_shortcodes.length - 1];\n\n            var trp_shortcode_language_item = trp_el.querySelector( '.trp-ls-shortcode-language' )\n            \/\/ set width\n            var trp_ls_shortcode_width                                               = trp_shortcode_language_item.offsetWidth + 16;\n            trp_shortcode_language_item.style.width                                  = trp_ls_shortcode_width + 'px';\n            trp_el.querySelector( '.trp-ls-shortcode-current-language' ).style.width = trp_ls_shortcode_width + 'px';\n\n            \/\/ We're putting this on display: none after we have its width.\n            trp_shortcode_language_item.style.display = 'none';\n        }\n    <\/script>\n<\/div>\n<\/div>\n\t<\/div>\n<\/div>\n\n\n\n\n\t\t\t<\/div> \n\t\t<\/div>\n\t<\/div> \n\n\t<div  class=\"vc_col-sm-4 vc_col-xs-4 wpb_column column_container vc_column_container col centered-text no-extra-padding inherit_tablet inherit_phone \"  data-padding-pos=\"all\" data-has-bg-color=\"false\" data-bg-color=\"\" data-bg-opacity=\"1\" data-animation=\"\" data-delay=\"0\" >\n\t\t<div class=\"vc_column-inner\" >\n\t\t\t<div class=\"wpb_wrapper\">\n\t\t\t\t\n<div class=\"wpb_text_column wpb_content_element \" >\n\t<div class=\"wpb_wrapper\">\n\t\t<p style=\"text-align: center;\"><a href=\"\/agenda\"><img loading=\"lazy\" decoding=\"async\" class=\"alignnone wp-image-10392\" src=\"https:\/\/selvagemciclo.org.br\/wp-content\/uploads\/2025\/02\/agendaYT2-1-1024x950.png\" alt=\"Agenda Selvagem\" width=\"41\" height=\"38\" srcset=\"https:\/\/selvagemciclo.org.br\/wp-content\/uploads\/2025\/02\/agendaYT2-1-1024x950.png 1024w, https:\/\/selvagemciclo.org.br\/wp-content\/uploads\/2025\/02\/agendaYT2-1-300x278.png 300w, https:\/\/selvagemciclo.org.br\/wp-content\/uploads\/2025\/02\/agendaYT2-1-768x712.png 768w, https:\/\/selvagemciclo.org.br\/wp-content\/uploads\/2025\/02\/agendaYT2-1-1536x1424.png 1536w, https:\/\/selvagemciclo.org.br\/wp-content\/uploads\/2025\/02\/agendaYT2-1-2048x1899.png 2048w, https:\/\/selvagemciclo.org.br\/wp-content\/uploads\/2025\/02\/agendaYT2-1-13x12.png 13w\" sizes=\"auto, (max-width: 41px) 100vw, 41px\" \/><\/a><a href=\"\/contato\/\"><img loading=\"lazy\" decoding=\"async\" class=\"alignnone wp-image-6808\" src=\"https:\/\/selvagemciclo.org.br\/wp-content\/uploads\/2025\/02\/cartinha-2025.png\" alt=\"\" width=\"51\" height=\"40\" srcset=\"https:\/\/selvagemciclo.org.br\/wp-content\/uploads\/2025\/02\/cartinha-2025.png 70w, https:\/\/selvagemciclo.org.br\/wp-content\/uploads\/2025\/02\/cartinha-2025-15x12.png 15w\" sizes=\"auto, (max-width: 51px) 100vw, 51px\" \/><\/a> <a target=\"_blank\" href=\"https:\/\/www.youtube.com\/@selvagemciclo8\" rel=\"noopener\"><img loading=\"lazy\" decoding=\"async\" class=\"alignnone wp-image-6813\" src=\"https:\/\/selvagemciclo.org.br\/wp-content\/uploads\/2025\/02\/youtube-2025.png\" alt=\"\" width=\"40\" height=\"40\" srcset=\"https:\/\/selvagemciclo.org.br\/wp-content\/uploads\/2025\/02\/youtube-2025.png 55w, https:\/\/selvagemciclo.org.br\/wp-content\/uploads\/2025\/02\/youtube-2025-12x12.png 12w\" sizes=\"auto, (max-width: 40px) 100vw, 40px\" \/> <\/a><a target=\"_blank\" href=\"https:\/\/www.instagram.com\/selvagem_ciclodeestudos\/\" rel=\"noopener\"><img loading=\"lazy\" decoding=\"async\" class=\"alignnone wp-image-6812\" src=\"https:\/\/selvagemciclo.org.br\/wp-content\/uploads\/2025\/02\/insta-2025.png\" alt=\"\" width=\"40\" height=\"40\" srcset=\"https:\/\/selvagemciclo.org.br\/wp-content\/uploads\/2025\/02\/insta-2025.png 55w, https:\/\/selvagemciclo.org.br\/wp-content\/uploads\/2025\/02\/insta-2025-12x12.png 12w\" sizes=\"auto, (max-width: 40px) 100vw, 40px\" \/>\u00a0<\/a><\/p>\n\t<\/div>\n<\/div>\n\n\n\n\n\t\t\t<\/div> \n\t\t<\/div>\n\t<\/div> \n<\/div><\/div>\n\t\t<div id=\"fws_69f77ea9c182c\"  data-column-margin=\"default\" data-midnight=\"dark\"  class=\"wpb_row vc_row-fluid vc_row vc_hidden-sm vc_hidden-xs\"  style=\"padding-top: 20px; padding-bottom: 0px; \"><div class=\"row-bg-wrap\" data-bg-animation=\"none\" data-bg-animation-delay=\"\" data-bg-overlay=\"false\"><div class=\"inner-wrap row-bg-layer\" ><div class=\"row-bg viewport-desktop\"  style=\"\"><\/div><\/div><\/div><div class=\"row_col_wrap_12 col span_12 dark left\">\n\t<div  class=\"vc_col-sm-2\/5 wpb_column column_container vc_column_container col no-extra-padding inherit_tablet inherit_phone \"  data-padding-pos=\"all\" data-has-bg-color=\"false\" data-bg-color=\"\" data-bg-opacity=\"1\" data-animation=\"\" data-delay=\"0\" >\n\t\t<div class=\"vc_column-inner\" >\n\t\t\t<div class=\"wpb_wrapper\">\n\t\t\t\t<div id=\"fws_69f77ea9c19eb\" data-midnight=\"\" data-column-margin=\"default\" class=\"wpb_row vc_row-fluid vc_row inner_row\"  style=\"\"><div class=\"row-bg-wrap\"> <div class=\"row-bg\" ><\/div> <\/div><div class=\"row_col_wrap_12_inner col span_12  left\">\n\t<div  class=\"vc_col-sm-4 wpb_column column_container vc_column_container col child_column no-extra-padding inherit_tablet inherit_phone \"   data-padding-pos=\"all\" data-has-bg-color=\"false\" data-bg-color=\"\" data-bg-opacity=\"1\" data-animation=\"\" data-delay=\"0\" >\n\t\t<div class=\"vc_column-inner\" >\n\t\t<div class=\"wpb_wrapper\">\n\t\t\t\n\t<div class=\"wpb_raw_code wpb_content_element wpb_raw_html\" >\n\t\t<div class=\"wpb_wrapper\">\n\t\t\t<a href=\"javascript:history.back()\"><img decoding=\"async\" src=\"https:\/\/selvagemciclo.org.br\/wp-content\/uploads\/2026\/01\/small-btn-back_arrow.png\" alt=\"Back\" style=\"width:120px;height:33px;\"><\/a>\n\n\t\t<\/div>\n\t<\/div>\n\n\t\t<\/div> \n\t<\/div>\n\t<\/div> \n\n\t<div  class=\"vc_col-sm-4 wpb_column column_container vc_column_container col child_column no-extra-padding inherit_tablet inherit_phone \"   data-padding-pos=\"all\" data-has-bg-color=\"false\" data-bg-color=\"\" data-bg-opacity=\"1\" data-animation=\"\" data-delay=\"0\" >\n\t\t<div class=\"vc_column-inner\" >\n\t\t<div class=\"wpb_wrapper\">\n\t\t\t\n\t<div class=\"wpb_raw_code wpb_content_element wpb_raw_html\" >\n\t\t<div class=\"wpb_wrapper\">\n\t\t\t<a href=\"\/home\"><img decoding=\"async\" src=\"https:\/\/selvagemciclo.org.br\/wp-content\/uploads\/2025\/05\/small-btn-home_arrow.png\" alt=\"Home\" style=\"width:120px;height:33px;\"><\/a>\n\n\t\t<\/div>\n\t<\/div>\n\n\t\t<\/div> \n\t<\/div>\n\t<\/div> \n\n\t<div  class=\"vc_col-sm-4 wpb_column column_container vc_column_container col child_column no-extra-padding inherit_tablet inherit_phone \"   data-padding-pos=\"all\" data-has-bg-color=\"false\" data-bg-color=\"\" data-bg-opacity=\"1\" data-animation=\"\" data-delay=\"0\" >\n\t\t<div class=\"vc_column-inner\" >\n\t\t<div class=\"wpb_wrapper\">\n\t\t\t\n\t\t<\/div> \n\t<\/div>\n\t<\/div> \n<\/div><\/div>\n\t\t\t<\/div> \n\t\t<\/div>\n\t<\/div> \n\n\t<div  class=\"vc_col-sm-1\/5 wpb_column column_container vc_column_container col centered-text no-extra-padding inherit_tablet inherit_phone \"  data-padding-pos=\"all\" data-has-bg-color=\"false\" data-bg-color=\"\" data-bg-opacity=\"1\" data-animation=\"\" data-delay=\"0\" >\n\t\t<div class=\"vc_column-inner\" >\n\t\t\t<div class=\"wpb_wrapper\">\n\t\t\t\t\n\t\t\t<\/div> \n\t\t<\/div>\n\t<\/div> \n\n\t<div  class=\"vc_col-sm-1\/5 wpb_column column_container vc_column_container col centered-text padding-3-percent inherit_tablet inherit_phone \"  data-padding-pos=\"left\" data-has-bg-color=\"false\" data-bg-color=\"\" data-bg-opacity=\"1\" data-animation=\"\" data-delay=\"0\" >\n\t\t<div class=\"vc_column-inner\" >\n\t\t\t<div class=\"wpb_wrapper\">\n\t\t\t\t\n<div class=\"wpb_text_column wpb_content_element \" >\n\t<div class=\"wpb_wrapper\">\n\t\t<div class=\"trp_language_switcher_shortcode\">\n<div class=\"trp-language-switcher trp-language-switcher-container\" data-no-translation >\n    <div class=\"trp-ls-shortcode-current-language\">\n        <a href=\"#\" class=\"trp-ls-shortcode-disabled-language trp-ls-disabled-language\" title=\"English\" onclick=\"event.preventDefault()\">\n\t\t\t EN\t\t<\/a>\n    <\/div>\n    <div class=\"trp-ls-shortcode-language\">\n                <a href=\"#\" class=\"trp-ls-shortcode-disabled-language trp-ls-disabled-language\"  title=\"English\" onclick=\"event.preventDefault()\">\n\t\t\t EN\t\t<\/a>\n                    <a href=\"https:\/\/selvagemciclo.org.br\/en\/wp-json\/wp\/v2\/pages\/11086#TRPLINKPROCESSED\" title=\"Portuguese\">\n             PT_BR        <\/a>\n\n        <\/div>\n    <script type=\"application\/javascript\">\n        \/\/ need to have the same with set from JS on both divs. Otherwise it can push stuff around in HTML\n        var trp_ls_shortcodes = document.querySelectorAll('.trp_language_switcher_shortcode .trp-language-switcher');\n        if ( trp_ls_shortcodes.length > 0) {\n            \/\/ get the last language switcher added\n            var trp_el = trp_ls_shortcodes[trp_ls_shortcodes.length - 1];\n\n            var trp_shortcode_language_item = trp_el.querySelector( '.trp-ls-shortcode-language' )\n            \/\/ set width\n            var trp_ls_shortcode_width                                               = trp_shortcode_language_item.offsetWidth + 16;\n            trp_shortcode_language_item.style.width                                  = trp_ls_shortcode_width + 'px';\n            trp_el.querySelector( '.trp-ls-shortcode-current-language' ).style.width = trp_ls_shortcode_width + 'px';\n\n            \/\/ We're putting this on display: none after we have its width.\n            trp_shortcode_language_item.style.display = 'none';\n        }\n    <\/script>\n<\/div>\n<\/div>\n\t<\/div>\n<\/div>\n\n\n\n\n\t\t\t<\/div> \n\t\t<\/div>\n\t<\/div> \n\n\t<div  class=\"vc_col-sm-1\/5 wpb_column column_container vc_column_container col no-extra-padding inherit_tablet inherit_phone \"  data-padding-pos=\"all\" data-has-bg-color=\"false\" data-bg-color=\"\" data-bg-opacity=\"1\" data-animation=\"\" data-delay=\"0\" >\n\t\t<div class=\"vc_column-inner\" >\n\t\t\t<div class=\"wpb_wrapper\">\n\t\t\t\t\n<div class=\"wpb_text_column wpb_content_element \" >\n\t<div class=\"wpb_wrapper\">\n\t\t<p style=\"text-align: right;\"><a href=\"\/agenda\"><img loading=\"lazy\" decoding=\"async\" class=\"alignnone wp-image-10392\" src=\"https:\/\/selvagemciclo.org.br\/wp-content\/uploads\/2025\/02\/agendaYT2-1-1024x950.png\" alt=\"Agenda Selvagem\" width=\"41\" height=\"38\" srcset=\"https:\/\/selvagemciclo.org.br\/wp-content\/uploads\/2025\/02\/agendaYT2-1-1024x950.png 1024w, https:\/\/selvagemciclo.org.br\/wp-content\/uploads\/2025\/02\/agendaYT2-1-300x278.png 300w, https:\/\/selvagemciclo.org.br\/wp-content\/uploads\/2025\/02\/agendaYT2-1-768x712.png 768w, https:\/\/selvagemciclo.org.br\/wp-content\/uploads\/2025\/02\/agendaYT2-1-1536x1424.png 1536w, https:\/\/selvagemciclo.org.br\/wp-content\/uploads\/2025\/02\/agendaYT2-1-2048x1899.png 2048w, https:\/\/selvagemciclo.org.br\/wp-content\/uploads\/2025\/02\/agendaYT2-1-13x12.png 13w\" sizes=\"auto, (max-width: 41px) 100vw, 41px\" \/><\/a><a href=\"\/contato\/\"><img loading=\"lazy\" decoding=\"async\" class=\"alignnone wp-image-6808\" src=\"https:\/\/selvagemciclo.org.br\/wp-content\/uploads\/2025\/02\/cartinha-2025.png\" alt=\"\" width=\"51\" height=\"40\" srcset=\"https:\/\/selvagemciclo.org.br\/wp-content\/uploads\/2025\/02\/cartinha-2025.png 70w, https:\/\/selvagemciclo.org.br\/wp-content\/uploads\/2025\/02\/cartinha-2025-15x12.png 15w\" sizes=\"auto, (max-width: 51px) 100vw, 51px\" \/><\/a> <a target=\"_blank\" href=\"https:\/\/www.youtube.com\/@selvagemciclo8\" rel=\"noopener\"><img loading=\"lazy\" decoding=\"async\" class=\"alignnone wp-image-6813\" src=\"https:\/\/selvagemciclo.org.br\/wp-content\/uploads\/2025\/02\/youtube-2025.png\" alt=\"\" width=\"40\" height=\"40\" srcset=\"https:\/\/selvagemciclo.org.br\/wp-content\/uploads\/2025\/02\/youtube-2025.png 55w, https:\/\/selvagemciclo.org.br\/wp-content\/uploads\/2025\/02\/youtube-2025-12x12.png 12w\" sizes=\"auto, (max-width: 40px) 100vw, 40px\" \/> <\/a><a target=\"_blank\" href=\"https:\/\/www.instagram.com\/selvagem_ciclodeestudos\/\" rel=\"noopener\"><img loading=\"lazy\" decoding=\"async\" class=\"alignnone wp-image-6812\" src=\"https:\/\/selvagemciclo.org.br\/wp-content\/uploads\/2025\/02\/insta-2025.png\" alt=\"\" width=\"40\" height=\"40\" srcset=\"https:\/\/selvagemciclo.org.br\/wp-content\/uploads\/2025\/02\/insta-2025.png 55w, https:\/\/selvagemciclo.org.br\/wp-content\/uploads\/2025\/02\/insta-2025-12x12.png 12w\" sizes=\"auto, (max-width: 40px) 100vw, 40px\" \/>\u00a0<\/a><\/p>\n\t<\/div>\n<\/div>\n\n\n\n\n\t\t\t<\/div> \n\t\t<\/div>\n\t<\/div> \n<\/div><\/div>\n\n\t\t\t<\/div> \n\t\t<\/div>\n\t<\/div> \n<\/div><\/div>\n\t\t<div id=\"fws_69f77ea9c2409\"  data-column-margin=\"default\" data-midnight=\"dark\"  class=\"wpb_row vc_row-fluid vc_row\"  style=\"padding-top: 0px; padding-bottom: 0px; \"><div class=\"row-bg-wrap\" data-bg-animation=\"none\" data-bg-animation-delay=\"\" data-bg-overlay=\"false\"><div class=\"inner-wrap row-bg-layer\" ><div class=\"row-bg viewport-desktop\"  style=\"\"><\/div><\/div><\/div><div class=\"row_col_wrap_12 col span_12 dark left\">\n\t<div  class=\"vc_col-sm-12 wpb_column column_container vc_column_container col centered-text no-extra-padding inherit_tablet inherit_phone \"  data-padding-pos=\"all\" data-has-bg-color=\"false\" data-bg-color=\"\" data-bg-opacity=\"1\" data-animation=\"\" data-delay=\"0\" >\n\t\t<div class=\"vc_column-inner\" >\n\t\t\t<div class=\"wpb_wrapper\">\n\t\t\t\t<div id=\"fws_69f77ea9c24ee\" data-midnight=\"\" data-column-margin=\"default\" class=\"wpb_row vc_row-fluid vc_row inner_row\"  style=\"\"><div class=\"row-bg-wrap\"> <div class=\"row-bg\" ><\/div> <\/div><div class=\"row_col_wrap_12_inner col span_12  left\">\n\t<div  class=\"vc_col-sm-1\/5 wpb_column column_container vc_column_container col child_column no-extra-padding inherit_tablet inherit_phone \"   data-padding-pos=\"all\" data-has-bg-color=\"false\" data-bg-color=\"\" data-bg-opacity=\"1\" data-animation=\"\" data-delay=\"0\" >\n\t\t<div class=\"vc_column-inner\" >\n\t\t<div class=\"wpb_wrapper\">\n\t\t\t\n\t\t<\/div> \n\t<\/div>\n\t<\/div> \n\n\t<div  class=\"vc_col-sm-1\/5 wpb_column column_container vc_column_container col child_column no-extra-padding inherit_tablet inherit_phone \"   data-padding-pos=\"all\" data-has-bg-color=\"false\" data-bg-color=\"\" data-bg-opacity=\"1\" data-animation=\"\" data-delay=\"0\" >\n\t\t<div class=\"vc_column-inner\" >\n\t\t<div class=\"wpb_wrapper\">\n\t\t\t\n\t\t<\/div> \n\t<\/div>\n\t<\/div> \n\n\t<div  class=\"vc_col-sm-1\/5 wpb_column column_container vc_column_container col child_column no-extra-padding inherit_tablet inherit_phone \"   data-padding-pos=\"all\" data-has-bg-color=\"false\" data-bg-color=\"\" data-bg-opacity=\"1\" data-animation=\"\" data-delay=\"0\" >\n\t\t<div class=\"vc_column-inner\" >\n\t\t<div class=\"wpb_wrapper\">\n\t\t\t<div class=\"img-with-aniamtion-wrap \" data-max-width=\"100%\" data-max-width-mobile=\"default\" data-shadow=\"none\" data-animation=\"none\" >\n      <div class=\"inner\">\n        <div class=\"hover-wrap\"> \n          <div class=\"hover-wrap-inner\">\n            <img loading=\"lazy\" decoding=\"async\" class=\"img-with-animation skip-lazy \" data-delay=\"0\" height=\"400\" width=\"674\" data-animation=\"none\" src=\"https:\/\/selvagemciclo.org.br\/wp-content\/uploads\/2026\/04\/ICONE_CICLO_DAS_AGUAS_IMAGEM_400px.png\" alt=\"\" srcset=\"https:\/\/selvagemciclo.org.br\/wp-content\/uploads\/2026\/04\/ICONE_CICLO_DAS_AGUAS_IMAGEM_400px.png 674w, https:\/\/selvagemciclo.org.br\/wp-content\/uploads\/2026\/04\/ICONE_CICLO_DAS_AGUAS_IMAGEM_400px-300x178.png 300w, https:\/\/selvagemciclo.org.br\/wp-content\/uploads\/2026\/04\/ICONE_CICLO_DAS_AGUAS_IMAGEM_400px-18x12.png 18w\" sizes=\"auto, (max-width: 674px) 100vw, 674px\" \/>\n          <\/div>\n        <\/div>\n      <\/div>\n    <\/div>\n\t\t<\/div> \n\t<\/div>\n\t<\/div> \n\n\t<div  class=\"vc_col-sm-1\/5 wpb_column column_container vc_column_container col child_column no-extra-padding inherit_tablet inherit_phone \"   data-padding-pos=\"all\" data-has-bg-color=\"false\" data-bg-color=\"\" data-bg-opacity=\"1\" data-animation=\"\" data-delay=\"0\" >\n\t\t<div class=\"vc_column-inner\" >\n\t\t<div class=\"wpb_wrapper\">\n\t\t\t\n\t\t<\/div> \n\t<\/div>\n\t<\/div> \n\n\t<div  class=\"vc_col-sm-1\/5 wpb_column column_container vc_column_container col child_column no-extra-padding inherit_tablet inherit_phone \"   data-padding-pos=\"all\" data-has-bg-color=\"false\" data-bg-color=\"\" data-bg-opacity=\"1\" data-animation=\"\" data-delay=\"0\" >\n\t\t<div class=\"vc_column-inner\" >\n\t\t<div class=\"wpb_wrapper\">\n\t\t\t\n\t\t<\/div> \n\t<\/div>\n\t<\/div> \n<\/div><\/div>\n<div class=\"wpb_text_column wpb_content_element \" >\n\t<div class=\"wpb_wrapper\">\n\t\t<h5>CICLO DAS \u00c1GUAS<\/h5>\n\t<\/div>\n<\/div>\n\n\n\n\n\t\t\t<\/div> \n\t\t<\/div>\n\t<\/div> \n<\/div><\/div>\n\t\t<div id=\"fws_69f77ea9c29ad\"  data-column-margin=\"default\" data-midnight=\"dark\"  class=\"wpb_row vc_row-fluid vc_row\"  style=\"padding-top: 20px; padding-bottom: 20px; \"><div class=\"row-bg-wrap\" data-bg-animation=\"none\" data-bg-animation-delay=\"\" data-bg-overlay=\"false\"><div class=\"inner-wrap row-bg-layer\" ><div class=\"row-bg viewport-desktop\"  style=\"\"><\/div><\/div><\/div><div class=\"row_col_wrap_12 col span_12 dark left\">\n\t<div  class=\"vc_col-sm-12 wpb_column column_container vc_column_container col no-extra-padding inherit_tablet inherit_phone \"  data-padding-pos=\"all\" data-has-bg-color=\"false\" data-bg-color=\"\" data-bg-opacity=\"1\" data-animation=\"\" data-delay=\"0\" >\n\t\t<div class=\"vc_column-inner\" >\n\t\t\t<div class=\"wpb_wrapper\">\n\t\t\t\t\n<div class=\"wpb_text_column wpb_content_element \" >\n\t<div class=\"wpb_wrapper\">\n\t\t<p>Reflex\u00f5es sobre a \u00e1gua, elemento que gera, sustenta e conecta toda a vida no planeta.<\/p>\n<p>O Ciclo das \u00c1guas nasce a partir dos encontros <strong>\u00c1guam\u00e3e\u00a0<\/strong>e\u00a0<strong>Beira d&#8217;\u00e1gua<\/strong>, realizados em 2025 no Rio de Janeiro, trazendo falas filmadas, cadernos e outros materiais complementares.<\/p>\n\t<\/div>\n<\/div>\n\n\n\n<div id=\"fws_69f77ea9c2b1e\" data-midnight=\"\" data-column-margin=\"default\" class=\"wpb_row vc_row-fluid vc_row inner_row\"  style=\"\"><div class=\"row-bg-wrap\"> <div class=\"row-bg\" ><\/div> <\/div><div class=\"row_col_wrap_12_inner col span_12  left\">\n\t<div  class=\"vc_col-sm-12 wpb_column column_container vc_column_container col child_column no-extra-padding inherit_tablet inherit_phone \"   data-padding-pos=\"all\" data-has-bg-color=\"false\" data-bg-color=\"\" data-bg-opacity=\"1\" data-animation=\"\" data-delay=\"0\" >\n\t\t<div class=\"vc_column-inner\" >\n\t\t<div class=\"wpb_wrapper\">\n\t\t\t\n<div class=\"wpb_text_column wpb_content_element \" >\n\t<div class=\"wpb_wrapper\">\n\t\t<h5>V\u00cdDEOS<\/h5>\n\t<\/div>\n<\/div>\n\n\n\n\n\t\t<\/div> \n\t<\/div>\n\t<\/div> \n<\/div><\/div><div id=\"fws_69f77ea9c2c17\" data-midnight=\"\" data-column-margin=\"default\" class=\"wpb_row vc_row-fluid vc_row inner_row\"  style=\"\"><div class=\"row-bg-wrap\"> <div class=\"row-bg\" ><\/div> <\/div><div class=\"row_col_wrap_12_inner col span_12  left\">\n\t<div  class=\"vc_col-sm-4 wpb_column column_container vc_column_container col child_column no-extra-padding inherit_tablet inherit_phone \"   data-padding-pos=\"all\" data-has-bg-color=\"false\" data-bg-color=\"\" data-bg-opacity=\"1\" data-animation=\"\" data-delay=\"0\" >\n\t\t<div class=\"vc_column-inner\" >\n\t\t<div class=\"wpb_wrapper\">\n\t\t\t<div class=\"nectar-video-box\" data-color=\"default-accent-color\"  data-play-button-size=\"default\" data-border-radius=\"none\" data-hover=\"defaut\" data-shadow=\"none\"><div class=\"inner-wrap\"><a href=\"https:\/\/www.youtube.com\/watch?v=LGuRBqg0P-w\" class=\"full-link pp\"><\/a><img loading=\"lazy\" decoding=\"async\" width=\"1920\" height=\"1080\" src=\"https:\/\/selvagemciclo.org.br\/wp-content\/uploads\/2026\/04\/capa_ciclo_das_aguas01.jpg\" class=\"attachment-full size-full\" alt=\"\" srcset=\"https:\/\/selvagemciclo.org.br\/wp-content\/uploads\/2026\/04\/capa_ciclo_das_aguas01.jpg 1920w, https:\/\/selvagemciclo.org.br\/wp-content\/uploads\/2026\/04\/capa_ciclo_das_aguas01-300x169.jpg 300w, https:\/\/selvagemciclo.org.br\/wp-content\/uploads\/2026\/04\/capa_ciclo_das_aguas01-1024x576.jpg 1024w, https:\/\/selvagemciclo.org.br\/wp-content\/uploads\/2026\/04\/capa_ciclo_das_aguas01-768x432.jpg 768w, https:\/\/selvagemciclo.org.br\/wp-content\/uploads\/2026\/04\/capa_ciclo_das_aguas01-1536x864.jpg 1536w, https:\/\/selvagemciclo.org.br\/wp-content\/uploads\/2026\/04\/capa_ciclo_das_aguas01-18x10.jpg 18w\" sizes=\"auto, (max-width: 1920px) 100vw, 1920px\" \/><a href=\"https:\/\/www.youtube.com\/watch?v=LGuRBqg0P-w\"  data-style=\"default\" data-parent-hover=\"\" data-font-style=\"p\" data-color=\"default\" class=\"play_button_2 large nectar_video_lightbox pp\"><span><span class=\"screen-reader-text\">Play Video<\/span><span class=\"play\"><span class=\"inner-wrap inner\"><svg version=\"1.1\"\n\t xmlns=\"http:\/\/www.w3.org\/2000\/svg\" xmlns:xlink=\"http:\/\/www.w3.org\/1999\/xlink\" width=\"600px\" height=\"800px\" x=\"0px\" y=\"0px\" viewBox=\"0 0 600 800\" enable-background=\"new 0 0 600 800\" xml:space=\"preserve\"><path fill=\"none\" d=\"M0-1.79v800L600,395L0-1.79z\"><\/path> <\/svg><\/span><\/span><\/span><\/a><\/div><\/div>\n<div class=\"wpb_text_column wpb_content_element \" >\n\t<div class=\"wpb_wrapper\">\n\t\t<p><strong>1 \u2014<\/strong> <strong>&#8220;Nascemos das \u00e1guas ou as \u00e1guas, os ventos e a baleia de pedra constantemente constante&#8221;<\/strong> \u2014 Ailton Krenak, Mateus Aleluia e Jo\u00e3o Paulo Tukano<\/p>\n\t<\/div>\n<\/div>\n\n\n\n\n\t\t<\/div> \n\t<\/div>\n\t<\/div> \n\n\t<div  class=\"vc_col-sm-4 wpb_column column_container vc_column_container col child_column no-extra-padding inherit_tablet inherit_phone \"   data-padding-pos=\"all\" data-has-bg-color=\"false\" data-bg-color=\"\" data-bg-opacity=\"1\" data-animation=\"\" data-delay=\"0\" >\n\t\t<div class=\"vc_column-inner\" >\n\t\t<div class=\"wpb_wrapper\">\n\t\t\t<div class=\"nectar-video-box\" data-color=\"default-accent-color\"  data-play-button-size=\"default\" data-border-radius=\"none\" data-hover=\"defaut\" data-shadow=\"none\"><div class=\"inner-wrap\"><a href=\"https:\/\/www.youtube.com\/watch?v=Rz6ys67zAfE\" class=\"full-link pp\"><\/a><img loading=\"lazy\" decoding=\"async\" width=\"1280\" height=\"720\" src=\"https:\/\/selvagemciclo.org.br\/wp-content\/uploads\/2026\/04\/ciclo-das-aguas-cap-2.png\" class=\"attachment-full size-full\" alt=\"\" srcset=\"https:\/\/selvagemciclo.org.br\/wp-content\/uploads\/2026\/04\/ciclo-das-aguas-cap-2.png 1280w, https:\/\/selvagemciclo.org.br\/wp-content\/uploads\/2026\/04\/ciclo-das-aguas-cap-2-300x169.png 300w, https:\/\/selvagemciclo.org.br\/wp-content\/uploads\/2026\/04\/ciclo-das-aguas-cap-2-1024x576.png 1024w, https:\/\/selvagemciclo.org.br\/wp-content\/uploads\/2026\/04\/ciclo-das-aguas-cap-2-768x432.png 768w, https:\/\/selvagemciclo.org.br\/wp-content\/uploads\/2026\/04\/ciclo-das-aguas-cap-2-18x10.png 18w\" sizes=\"auto, (max-width: 1280px) 100vw, 1280px\" \/><a href=\"https:\/\/www.youtube.com\/watch?v=Rz6ys67zAfE\"  data-style=\"default\" data-parent-hover=\"\" data-font-style=\"p\" data-color=\"default\" class=\"play_button_2 large nectar_video_lightbox pp\"><span><span class=\"screen-reader-text\">Play Video<\/span><span class=\"play\"><span class=\"inner-wrap inner\"><svg version=\"1.1\"\n\t xmlns=\"http:\/\/www.w3.org\/2000\/svg\" xmlns:xlink=\"http:\/\/www.w3.org\/1999\/xlink\" width=\"600px\" height=\"800px\" x=\"0px\" y=\"0px\" viewBox=\"0 0 600 800\" enable-background=\"new 0 0 600 800\" xml:space=\"preserve\"><path fill=\"none\" d=\"M0-1.79v800L600,395L0-1.79z\"><\/path> <\/svg><\/span><\/span><\/span><\/a><\/div><\/div>\n<div class=\"wpb_text_column wpb_content_element \" >\n\t<div class=\"wpb_wrapper\">\n\t\t<p><strong>2 \u2014 &#8220;A canoa de pedra ou esse corpo imenso que j\u00e1 se contorceu&#8221;<\/strong> \u2014 Ivan Tukano, Jo\u00e3o Paulo Tukano, Nuria Castro e Ailton Krenak<\/p>\n\t<\/div>\n<\/div>\n\n\n\n\n\t\t<\/div> \n\t<\/div>\n\t<\/div> \n\n\t<div  class=\"vc_col-sm-4 wpb_column column_container vc_column_container col child_column no-extra-padding inherit_tablet inherit_phone \"   data-padding-pos=\"all\" data-has-bg-color=\"false\" data-bg-color=\"\" data-bg-opacity=\"1\" data-animation=\"\" data-delay=\"0\" >\n\t\t<div class=\"vc_column-inner\" >\n\t\t<div class=\"wpb_wrapper\">\n\t\t\t<div class=\"nectar-video-box\" data-color=\"default-accent-color\"  data-play-button-size=\"default\" data-border-radius=\"none\" data-hover=\"defaut\" data-shadow=\"none\"><div class=\"inner-wrap\"><a href=\"https:\/\/youtu.be\/d8zRPrlPh6g\" class=\"full-link pp\"><\/a><img loading=\"lazy\" decoding=\"async\" width=\"2560\" height=\"1440\" src=\"https:\/\/selvagemciclo.org.br\/wp-content\/uploads\/2026\/04\/estudo_capa_ciclo_das_aguas3-scaled.jpg\" class=\"attachment-full size-full\" alt=\"\" srcset=\"https:\/\/selvagemciclo.org.br\/wp-content\/uploads\/2026\/04\/estudo_capa_ciclo_das_aguas3-scaled.jpg 2560w, https:\/\/selvagemciclo.org.br\/wp-content\/uploads\/2026\/04\/estudo_capa_ciclo_das_aguas3-300x169.jpg 300w, https:\/\/selvagemciclo.org.br\/wp-content\/uploads\/2026\/04\/estudo_capa_ciclo_das_aguas3-1024x576.jpg 1024w, https:\/\/selvagemciclo.org.br\/wp-content\/uploads\/2026\/04\/estudo_capa_ciclo_das_aguas3-768x432.jpg 768w, https:\/\/selvagemciclo.org.br\/wp-content\/uploads\/2026\/04\/estudo_capa_ciclo_das_aguas3-1536x864.jpg 1536w, https:\/\/selvagemciclo.org.br\/wp-content\/uploads\/2026\/04\/estudo_capa_ciclo_das_aguas3-2048x1152.jpg 2048w, https:\/\/selvagemciclo.org.br\/wp-content\/uploads\/2026\/04\/estudo_capa_ciclo_das_aguas3-18x10.jpg 18w\" sizes=\"auto, (max-width: 2560px) 100vw, 2560px\" \/><a href=\"https:\/\/youtu.be\/d8zRPrlPh6g\"  data-style=\"default\" data-parent-hover=\"\" data-font-style=\"p\" data-color=\"default\" class=\"play_button_2 large nectar_video_lightbox pp\"><span><span class=\"screen-reader-text\">Play Video<\/span><span class=\"play\"><span class=\"inner-wrap inner\"><svg version=\"1.1\"\n\t xmlns=\"http:\/\/www.w3.org\/2000\/svg\" xmlns:xlink=\"http:\/\/www.w3.org\/1999\/xlink\" width=\"600px\" height=\"800px\" x=\"0px\" y=\"0px\" viewBox=\"0 0 600 800\" enable-background=\"new 0 0 600 800\" xml:space=\"preserve\"><path fill=\"none\" d=\"M0-1.79v800L600,395L0-1.79z\"><\/path> <\/svg><\/span><\/span><\/span><\/a><\/div><\/div>\n<div class=\"wpb_text_column wpb_content_element \" >\n\t<div class=\"wpb_wrapper\">\n\t\t<p><strong>3 \u2014<\/strong> <strong>&#8220;A presen\u00e7a ind\u00edgena na Ba\u00eda de Guanabara ou n\u00e3o existe terra estrangeira&#8221;<\/strong> \u2014 Carlos Pap\u00e1 e Renata Tupinamb\u00e1<\/p>\n\t<\/div>\n<\/div>\n\n\n\n\n\t\t<\/div> \n\t<\/div>\n\t<\/div> \n<\/div><\/div><div id=\"fws_69f77ea9c3421\" data-midnight=\"\" data-column-margin=\"default\" class=\"wpb_row vc_row-fluid vc_row inner_row\"  style=\"\"><div class=\"row-bg-wrap\"> <div class=\"row-bg\" ><\/div> <\/div><div class=\"row_col_wrap_12_inner col span_12  left\">\n\t<div  class=\"vc_col-sm-4 wpb_column column_container vc_column_container col child_column no-extra-padding inherit_tablet inherit_phone \"   data-padding-pos=\"all\" data-has-bg-color=\"false\" data-bg-color=\"\" data-bg-opacity=\"1\" data-animation=\"\" data-delay=\"0\" >\n\t\t<div class=\"vc_column-inner\" >\n\t\t<div class=\"wpb_wrapper\">\n\t\t\t<div class=\"nectar-video-box\" data-color=\"default-accent-color\"  data-play-button-size=\"default\" data-border-radius=\"none\" data-hover=\"defaut\" data-shadow=\"none\"><div class=\"inner-wrap\"><a href=\"https:\/\/www.youtube.com\/watch?v=Z8FpXyntGg0\" class=\"full-link pp\"><\/a><img loading=\"lazy\" decoding=\"async\" width=\"2560\" height=\"1440\" src=\"https:\/\/selvagemciclo.org.br\/wp-content\/uploads\/2026\/04\/capa_ciclo_das_aguas5_YT.jpg-scaled.jpeg\" class=\"attachment-full size-full\" alt=\"\" srcset=\"https:\/\/selvagemciclo.org.br\/wp-content\/uploads\/2026\/04\/capa_ciclo_das_aguas5_YT.jpg-scaled.jpeg 2560w, https:\/\/selvagemciclo.org.br\/wp-content\/uploads\/2026\/04\/capa_ciclo_das_aguas5_YT.jpg-300x169.jpeg 300w, https:\/\/selvagemciclo.org.br\/wp-content\/uploads\/2026\/04\/capa_ciclo_das_aguas5_YT.jpg-1024x576.jpeg 1024w, https:\/\/selvagemciclo.org.br\/wp-content\/uploads\/2026\/04\/capa_ciclo_das_aguas5_YT.jpg-768x432.jpeg 768w, https:\/\/selvagemciclo.org.br\/wp-content\/uploads\/2026\/04\/capa_ciclo_das_aguas5_YT.jpg-1536x864.jpeg 1536w, https:\/\/selvagemciclo.org.br\/wp-content\/uploads\/2026\/04\/capa_ciclo_das_aguas5_YT.jpg-2048x1152.jpeg 2048w, https:\/\/selvagemciclo.org.br\/wp-content\/uploads\/2026\/04\/capa_ciclo_das_aguas5_YT.jpg-18x10.jpeg 18w\" sizes=\"auto, (max-width: 2560px) 100vw, 2560px\" \/><a href=\"https:\/\/www.youtube.com\/watch?v=Z8FpXyntGg0\"  data-style=\"default\" data-parent-hover=\"\" data-font-style=\"p\" data-color=\"default\" class=\"play_button_2 large nectar_video_lightbox pp\"><span><span class=\"screen-reader-text\">Play Video<\/span><span class=\"play\"><span class=\"inner-wrap inner\"><svg version=\"1.1\"\n\t xmlns=\"http:\/\/www.w3.org\/2000\/svg\" xmlns:xlink=\"http:\/\/www.w3.org\/1999\/xlink\" width=\"600px\" height=\"800px\" x=\"0px\" y=\"0px\" viewBox=\"0 0 600 800\" enable-background=\"new 0 0 600 800\" xml:space=\"preserve\"><path fill=\"none\" d=\"M0-1.79v800L600,395L0-1.79z\"><\/path> <\/svg><\/span><\/span><\/span><\/a><\/div><\/div>\n<div class=\"wpb_text_column wpb_content_element \" >\n\t<div class=\"wpb_wrapper\">\n\t\t<p><strong>4 \u2014<\/strong> <strong>&#8220;Olorun: saudar essa luz ou \u00e1gua \u00e9 m\u00e3e&#8221;<\/strong> \u2014 Ailton Krenak e Mateus Aleluia<\/p>\n\t<\/div>\n<\/div>\n\n\n\n\n\t\t<\/div> \n\t<\/div>\n\t<\/div> \n\n\t<div  class=\"vc_col-sm-4 wpb_column column_container vc_column_container col child_column no-extra-padding inherit_tablet inherit_phone \"   data-padding-pos=\"all\" data-has-bg-color=\"false\" data-bg-color=\"\" data-bg-opacity=\"1\" data-animation=\"\" data-delay=\"0\" >\n\t\t<div class=\"vc_column-inner\" >\n\t\t<div class=\"wpb_wrapper\">\n\t\t\t\n\t\t<\/div> \n\t<\/div>\n\t<\/div> \n\n\t<div  class=\"vc_col-sm-4 wpb_column column_container vc_column_container col child_column no-extra-padding inherit_tablet inherit_phone \"   data-padding-pos=\"all\" data-has-bg-color=\"false\" data-bg-color=\"\" data-bg-opacity=\"1\" data-animation=\"\" data-delay=\"0\" >\n\t\t<div class=\"vc_column-inner\" >\n\t\t<div class=\"wpb_wrapper\">\n\t\t\t\n\t\t<\/div> \n\t<\/div>\n\t<\/div> \n<\/div><\/div><div id=\"fws_69f77ea9c3799\" data-midnight=\"\" data-column-margin=\"default\" class=\"wpb_row vc_row-fluid vc_row inner_row\"  style=\"\"><div class=\"row-bg-wrap\"> <div class=\"row-bg\" ><\/div> <\/div><div class=\"row_col_wrap_12_inner col span_12  left\">\n\t<div  class=\"vc_col-sm-3 wpb_column column_container vc_column_container col child_column no-extra-padding inherit_tablet inherit_phone \"   data-padding-pos=\"all\" data-has-bg-color=\"false\" data-bg-color=\"\" data-bg-opacity=\"1\" data-animation=\"\" data-delay=\"0\" >\n\t\t<div class=\"vc_column-inner\" >\n\t\t<div class=\"wpb_wrapper\">\n\t\t\t\n<div class=\"wpb_text_column wpb_content_element \" >\n\t<div class=\"wpb_wrapper\">\n\t\t<h5>CADERNO<\/h5>\n\t<\/div>\n<\/div>\n\n\n\n\n\t\t<\/div> \n\t<\/div>\n\t<\/div> \n\n\t<div  class=\"vc_col-sm-6 wpb_column column_container vc_column_container col child_column no-extra-padding inherit_tablet inherit_phone \"   data-padding-pos=\"all\" data-has-bg-color=\"false\" data-bg-color=\"\" data-bg-opacity=\"1\" data-animation=\"\" data-delay=\"0\" >\n\t\t<div class=\"vc_column-inner\" >\n\t\t<div class=\"wpb_wrapper\">\n\t\t\t\n\t\t<\/div> \n\t<\/div>\n\t<\/div> \n\n\t<div  class=\"vc_col-sm-3 wpb_column column_container vc_column_container col child_column no-extra-padding inherit_tablet inherit_phone \"   data-padding-pos=\"all\" data-has-bg-color=\"false\" data-bg-color=\"\" data-bg-opacity=\"1\" data-animation=\"\" data-delay=\"0\" >\n\t\t<div class=\"vc_column-inner\" >\n\t\t<div class=\"wpb_wrapper\">\n\t\t\t\n\t\t<\/div> \n\t<\/div>\n\t<\/div> \n<\/div><\/div><div id=\"fws_69f77ea9c393d\" data-midnight=\"\" data-column-margin=\"default\" class=\"wpb_row vc_row-fluid vc_row inner_row\"  style=\"\"><div class=\"row-bg-wrap\"> <div class=\"row-bg\" ><\/div> <\/div><div class=\"row_col_wrap_12_inner col span_12  left\">\n\t<div  class=\"vc_col-sm-3 wpb_column column_container vc_column_container col child_column no-extra-padding inherit_tablet inherit_phone \"   data-padding-pos=\"all\" data-has-bg-color=\"false\" data-bg-color=\"\" data-bg-opacity=\"1\" data-animation=\"\" data-delay=\"0\" >\n\t\t<div class=\"vc_column-inner\" >\n\t\t<div class=\"wpb_wrapper\">\n\t\t\t<div class=\"img-with-aniamtion-wrap \" data-max-width=\"100%\" data-max-width-mobile=\"default\" data-shadow=\"none\" data-animation=\"none\" >\n      <div class=\"inner\">\n        <div class=\"hover-wrap\"> \n          <div class=\"hover-wrap-inner\">\n            <a href=\"https:\/\/selvagemciclo.org.br\/wp-content\/uploads\/2026\/04\/CADERNO123_Nastassja_martin.pdf\" target=\"_self\" class=\"\">\n              <img loading=\"lazy\" decoding=\"async\" class=\"img-with-animation skip-lazy \" data-delay=\"0\" height=\"2560\" width=\"1811\" data-animation=\"none\" src=\"https:\/\/selvagemciclo.org.br\/wp-content\/uploads\/2026\/04\/CADERNO123_Nastassja_martin-1_page-0001-scaled.jpg\" alt=\"\" srcset=\"https:\/\/selvagemciclo.org.br\/wp-content\/uploads\/2026\/04\/CADERNO123_Nastassja_martin-1_page-0001-scaled.jpg 1811w, https:\/\/selvagemciclo.org.br\/wp-content\/uploads\/2026\/04\/CADERNO123_Nastassja_martin-1_page-0001-212x300.jpg 212w, https:\/\/selvagemciclo.org.br\/wp-content\/uploads\/2026\/04\/CADERNO123_Nastassja_martin-1_page-0001-724x1024.jpg 724w, https:\/\/selvagemciclo.org.br\/wp-content\/uploads\/2026\/04\/CADERNO123_Nastassja_martin-1_page-0001-768x1086.jpg 768w, https:\/\/selvagemciclo.org.br\/wp-content\/uploads\/2026\/04\/CADERNO123_Nastassja_martin-1_page-0001-1086x1536.jpg 1086w, https:\/\/selvagemciclo.org.br\/wp-content\/uploads\/2026\/04\/CADERNO123_Nastassja_martin-1_page-0001-1448x2048.jpg 1448w, https:\/\/selvagemciclo.org.br\/wp-content\/uploads\/2026\/04\/CADERNO123_Nastassja_martin-1_page-0001-8x12.jpg 8w\" sizes=\"auto, (max-width: 1811px) 100vw, 1811px\" \/>\n            <\/a>\n          <\/div>\n        <\/div>\n      <\/div>\n      <\/div>\n<div class=\"wpb_text_column wpb_content_element \" >\n\t<div class=\"wpb_wrapper\">\n\t\t<p><a href=\"https:\/\/selvagemciclo.org.br\/wp-content\/uploads\/2026\/04\/NOTEBOOK123_Nastassja_martin_EN.pdf\">EN<\/a>\u00a0 \u00a0<a href=\"https:\/\/selvagemciclo.org.br\/wp-content\/uploads\/2026\/04\/CAHIER123_Nastassja_martin_FR.pdf\">FR<\/a>\u00a0 \u00a0<a href=\"https:\/\/selvagemciclo.org.br\/wp-content\/uploads\/2026\/04\/CUADERNO123_Nastassja_martin_ES.pdf\">ES<\/a><\/p>\n\t<\/div>\n<\/div>\n\n\n\n\n\t\t<\/div> \n\t<\/div>\n\t<\/div> \n\n\t<div  class=\"vc_col-sm-6 wpb_column column_container vc_column_container col child_column no-extra-padding inherit_tablet inherit_phone \"   data-padding-pos=\"all\" data-has-bg-color=\"false\" data-bg-color=\"\" data-bg-opacity=\"1\" data-animation=\"\" data-delay=\"0\" >\n\t\t<div class=\"vc_column-inner\" >\n\t\t<div class=\"wpb_wrapper\">\n\t\t\t\n<div class=\"wpb_text_column wpb_content_element \" >\n\t<div class=\"wpb_wrapper\">\n\t\t<p>Refletindo sobre a ruptura dos v\u00ednculos entre mundos e propondo caminhos para retomar di\u00e1logos interrompidos com for\u00e7as elementares, <strong>Nastassja Martin<\/strong> elabora sobre como reconstruir rela\u00e7\u00f5es onde transbordamentos \u2013 como enchentes, rupturas e excessos \u2013 n\u00e3o s\u00e3o vistos somente como desastres, mas como respostas que requerem uma escuta afinada aos saberes que nunca deixaram de reconhecer e ouvir suas vozes.<\/p>\n<p>&#8220;<strong>Transbordamentos<\/strong>&#8221; nasce da fala de Nastassja Martin no encontro-travessia \u00c1GUAM\u00c3E, realizado no dia 25 de outubro de 2025, no Rio de Janeiro.<\/p>\n\t<\/div>\n<\/div>\n\n\n\n\n\t\t<\/div> \n\t<\/div>\n\t<\/div> \n\n\t<div  class=\"vc_col-sm-3 wpb_column column_container vc_column_container col child_column no-extra-padding inherit_tablet inherit_phone \"   data-padding-pos=\"all\" data-has-bg-color=\"false\" data-bg-color=\"\" data-bg-opacity=\"1\" data-animation=\"\" data-delay=\"0\" >\n\t\t<div class=\"vc_column-inner\" >\n\t\t<div class=\"wpb_wrapper\">\n\t\t\t\n\t\t<\/div> \n\t<\/div>\n\t<\/div> \n<\/div><\/div>\n\t\t\t<\/div> \n\t\t<\/div>\n\t<\/div> \n<\/div><\/div>\n\t\t<div id=\"fws_69f77ea9c3f1d\"  data-column-margin=\"default\" data-midnight=\"dark\"  class=\"wpb_row vc_row-fluid vc_row\"  style=\"padding-top: 20px; padding-bottom: 20px; \"><div class=\"row-bg-wrap\" data-bg-animation=\"none\" data-bg-animation-delay=\"\" data-bg-overlay=\"false\"><div class=\"inner-wrap row-bg-layer\" ><div class=\"row-bg viewport-desktop\"  style=\"\"><\/div><\/div><\/div><div class=\"row_col_wrap_12 col span_12 dark left\">\n\t<div  class=\"vc_col-sm-12 wpb_column column_container vc_column_container col no-extra-padding inherit_tablet inherit_phone \"  data-padding-pos=\"all\" data-has-bg-color=\"false\" data-bg-color=\"\" data-bg-opacity=\"1\" data-animation=\"\" data-delay=\"0\" >\n\t\t<div class=\"vc_column-inner\" >\n\t\t\t<div class=\"wpb_wrapper\">\n\t\t\t\t\n\t<div class=\"wpb_content_element\" data-interval=\"0\">\n\t\t<div class=\"wpb_wrapper tabbed clearfix\" data-style=\"vertical_modern\" data-animation=\"\" data-spacing=\"\" data-icon-size=\"24\" data-full-width-line=\"\" data-color-scheme=\"accent-color\" data-alignment=\"left\">\n\t\t\t<ul class=\"wpb_tabs_nav ui-tabs-nav clearfix\"><li class=\"tab-item active-tab\"><a role=\"button\" href=\"#tab-1777499808436-9\" class=\"active-tab\"><span>\u00c1GUAM\u00c3E<\/span><\/a><\/li><li class=\"tab-item\"><a role=\"button\" href=\"#tab-1777499808566-10\" ><span>BEIRA D'\u00c1GUA<\/span><\/a><\/li><li class=\"tab-item\"><a role=\"button\" href=\"#tab-1777499808626-3\" ><span>VIS\u00d5ES DA GUANABARA<\/span><\/a><\/li><\/ul>\n\n\t\t\t\n\t\t\t<div id=\"tab-aguamae\" data-tab-icon=\"\" class=\"wpb_tab ui-tabs-panel wpb_ui-tabs-hide clearfix\">\n\t\t\t\t<div id=\"fws_69f77ea9c4322\" data-midnight=\"\" data-column-margin=\"default\" class=\"wpb_row vc_row-fluid vc_row inner_row\"  style=\"\"><div class=\"row-bg-wrap\"> <div class=\"row-bg\" ><\/div> <\/div><div class=\"row_col_wrap_12_inner col span_12  left\">\n\t<div  class=\"vc_col-sm-12 wpb_column column_container vc_column_container col child_column no-extra-padding inherit_tablet inherit_phone \"   data-padding-pos=\"all\" data-has-bg-color=\"false\" data-bg-color=\"\" data-bg-opacity=\"1\" data-animation=\"\" data-delay=\"0\" >\n\t\t<div class=\"vc_column-inner\" >\n\t\t<div class=\"wpb_wrapper\">\n\t\t\t\n<div class=\"wpb_text_column wpb_content_element \" >\n\t<div class=\"wpb_wrapper\">\n\t\t<h5>ENCONTRO \u00c1GUAM\u00c3E &#8211; 25 de outubro de 2025<\/h5>\n\t<\/div>\n<\/div>\n\n\n\n\n<div class=\"wpb_text_column wpb_content_element \" >\n\t<div class=\"wpb_wrapper\">\n\t\t<p>A Selvagem realizou, na tarde de 25 de outubro, o encontro <strong>\u00c1GUAM\u00c3E<\/strong>, uma travessia pela Ba\u00eda de Guanabara, que reuniu cerca de <strong>200 pessoas<\/strong> em quatro horas de navega\u00e7\u00e3o entre Rio de Janeiro, Niter\u00f3i e Paquet\u00e1. A bordo da barca Charitas, pensadores, artistas e lideran\u00e7as ind\u00edgenas compartilharam cantos, mem\u00f3rias e reflex\u00f5es sobre a \u00e1gua como elemento vivo e em crise.<\/p>\n<p><strong>Em uma grande sauda\u00e7\u00e3o aos povos e uma celebra\u00e7\u00e3o \u00e0 diversidade de narrativas<\/strong>, \u00c1GUAM\u00c3E contou com a presen\u00e7a dos artistas, coordenadores e participantes das cinco <strong>Escolas Vivas<\/strong>: Guarani, Maxakali, Huni Kuin, Baniwa e Tukano-Dessano-Tuyuka. Na cosmologia dos povos do Alto Rio Negro, como contou <strong>Jo\u00e3o Paulo Tukano<\/strong>, a Ba\u00eda de Guanabara \u00e9 um lugar sagrado, presente nas suas narrativas de origem da humanidade, identificado como Lago de Leite:\u00a0 \u201cLeite no sentido de pot\u00eancia, que sustenta e gera a vida\u201d, contou Jo\u00e3o Paulo.<\/p>\n<p><strong>Ailton Krenak<\/strong>, l\u00edder ind\u00edgena e cofundador da Selvagem, esteve ao lado do m\u00fasico e pensador Mateus Aleluia, confluindo vis\u00f5es durante o passeio, que pelas palavras de Ailton se configura como um \u201cgesto que reivindica a mem\u00f3ria hist\u00f3rica deste territ\u00f3rio\u201d. <strong>Mateus Aleluia<\/strong> trouxe o encantamento das \u00e1guas atrav\u00e9s de suas can\u00e7\u00f5es durante a travessia, al\u00e9m de questionar as narrativas coloniais e retomar a ancestralidade dos cultos de origem africana: \u201cToda cultura vem de um culto. A vida em si \u00e9 um culto \u2014 um religare. E s\u00f3 em 1978 o povo negro p\u00f4de praticar seu culto sem precisar pedir licen\u00e7a\u201d.<\/p>\n<p>A engenheira e doutora em geologia, <strong>Nuria Fernandez<\/strong>, falou sobre a gnaisse facoidal, \u201ca mais carioca das rochas\u201d, e que nos coloca em di\u00e1logo, por meio das pedras da Ba\u00eda de Guanabara, com camadas profundas da origem desse territ\u00f3rio. <strong>Carlos Pap\u00e1<\/strong>, coordenador da Escola Viva Guarani, compartilhou parte de sua pesquisa profunda que conecta linguagem, territ\u00f3rio e prote\u00e7\u00e3o: \u201cGuanabara tem outra tradu\u00e7\u00e3o em Guarani, \u2018Kua-Gua-Mba-Ara\u2019, algo como \u2018abra\u00e7o todos os dias\u2019\u201d.<\/p>\n<p>A antrop\u00f3loga <strong>Nastassja Martin<\/strong> refletiu sobre a crise civilizat\u00f3ria provocada pela ruptura com os elementos. \u201cA \u00e1gua das fontes \u00e9 o vetor de um novo nascimento inici\u00e1tico. Mas o Ocidente a transformou em \u2018recurso\u2019. Nem a \u00e1gua, nem o ar, nem a terra, nem o fogo s\u00e3o mais animados \u2014 j\u00e1 n\u00e3o os escutamos.\u201d<\/p>\n<p>Durante o passeio, o encantamento se deu tamb\u00e9m por cantos ind\u00edgenas de diferentes regi\u00f5es do Brasil, como o do paj\u00e9 <strong>Huni Kuin Dua Bus\u00eb<\/strong> e de <strong>Net\u00eb<\/strong>, da Aldeia Cora\u00e7\u00e3o da Floresta, Escola Viva Huni Kuin, no Alto Rio Jord\u00e3o (AC); do artista e paj\u00e9 <strong>Mamei Maxakali<\/strong> ao lado de <strong>Sueli, Isael e Isabelinha Maxakali<\/strong>, da Aldeia Escola Floresta, Escola Viva Maxakali, localizada na zona rural de Te\u00f3filo Otoni (MG); al\u00e9m das flautas japurutu tocadas por <strong>Francisco Fontes Baniwa<\/strong> e<strong> Idjahure Kadiwel<\/strong>, representando a Escola Viva Baniwa, localizada em Assun\u00e7\u00e3o do I\u00e7ana (AM).<\/p>\n<p>A artista <strong>Renata Tupinamb\u00e1<\/strong>, integrante do Guanabara Pyranga: Encontro de Culturas da Guanabara, cantou as mem\u00f3rias da sua av\u00f3 em Tupi, e em suas falas lembrou das mais de 80 aldeias Tupinamb\u00e1s que existiam no territ\u00f3rio da ba\u00eda.<\/p>\n<p><strong>\u00c1GUAM\u00c3E<\/strong> tamb\u00e9m deu origem ao filme <a href=\"https:\/\/www.youtube.com\/watch?v=Dt_xnWhEvSE\"><strong>ANOTA\u00c7\u00d5ES DA VIAGEM<\/strong><\/a>, um di\u00e1rio de bordo da travessia, com notas e grifos das falas que far\u00e3o parte do Ciclo das \u00c1guas, a ser lan\u00e7ado no primeiro semestre de 2026.<\/p>\n\t<\/div>\n<\/div>\n\n\n\n\n\t<div class=\"wpb_video_widget wpb_content_element vc_clearfix   vc_video-aspect-ratio-169 vc_video-el-width-70 vc_video-align-left\" >\n\t\t<div class=\"wpb_wrapper\">\n\t\t\t\n\t\t\t<div class=\"wpb_video_wrapper\"><iframe loading=\"lazy\" title=\"ANOTA\u00c7\u00d5ES DA VIAGEM - \u00c1GUAM\u00c3E\" width=\"1080\" height=\"608\" src=\"https:\/\/www.youtube.com\/embed\/Dt_xnWhEvSE?feature=oembed\" frameborder=\"0\" allow=\"accelerometer; autoplay; clipboard-write; encrypted-media; gyroscope; picture-in-picture; web-share\" referrerpolicy=\"strict-origin-when-cross-origin\" allowfullscreen><\/iframe><\/div>\n\t\t<\/div>\n\t<\/div>\n\n\t\t<\/div> \n\t<\/div>\n\t<\/div> \n<\/div><\/div><div id=\"fws_69f77ea9c4995\" data-midnight=\"\" data-column-margin=\"default\" class=\"wpb_row vc_row-fluid vc_row inner_row\"  style=\"\"><div class=\"row-bg-wrap\"> <div class=\"row-bg\" ><\/div> <\/div><div class=\"row_col_wrap_12_inner col span_12  left\">\n\t<div  class=\"vc_col-sm-6 wpb_column column_container vc_column_container col child_column no-extra-padding inherit_tablet inherit_phone \"   data-padding-pos=\"all\" data-has-bg-color=\"false\" data-bg-color=\"\" data-bg-opacity=\"1\" data-animation=\"\" data-delay=\"0\" >\n\t\t<div class=\"vc_column-inner\" >\n\t\t<div class=\"wpb_wrapper\">\n\t\t\t\n<div class=\"wpb_text_column wpb_content_element \" >\n\t<div class=\"wpb_wrapper\">\n\t\t<h5>GALERIA DE FOTOS<\/h5>\n\t<\/div>\n<\/div>\n\n\n\n\n\t<div class=\"wpb_gallery wpb_content_element clearfix\">\n\t\t<div class=\"wpb_wrapper\"><div class=\"wpb_gallery_slides wpb_flexslider flex-gallery flexslider\" data-onclick=\"link_image\" data-interval=\"5\" data-flex_fx=\"fade\"><ul class=\"slides\" data-d-autorotate=\"\"><li><a href=\"https:\/\/selvagemciclo.org.br\/wp-content\/uploads\/2025\/11\/Copy-of-AGUAMAE_Caledoskopica_AlexFerro_Selvagem_25102025.-25102025-23-scaled.jpg\"><img decoding=\"async\" class=\"skip-lazy \" src=\"https:\/\/selvagemciclo.org.br\/wp-content\/uploads\/2025\/11\/Copy-of-AGUAMAE_Caledoskopica_AlexFerro_Selvagem_25102025.-25102025-23-scaled-600x400.jpg\" width=\"600\" height=\"400\" alt=\"Rio de Janeiro, Rj, BRASIL. 25\/10\/2025. Projeto Agua M\u00e3e ( Foto: @alexferrofotografo \/ Alex Ferro ).\" title=\"Copy of AGUAMAE_Caledosko\u0301pica_AlexFerro_Selvagem_25102025.-25102025-23\" loading=\"lazy\" \/><\/a><\/li><li><a href=\"https:\/\/selvagemciclo.org.br\/wp-content\/uploads\/2025\/11\/Copy-of-AGUAMAE_Caledoskopica_AlexFerro_Selvagem_25102025.-0351-scaled.jpg\"><img decoding=\"async\" class=\"skip-lazy \" src=\"https:\/\/selvagemciclo.org.br\/wp-content\/uploads\/2025\/11\/Copy-of-AGUAMAE_Caledoskopica_AlexFerro_Selvagem_25102025.-0351-scaled-600x400.jpg\" width=\"600\" height=\"400\" alt=\"Rio de Janeiro, Rj, BRASIL. 25\/10\/2025. Projeto Agua M\u00e3e ( Foto: @alexferrofotografo \/ Alex Ferro ).\" title=\"Copy of AGUAMAE_Caledoskopica_AlexFerro_Selvagem_25102025.-0351\" loading=\"lazy\" \/><\/a><\/li><li><a href=\"https:\/\/selvagemciclo.org.br\/wp-content\/uploads\/2025\/11\/Copy-of-AGUAMAE_Caledoskopica_AlexFerro_Selvagem_25102025.-9616-scaled.jpg\"><img decoding=\"async\" class=\"skip-lazy \" src=\"https:\/\/selvagemciclo.org.br\/wp-content\/uploads\/2025\/11\/Copy-of-AGUAMAE_Caledoskopica_AlexFerro_Selvagem_25102025.-9616-scaled-600x400.jpg\" width=\"600\" height=\"400\" alt=\"Rio de Janeiro, Rj, BRASIL. 25\/10\/2025. Projeto Agua M\u00e3e ( Foto: @alexferrofotografo \/ Alex Ferro ).\" title=\"Copy of AGUAMAE_Caledoskopica_AlexFerro_Selvagem_25102025.-9616\" loading=\"lazy\" \/><\/a><\/li><li><a href=\"https:\/\/selvagemciclo.org.br\/wp-content\/uploads\/2025\/11\/agua_photo.alexferro.com_.br25102025.-0567-scaled.jpg\"><img decoding=\"async\" class=\"skip-lazy \" src=\"https:\/\/selvagemciclo.org.br\/wp-content\/uploads\/2025\/11\/agua_photo.alexferro.com_.br25102025.-0567-scaled-600x400.jpg\" width=\"600\" height=\"400\" alt=\"Rio de Janeiro, Rj, BRASIL. 25\/10\/2025. Projeto Agua M\u00e3e ( Foto: @alexferrofotografo \/ Alex Ferro ).\" title=\"agua_photo.alexferro.com.br25102025.-0567\" loading=\"lazy\" \/><\/a><\/li><li><a href=\"https:\/\/selvagemciclo.org.br\/wp-content\/uploads\/2025\/11\/Copy-of-AGUAMAE_Caledoskopica_AlexFerro_Selvagem_25102025.-8879-scaled.jpg\"><img decoding=\"async\" class=\"skip-lazy \" src=\"https:\/\/selvagemciclo.org.br\/wp-content\/uploads\/2025\/11\/Copy-of-AGUAMAE_Caledoskopica_AlexFerro_Selvagem_25102025.-8879-scaled-600x400.jpg\" width=\"600\" height=\"400\" alt=\"Rio de Janeiro, Rj, BRASIL. 25\/10\/2025. Projeto Agua M\u00e3e ( Foto: @alexferrofotografo \/ Alex Ferro ).\" title=\"Copy of AGUAMAE_Caledoskopica_AlexFerro_Selvagem_25102025.-8879\" loading=\"lazy\" \/><\/a><\/li><li><a href=\"https:\/\/selvagemciclo.org.br\/wp-content\/uploads\/2025\/11\/Copy-of-AGUAMAE_Caledoskopica_AlexFerro_Selvagem_25102025.-9868-scaled.jpg\"><img decoding=\"async\" class=\"skip-lazy \" src=\"https:\/\/selvagemciclo.org.br\/wp-content\/uploads\/2025\/11\/Copy-of-AGUAMAE_Caledoskopica_AlexFerro_Selvagem_25102025.-9868-scaled-600x400.jpg\" width=\"600\" height=\"400\" alt=\"Rio de Janeiro, Rj, BRASIL. 25\/10\/2025. Projeto Agua M\u00e3e ( Foto: @alexferrofotografo \/ Alex Ferro ).\" title=\"Copy of AGUAMAE_Caledoskopica_AlexFerro_Selvagem_25102025.-9868\" loading=\"lazy\" \/><\/a><\/li><li><a href=\"https:\/\/selvagemciclo.org.br\/wp-content\/uploads\/2025\/11\/agua_photo.alexferro.com_.br25102025.-1660-scaled.jpg\"><img decoding=\"async\" class=\"skip-lazy \" src=\"https:\/\/selvagemciclo.org.br\/wp-content\/uploads\/2025\/11\/agua_photo.alexferro.com_.br25102025.-1660-scaled-600x400.jpg\" width=\"600\" height=\"400\" alt=\"Rio de Janeiro, Rj, BRASIL. 25\/10\/2025. Projeto Agua M\u00e3e ( Foto: @alexferrofotografo \/ Alex Ferro ).\" title=\"agua_photo.alexferro.com.br25102025.-1660\" loading=\"lazy\" \/><\/a><\/li><li><a href=\"https:\/\/selvagemciclo.org.br\/wp-content\/uploads\/2025\/11\/Copy-of-AGUAMAE_Caledoskopica_AlexFerro_Selvagem_25102025.-9337-scaled.jpg\"><img decoding=\"async\" class=\"skip-lazy \" src=\"https:\/\/selvagemciclo.org.br\/wp-content\/uploads\/2025\/11\/Copy-of-AGUAMAE_Caledoskopica_AlexFerro_Selvagem_25102025.-9337-scaled-600x400.jpg\" width=\"600\" height=\"400\" alt=\"Rio de Janeiro, Rj, BRASIL. 25\/10\/2025. Projeto Agua M\u00e3e ( Foto: @alexferrofotografo \/ Alex Ferro ).\" title=\"Copy of AGUAMAE_Caledoskopica_AlexFerro_Selvagem_25102025.-9337\" loading=\"lazy\" \/><\/a><\/li><li><a href=\"https:\/\/selvagemciclo.org.br\/wp-content\/uploads\/2025\/11\/AGUAMAE_Caledoskopica_AlexFerro_Selvagem_25102025.-1088-scaled.jpg\"><img decoding=\"async\" class=\"skip-lazy \" src=\"https:\/\/selvagemciclo.org.br\/wp-content\/uploads\/2025\/11\/AGUAMAE_Caledoskopica_AlexFerro_Selvagem_25102025.-1088-scaled-600x400.jpg\" width=\"600\" height=\"400\" alt=\"Rio de Janeiro, Rj, BRASIL. 25\/10\/2025. Projeto Agua M\u00e3e ( Foto: @alexferrofotografo \/ Alex Ferro ).\" title=\"AGUAMAE_Caledoskopica_AlexFerro_Selvagem_25102025.-1088\" loading=\"lazy\" \/><\/a><\/li><li><a href=\"https:\/\/selvagemciclo.org.br\/wp-content\/uploads\/2025\/11\/Copy-of-AGUAMAE_Caledoskopica_AlexFerro_Selvagem_25102025.-9652-scaled.jpg\"><img decoding=\"async\" class=\"skip-lazy \" src=\"https:\/\/selvagemciclo.org.br\/wp-content\/uploads\/2025\/11\/Copy-of-AGUAMAE_Caledoskopica_AlexFerro_Selvagem_25102025.-9652-scaled-600x400.jpg\" width=\"600\" height=\"400\" alt=\"Rio de Janeiro, Rj, BRASIL. 25\/10\/2025. Projeto Agua M\u00e3e ( Foto: @alexferrofotografo \/ Alex Ferro ).\" title=\"Copy of AGUAMAE_Caledoskopica_AlexFerro_Selvagem_25102025.-9652\" loading=\"lazy\" \/><\/a><\/li><li><a href=\"https:\/\/selvagemciclo.org.br\/wp-content\/uploads\/2025\/11\/Copy-of-AGUAMAE_Caledoskopica_AlexFerro_Selvagem_25102025.-9666-scaled.jpg\"><img decoding=\"async\" class=\"skip-lazy \" src=\"https:\/\/selvagemciclo.org.br\/wp-content\/uploads\/2025\/11\/Copy-of-AGUAMAE_Caledoskopica_AlexFerro_Selvagem_25102025.-9666-scaled-600x400.jpg\" width=\"600\" height=\"400\" alt=\"Rio de Janeiro, Rj, BRASIL. 25\/10\/2025. Projeto Agua M\u00e3e ( Foto: @alexferrofotografo \/ Alex Ferro ).\" title=\"Copy of AGUAMAE_Caledoskopica_AlexFerro_Selvagem_25102025.-9666\" loading=\"lazy\" \/><\/a><\/li><li><a href=\"https:\/\/selvagemciclo.org.br\/wp-content\/uploads\/2025\/11\/Copy-of-AGUAMAE_Caledoskopica_AlexFerro_Selvagem_25102025.-0132-scaled.jpg\"><img decoding=\"async\" class=\"skip-lazy \" src=\"https:\/\/selvagemciclo.org.br\/wp-content\/uploads\/2025\/11\/Copy-of-AGUAMAE_Caledoskopica_AlexFerro_Selvagem_25102025.-0132-scaled-600x400.jpg\" width=\"600\" height=\"400\" alt=\"Rio de Janeiro, Rj, BRASIL. 25\/10\/2025. Projeto Agua M\u00e3e ( Foto: @alexferrofotografo \/ Alex Ferro ).\" title=\"Copy of AGUAMAE_Caledoskopica_AlexFerro_Selvagem_25102025.-0132\" loading=\"lazy\" \/><\/a><\/li><li><a href=\"https:\/\/selvagemciclo.org.br\/wp-content\/uploads\/2025\/11\/Copy-of-agua_photo.alexferro.com_.br25102025.-0115-scaled.jpg\"><img decoding=\"async\" class=\"skip-lazy \" src=\"https:\/\/selvagemciclo.org.br\/wp-content\/uploads\/2025\/11\/Copy-of-agua_photo.alexferro.com_.br25102025.-0115-scaled-600x400.jpg\" width=\"600\" height=\"400\" alt=\"Rio de Janeiro, Rj, BRASIL. 25\/10\/2025. Projeto Agua M\u00e3e ( Foto: @alexferrofotografo \/ Alex Ferro ).\" title=\"Copy of agua_photo.alexferro.com.br25102025.-0115\" loading=\"lazy\" \/><\/a><\/li><li><a href=\"https:\/\/selvagemciclo.org.br\/wp-content\/uploads\/2025\/11\/Copy-of-AGUAMAE_Caledoskopica_AlexFerro_Selvagem_25102025.-0511-scaled.jpg\"><img decoding=\"async\" class=\"skip-lazy \" src=\"https:\/\/selvagemciclo.org.br\/wp-content\/uploads\/2025\/11\/Copy-of-AGUAMAE_Caledoskopica_AlexFerro_Selvagem_25102025.-0511-scaled-600x400.jpg\" width=\"600\" height=\"400\" alt=\"Rio de Janeiro, Rj, BRASIL. 25\/10\/2025. Projeto Agua M\u00e3e ( Foto: @alexferrofotografo \/ Alex Ferro ).\" title=\"Copy of AGUAMAE_Caledoskopica_AlexFerro_Selvagem_25102025.-0511\" loading=\"lazy\" \/><\/a><\/li><li><a href=\"https:\/\/selvagemciclo.org.br\/wp-content\/uploads\/2025\/11\/Copy-of-AGUAMAE_Caledoskopica_AlexFerro_Selvagem_25102025.-0219-scaled.jpg\"><img decoding=\"async\" class=\"skip-lazy \" src=\"https:\/\/selvagemciclo.org.br\/wp-content\/uploads\/2025\/11\/Copy-of-AGUAMAE_Caledoskopica_AlexFerro_Selvagem_25102025.-0219-scaled-600x400.jpg\" width=\"600\" height=\"400\" alt=\"Rio de Janeiro, Rj, BRASIL. 25\/10\/2025. Projeto Agua M\u00e3e ( Foto: @alexferrofotografo \/ Alex Ferro ).\" title=\"Copy of AGUAMAE_Caledoskopica_AlexFerro_Selvagem_25102025.-0219\" loading=\"lazy\" \/><\/a><\/li><li><a href=\"https:\/\/selvagemciclo.org.br\/wp-content\/uploads\/2025\/11\/Copy-of-AGUAMAE_Caledoskopica_AlexFerro_Selvagem_25102025.-0498-scaled.jpg\"><img decoding=\"async\" class=\"skip-lazy \" src=\"https:\/\/selvagemciclo.org.br\/wp-content\/uploads\/2025\/11\/Copy-of-AGUAMAE_Caledoskopica_AlexFerro_Selvagem_25102025.-0498-scaled-600x400.jpg\" width=\"600\" height=\"400\" alt=\"Rio de Janeiro, Rj, BRASIL. 25\/10\/2025. Projeto Agua M\u00e3e ( Foto: @alexferrofotografo \/ Alex Ferro ).\" title=\"Copy of AGUAMAE_Caledoskopica_AlexFerro_Selvagem_25102025.-0498\" loading=\"lazy\" \/><\/a><\/li><li><a href=\"https:\/\/selvagemciclo.org.br\/wp-content\/uploads\/2025\/11\/AGUAMAE_Caledoskopica_AlexFerro_Selvagem_25102025.-8823-scaled.jpg\"><img decoding=\"async\" class=\"skip-lazy \" src=\"https:\/\/selvagemciclo.org.br\/wp-content\/uploads\/2025\/11\/AGUAMAE_Caledoskopica_AlexFerro_Selvagem_25102025.-8823-scaled-600x400.jpg\" width=\"600\" height=\"400\" alt=\"Rio de Janeiro, Rj, BRASIL. 25\/10\/2025. Projeto Agua M\u00e3e ( Foto: @alexferrofotografo \/ Alex Ferro ).\" title=\"AGUAMAE_Caledoskopica_AlexFerro_Selvagem_25102025.-8823\" loading=\"lazy\" \/><\/a><\/li><li><a href=\"https:\/\/selvagemciclo.org.br\/wp-content\/uploads\/2025\/11\/Copy-of-AGUAMAE_Caledoskopica_AlexFerro_Selvagem_25102025.-0268-scaled.jpg\"><img decoding=\"async\" class=\"skip-lazy \" src=\"https:\/\/selvagemciclo.org.br\/wp-content\/uploads\/2025\/11\/Copy-of-AGUAMAE_Caledoskopica_AlexFerro_Selvagem_25102025.-0268-scaled-600x400.jpg\" width=\"600\" height=\"400\" alt=\"Rio de Janeiro, Rj, BRASIL. 25\/10\/2025. Projeto Agua M\u00e3e ( Foto: @alexferrofotografo \/ Alex Ferro ).\" title=\"Copy of AGUAMAE_Caledoskopica_AlexFerro_Selvagem_25102025.-0268\" loading=\"lazy\" \/><\/a><\/li><li><a href=\"https:\/\/selvagemciclo.org.br\/wp-content\/uploads\/2025\/11\/Copy-of-AGUAMAE_Caledoskopica_AlexFerro_Selvagem_25102025.-9004-scaled.jpg\"><img decoding=\"async\" class=\"skip-lazy \" src=\"https:\/\/selvagemciclo.org.br\/wp-content\/uploads\/2025\/11\/Copy-of-AGUAMAE_Caledoskopica_AlexFerro_Selvagem_25102025.-9004-scaled-600x400.jpg\" width=\"600\" height=\"400\" alt=\"Rio de Janeiro, Rj, BRASIL. 25\/10\/2025. Projeto Agua M\u00e3e ( Foto: @alexferrofotografo \/ Alex Ferro ).\" title=\"Copy of AGUAMAE_Caledoskopica_AlexFerro_Selvagem_25102025.-9004\" loading=\"lazy\" \/><\/a><\/li><li><a href=\"https:\/\/selvagemciclo.org.br\/wp-content\/uploads\/2025\/11\/agua_photo.alexferro.com_.br25102025.-0672-scaled.jpg\"><img decoding=\"async\" class=\"skip-lazy \" src=\"https:\/\/selvagemciclo.org.br\/wp-content\/uploads\/2025\/11\/agua_photo.alexferro.com_.br25102025.-0672-scaled-600x400.jpg\" width=\"600\" height=\"400\" alt=\"Rio de Janeiro, Rj, BRASIL. 25\/10\/2025. Projeto Agua M\u00e3e ( Foto: @alexferrofotografo \/ Alex Ferro ).\" title=\"agua_photo.alexferro.com.br25102025.-0672\" loading=\"lazy\" \/><\/a><\/li><li><a href=\"https:\/\/selvagemciclo.org.br\/wp-content\/uploads\/2025\/11\/Copy-of-AGUAMAE_Caledoskopica_AlexFerro_Selvagem_25102025.-9094-scaled.jpg\"><img decoding=\"async\" class=\"skip-lazy \" src=\"https:\/\/selvagemciclo.org.br\/wp-content\/uploads\/2025\/11\/Copy-of-AGUAMAE_Caledoskopica_AlexFerro_Selvagem_25102025.-9094-scaled-600x400.jpg\" width=\"600\" height=\"400\" alt=\"Rio de Janeiro, Rj, BRASIL. 25\/10\/2025. Projeto Agua M\u00e3e ( Foto: @alexferrofotografo \/ Alex Ferro ).\" title=\"Copy of AGUAMAE_Caledoskopica_AlexFerro_Selvagem_25102025.-9094\" loading=\"lazy\" \/><\/a><\/li><li><a href=\"https:\/\/selvagemciclo.org.br\/wp-content\/uploads\/2025\/11\/Copy-of-AGUAMAE_Caledoskopica_AlexFerro_Selvagem_25102025.-1197-scaled.jpg\"><img decoding=\"async\" class=\"skip-lazy \" src=\"https:\/\/selvagemciclo.org.br\/wp-content\/uploads\/2025\/11\/Copy-of-AGUAMAE_Caledoskopica_AlexFerro_Selvagem_25102025.-1197-scaled-600x400.jpg\" width=\"600\" height=\"400\" alt=\"Rio de Janeiro, Rj, BRASIL. 25\/10\/2025. Projeto Agua M\u00e3e ( Foto: @alexferrofotografo \/ Alex Ferro ).\" title=\"Copy of AGUAMAE_Caledoskopica_AlexFerro_Selvagem_25102025.-1197\" loading=\"lazy\" \/><\/a><\/li><li><a href=\"https:\/\/selvagemciclo.org.br\/wp-content\/uploads\/2025\/11\/AGUAMAE_Caledoskopica_AlexFerro_Selvagem_25102025.-9380-scaled.jpg\"><img decoding=\"async\" class=\"skip-lazy \" src=\"https:\/\/selvagemciclo.org.br\/wp-content\/uploads\/2025\/11\/AGUAMAE_Caledoskopica_AlexFerro_Selvagem_25102025.-9380-scaled-600x400.jpg\" width=\"600\" height=\"400\" alt=\"Rio de Janeiro, Rj, BRASIL. 25\/10\/2025. Projeto Agua M\u00e3e ( Foto: @alexferrofotografo \/ Alex Ferro ).\" title=\"AGUAMAE_Caledoskopica_AlexFerro_Selvagem_25102025.-9380\" loading=\"lazy\" \/><\/a><\/li><li><a href=\"https:\/\/selvagemciclo.org.br\/wp-content\/uploads\/2025\/11\/AGUAMAE_Caledoskopica_AlexFerro_Selvagem_25102025.-0190-scaled.jpg\"><img decoding=\"async\" class=\"skip-lazy \" src=\"https:\/\/selvagemciclo.org.br\/wp-content\/uploads\/2025\/11\/AGUAMAE_Caledoskopica_AlexFerro_Selvagem_25102025.-0190-scaled-600x400.jpg\" width=\"600\" height=\"400\" alt=\"Rio de Janeiro, Rj, BRASIL. 25\/10\/2025. Projeto Agua M\u00e3e ( Foto: @alexferrofotografo \/ Alex Ferro ).\" title=\"AGUAMAE_Caledoskopica_AlexFerro_Selvagem_25102025.-0190\" loading=\"lazy\" \/><\/a><\/li><li><a href=\"https:\/\/selvagemciclo.org.br\/wp-content\/uploads\/2025\/11\/Copy-of-AGUAMAE_Caledoskopica_AlexFerro_Selvagem_25102025.-0256-scaled.jpg\"><img decoding=\"async\" class=\"skip-lazy \" src=\"https:\/\/selvagemciclo.org.br\/wp-content\/uploads\/2025\/11\/Copy-of-AGUAMAE_Caledoskopica_AlexFerro_Selvagem_25102025.-0256-scaled-600x400.jpg\" width=\"600\" height=\"400\" alt=\"Rio de Janeiro, Rj, BRASIL. 25\/10\/2025. Projeto Agua M\u00e3e ( Foto: @alexferrofotografo \/ Alex Ferro ).\" title=\"Copy of AGUAMAE_Caledoskopica_AlexFerro_Selvagem_25102025.-0256\" loading=\"lazy\" \/><\/a><\/li><li><a href=\"https:\/\/selvagemciclo.org.br\/wp-content\/uploads\/2025\/11\/AGUAMAE_Caledoskopica_AlexFerro_Selvagem_25102025.-0148-scaled.jpg\"><img decoding=\"async\" class=\"skip-lazy \" src=\"https:\/\/selvagemciclo.org.br\/wp-content\/uploads\/2025\/11\/AGUAMAE_Caledoskopica_AlexFerro_Selvagem_25102025.-0148-scaled-600x400.jpg\" width=\"600\" height=\"400\" alt=\"Rio de Janeiro, Rj, BRASIL. 25\/10\/2025. Projeto Agua M\u00e3e ( Foto: @alexferrofotografo \/ Alex Ferro ).\" title=\"AGUAMAE_Caledoskopica_AlexFerro_Selvagem_25102025.-0148\" loading=\"lazy\" \/><\/a><\/li><li><a href=\"https:\/\/selvagemciclo.org.br\/wp-content\/uploads\/2025\/11\/Copy-of-AGUAMAE_Caledoskopica_AlexFerro_Selvagem_25102025.-1227-scaled.jpg\"><img decoding=\"async\" class=\"skip-lazy \" src=\"https:\/\/selvagemciclo.org.br\/wp-content\/uploads\/2025\/11\/Copy-of-AGUAMAE_Caledoskopica_AlexFerro_Selvagem_25102025.-1227-scaled-600x400.jpg\" width=\"600\" height=\"400\" alt=\"Rio de Janeiro, Rj, BRASIL. 25\/10\/2025. Projeto Agua M\u00e3e ( Foto: @alexferrofotografo \/ Alex Ferro ).\" title=\"Copy of AGUAMAE_Caledoskopica_AlexFerro_Selvagem_25102025.-1227\" loading=\"lazy\" \/><\/a><\/li><li><a href=\"https:\/\/selvagemciclo.org.br\/wp-content\/uploads\/2025\/11\/Copy-of-AGUAMAE_Caledoskopica_AlexFerro_Selvagem_25102025.-9066-scaled.jpg\"><img decoding=\"async\" class=\"skip-lazy \" src=\"https:\/\/selvagemciclo.org.br\/wp-content\/uploads\/2025\/11\/Copy-of-AGUAMAE_Caledoskopica_AlexFerro_Selvagem_25102025.-9066-scaled-600x400.jpg\" width=\"600\" height=\"400\" alt=\"Rio de Janeiro, Rj, BRASIL. 25\/10\/2025. Projeto Agua M\u00e3e ( Foto: @alexferrofotografo \/ Alex Ferro ).\" title=\"Copy of AGUAMAE_Caledoskopica_AlexFerro_Selvagem_25102025.-9066\" loading=\"lazy\" \/><\/a><\/li><li><a href=\"https:\/\/selvagemciclo.org.br\/wp-content\/uploads\/2025\/11\/Copy-of-AGUAMAE_Caledoskopica_AlexFerro_Selvagem_25102025.-9618-scaled.jpg\"><img decoding=\"async\" class=\"skip-lazy \" src=\"https:\/\/selvagemciclo.org.br\/wp-content\/uploads\/2025\/11\/Copy-of-AGUAMAE_Caledoskopica_AlexFerro_Selvagem_25102025.-9618-scaled-600x400.jpg\" width=\"600\" height=\"400\" alt=\"Rio de Janeiro, Rj, BRASIL. 25\/10\/2025. Projeto Agua M\u00e3e ( Foto: @alexferrofotografo \/ Alex Ferro ).\" title=\"Copy of AGUAMAE_Caledoskopica_AlexFerro_Selvagem_25102025.-9618\" loading=\"lazy\" \/><\/a><\/li><li><a href=\"https:\/\/selvagemciclo.org.br\/wp-content\/uploads\/2025\/11\/AGUAMAE_Caledoskopica_AlexFerro_Selvagem_25102025.-0289-scaled.jpg\"><img decoding=\"async\" class=\"skip-lazy \" src=\"https:\/\/selvagemciclo.org.br\/wp-content\/uploads\/2025\/11\/AGUAMAE_Caledoskopica_AlexFerro_Selvagem_25102025.-0289-scaled-600x400.jpg\" width=\"600\" height=\"400\" alt=\"Rio de Janeiro, Rj, BRASIL. 25\/10\/2025. Projeto Agua M\u00e3e ( Foto: @alexferrofotografo \/ Alex Ferro ).\" title=\"AGUAMAE_Caledoskopica_AlexFerro_Selvagem_25102025.-0289\" loading=\"lazy\" \/><\/a><\/li><li><a href=\"https:\/\/selvagemciclo.org.br\/wp-content\/uploads\/2025\/11\/Copy-of-AGUAMAE_Caledoskopica_AlexFerro_Selvagem_25102025.-9796-scaled.jpg\"><img decoding=\"async\" class=\"skip-lazy \" src=\"https:\/\/selvagemciclo.org.br\/wp-content\/uploads\/2025\/11\/Copy-of-AGUAMAE_Caledoskopica_AlexFerro_Selvagem_25102025.-9796-scaled-600x400.jpg\" width=\"600\" height=\"400\" alt=\"Rio de Janeiro, Rj, BRASIL. 25\/10\/2025. Projeto Agua M\u00e3e ( Foto: @alexferrofotografo \/ Alex Ferro ).\" title=\"Copy of AGUAMAE_Caledoskopica_AlexFerro_Selvagem_25102025.-9796\" loading=\"lazy\" \/><\/a><\/li><li><a href=\"https:\/\/selvagemciclo.org.br\/wp-content\/uploads\/2025\/11\/Copy-of-AGUAMAE_Caledoskopica_AlexFerro_Selvagem_25102025.-1452-scaled.jpg\"><img decoding=\"async\" class=\"skip-lazy \" src=\"https:\/\/selvagemciclo.org.br\/wp-content\/uploads\/2025\/11\/Copy-of-AGUAMAE_Caledoskopica_AlexFerro_Selvagem_25102025.-1452-scaled-600x400.jpg\" width=\"600\" height=\"400\" alt=\"Rio de Janeiro, Rj, BRASIL. 25\/10\/2025. Projeto Agua M\u00e3e ( Foto: @alexferrofotografo \/ Alex Ferro ).\" title=\"Copy of AGUAMAE_Caledoskopica_AlexFerro_Selvagem_25102025.-1452\" loading=\"lazy\" \/><\/a><\/li><li><a href=\"https:\/\/selvagemciclo.org.br\/wp-content\/uploads\/2025\/11\/Copy-of-AGUAMAE_Caledoskopica_AlexFerro_Selvagem_25102025.-1693-scaled.jpg\"><img decoding=\"async\" class=\"skip-lazy \" src=\"https:\/\/selvagemciclo.org.br\/wp-content\/uploads\/2025\/11\/Copy-of-AGUAMAE_Caledoskopica_AlexFerro_Selvagem_25102025.-1693-scaled-600x400.jpg\" width=\"600\" height=\"400\" alt=\"Rio de Janeiro, Rj, BRASIL. 25\/10\/2025. Projeto Agua M\u00e3e ( Foto: @alexferrofotografo \/ Alex Ferro ).\" title=\"Copy of AGUAMAE_Caledoskopica_AlexFerro_Selvagem_25102025.-1693\" loading=\"lazy\" \/><\/a><\/li><li><a href=\"https:\/\/selvagemciclo.org.br\/wp-content\/uploads\/2025\/11\/AGUAMAE_Caledoskopica_AlexFerro_Selvagem_25102025.-9802-scaled.jpg\"><img decoding=\"async\" class=\"skip-lazy \" src=\"https:\/\/selvagemciclo.org.br\/wp-content\/uploads\/2025\/11\/AGUAMAE_Caledoskopica_AlexFerro_Selvagem_25102025.-9802-scaled-600x400.jpg\" width=\"600\" height=\"400\" alt=\"Rio de Janeiro, Rj, BRASIL. 25\/10\/2025. Projeto Agua M\u00e3e ( Foto: @alexferrofotografo \/ Alex Ferro ).\" title=\"AGUAMAE_Caledoskopica_AlexFerro_Selvagem_25102025.-9802\" loading=\"lazy\" \/><\/a><\/li><li><a href=\"https:\/\/selvagemciclo.org.br\/wp-content\/uploads\/2025\/11\/Copy-of-AGUAMAE_Caledoskopica_AlexFerro_Selvagem_25102025.-8839-scaled.jpg\"><img decoding=\"async\" class=\"skip-lazy \" src=\"https:\/\/selvagemciclo.org.br\/wp-content\/uploads\/2025\/11\/Copy-of-AGUAMAE_Caledoskopica_AlexFerro_Selvagem_25102025.-8839-scaled-600x400.jpg\" width=\"600\" height=\"400\" alt=\"Rio de Janeiro, Rj, BRASIL. 25\/10\/2025. Projeto Agua M\u00e3e ( Foto: @alexferrofotografo \/ Alex Ferro ).\" title=\"Copy of AGUAMAE_Caledoskopica_AlexFerro_Selvagem_25102025.-8839\" loading=\"lazy\" \/><\/a><\/li><li><a href=\"https:\/\/selvagemciclo.org.br\/wp-content\/uploads\/2025\/11\/agua_photo.alexferro.com_.br25102025.-1397-scaled.jpg\"><img decoding=\"async\" class=\"skip-lazy \" src=\"https:\/\/selvagemciclo.org.br\/wp-content\/uploads\/2025\/11\/agua_photo.alexferro.com_.br25102025.-1397-scaled-600x400.jpg\" width=\"600\" height=\"400\" alt=\"Rio de Janeiro, Rj, BRASIL. 25\/10\/2025. Projeto Agua M\u00e3e ( Foto: @alexferrofotografo \/ Alex Ferro ).\" title=\"agua_photo.alexferro.com.br25102025.-1397\" loading=\"lazy\" \/><\/a><\/li><li><a href=\"https:\/\/selvagemciclo.org.br\/wp-content\/uploads\/2025\/11\/Copy-of-AGUAMAE_Caledoskopica_AlexFerro_Selvagem_25102025.-25102025-19-scaled.jpg\"><img decoding=\"async\" class=\"skip-lazy \" src=\"https:\/\/selvagemciclo.org.br\/wp-content\/uploads\/2025\/11\/Copy-of-AGUAMAE_Caledoskopica_AlexFerro_Selvagem_25102025.-25102025-19-scaled-600x400.jpg\" width=\"600\" height=\"400\" alt=\"Rio de Janeiro, Rj, BRASIL. 25\/10\/2025. Projeto Agua M\u00e3e ( Foto: @alexferrofotografo \/ Alex Ferro ).\" title=\"Copy of AGUAMAE_Caledosko\u0301pica_AlexFerro_Selvagem_25102025.-25102025-19\" loading=\"lazy\" \/><\/a><\/li><li><a href=\"https:\/\/selvagemciclo.org.br\/wp-content\/uploads\/2025\/11\/Copy-of-AGUAMAE_Caledoskopica_AlexFerro_Selvagem_25102025.-9146-scaled.jpg\"><img decoding=\"async\" class=\"skip-lazy \" src=\"https:\/\/selvagemciclo.org.br\/wp-content\/uploads\/2025\/11\/Copy-of-AGUAMAE_Caledoskopica_AlexFerro_Selvagem_25102025.-9146-scaled-600x400.jpg\" width=\"600\" height=\"400\" alt=\"Rio de Janeiro, Rj, BRASIL. 25\/10\/2025. Projeto Agua M\u00e3e ( Foto: @alexferrofotografo \/ Alex Ferro ).\" title=\"Copy of AGUAMAE_Caledoskopica_AlexFerro_Selvagem_25102025.-9146\" loading=\"lazy\" \/><\/a><\/li><li><a href=\"https:\/\/selvagemciclo.org.br\/wp-content\/uploads\/2025\/11\/Copy-of-AGUAMAE_Caledoskopica_AlexFerro_Selvagem_25102025.-1464-2-scaled.jpg\"><img decoding=\"async\" class=\"skip-lazy \" src=\"https:\/\/selvagemciclo.org.br\/wp-content\/uploads\/2025\/11\/Copy-of-AGUAMAE_Caledoskopica_AlexFerro_Selvagem_25102025.-1464-2-scaled-600x400.jpg\" width=\"600\" height=\"400\" alt=\"Rio de Janeiro, Rj, BRASIL. 25\/10\/2025. Projeto Agua M\u00e3e ( Foto: @alexferrofotografo \/ Alex Ferro ).\" title=\"Copy of AGUAMAE_Caledoskopica_AlexFerro_Selvagem_25102025.-1464-2\" loading=\"lazy\" \/><\/a><\/li><\/ul><\/div>\n\t\t<\/div> \n\t<\/div> \n<div class=\"wpb_text_column wpb_content_element \" >\n\t<div class=\"wpb_wrapper\">\n\t\t<p><em>Fotos: Caleidosk\u00f3pica \/ Alex Ferro<\/em><\/p>\n\t<\/div>\n<\/div>\n\n\n\n<div class=\"img-with-aniamtion-wrap  custom-size\" data-max-width=\"100%\" data-max-width-mobile=\"default\" data-shadow=\"none\" data-animation=\"none\" >\n      <div class=\"inner\">\n        <div class=\"hover-wrap\"> \n          <div class=\"hover-wrap-inner\">\n            <img loading=\"lazy\" decoding=\"async\" class=\"img-with-animation skip-lazy \" data-delay=\"0\" height=\"477\" width=\"768\" data-animation=\"none\" src=\"https:\/\/selvagemciclo.org.br\/wp-content\/uploads\/2025\/10\/logos_material_grafico-768x477.jpg\" alt=\"\" srcset=\"https:\/\/selvagemciclo.org.br\/wp-content\/uploads\/2025\/10\/logos_material_grafico-768x477.jpg 768w, https:\/\/selvagemciclo.org.br\/wp-content\/uploads\/2025\/10\/logos_material_grafico-300x186.jpg 300w, https:\/\/selvagemciclo.org.br\/wp-content\/uploads\/2025\/10\/logos_material_grafico-1024x636.jpg 1024w, https:\/\/selvagemciclo.org.br\/wp-content\/uploads\/2025\/10\/logos_material_grafico-1536x954.jpg 1536w, https:\/\/selvagemciclo.org.br\/wp-content\/uploads\/2025\/10\/logos_material_grafico-18x12.jpg 18w, https:\/\/selvagemciclo.org.br\/wp-content\/uploads\/2025\/10\/logos_material_grafico.jpg 1699w\" sizes=\"auto, (max-width: 768px) 100vw, 768px\" \/>\n          <\/div>\n        <\/div>\n      <\/div>\n    <\/div>\n\t\t<\/div> \n\t<\/div>\n\t<\/div> \n\n\t<div  class=\"vc_col-sm-6 wpb_column column_container vc_column_container col child_column no-extra-padding inherit_tablet inherit_phone \"   data-padding-pos=\"all\" data-has-bg-color=\"false\" data-bg-color=\"\" data-bg-opacity=\"1\" data-animation=\"\" data-delay=\"0\" >\n\t\t<div class=\"vc_column-inner\" >\n\t\t<div class=\"wpb_wrapper\">\n\t\t\t\n\t\t<\/div> \n\t<\/div>\n\t<\/div> \n<\/div><\/div>\n\t\t\t<\/div> \n\t\t\t<div id=\"tab-beira-dagua\" data-tab-icon=\"\" class=\"wpb_tab ui-tabs-panel wpb_ui-tabs-hide clearfix\">\n\t\t\t\t\n<div class=\"wpb_text_column wpb_content_element \" >\n\t<div class=\"wpb_wrapper\">\n\t\t<h5>BEIRA D&#8217;\u00c1GUA &#8211; 03 de setembro de 2025<\/h5>\n\t<\/div>\n<\/div>\n\n\n\n<div id=\"fws_69f77ea9c8dd8\" data-midnight=\"\" data-column-margin=\"default\" class=\"wpb_row vc_row-fluid vc_row inner_row\"  style=\"\"><div class=\"row-bg-wrap\"> <div class=\"row-bg\" ><\/div> <\/div><div class=\"row_col_wrap_12_inner col span_12  left\">\n\t<div  class=\"vc_col-sm-12 wpb_column column_container vc_column_container col child_column no-extra-padding inherit_tablet inherit_phone \"   data-padding-pos=\"all\" data-has-bg-color=\"false\" data-bg-color=\"\" data-bg-opacity=\"1\" data-animation=\"\" data-delay=\"0\" >\n\t\t<div class=\"vc_column-inner\" >\n\t\t<div class=\"wpb_wrapper\">\n\t\t\t\n<div class=\"wpb_text_column wpb_content_element \" >\n\t<div class=\"wpb_wrapper\">\n\t\t<p>Uma roda de conversa sobre a Ba\u00eda de Guanabara que aconteceu na BiblioMaison, no dia 03\/09, entre Rafael Freitas da Silva, Ana Thereza de Andrade Barbosa, Emanuel Alencar e \u2060\u2060Val Quilombola. A conversa abriu uma travessia maior que desaguou no \u00c1GUAM\u00c3E, dia 25 de outubro, nas \u00e1guas da Ba\u00eda de Guanabara.<\/p>\n<p>BEIRA D\u2019\u00c1GUA, como o nome sugere, \u00e9<strong> uma primeira aproxima\u00e7\u00e3o da Ba\u00eda<\/strong> a partir das aldeias ind\u00edgenas que formavam uma civiliza\u00e7\u00e3o de palha desaparecida ao seu redor. Uma civiliza\u00e7\u00e3o que deixou mais vest\u00edgios culturais que arqueol\u00f3gicos. O encontro buscar\u00e1 os cruzamentos que evocam o esp\u00edrito carioca e sua rela\u00e7\u00e3o com as \u00e1guas, atrav\u00e9s dos tempos. Junto aos convidados, vamos observar aspectos socioambientais, conhecer as disputas e os encantos dessa ba\u00eda t\u00e3o emblem\u00e1tica das complexidades do antropoceno.<\/p>\n<p>As falas do encontro foram transcritas e fazem parte do\u00a0<a href=\"https:\/\/selvagemciclo.org.br\/wp-content\/uploads\/2025\/10\/CADERNO116_VISOES_DA_GUANABARA.pdf\"><strong>caderno Vis\u00f5es da Guanabara<\/strong><\/a>.<\/p>\n\t<\/div>\n<\/div>\n\n\n\n\n<div class=\"wpb_text_column wpb_content_element \" >\n\t<div class=\"wpb_wrapper\">\n\t\t<h5>GALERIA DE FOTOS<\/h5>\n\t<\/div>\n<\/div>\n\n\n\n\n\t<div class=\"wpb_gallery wpb_content_element clearfix\">\n\t\t<div class=\"wpb_wrapper\"><div class=\"wpb_gallery_slides wpb_flexslider flex-gallery flexslider\" data-onclick=\"link_image\" data-interval=\"5\" data-flex_fx=\"fade\"><ul class=\"slides\" data-d-autorotate=\"\"><li><a href=\"https:\/\/selvagemciclo.org.br\/wp-content\/uploads\/2025\/09\/1-scaled.jpg\"><img decoding=\"async\" class=\"skip-lazy \" src=\"https:\/\/selvagemciclo.org.br\/wp-content\/uploads\/2025\/09\/1-scaled-600x400.jpg\" width=\"600\" height=\"400\" alt=\"1\" title=\"1\" loading=\"lazy\" \/><\/a><\/li><li><a href=\"https:\/\/selvagemciclo.org.br\/wp-content\/uploads\/2025\/09\/2-scaled.jpg\"><img decoding=\"async\" class=\"skip-lazy \" src=\"https:\/\/selvagemciclo.org.br\/wp-content\/uploads\/2025\/09\/2-scaled-600x400.jpg\" width=\"600\" height=\"400\" alt=\"2\" title=\"2\" loading=\"lazy\" \/><\/a><\/li><li><a href=\"https:\/\/selvagemciclo.org.br\/wp-content\/uploads\/2025\/09\/3-1-scaled.jpg\"><img decoding=\"async\" class=\"skip-lazy \" src=\"https:\/\/selvagemciclo.org.br\/wp-content\/uploads\/2025\/09\/3-1-scaled-600x400.jpg\" width=\"600\" height=\"400\" alt=\"3 (1)\" title=\"3 (1)\" loading=\"lazy\" \/><\/a><\/li><li><a href=\"https:\/\/selvagemciclo.org.br\/wp-content\/uploads\/2025\/09\/4-scaled.jpg\"><img decoding=\"async\" class=\"skip-lazy \" src=\"https:\/\/selvagemciclo.org.br\/wp-content\/uploads\/2025\/09\/4-scaled-600x400.jpg\" width=\"600\" height=\"400\" alt=\"4\" title=\"4\" loading=\"lazy\" \/><\/a><\/li><li><a href=\"https:\/\/selvagemciclo.org.br\/wp-content\/uploads\/2025\/09\/5-scaled.jpg\"><img decoding=\"async\" class=\"skip-lazy \" src=\"https:\/\/selvagemciclo.org.br\/wp-content\/uploads\/2025\/09\/5-scaled-600x400.jpg\" width=\"600\" height=\"400\" alt=\"5\" title=\"5\" loading=\"lazy\" \/><\/a><\/li><li><a href=\"https:\/\/selvagemciclo.org.br\/wp-content\/uploads\/2025\/09\/6-scaled.jpg\"><img decoding=\"async\" class=\"skip-lazy \" src=\"https:\/\/selvagemciclo.org.br\/wp-content\/uploads\/2025\/09\/6-scaled-600x400.jpg\" width=\"600\" height=\"400\" alt=\"6\" title=\"6\" loading=\"lazy\" \/><\/a><\/li><li><a href=\"https:\/\/selvagemciclo.org.br\/wp-content\/uploads\/2025\/09\/7-scaled.jpg\"><img decoding=\"async\" class=\"skip-lazy \" src=\"https:\/\/selvagemciclo.org.br\/wp-content\/uploads\/2025\/09\/7-scaled-600x400.jpg\" width=\"600\" height=\"400\" alt=\"7\" title=\"7\" loading=\"lazy\" \/><\/a><\/li><li><a href=\"https:\/\/selvagemciclo.org.br\/wp-content\/uploads\/2025\/09\/8-scaled.jpg\"><img decoding=\"async\" class=\"skip-lazy \" src=\"https:\/\/selvagemciclo.org.br\/wp-content\/uploads\/2025\/09\/8-scaled-600x400.jpg\" width=\"600\" height=\"400\" alt=\"8\" title=\"8\" loading=\"lazy\" \/><\/a><\/li><li><a href=\"https:\/\/selvagemciclo.org.br\/wp-content\/uploads\/2025\/09\/9-scaled.jpg\"><img decoding=\"async\" class=\"skip-lazy \" src=\"https:\/\/selvagemciclo.org.br\/wp-content\/uploads\/2025\/09\/9-scaled-600x400.jpg\" width=\"600\" height=\"400\" alt=\"9\" title=\"9\" loading=\"lazy\" \/><\/a><\/li><li><a href=\"https:\/\/selvagemciclo.org.br\/wp-content\/uploads\/2025\/09\/10-scaled.jpg\"><img decoding=\"async\" class=\"skip-lazy \" src=\"https:\/\/selvagemciclo.org.br\/wp-content\/uploads\/2025\/09\/10-scaled-600x400.jpg\" width=\"600\" height=\"400\" alt=\"10\" title=\"10\" loading=\"lazy\" \/><\/a><\/li><li><a href=\"https:\/\/selvagemciclo.org.br\/wp-content\/uploads\/2025\/09\/12-scaled.jpg\"><img decoding=\"async\" class=\"skip-lazy \" src=\"https:\/\/selvagemciclo.org.br\/wp-content\/uploads\/2025\/09\/12-scaled-600x400.jpg\" width=\"600\" height=\"400\" alt=\"12\" title=\"12\" loading=\"lazy\" \/><\/a><\/li><li><a href=\"https:\/\/selvagemciclo.org.br\/wp-content\/uploads\/2025\/09\/13-scaled.jpg\"><img decoding=\"async\" class=\"skip-lazy \" src=\"https:\/\/selvagemciclo.org.br\/wp-content\/uploads\/2025\/09\/13-scaled-600x400.jpg\" width=\"600\" height=\"400\" alt=\"13\" title=\"13\" loading=\"lazy\" \/><\/a><\/li><li><a href=\"https:\/\/selvagemciclo.org.br\/wp-content\/uploads\/2025\/09\/14-scaled.jpg\"><img decoding=\"async\" class=\"skip-lazy \" src=\"https:\/\/selvagemciclo.org.br\/wp-content\/uploads\/2025\/09\/14-scaled-600x400.jpg\" width=\"600\" height=\"400\" alt=\"14\" title=\"14\" loading=\"lazy\" \/><\/a><\/li><li><a href=\"https:\/\/selvagemciclo.org.br\/wp-content\/uploads\/2025\/09\/15-scaled.jpg\"><img decoding=\"async\" class=\"skip-lazy \" src=\"https:\/\/selvagemciclo.org.br\/wp-content\/uploads\/2025\/09\/15-scaled-600x400.jpg\" width=\"600\" height=\"400\" alt=\"15\" title=\"15\" loading=\"lazy\" \/><\/a><\/li><\/ul><\/div>\n\t\t<\/div> \n\t<\/div> \n<div class=\"wpb_text_column wpb_content_element \" >\n\t<div class=\"wpb_wrapper\">\n\t\t<p><em>Fotos: Caleidosk\u00f3pica \/ Elea Mercurio<\/em><\/p>\n\t<\/div>\n<\/div>\n\n\n\n<div class=\"img-with-aniamtion-wrap  custom-size\" data-max-width=\"100%\" data-max-width-mobile=\"default\" data-shadow=\"none\" data-animation=\"none\" >\n      <div class=\"inner\">\n        <div class=\"hover-wrap\"> \n          <div class=\"hover-wrap-inner\">\n            <img loading=\"lazy\" decoding=\"async\" class=\"img-with-animation skip-lazy \" data-delay=\"0\" height=\"477\" width=\"768\" data-animation=\"none\" src=\"https:\/\/selvagemciclo.org.br\/wp-content\/uploads\/2025\/10\/logos_material_grafico-768x477.jpg\" alt=\"\" srcset=\"https:\/\/selvagemciclo.org.br\/wp-content\/uploads\/2025\/10\/logos_material_grafico-768x477.jpg 768w, https:\/\/selvagemciclo.org.br\/wp-content\/uploads\/2025\/10\/logos_material_grafico-300x186.jpg 300w, https:\/\/selvagemciclo.org.br\/wp-content\/uploads\/2025\/10\/logos_material_grafico-1024x636.jpg 1024w, https:\/\/selvagemciclo.org.br\/wp-content\/uploads\/2025\/10\/logos_material_grafico-1536x954.jpg 1536w, https:\/\/selvagemciclo.org.br\/wp-content\/uploads\/2025\/10\/logos_material_grafico-18x12.jpg 18w, https:\/\/selvagemciclo.org.br\/wp-content\/uploads\/2025\/10\/logos_material_grafico.jpg 1699w\" sizes=\"auto, (max-width: 768px) 100vw, 768px\" \/>\n          <\/div>\n        <\/div>\n      <\/div>\n    <\/div>\n\t\t<\/div> \n\t<\/div>\n\t<\/div> \n<\/div><\/div>\n\t\t\t<\/div> \n\t\t\t<div id=\"tab-visoes-da-guanabara\" data-tab-icon=\"\" class=\"wpb_tab ui-tabs-panel wpb_ui-tabs-hide clearfix\">\n\t\t\t\t<div id=\"fws_69f77ea9ca7e8\" data-midnight=\"\" data-column-margin=\"default\" class=\"wpb_row vc_row-fluid vc_row inner_row\"  style=\"padding-bottom: 30px; \"><div class=\"row-bg-wrap\"> <div class=\"row-bg\" ><\/div> <\/div><div class=\"row_col_wrap_12_inner col span_12  left\">\n\t<div  class=\"vc_col-sm-12 wpb_column column_container vc_column_container col child_column no-extra-padding inherit_tablet inherit_phone \"   data-padding-pos=\"all\" data-has-bg-color=\"false\" data-bg-color=\"\" data-bg-opacity=\"1\" data-animation=\"\" data-delay=\"0\" >\n\t\t<div class=\"vc_column-inner\" >\n\t\t<div class=\"wpb_wrapper\">\n\t\t\t\n<div class=\"wpb_text_column wpb_content_element \" >\n\t<div class=\"wpb_wrapper\">\n\t\t<h5>CADERNO<\/h5>\n\t<\/div>\n<\/div>\n\n\n\n<div class=\"img-with-aniamtion-wrap  custom-size\" data-max-width=\"100%\" data-max-width-mobile=\"default\" data-shadow=\"none\" data-animation=\"none\" >\n      <div class=\"inner\">\n        <div class=\"hover-wrap\"> \n          <div class=\"hover-wrap-inner\">\n            <a href=\"https:\/\/selvagemciclo.org.br\/wp-content\/uploads\/2025\/10\/CADERNO116_VISOES_DA_GUANABARA.pdf\" target=\"_blank\" class=\"\">\n              <img loading=\"lazy\" decoding=\"async\" class=\"img-with-animation skip-lazy \" data-delay=\"0\" height=\"300\" width=\"212\" data-animation=\"none\" src=\"https:\/\/selvagemciclo.org.br\/wp-content\/uploads\/2025\/12\/NOTEBOOK116_GUANABARA_EN-1_miniatura-212x300.jpg\" alt=\"\" srcset=\"https:\/\/selvagemciclo.org.br\/wp-content\/uploads\/2025\/12\/NOTEBOOK116_GUANABARA_EN-1_miniatura-212x300.jpg 212w, https:\/\/selvagemciclo.org.br\/wp-content\/uploads\/2025\/12\/NOTEBOOK116_GUANABARA_EN-1_miniatura-724x1024.jpg 724w, https:\/\/selvagemciclo.org.br\/wp-content\/uploads\/2025\/12\/NOTEBOOK116_GUANABARA_EN-1_miniatura-768x1086.jpg 768w, https:\/\/selvagemciclo.org.br\/wp-content\/uploads\/2025\/12\/NOTEBOOK116_GUANABARA_EN-1_miniatura-8x12.jpg 8w, https:\/\/selvagemciclo.org.br\/wp-content\/uploads\/2025\/12\/NOTEBOOK116_GUANABARA_EN-1_miniatura.jpg 834w\" sizes=\"auto, (max-width: 212px) 100vw, 212px\" \/>\n            <\/a>\n          <\/div>\n        <\/div>\n      <\/div>\n      <\/div>\n<div class=\"wpb_text_column wpb_content_element \" >\n\t<div class=\"wpb_wrapper\">\n\t\t<p><a href=\"https:\/\/selvagemciclo.org.br\/wp-content\/uploads\/2025\/10\/CADERNO116_VISOES_DA_GUANABARA.pdf\">PT<\/a>\u00a0 \u00a0<a href=\"https:\/\/selvagemciclo.org.br\/wp-content\/uploads\/2025\/12\/CAHIER116_VISIONS_DE_GUANABARA_FR.pdf\">FR<\/a><\/p>\n\t<\/div>\n<\/div>\n\n\n\n\n<div class=\"wpb_text_column wpb_content_element \" >\n\t<div class=\"wpb_wrapper\">\n\t\t<p><a href=\"https:\/\/selvagemciclo.org.br\/wp-content\/uploads\/2025\/10\/CADERNO116_VISOES_DA_GUANABARA.pdf\"><strong>Vis\u00f5es da Guanabara<\/strong><\/a> \u00e9 fruto de uma pesquisa em livros, documentos, mapas e acervos, e composto por muitas vozes.<\/p>\n<p>O caderno re\u00fane diferentes perspectivas sobre o territ\u00f3rio da Ba\u00eda de Guanabara, partindo da ideia de que o Rio de Janeiro \u00e9 o epicentro do evento geomitol\u00f3gico, que deu origem \u00e0 vida. A mesma ba\u00eda \u00e9 tamb\u00e9m uma encruzilhada, territ\u00f3rio de disputa hist\u00f3rica, invadido por europeus no s\u00e9culo XVI, quando era circundado por cerca de 90 aldeias ind\u00edgenas. Apesar das profundas transforma\u00e7\u00f5es e desafios socioambientais, esta ba\u00eda segue pulsando como s\u00edmbolo de resist\u00eancia e de m\u00faltiplos significados.<\/p>\n\t<\/div>\n<\/div>\n\n\n\n\n\t\t<\/div> \n\t<\/div>\n\t<\/div> \n<\/div><\/div><div id=\"fws_69f77ea9caf30\" data-midnight=\"\" data-column-margin=\"default\" class=\"wpb_row vc_row-fluid vc_row inner_row\"  style=\"\"><div class=\"row-bg-wrap\"> <div class=\"row-bg\" ><\/div> <\/div><div class=\"row_col_wrap_12_inner col span_12  left\">\n\t<div  class=\"vc_col-sm-12 wpb_column column_container vc_column_container col child_column no-extra-padding inherit_tablet inherit_phone \"   data-padding-pos=\"all\" data-has-bg-color=\"false\" data-bg-color=\"\" data-bg-opacity=\"1\" data-animation=\"\" data-delay=\"0\" >\n\t\t<div class=\"vc_column-inner\" >\n\t\t<div class=\"wpb_wrapper\">\n\t\t\t\n<div class=\"wpb_text_column wpb_content_element \" >\n\t<div class=\"wpb_wrapper\">\n\t\t<h5>MAPA<\/h5>\n\t<\/div>\n<\/div>\n\n\n\n<div class=\"img-with-aniamtion-wrap \" data-max-width=\"100%\" data-max-width-mobile=\"default\" data-shadow=\"none\" data-animation=\"none\" >\n      <div class=\"inner\">\n        <div class=\"hover-wrap\"> \n          <div class=\"hover-wrap-inner\">\n            <a href=\"https:\/\/selvagemciclo.org.br\/wp-content\/uploads\/2025\/11\/MAPA_GUANABARA_SELVAGEM.pdf\" target=\"_blank\" class=\"\">\n              <img loading=\"lazy\" decoding=\"async\" class=\"img-with-animation skip-lazy \" data-delay=\"0\" height=\"400\" width=\"566\" data-animation=\"none\" src=\"https:\/\/selvagemciclo.org.br\/wp-content\/uploads\/2025\/11\/thumbnail_mapa_400x560px.jpg\" alt=\"\" srcset=\"https:\/\/selvagemciclo.org.br\/wp-content\/uploads\/2025\/11\/thumbnail_mapa_400x560px.jpg 566w, https:\/\/selvagemciclo.org.br\/wp-content\/uploads\/2025\/11\/thumbnail_mapa_400x560px-300x212.jpg 300w, https:\/\/selvagemciclo.org.br\/wp-content\/uploads\/2025\/11\/thumbnail_mapa_400x560px-18x12.jpg 18w\" sizes=\"auto, (max-width: 566px) 100vw, 566px\" \/>\n            <\/a>\n          <\/div>\n        <\/div>\n      <\/div>\n      <\/div>\n<div class=\"wpb_text_column wpb_content_element \" >\n\t<div class=\"wpb_wrapper\">\n\t\t<p>Mapa com sobreposi\u00e7\u00e3o de diversos tempos e informa\u00e7\u00f5es. Inclu\u00edmos, entre outras, forma\u00e7\u00f5es geol\u00f3gicas, aldeias ind\u00edgenas antes da invas\u00e3o, fauna e a canoa da transforma\u00e7\u00e3o. Para acessar os materiais de refer\u00eancia que consultamos durante a pesquisa, acesse o caderno <a href=\"https:\/\/selvagemciclo.org.br\/wp-content\/uploads\/2025\/10\/CADERNO116_VISOES_DA_GUANABARA.pdf\"><strong>Vis\u00f5es da Guanabara<\/strong><\/a>.<\/p>\n\t<\/div>\n<\/div>\n\n\n\n\n\t\t<\/div> \n\t<\/div>\n\t<\/div> \n<\/div><\/div>\n\t\t\t<\/div> \n\t\t<\/div> \n\t<\/div> \n\t\t\t<\/div> \n\t\t<\/div>\n\t<\/div> \n<\/div><\/div>\n","protected":false},"excerpt":{"rendered":"EN EN PT_BR \u00a0 EN EN PT_BR \u00a0 CICLO DAS \u00c1GUAS Reflex\u00f5es sobre a \u00e1gua, elemento que gera, sustenta e conecta toda a vida no planeta. O Ciclo das \u00c1guas nasce a partir dos encontros \u00c1guam\u00e3e\u00a0e\u00a0Beira d'\u00e1gua, realizados em 2025 no Rio de Janeiro, trazendo falas filmadas, cadernos e outros materiais complementares. V\u00cdDEOS Play Video 1 \u2014 \"Nascemos das \u00e1guas ou as \u00e1guas, os ventos e a baleia de pedra constantemente constante\" \u2014 Ailton Krenak, Mateus Aleluia e Jo\u00e3o Paulo Tukano Play Video 2 \u2014 \"A canoa de pedra ou esse corpo imenso que j\u00e1 se contorceu\" \u2014 Ivan Tukano, Jo\u00e3o Paulo Tukano, Nuria Castro e Ailton Krenak Play Video 3 \u2014 \"A presen\u00e7a ind\u00edgena na Ba\u00eda de Guanabara ou n\u00e3o existe terra estrangeira\" \u2014 Carlos Pap\u00e1 e Renata Tupinamb\u00e1 Play Video 4 \u2014 \"Olorun: saudar essa luz ou \u00e1gua \u00e9 m\u00e3e\" \u2014 Ailton Krenak e Mateus Aleluia CADERNO EN\u00a0 \u00a0FR\u00a0 \u00a0ES Refletindo sobre a ruptura dos v\u00ednculos entre mundos...","protected":false},"author":2,"featured_media":0,"parent":0,"menu_order":0,"comment_status":"closed","ping_status":"closed","template":"","meta":{"_acf_changed":false,"footnotes":""},"class_list":["post-11086","page","type-page","status-publish"],"acf":[],"yoast_head":"<!-- This site is optimized with the Yoast SEO plugin v27.1.1 - https:\/\/yoast.com\/product\/yoast-seo-wordpress\/ -->\n<title>Ciclo das \u00c1guas - Selvagem<\/title>\n<meta name=\"robots\" content=\"index, follow, max-snippet:-1, max-image-preview:large, max-video-preview:-1\" \/>\n<link rel=\"canonical\" href=\"https:\/\/selvagemciclo.org.br\/en\/ciclo-das-aguas\/\" \/>\n<meta property=\"og:locale\" content=\"en_GB\" \/>\n<meta property=\"og:type\" content=\"article\" \/>\n<meta property=\"og:title\" content=\"Ciclo das \u00c1guas - Selvagem\" \/>\n<meta property=\"og:url\" content=\"https:\/\/selvagemciclo.org.br\/en\/ciclo-das-aguas\/\" \/>\n<meta property=\"og:site_name\" content=\"Selvagem\" \/>\n<meta property=\"article:modified_time\" content=\"2026-04-29T21:58:51+00:00\" \/>\n<meta name=\"twitter:card\" content=\"summary_large_image\" \/>\n<meta name=\"twitter:label1\" content=\"Estimated reading time\" \/>\n\t<meta name=\"twitter:data1\" content=\"17 minutes\" \/>\n<script type=\"application\/ld+json\" class=\"yoast-schema-graph\">{\"@context\":\"https:\/\/schema.org\",\"@graph\":[{\"@type\":\"WebPage\",\"@id\":\"https:\/\/selvagemciclo.org.br\/ciclo-das-aguas\/\",\"url\":\"https:\/\/selvagemciclo.org.br\/ciclo-das-aguas\/\",\"name\":\"Ciclo das \u00c1guas - Selvagem\",\"isPartOf\":{\"@id\":\"https:\/\/selvagemciclo.org.br\/#website\"},\"datePublished\":\"2026-03-30T20:52:57+00:00\",\"dateModified\":\"2026-04-29T21:58:51+00:00\",\"breadcrumb\":{\"@id\":\"https:\/\/selvagemciclo.org.br\/ciclo-das-aguas\/#breadcrumb\"},\"inLanguage\":\"en-GB\",\"potentialAction\":[{\"@type\":\"ReadAction\",\"target\":[\"https:\/\/selvagemciclo.org.br\/ciclo-das-aguas\/\"]}]},{\"@type\":\"BreadcrumbList\",\"@id\":\"https:\/\/selvagemciclo.org.br\/ciclo-das-aguas\/#breadcrumb\",\"itemListElement\":[{\"@type\":\"ListItem\",\"position\":1,\"name\":\"In\u00edcio\",\"item\":\"https:\/\/selvagemciclo.org.br\/\"},{\"@type\":\"ListItem\",\"position\":2,\"name\":\"Ciclo das \u00c1guas\"}]},{\"@type\":\"WebSite\",\"@id\":\"https:\/\/selvagemciclo.org.br\/#website\",\"url\":\"https:\/\/selvagemciclo.org.br\/\",\"name\":\"Selvagem\",\"description\":\"Ciclo de estudos sobre a vida\",\"publisher\":{\"@id\":\"https:\/\/selvagemciclo.org.br\/#organization\"},\"potentialAction\":[{\"@type\":\"SearchAction\",\"target\":{\"@type\":\"EntryPoint\",\"urlTemplate\":\"https:\/\/selvagemciclo.org.br\/?s={search_term_string}\"},\"query-input\":{\"@type\":\"PropertyValueSpecification\",\"valueRequired\":true,\"valueName\":\"search_term_string\"}}],\"inLanguage\":\"en-GB\"},{\"@type\":\"Organization\",\"@id\":\"https:\/\/selvagemciclo.org.br\/#organization\",\"name\":\"Selvagem\",\"url\":\"https:\/\/selvagemciclo.org.br\/\",\"logo\":{\"@type\":\"ImageObject\",\"inLanguage\":\"en-GB\",\"@id\":\"https:\/\/selvagemciclo.org.br\/#\/schema\/logo\/image\/\",\"url\":\"https:\/\/selvagemciclo.org.br\/wp-content\/uploads\/2026\/01\/cropped-ICONE_SELVAGEM_2026-1.png\",\"contentUrl\":\"https:\/\/selvagemciclo.org.br\/wp-content\/uploads\/2026\/01\/cropped-ICONE_SELVAGEM_2026-1.png\",\"width\":512,\"height\":512,\"caption\":\"Selvagem\"},\"image\":{\"@id\":\"https:\/\/selvagemciclo.org.br\/#\/schema\/logo\/image\/\"},\"sameAs\":[\"https:\/\/www.instagram.com\/selvagem_ciclodeestudos\/\",\"https:\/\/www.youtube.com\/@selvagemciclo8\"]}]}<\/script>\n<!-- \/ Yoast SEO plugin. -->","yoast_head_json":{"title":"Ciclo das \u00c1guas - Selvagem","robots":{"index":"index","follow":"follow","max-snippet":"max-snippet:-1","max-image-preview":"max-image-preview:large","max-video-preview":"max-video-preview:-1"},"canonical":"https:\/\/selvagemciclo.org.br\/en\/ciclo-das-aguas\/","og_locale":"en_GB","og_type":"article","og_title":"Ciclo das \u00c1guas - Selvagem","og_url":"https:\/\/selvagemciclo.org.br\/en\/ciclo-das-aguas\/","og_site_name":"Selvagem","article_modified_time":"2026-04-29T21:58:51+00:00","twitter_card":"summary_large_image","twitter_misc":{"Estimated reading time":"17 minutes"},"schema":{"@context":"https:\/\/schema.org","@graph":[{"@type":"WebPage","@id":"https:\/\/selvagemciclo.org.br\/ciclo-das-aguas\/","url":"https:\/\/selvagemciclo.org.br\/ciclo-das-aguas\/","name":"Ciclo das \u00c1guas - Selvagem","isPartOf":{"@id":"https:\/\/selvagemciclo.org.br\/#website"},"datePublished":"2026-03-30T20:52:57+00:00","dateModified":"2026-04-29T21:58:51+00:00","breadcrumb":{"@id":"https:\/\/selvagemciclo.org.br\/ciclo-das-aguas\/#breadcrumb"},"inLanguage":"en-GB","potentialAction":[{"@type":"ReadAction","target":["https:\/\/selvagemciclo.org.br\/ciclo-das-aguas\/"]}]},{"@type":"BreadcrumbList","@id":"https:\/\/selvagemciclo.org.br\/ciclo-das-aguas\/#breadcrumb","itemListElement":[{"@type":"ListItem","position":1,"name":"In\u00edcio","item":"https:\/\/selvagemciclo.org.br\/"},{"@type":"ListItem","position":2,"name":"Ciclo das \u00c1guas"}]},{"@type":"WebSite","@id":"https:\/\/selvagemciclo.org.br\/#website","url":"https:\/\/selvagemciclo.org.br\/","name":"Selvagem","description":"Ciclo de estudos sobre a vida","publisher":{"@id":"https:\/\/selvagemciclo.org.br\/#organization"},"potentialAction":[{"@type":"SearchAction","target":{"@type":"EntryPoint","urlTemplate":"https:\/\/selvagemciclo.org.br\/?s={search_term_string}"},"query-input":{"@type":"PropertyValueSpecification","valueRequired":true,"valueName":"search_term_string"}}],"inLanguage":"en-GB"},{"@type":"Organization","@id":"https:\/\/selvagemciclo.org.br\/#organization","name":"Selvagem","url":"https:\/\/selvagemciclo.org.br\/","logo":{"@type":"ImageObject","inLanguage":"en-GB","@id":"https:\/\/selvagemciclo.org.br\/#\/schema\/logo\/image\/","url":"https:\/\/selvagemciclo.org.br\/wp-content\/uploads\/2026\/01\/cropped-ICONE_SELVAGEM_2026-1.png","contentUrl":"https:\/\/selvagemciclo.org.br\/wp-content\/uploads\/2026\/01\/cropped-ICONE_SELVAGEM_2026-1.png","width":512,"height":512,"caption":"Selvagem"},"image":{"@id":"https:\/\/selvagemciclo.org.br\/#\/schema\/logo\/image\/"},"sameAs":["https:\/\/www.instagram.com\/selvagem_ciclodeestudos\/","https:\/\/www.youtube.com\/@selvagemciclo8"]}]}},"_links":{"self":[{"href":"https:\/\/selvagemciclo.org.br\/en\/wp-json\/wp\/v2\/pages\/11086","targetHints":{"allow":["GET"]}}],"collection":[{"href":"https:\/\/selvagemciclo.org.br\/en\/wp-json\/wp\/v2\/pages"}],"about":[{"href":"https:\/\/selvagemciclo.org.br\/en\/wp-json\/wp\/v2\/types\/page"}],"author":[{"embeddable":true,"href":"https:\/\/selvagemciclo.org.br\/en\/wp-json\/wp\/v2\/users\/2"}],"replies":[{"embeddable":true,"href":"https:\/\/selvagemciclo.org.br\/en\/wp-json\/wp\/v2\/comments?post=11086"}],"version-history":[{"count":15,"href":"https:\/\/selvagemciclo.org.br\/en\/wp-json\/wp\/v2\/pages\/11086\/revisions"}],"predecessor-version":[{"id":11262,"href":"https:\/\/selvagemciclo.org.br\/en\/wp-json\/wp\/v2\/pages\/11086\/revisions\/11262"}],"wp:attachment":[{"href":"https:\/\/selvagemciclo.org.br\/en\/wp-json\/wp\/v2\/media?parent=11086"}],"curies":[{"name":"wp","href":"https:\/\/api.w.org\/{rel}","templated":true}]}}